{"id":409,"date":"2022-04-19T08:43:12","date_gmt":"2022-04-19T08:43:12","guid":{"rendered":"https:\/\/mnir50.mnir.ro\/wpmnir50\/?page_id=409"},"modified":"2022-05-03T07:50:58","modified_gmt":"2022-05-03T07:50:58","slug":"arhiva-fotografii","status":"publish","type":"page","link":"https:\/\/mnir50.mnir.ro\/wpmnir50\/arhiva-fotografii\/","title":{"rendered":"Arhiv\u0103 fotografii"},"content":{"rendered":"\t\t<div data-elementor-type=\"wp-page\" data-elementor-id=\"409\" class=\"elementor elementor-409\">\n\t\t\t\t\t\t<section class=\"elementor-section elementor-top-section elementor-element elementor-element-08f737c elementor-section-height-min-height elementor-section-boxed elementor-section-height-default elementor-section-items-middle\" data-id=\"08f737c\" data-element_type=\"section\">\n\t\t\t\t\t\t<div class=\"elementor-container elementor-column-gap-no\">\n\t\t\t\t\t<div class=\"elementor-column elementor-col-100 elementor-top-column elementor-element elementor-element-3daec42\" data-id=\"3daec42\" data-element_type=\"column\">\n\t\t\t<div class=\"elementor-widget-wrap elementor-element-populated\">\n\t\t\t\t\t\t<div class=\"elementor-element elementor-element-8c5e32a elementor-widget elementor-widget-text-editor\" data-id=\"8c5e32a\" data-element_type=\"widget\" data-widget_type=\"text-editor.default\">\n\t\t\t\t<div class=\"elementor-widget-container\">\n\t\t\t<style>\/*! elementor - v3.21.0 - 30-04-2024 *\/\n.elementor-widget-text-editor.elementor-drop-cap-view-stacked .elementor-drop-cap{background-color:#69727d;color:#fff}.elementor-widget-text-editor.elementor-drop-cap-view-framed .elementor-drop-cap{color:#69727d;border:3px solid;background-color:transparent}.elementor-widget-text-editor:not(.elementor-drop-cap-view-default) .elementor-drop-cap{margin-top:8px}.elementor-widget-text-editor:not(.elementor-drop-cap-view-default) .elementor-drop-cap-letter{width:1em;height:1em}.elementor-widget-text-editor .elementor-drop-cap{float:left;text-align:center;line-height:1;font-size:50px}.elementor-widget-text-editor .elementor-drop-cap-letter{display:inline-block}<\/style>\t\t\t\t<p><div id=\"envira-gallery-wrap-2391\" class=\"envira-gallery-wrap envira-gallery-theme-base envira-lightbox-theme-base\" itemscope itemtype=\"https:\/\/schema.org\/ImageGallery\"><div data-row-height=\"\" data-gallery-theme=\"\" id=\"envira-gallery-2391\" class=\"envira-gallery-public  envira-gallery-3-columns envira-clear enviratope envira-gallery-css-animations\" data-envira-columns=\"3\"><div id=\"envira-gallery-item-723\" class=\"envira-gallery-item enviratope-item envira-gallery-item-1 envira-lazy-load\" style=\"padding-left: 1px; padding-bottom: 2px; padding-right: 1px;\"  itemscope itemtype=\"https:\/\/schema.org\/ImageObject\"><div class=\"envira-gallery-item-inner\"><div class=\"envira-gallery-position-overlay  envira-gallery-top-left\"><\/div><div class=\"envira-gallery-position-overlay  envira-gallery-top-right\"><\/div><div class=\"envira-gallery-position-overlay  envira-gallery-bottom-left\"><\/div><div class=\"envira-gallery-position-overlay  envira-gallery-bottom-right\"><\/div><a href=\"https:\/\/mnir50.mnir.ro\/wpmnir50\/wp-content\/uploads\/2022\/04\/mnir_1972_8_mai_3.jpg\" class=\"envira-gallery-2391 envira-gallery-link\" rel=\"enviragallery2391\" title=\"Aspect de la deschiderea muzeului, 8 mai 1972.\" data-envira-caption=\"Aspect de la deschiderea muzeului, 8 mai 1972.\" data-envira-retina=\"\" data-thumbnail=\"\"  itemprop=\"contentUrl\"><div class=\"envira-lazy\" data-test-width=\"640\" data-test-height=\"480\" style=\"padding-bottom:75%;\"><img decoding=\"async\" id=\"envira-gallery-image-723\" class=\"envira-gallery-image envira-gallery-image-1\" data-envira-index=\"1\" src=\"https:\/\/mnir50.mnir.ro\/wpmnir50\/wp-content\/uploads\/2022\/04\/mnir_1972_8_mai_3-1024x622-640x480_c.jpg\" data-envira-src=\"https:\/\/mnir50.mnir.ro\/wpmnir50\/wp-content\/uploads\/2022\/04\/mnir_1972_8_mai_3-1024x622-640x480_c.jpg\" data-envira-gallery-id=\"2391\" data-envira-item-id=\"723\" data-envira-caption=\"Aspect de la deschiderea muzeului, 8 mai 1972.\" alt=\"\" title=\"Aspect de la deschiderea muzeului, 8 mai 1972.\"  itemprop=\"thumbnailUrl\" data-envira-srcset=\"https:\/\/mnir50.mnir.ro\/wpmnir50\/wp-content\/uploads\/2022\/04\/mnir_1972_8_mai_3-1024x622-640x480_c.jpg 400w,https:\/\/mnir50.mnir.ro\/wpmnir50\/wp-content\/uploads\/2022\/04\/mnir_1972_8_mai_3-1024x622-640x480_c.jpg 2x\" srcset=\"data:image\/gif;base64,R0lGODlhAQABAIAAAP\/\/\/\/\/\/\/yH5BAEKAAEALAAAAAABAAEAAAICTAEAOw==\" \/><\/div><\/a><\/div><\/div><div id=\"envira-gallery-item-724\" class=\"envira-gallery-item enviratope-item envira-gallery-item-2 envira-lazy-load\" style=\"padding-left: 1px; padding-bottom: 2px; padding-right: 1px;\"  itemscope itemtype=\"https:\/\/schema.org\/ImageObject\"><div class=\"envira-gallery-item-inner\"><div class=\"envira-gallery-position-overlay  envira-gallery-top-left\"><\/div><div class=\"envira-gallery-position-overlay  envira-gallery-top-right\"><\/div><div class=\"envira-gallery-position-overlay  envira-gallery-bottom-left\"><\/div><div class=\"envira-gallery-position-overlay  envira-gallery-bottom-right\"><\/div><a href=\"https:\/\/mnir50.mnir.ro\/wpmnir50\/wp-content\/uploads\/2022\/04\/mnir_1972_8_mai_4.jpg\" class=\"envira-gallery-2391 envira-gallery-link\" rel=\"enviragallery2391\" title=\"Aspect de la deschiderea muzeului, 8 mai 1972.\" data-envira-caption=\"Aspect de la deschiderea muzeului, 8 mai 1972.\" data-envira-retina=\"\" data-thumbnail=\"\"  itemprop=\"contentUrl\"><div class=\"envira-lazy\" data-test-width=\"640\" data-test-height=\"480\" style=\"padding-bottom:75%;\"><img decoding=\"async\" id=\"envira-gallery-image-724\" class=\"envira-gallery-image envira-gallery-image-2\" data-envira-index=\"2\" src=\"https:\/\/mnir50.mnir.ro\/wpmnir50\/wp-content\/uploads\/2022\/04\/mnir_1972_8_mai_4-1024x626-640x480_c.jpg\" data-envira-src=\"https:\/\/mnir50.mnir.ro\/wpmnir50\/wp-content\/uploads\/2022\/04\/mnir_1972_8_mai_4-1024x626-640x480_c.jpg\" data-envira-gallery-id=\"2391\" data-envira-item-id=\"724\" data-envira-caption=\"Aspect de la deschiderea muzeului, 8 mai 1972.\" alt=\"\" title=\"Aspect de la deschiderea muzeului, 8 mai 1972.\"  itemprop=\"thumbnailUrl\" data-envira-srcset=\"https:\/\/mnir50.mnir.ro\/wpmnir50\/wp-content\/uploads\/2022\/04\/mnir_1972_8_mai_4-1024x626-640x480_c.jpg 400w,https:\/\/mnir50.mnir.ro\/wpmnir50\/wp-content\/uploads\/2022\/04\/mnir_1972_8_mai_4-1024x626-640x480_c.jpg 2x\" srcset=\"data:image\/gif;base64,R0lGODlhAQABAIAAAP\/\/\/\/\/\/\/yH5BAEKAAEALAAAAAABAAEAAAICTAEAOw==\" \/><\/div><\/a><\/div><\/div><div id=\"envira-gallery-item-725\" class=\"envira-gallery-item enviratope-item envira-gallery-item-3 envira-lazy-load\" style=\"padding-left: 1px; padding-bottom: 2px; padding-right: 1px;\"  itemscope itemtype=\"https:\/\/schema.org\/ImageObject\"><div class=\"envira-gallery-item-inner\"><div class=\"envira-gallery-position-overlay  envira-gallery-top-left\"><\/div><div class=\"envira-gallery-position-overlay  envira-gallery-top-right\"><\/div><div class=\"envira-gallery-position-overlay  envira-gallery-bottom-left\"><\/div><div class=\"envira-gallery-position-overlay  envira-gallery-bottom-right\"><\/div><a href=\"https:\/\/mnir50.mnir.ro\/wpmnir50\/wp-content\/uploads\/2022\/04\/mnir_1972_8_mai_6.jpg\" class=\"envira-gallery-2391 envira-gallery-link\" rel=\"enviragallery2391\" title=\"Aspect de la deschiderea muzeului, 8 mai 1972.\" data-envira-caption=\"Aspect de la deschiderea muzeului, 8 mai 1972.\" data-envira-retina=\"\" data-thumbnail=\"\"  itemprop=\"contentUrl\"><div class=\"envira-lazy\" data-test-width=\"640\" data-test-height=\"480\" style=\"padding-bottom:75%;\"><img decoding=\"async\" id=\"envira-gallery-image-725\" class=\"envira-gallery-image envira-gallery-image-3\" data-envira-index=\"3\" src=\"https:\/\/mnir50.mnir.ro\/wpmnir50\/wp-content\/uploads\/2022\/04\/mnir_1972_8_mai_6-1024x623-640x480_c.jpg\" data-envira-src=\"https:\/\/mnir50.mnir.ro\/wpmnir50\/wp-content\/uploads\/2022\/04\/mnir_1972_8_mai_6-1024x623-640x480_c.jpg\" data-envira-gallery-id=\"2391\" data-envira-item-id=\"725\" data-envira-caption=\"Aspect de la deschiderea muzeului, 8 mai 1972.\" alt=\"\" title=\"Aspect de la deschiderea muzeului, 8 mai 1972.\"  itemprop=\"thumbnailUrl\" data-envira-srcset=\"https:\/\/mnir50.mnir.ro\/wpmnir50\/wp-content\/uploads\/2022\/04\/mnir_1972_8_mai_6-1024x623-640x480_c.jpg 400w,https:\/\/mnir50.mnir.ro\/wpmnir50\/wp-content\/uploads\/2022\/04\/mnir_1972_8_mai_6-1024x623-640x480_c.jpg 2x\" srcset=\"data:image\/gif;base64,R0lGODlhAQABAIAAAP\/\/\/\/\/\/\/yH5BAEKAAEALAAAAAABAAEAAAICTAEAOw==\" \/><\/div><\/a><\/div><\/div><div id=\"envira-gallery-item-726\" class=\"envira-gallery-item enviratope-item envira-gallery-item-4 envira-lazy-load\" style=\"padding-left: 1px; padding-bottom: 2px; padding-right: 1px;\"  itemscope itemtype=\"https:\/\/schema.org\/ImageObject\"><div class=\"envira-gallery-item-inner\"><div class=\"envira-gallery-position-overlay  envira-gallery-top-left\"><\/div><div class=\"envira-gallery-position-overlay  envira-gallery-top-right\"><\/div><div class=\"envira-gallery-position-overlay  envira-gallery-bottom-left\"><\/div><div class=\"envira-gallery-position-overlay  envira-gallery-bottom-right\"><\/div><a href=\"https:\/\/mnir50.mnir.ro\/wpmnir50\/wp-content\/uploads\/2022\/04\/mnir_1972_8_mai_37.jpg\" class=\"envira-gallery-2391 envira-gallery-link\" rel=\"enviragallery2391\" title=\"Aspect de la deschiderea muzeului, 8 mai 1972.\" data-envira-caption=\"Aspect de la deschiderea muzeului, 8 mai 1972.\" data-envira-retina=\"\" data-thumbnail=\"\"  itemprop=\"contentUrl\"><div class=\"envira-lazy\" data-test-width=\"640\" data-test-height=\"480\" style=\"padding-bottom:75%;\"><img decoding=\"async\" id=\"envira-gallery-image-726\" class=\"envira-gallery-image envira-gallery-image-4\" data-envira-index=\"4\" src=\"https:\/\/mnir50.mnir.ro\/wpmnir50\/wp-content\/uploads\/2022\/04\/mnir_1972_8_mai_37-1024x612-640x480_c.jpg\" data-envira-src=\"https:\/\/mnir50.mnir.ro\/wpmnir50\/wp-content\/uploads\/2022\/04\/mnir_1972_8_mai_37-1024x612-640x480_c.jpg\" data-envira-gallery-id=\"2391\" data-envira-item-id=\"726\" data-envira-caption=\"Aspect de la deschiderea muzeului, 8 mai 1972.\" alt=\"\" title=\"Aspect de la deschiderea muzeului, 8 mai 1972.\"  itemprop=\"thumbnailUrl\" data-envira-srcset=\"https:\/\/mnir50.mnir.ro\/wpmnir50\/wp-content\/uploads\/2022\/04\/mnir_1972_8_mai_37-1024x612-640x480_c.jpg 400w,https:\/\/mnir50.mnir.ro\/wpmnir50\/wp-content\/uploads\/2022\/04\/mnir_1972_8_mai_37-1024x612-640x480_c.jpg 2x\" srcset=\"data:image\/gif;base64,R0lGODlhAQABAIAAAP\/\/\/\/\/\/\/yH5BAEKAAEALAAAAAABAAEAAAICTAEAOw==\" \/><\/div><\/a><\/div><\/div><div id=\"envira-gallery-item-728\" class=\"envira-gallery-item enviratope-item envira-gallery-item-5 envira-lazy-load\" style=\"padding-left: 1px; padding-bottom: 2px; padding-right: 1px;\"  itemscope itemtype=\"https:\/\/schema.org\/ImageObject\"><div class=\"envira-gallery-item-inner\"><div class=\"envira-gallery-position-overlay  envira-gallery-top-left\"><\/div><div class=\"envira-gallery-position-overlay  envira-gallery-top-right\"><\/div><div class=\"envira-gallery-position-overlay  envira-gallery-bottom-left\"><\/div><div class=\"envira-gallery-position-overlay  envira-gallery-bottom-right\"><\/div><a href=\"https:\/\/mnir50.mnir.ro\/wpmnir50\/wp-content\/uploads\/2022\/04\/mnir_1972_8_mai_50.jpg\" class=\"envira-gallery-2391 envira-gallery-link\" rel=\"enviragallery2391\" title=\"Aspect de la deschiderea muzeului, 8 mai 1972.\" data-envira-caption=\"Aspect de la deschiderea muzeului, 8 mai 1972.\" data-envira-retina=\"\" data-thumbnail=\"\"  itemprop=\"contentUrl\"><div class=\"envira-lazy\" data-test-width=\"640\" data-test-height=\"480\" style=\"padding-bottom:75%;\"><img decoding=\"async\" id=\"envira-gallery-image-728\" class=\"envira-gallery-image envira-gallery-image-5\" data-envira-index=\"5\" src=\"https:\/\/mnir50.mnir.ro\/wpmnir50\/wp-content\/uploads\/2022\/04\/mnir_1972_8_mai_50-1024x621-640x480_c.jpg\" data-envira-src=\"https:\/\/mnir50.mnir.ro\/wpmnir50\/wp-content\/uploads\/2022\/04\/mnir_1972_8_mai_50-1024x621-640x480_c.jpg\" data-envira-gallery-id=\"2391\" data-envira-item-id=\"728\" data-envira-caption=\"Aspect de la deschiderea muzeului, 8 mai 1972.\" alt=\"\" title=\"Aspect de la deschiderea muzeului, 8 mai 1972.\"  itemprop=\"thumbnailUrl\" data-envira-srcset=\"https:\/\/mnir50.mnir.ro\/wpmnir50\/wp-content\/uploads\/2022\/04\/mnir_1972_8_mai_50-1024x621-640x480_c.jpg 400w,https:\/\/mnir50.mnir.ro\/wpmnir50\/wp-content\/uploads\/2022\/04\/mnir_1972_8_mai_50-1024x621-640x480_c.jpg 2x\" srcset=\"data:image\/gif;base64,R0lGODlhAQABAIAAAP\/\/\/\/\/\/\/yH5BAEKAAEALAAAAAABAAEAAAICTAEAOw==\" \/><\/div><\/a><\/div><\/div><div id=\"envira-gallery-item-727\" class=\"envira-gallery-item enviratope-item envira-gallery-item-6 envira-lazy-load\" style=\"padding-left: 1px; padding-bottom: 2px; padding-right: 1px;\"  itemscope itemtype=\"https:\/\/schema.org\/ImageObject\"><div class=\"envira-gallery-item-inner\"><div class=\"envira-gallery-position-overlay  envira-gallery-top-left\"><\/div><div class=\"envira-gallery-position-overlay  envira-gallery-top-right\"><\/div><div class=\"envira-gallery-position-overlay  envira-gallery-bottom-left\"><\/div><div class=\"envira-gallery-position-overlay  envira-gallery-bottom-right\"><\/div><a href=\"https:\/\/mnir50.mnir.ro\/wpmnir50\/wp-content\/uploads\/2022\/04\/mnir_1972_8_mai_43.jpg\" class=\"envira-gallery-2391 envira-gallery-link\" rel=\"enviragallery2391\" title=\"Aspect de la deschiderea muzeului, 8 mai 1972.\" data-envira-caption=\"Aspect de la deschiderea muzeului, 8 mai 1972.\" data-envira-retina=\"\" data-thumbnail=\"\"  itemprop=\"contentUrl\"><div class=\"envira-lazy\" data-test-width=\"640\" data-test-height=\"480\" style=\"padding-bottom:75%;\"><img decoding=\"async\" id=\"envira-gallery-image-727\" class=\"envira-gallery-image envira-gallery-image-6\" data-envira-index=\"6\" src=\"https:\/\/mnir50.mnir.ro\/wpmnir50\/wp-content\/uploads\/2022\/04\/mnir_1972_8_mai_43-1024x621-640x480_c.jpg\" data-envira-src=\"https:\/\/mnir50.mnir.ro\/wpmnir50\/wp-content\/uploads\/2022\/04\/mnir_1972_8_mai_43-1024x621-640x480_c.jpg\" data-envira-gallery-id=\"2391\" data-envira-item-id=\"727\" data-envira-caption=\"Aspect de la deschiderea muzeului, 8 mai 1972.\" alt=\"\" title=\"Aspect de la deschiderea muzeului, 8 mai 1972.\"  itemprop=\"thumbnailUrl\" data-envira-srcset=\"https:\/\/mnir50.mnir.ro\/wpmnir50\/wp-content\/uploads\/2022\/04\/mnir_1972_8_mai_43-1024x621-640x480_c.jpg 400w,https:\/\/mnir50.mnir.ro\/wpmnir50\/wp-content\/uploads\/2022\/04\/mnir_1972_8_mai_43-1024x621-640x480_c.jpg 2x\" srcset=\"data:image\/gif;base64,R0lGODlhAQABAIAAAP\/\/\/\/\/\/\/yH5BAEKAAEALAAAAAABAAEAAAICTAEAOw==\" \/><\/div><\/a><\/div><\/div><div id=\"envira-gallery-item-729\" class=\"envira-gallery-item enviratope-item envira-gallery-item-7 envira-lazy-load\" style=\"padding-left: 1px; padding-bottom: 2px; padding-right: 1px;\"  itemscope itemtype=\"https:\/\/schema.org\/ImageObject\"><div class=\"envira-gallery-item-inner\"><div class=\"envira-gallery-position-overlay  envira-gallery-top-left\"><\/div><div class=\"envira-gallery-position-overlay  envira-gallery-top-right\"><\/div><div class=\"envira-gallery-position-overlay  envira-gallery-bottom-left\"><\/div><div class=\"envira-gallery-position-overlay  envira-gallery-bottom-right\"><\/div><a href=\"https:\/\/mnir50.mnir.ro\/wpmnir50\/wp-content\/uploads\/2022\/04\/mnir_1972_8_mai_56.jpg\" class=\"envira-gallery-2391 envira-gallery-link\" rel=\"enviragallery2391\" title=\"Aspect de la deschiderea muzeului, 8 mai 1972.\" data-envira-caption=\"Aspect de la deschiderea muzeului, 8 mai 1972.\" data-envira-retina=\"\" data-thumbnail=\"\"  itemprop=\"contentUrl\"><div class=\"envira-lazy\" data-test-width=\"640\" data-test-height=\"480\" style=\"padding-bottom:75%;\"><img decoding=\"async\" id=\"envira-gallery-image-729\" class=\"envira-gallery-image envira-gallery-image-7\" data-envira-index=\"7\" src=\"https:\/\/mnir50.mnir.ro\/wpmnir50\/wp-content\/uploads\/2022\/04\/mnir_1972_8_mai_56-1024x617-640x480_c.jpg\" data-envira-src=\"https:\/\/mnir50.mnir.ro\/wpmnir50\/wp-content\/uploads\/2022\/04\/mnir_1972_8_mai_56-1024x617-640x480_c.jpg\" data-envira-gallery-id=\"2391\" data-envira-item-id=\"729\" data-envira-caption=\"Aspect de la deschiderea muzeului, 8 mai 1972.\" alt=\"\" title=\"Aspect de la deschiderea muzeului, 8 mai 1972.\"  itemprop=\"thumbnailUrl\" data-envira-srcset=\"https:\/\/mnir50.mnir.ro\/wpmnir50\/wp-content\/uploads\/2022\/04\/mnir_1972_8_mai_56-1024x617-640x480_c.jpg 400w,https:\/\/mnir50.mnir.ro\/wpmnir50\/wp-content\/uploads\/2022\/04\/mnir_1972_8_mai_56-1024x617-640x480_c.jpg 2x\" srcset=\"data:image\/gif;base64,R0lGODlhAQABAIAAAP\/\/\/\/\/\/\/yH5BAEKAAEALAAAAAABAAEAAAICTAEAOw==\" \/><\/div><\/a><\/div><\/div><div id=\"envira-gallery-item-731\" class=\"envira-gallery-item enviratope-item envira-gallery-item-8 envira-lazy-load\" style=\"padding-left: 1px; padding-bottom: 2px; padding-right: 1px;\"  itemscope itemtype=\"https:\/\/schema.org\/ImageObject\"><div class=\"envira-gallery-item-inner\"><div class=\"envira-gallery-position-overlay  envira-gallery-top-left\"><\/div><div class=\"envira-gallery-position-overlay  envira-gallery-top-right\"><\/div><div class=\"envira-gallery-position-overlay  envira-gallery-bottom-left\"><\/div><div class=\"envira-gallery-position-overlay  envira-gallery-bottom-right\"><\/div><a href=\"https:\/\/mnir50.mnir.ro\/wpmnir50\/wp-content\/uploads\/2022\/04\/1_1973_cultural_educativa.jpg\" class=\"envira-gallery-2391 envira-gallery-link\" rel=\"enviragallery2391\" title=\"1973. Activitate cultural educativ\u0103\" data-envira-caption=\"1973. Activitate cultural educativ\u0103\" data-envira-retina=\"\" data-thumbnail=\"\"  itemprop=\"contentUrl\"><div class=\"envira-lazy\" data-test-width=\"640\" data-test-height=\"480\" style=\"padding-bottom:75%;\"><img decoding=\"async\" id=\"envira-gallery-image-731\" class=\"envira-gallery-image envira-gallery-image-8\" data-envira-index=\"8\" src=\"https:\/\/mnir50.mnir.ro\/wpmnir50\/wp-content\/uploads\/2022\/04\/1_1973_cultural_educativa-640x480_c.jpg\" data-envira-src=\"https:\/\/mnir50.mnir.ro\/wpmnir50\/wp-content\/uploads\/2022\/04\/1_1973_cultural_educativa-640x480_c.jpg\" data-envira-gallery-id=\"2391\" data-envira-item-id=\"731\" data-envira-caption=\"1973. Activitate cultural educativ\u0103\" alt=\"\" title=\"1973. Activitate cultural educativ\u0103\"  itemprop=\"thumbnailUrl\" data-envira-srcset=\"https:\/\/mnir50.mnir.ro\/wpmnir50\/wp-content\/uploads\/2022\/04\/1_1973_cultural_educativa-640x480_c.jpg 400w,https:\/\/mnir50.mnir.ro\/wpmnir50\/wp-content\/uploads\/2022\/04\/1_1973_cultural_educativa-640x480_c.jpg 2x\" srcset=\"data:image\/gif;base64,R0lGODlhAQABAIAAAP\/\/\/\/\/\/\/yH5BAEKAAEALAAAAAABAAEAAAICTAEAOw==\" \/><\/div><\/a><\/div><\/div><div id=\"envira-gallery-item-732\" class=\"envira-gallery-item enviratope-item envira-gallery-item-9 envira-lazy-load\" style=\"padding-left: 1px; padding-bottom: 2px; padding-right: 1px;\"  itemscope itemtype=\"https:\/\/schema.org\/ImageObject\"><div class=\"envira-gallery-item-inner\"><div class=\"envira-gallery-position-overlay  envira-gallery-top-left\"><\/div><div class=\"envira-gallery-position-overlay  envira-gallery-top-right\"><\/div><div class=\"envira-gallery-position-overlay  envira-gallery-bottom-left\"><\/div><div class=\"envira-gallery-position-overlay  envira-gallery-bottom-right\"><\/div><a href=\"https:\/\/mnir50.mnir.ro\/wpmnir50\/wp-content\/uploads\/2022\/04\/2_1973_expo_cantemir-2.jpg\" class=\"envira-gallery-2391 envira-gallery-link\" rel=\"enviragallery2391\" title=\"1973. Expozi\u021bie &bdquo;Dimitrie Cantemir&rdquo; (Gh. Cole\u0219ic\u0103, Florian Georgescu, C. Ionescu, \u0218tefan Olteanu)\" data-envira-caption=\"1973. Expozi\u021bie &bdquo;Dimitrie Cantemir&rdquo; (Gh. Cole\u0219ic\u0103, Florian Georgescu, C. Ionescu, \u0218tefan Olteanu)\" data-envira-retina=\"\" data-thumbnail=\"\"  itemprop=\"contentUrl\"><div class=\"envira-lazy\" data-test-width=\"640\" data-test-height=\"480\" style=\"padding-bottom:75%;\"><img decoding=\"async\" id=\"envira-gallery-image-732\" class=\"envira-gallery-image envira-gallery-image-9\" data-envira-index=\"9\" src=\"https:\/\/mnir50.mnir.ro\/wpmnir50\/wp-content\/uploads\/2022\/04\/2_1973_expo_cantemir-2-1024x653-640x480_c.jpg\" data-envira-src=\"https:\/\/mnir50.mnir.ro\/wpmnir50\/wp-content\/uploads\/2022\/04\/2_1973_expo_cantemir-2-1024x653-640x480_c.jpg\" data-envira-gallery-id=\"2391\" data-envira-item-id=\"732\" data-envira-caption=\"1973. Expozi\u021bie &bdquo;Dimitrie Cantemir&rdquo; (Gh. Cole\u0219ic\u0103, Florian Georgescu, C. Ionescu, \u0218tefan Olteanu)\" alt=\"\" title=\"1973. Expozi\u021bie &amp;bdquo;Dimitrie Cantemir&amp;rdquo; (Gh. Cole\u0219ic\u0103, Florian Georgescu, C. Ionescu, \u0218tefan Olteanu)\"  itemprop=\"thumbnailUrl\" data-envira-srcset=\"https:\/\/mnir50.mnir.ro\/wpmnir50\/wp-content\/uploads\/2022\/04\/2_1973_expo_cantemir-2-1024x653-640x480_c.jpg 400w,https:\/\/mnir50.mnir.ro\/wpmnir50\/wp-content\/uploads\/2022\/04\/2_1973_expo_cantemir-2-1024x653-640x480_c.jpg 2x\" srcset=\"data:image\/gif;base64,R0lGODlhAQABAIAAAP\/\/\/\/\/\/\/yH5BAEKAAEALAAAAAABAAEAAAICTAEAOw==\" \/><\/div><\/a><\/div><\/div><div id=\"envira-gallery-item-733\" class=\"envira-gallery-item enviratope-item envira-gallery-item-10 envira-lazy-load\" style=\"padding-left: 1px; padding-bottom: 2px; padding-right: 1px;\"  itemscope itemtype=\"https:\/\/schema.org\/ImageObject\"><div class=\"envira-gallery-item-inner\"><div class=\"envira-gallery-position-overlay  envira-gallery-top-left\"><\/div><div class=\"envira-gallery-position-overlay  envira-gallery-top-right\"><\/div><div class=\"envira-gallery-position-overlay  envira-gallery-bottom-left\"><\/div><div class=\"envira-gallery-position-overlay  envira-gallery-bottom-right\"><\/div><a href=\"https:\/\/mnir50.mnir.ro\/wpmnir50\/wp-content\/uploads\/2022\/04\/3_1973_expo_cantemir-3.jpg\" class=\"envira-gallery-2391 envira-gallery-link\" rel=\"enviragallery2391\" title=\"1973. Expozi\u021bie &bdquo;Dimitrie Cantemir&rdquo; (Gh. Cole\u0219ic\u0103, Florian Georgescu, C. Ionescu, \u0218tefan Olteanu)\" data-envira-caption=\"1973. Expozi\u021bie &bdquo;Dimitrie Cantemir&rdquo; (Gh. Cole\u0219ic\u0103, Florian Georgescu, C. Ionescu, \u0218tefan Olteanu)\" data-envira-retina=\"\" data-thumbnail=\"\"  itemprop=\"contentUrl\"><div class=\"envira-lazy\" data-test-width=\"640\" data-test-height=\"480\" style=\"padding-bottom:75%;\"><img decoding=\"async\" id=\"envira-gallery-image-733\" class=\"envira-gallery-image envira-gallery-image-10\" data-envira-index=\"10\" src=\"https:\/\/mnir50.mnir.ro\/wpmnir50\/wp-content\/uploads\/2022\/04\/3_1973_expo_cantemir-3-640x480_c.jpg\" data-envira-src=\"https:\/\/mnir50.mnir.ro\/wpmnir50\/wp-content\/uploads\/2022\/04\/3_1973_expo_cantemir-3-640x480_c.jpg\" data-envira-gallery-id=\"2391\" data-envira-item-id=\"733\" data-envira-caption=\"1973. Expozi\u021bie &bdquo;Dimitrie Cantemir&rdquo; (Gh. Cole\u0219ic\u0103, Florian Georgescu, C. Ionescu, \u0218tefan Olteanu)\" alt=\"\" title=\"1973. Expozi\u021bie &amp;bdquo;Dimitrie Cantemir&amp;rdquo; (Gh. Cole\u0219ic\u0103, Florian Georgescu, C. Ionescu, \u0218tefan Olteanu)\"  itemprop=\"thumbnailUrl\" data-envira-srcset=\"https:\/\/mnir50.mnir.ro\/wpmnir50\/wp-content\/uploads\/2022\/04\/3_1973_expo_cantemir-3-640x480_c.jpg 400w,https:\/\/mnir50.mnir.ro\/wpmnir50\/wp-content\/uploads\/2022\/04\/3_1973_expo_cantemir-3-640x480_c.jpg 2x\" srcset=\"data:image\/gif;base64,R0lGODlhAQABAIAAAP\/\/\/\/\/\/\/yH5BAEKAAEALAAAAAABAAEAAAICTAEAOw==\" \/><\/div><\/a><\/div><\/div><div id=\"envira-gallery-item-734\" class=\"envira-gallery-item enviratope-item envira-gallery-item-11 envira-lazy-load\" style=\"padding-left: 1px; padding-bottom: 2px; padding-right: 1px;\"  itemscope itemtype=\"https:\/\/schema.org\/ImageObject\"><div class=\"envira-gallery-item-inner\"><div class=\"envira-gallery-position-overlay  envira-gallery-top-left\"><\/div><div class=\"envira-gallery-position-overlay  envira-gallery-top-right\"><\/div><div class=\"envira-gallery-position-overlay  envira-gallery-bottom-left\"><\/div><div class=\"envira-gallery-position-overlay  envira-gallery-bottom-right\"><\/div><a href=\"https:\/\/mnir50.mnir.ro\/wpmnir50\/wp-content\/uploads\/2022\/04\/4_1973_expo_cantemir.jpg\" class=\"envira-gallery-2391 envira-gallery-link\" rel=\"enviragallery2391\" title=\"1973. Expozi\u021bie &bdquo;Dimitrie Cantemir&rdquo;\" data-envira-caption=\"1973. Expozi\u021bie &bdquo;Dimitrie Cantemir&rdquo;\" data-envira-retina=\"\" data-thumbnail=\"\"  itemprop=\"contentUrl\"><div class=\"envira-lazy\" data-test-width=\"640\" data-test-height=\"480\" style=\"padding-bottom:75%;\"><img decoding=\"async\" id=\"envira-gallery-image-734\" class=\"envira-gallery-image envira-gallery-image-11\" data-envira-index=\"11\" src=\"https:\/\/mnir50.mnir.ro\/wpmnir50\/wp-content\/uploads\/2022\/04\/4_1973_expo_cantemir-653x1024-640x480_c.jpg\" data-envira-src=\"https:\/\/mnir50.mnir.ro\/wpmnir50\/wp-content\/uploads\/2022\/04\/4_1973_expo_cantemir-653x1024-640x480_c.jpg\" data-envira-gallery-id=\"2391\" data-envira-item-id=\"734\" data-envira-caption=\"1973. Expozi\u021bie &bdquo;Dimitrie Cantemir&rdquo;\" alt=\"\" title=\"1973. Expozi\u021bie &amp;bdquo;Dimitrie Cantemir&amp;rdquo;\"  itemprop=\"thumbnailUrl\" data-envira-srcset=\"https:\/\/mnir50.mnir.ro\/wpmnir50\/wp-content\/uploads\/2022\/04\/4_1973_expo_cantemir-653x1024-640x480_c.jpg 400w,https:\/\/mnir50.mnir.ro\/wpmnir50\/wp-content\/uploads\/2022\/04\/4_1973_expo_cantemir-653x1024-640x480_c.jpg 2x\" srcset=\"data:image\/gif;base64,R0lGODlhAQABAIAAAP\/\/\/\/\/\/\/yH5BAEKAAEALAAAAAABAAEAAAICTAEAOw==\" \/><\/div><\/a><\/div><\/div><div id=\"envira-gallery-item-735\" class=\"envira-gallery-item enviratope-item envira-gallery-item-12 envira-lazy-load\" style=\"padding-left: 1px; padding-bottom: 2px; padding-right: 1px;\"  itemscope itemtype=\"https:\/\/schema.org\/ImageObject\"><div class=\"envira-gallery-item-inner\"><div class=\"envira-gallery-position-overlay  envira-gallery-top-left\"><\/div><div class=\"envira-gallery-position-overlay  envira-gallery-top-right\"><\/div><div class=\"envira-gallery-position-overlay  envira-gallery-bottom-left\"><\/div><div class=\"envira-gallery-position-overlay  envira-gallery-bottom-right\"><\/div><a href=\"https:\/\/mnir50.mnir.ro\/wpmnir50\/wp-content\/uploads\/2022\/04\/5_1973_expo_cantemir.jpg\" class=\"envira-gallery-2391 envira-gallery-link\" rel=\"enviragallery2391\" title=\"1973. Expozi\u021bie &bdquo;Dimitrie Cantemir&rdquo;\" data-envira-caption=\"1973. Expozi\u021bie &bdquo;Dimitrie Cantemir&rdquo;\" data-envira-retina=\"\" data-thumbnail=\"\"  itemprop=\"contentUrl\"><div class=\"envira-lazy\" data-test-width=\"640\" data-test-height=\"480\" style=\"padding-bottom:75%;\"><img decoding=\"async\" id=\"envira-gallery-image-735\" class=\"envira-gallery-image envira-gallery-image-12\" data-envira-index=\"12\" src=\"https:\/\/mnir50.mnir.ro\/wpmnir50\/wp-content\/uploads\/2022\/04\/5_1973_expo_cantemir-1024x651-640x480_c.jpg\" data-envira-src=\"https:\/\/mnir50.mnir.ro\/wpmnir50\/wp-content\/uploads\/2022\/04\/5_1973_expo_cantemir-1024x651-640x480_c.jpg\" data-envira-gallery-id=\"2391\" data-envira-item-id=\"735\" data-envira-caption=\"1973. Expozi\u021bie &bdquo;Dimitrie Cantemir&rdquo;\" alt=\"\" title=\"1973. Expozi\u021bie &amp;bdquo;Dimitrie Cantemir&amp;rdquo;\"  itemprop=\"thumbnailUrl\" data-envira-srcset=\"https:\/\/mnir50.mnir.ro\/wpmnir50\/wp-content\/uploads\/2022\/04\/5_1973_expo_cantemir-1024x651-640x480_c.jpg 400w,https:\/\/mnir50.mnir.ro\/wpmnir50\/wp-content\/uploads\/2022\/04\/5_1973_expo_cantemir-1024x651-640x480_c.jpg 2x\" srcset=\"data:image\/gif;base64,R0lGODlhAQABAIAAAP\/\/\/\/\/\/\/yH5BAEKAAEALAAAAAABAAEAAAICTAEAOw==\" \/><\/div><\/a><\/div><\/div><div id=\"envira-gallery-item-736\" class=\"envira-gallery-item enviratope-item envira-gallery-item-13 envira-lazy-load\" style=\"padding-left: 1px; padding-bottom: 2px; padding-right: 1px;\"  itemscope itemtype=\"https:\/\/schema.org\/ImageObject\"><div class=\"envira-gallery-item-inner\"><div class=\"envira-gallery-position-overlay  envira-gallery-top-left\"><\/div><div class=\"envira-gallery-position-overlay  envira-gallery-top-right\"><\/div><div class=\"envira-gallery-position-overlay  envira-gallery-bottom-left\"><\/div><div class=\"envira-gallery-position-overlay  envira-gallery-bottom-right\"><\/div><a href=\"https:\/\/mnir50.mnir.ro\/wpmnir50\/wp-content\/uploads\/2022\/04\/6_1973_fl_georgescu_sesiune.jpg\" class=\"envira-gallery-2391 envira-gallery-link\" rel=\"enviragallery2391\" title=\"1973. Prima sesiune \u0219tiin\u021bific\u0103 a muzeului (Florian Georgescu)\" data-envira-caption=\"1973. Prima sesiune \u0219tiin\u021bific\u0103 a muzeului (Florian Georgescu)\" data-envira-retina=\"\" data-thumbnail=\"\"  itemprop=\"contentUrl\"><div class=\"envira-lazy\" data-test-width=\"640\" data-test-height=\"480\" style=\"padding-bottom:75%;\"><img decoding=\"async\" id=\"envira-gallery-image-736\" class=\"envira-gallery-image envira-gallery-image-13\" data-envira-index=\"13\" src=\"https:\/\/mnir50.mnir.ro\/wpmnir50\/wp-content\/uploads\/2022\/04\/6_1973_fl_georgescu_sesiune-640x480_c.jpg\" data-envira-src=\"https:\/\/mnir50.mnir.ro\/wpmnir50\/wp-content\/uploads\/2022\/04\/6_1973_fl_georgescu_sesiune-640x480_c.jpg\" data-envira-gallery-id=\"2391\" data-envira-item-id=\"736\" data-envira-caption=\"1973. Prima sesiune \u0219tiin\u021bific\u0103 a muzeului (Florian Georgescu)\" alt=\"\" title=\"1973. Prima sesiune \u0219tiin\u021bific\u0103 a muzeului (Florian Georgescu)\"  itemprop=\"thumbnailUrl\" data-envira-srcset=\"https:\/\/mnir50.mnir.ro\/wpmnir50\/wp-content\/uploads\/2022\/04\/6_1973_fl_georgescu_sesiune-640x480_c.jpg 400w,https:\/\/mnir50.mnir.ro\/wpmnir50\/wp-content\/uploads\/2022\/04\/6_1973_fl_georgescu_sesiune-640x480_c.jpg 2x\" srcset=\"data:image\/gif;base64,R0lGODlhAQABAIAAAP\/\/\/\/\/\/\/yH5BAEKAAEALAAAAAABAAEAAAICTAEAOw==\" \/><\/div><\/a><\/div><\/div><div id=\"envira-gallery-item-737\" class=\"envira-gallery-item enviratope-item envira-gallery-item-14 envira-lazy-load\" style=\"padding-left: 1px; padding-bottom: 2px; padding-right: 1px;\"  itemscope itemtype=\"https:\/\/schema.org\/ImageObject\"><div class=\"envira-gallery-item-inner\"><div class=\"envira-gallery-position-overlay  envira-gallery-top-left\"><\/div><div class=\"envira-gallery-position-overlay  envira-gallery-top-right\"><\/div><div class=\"envira-gallery-position-overlay  envira-gallery-bottom-left\"><\/div><div class=\"envira-gallery-position-overlay  envira-gallery-bottom-right\"><\/div><a href=\"https:\/\/mnir50.mnir.ro\/wpmnir50\/wp-content\/uploads\/2022\/04\/7_1973_sesiune.jpg\" class=\"envira-gallery-2391 envira-gallery-link\" rel=\"enviragallery2391\" title=\"1973. Prima sesiune \u0219tiin\u021bific\u0103 a muzeului\" data-envira-caption=\"1973. Prima sesiune \u0219tiin\u021bific\u0103 a muzeului\" data-envira-retina=\"\" data-thumbnail=\"\"  itemprop=\"contentUrl\"><div class=\"envira-lazy\" data-test-width=\"640\" data-test-height=\"480\" style=\"padding-bottom:75%;\"><img decoding=\"async\" id=\"envira-gallery-image-737\" class=\"envira-gallery-image envira-gallery-image-14\" data-envira-index=\"14\" src=\"https:\/\/mnir50.mnir.ro\/wpmnir50\/wp-content\/uploads\/2022\/04\/7_1973_sesiune-640x480_c.jpg\" data-envira-src=\"https:\/\/mnir50.mnir.ro\/wpmnir50\/wp-content\/uploads\/2022\/04\/7_1973_sesiune-640x480_c.jpg\" data-envira-gallery-id=\"2391\" data-envira-item-id=\"737\" data-envira-caption=\"1973. Prima sesiune \u0219tiin\u021bific\u0103 a muzeului\" alt=\"\" title=\"1973. Prima sesiune \u0219tiin\u021bific\u0103 a muzeului\"  itemprop=\"thumbnailUrl\" data-envira-srcset=\"https:\/\/mnir50.mnir.ro\/wpmnir50\/wp-content\/uploads\/2022\/04\/7_1973_sesiune-640x480_c.jpg 400w,https:\/\/mnir50.mnir.ro\/wpmnir50\/wp-content\/uploads\/2022\/04\/7_1973_sesiune-640x480_c.jpg 2x\" srcset=\"data:image\/gif;base64,R0lGODlhAQABAIAAAP\/\/\/\/\/\/\/yH5BAEKAAEALAAAAAABAAEAAAICTAEAOw==\" \/><\/div><\/a><\/div><\/div><div id=\"envira-gallery-item-738\" class=\"envira-gallery-item enviratope-item envira-gallery-item-15 envira-lazy-load\" style=\"padding-left: 1px; padding-bottom: 2px; padding-right: 1px;\"  itemscope itemtype=\"https:\/\/schema.org\/ImageObject\"><div class=\"envira-gallery-item-inner\"><div class=\"envira-gallery-position-overlay  envira-gallery-top-left\"><\/div><div class=\"envira-gallery-position-overlay  envira-gallery-top-right\"><\/div><div class=\"envira-gallery-position-overlay  envira-gallery-bottom-left\"><\/div><div class=\"envira-gallery-position-overlay  envira-gallery-bottom-right\"><\/div><a href=\"https:\/\/mnir50.mnir.ro\/wpmnir50\/wp-content\/uploads\/2022\/04\/8_1973_sesiune_colesica.jpg\" class=\"envira-gallery-2391 envira-gallery-link\" rel=\"enviragallery2391\" title=\"1973. Prima sesiune \u0219tiin\u021bific\u0103 a muzeului\" data-envira-caption=\"1973. Prima sesiune \u0219tiin\u021bific\u0103 a muzeului\" data-envira-retina=\"\" data-thumbnail=\"\"  itemprop=\"contentUrl\"><div class=\"envira-lazy\" data-test-width=\"640\" data-test-height=\"480\" style=\"padding-bottom:75%;\"><img decoding=\"async\" id=\"envira-gallery-image-738\" class=\"envira-gallery-image envira-gallery-image-15\" data-envira-index=\"15\" src=\"https:\/\/mnir50.mnir.ro\/wpmnir50\/wp-content\/uploads\/2022\/04\/8_1973_sesiune_colesica-640x480_c.jpg\" data-envira-src=\"https:\/\/mnir50.mnir.ro\/wpmnir50\/wp-content\/uploads\/2022\/04\/8_1973_sesiune_colesica-640x480_c.jpg\" data-envira-gallery-id=\"2391\" data-envira-item-id=\"738\" data-envira-caption=\"1973. Prima sesiune \u0219tiin\u021bific\u0103 a muzeului\" alt=\"\" title=\"1973. Prima sesiune \u0219tiin\u021bific\u0103 a muzeului\"  itemprop=\"thumbnailUrl\" data-envira-srcset=\"https:\/\/mnir50.mnir.ro\/wpmnir50\/wp-content\/uploads\/2022\/04\/8_1973_sesiune_colesica-640x480_c.jpg 400w,https:\/\/mnir50.mnir.ro\/wpmnir50\/wp-content\/uploads\/2022\/04\/8_1973_sesiune_colesica-640x480_c.jpg 2x\" srcset=\"data:image\/gif;base64,R0lGODlhAQABAIAAAP\/\/\/\/\/\/\/yH5BAEKAAEALAAAAAABAAEAAAICTAEAOw==\" \/><\/div><\/a><\/div><\/div><div id=\"envira-gallery-item-739\" class=\"envira-gallery-item enviratope-item envira-gallery-item-16 envira-lazy-load\" style=\"padding-left: 1px; padding-bottom: 2px; padding-right: 1px;\"  itemscope itemtype=\"https:\/\/schema.org\/ImageObject\"><div class=\"envira-gallery-item-inner\"><div class=\"envira-gallery-position-overlay  envira-gallery-top-left\"><\/div><div class=\"envira-gallery-position-overlay  envira-gallery-top-right\"><\/div><div class=\"envira-gallery-position-overlay  envira-gallery-bottom-left\"><\/div><div class=\"envira-gallery-position-overlay  envira-gallery-bottom-right\"><\/div><a href=\"https:\/\/mnir50.mnir.ro\/wpmnir50\/wp-content\/uploads\/2022\/04\/9_1973_sesiune_conservare.jpg\" class=\"envira-gallery-2391 envira-gallery-link\" rel=\"enviragallery2391\" title=\"1973. Sesiunea de restaurare-conservare\" data-envira-caption=\"1973. Sesiunea de restaurare-conservare\" data-envira-retina=\"\" data-thumbnail=\"\"  itemprop=\"contentUrl\"><div class=\"envira-lazy\" data-test-width=\"640\" data-test-height=\"480\" style=\"padding-bottom:75%;\"><img decoding=\"async\" id=\"envira-gallery-image-739\" class=\"envira-gallery-image envira-gallery-image-16\" data-envira-index=\"16\" src=\"https:\/\/mnir50.mnir.ro\/wpmnir50\/wp-content\/uploads\/2022\/04\/9_1973_sesiune_conservare-640x480_c.jpg\" data-envira-src=\"https:\/\/mnir50.mnir.ro\/wpmnir50\/wp-content\/uploads\/2022\/04\/9_1973_sesiune_conservare-640x480_c.jpg\" data-envira-gallery-id=\"2391\" data-envira-item-id=\"739\" data-envira-caption=\"1973. Sesiunea de restaurare-conservare\" alt=\"\" title=\"1973. Sesiunea de restaurare-conservare\"  itemprop=\"thumbnailUrl\" data-envira-srcset=\"https:\/\/mnir50.mnir.ro\/wpmnir50\/wp-content\/uploads\/2022\/04\/9_1973_sesiune_conservare-640x480_c.jpg 400w,https:\/\/mnir50.mnir.ro\/wpmnir50\/wp-content\/uploads\/2022\/04\/9_1973_sesiune_conservare-640x480_c.jpg 2x\" srcset=\"data:image\/gif;base64,R0lGODlhAQABAIAAAP\/\/\/\/\/\/\/yH5BAEKAAEALAAAAAABAAEAAAICTAEAOw==\" \/><\/div><\/a><\/div><\/div><div id=\"envira-gallery-item-740\" class=\"envira-gallery-item enviratope-item envira-gallery-item-17 envira-lazy-load\" style=\"padding-left: 1px; padding-bottom: 2px; padding-right: 1px;\"  itemscope itemtype=\"https:\/\/schema.org\/ImageObject\"><div class=\"envira-gallery-item-inner\"><div class=\"envira-gallery-position-overlay  envira-gallery-top-left\"><\/div><div class=\"envira-gallery-position-overlay  envira-gallery-top-right\"><\/div><div class=\"envira-gallery-position-overlay  envira-gallery-bottom-left\"><\/div><div class=\"envira-gallery-position-overlay  envira-gallery-bottom-right\"><\/div><a href=\"https:\/\/mnir50.mnir.ro\/wpmnir50\/wp-content\/uploads\/2022\/04\/10_1973_sesiune_conservare_pandele-barbu-valentina-busila-aurel-moldoveanu.jpg\" class=\"envira-gallery-2391 envira-gallery-link\" rel=\"enviragallery2391\" title=\"1973. Sesiunea de restaurare-conservare (Pandele Barbu, Valentina Bu\u0219il\u0103, Aurel Moldoveanu)\" data-envira-caption=\"1973. Sesiunea de restaurare-conservare (Pandele Barbu, Valentina Bu\u0219il\u0103, Aurel Moldoveanu)\" data-envira-retina=\"\" data-thumbnail=\"\"  itemprop=\"contentUrl\"><div class=\"envira-lazy\" data-test-width=\"640\" data-test-height=\"480\" style=\"padding-bottom:75%;\"><img decoding=\"async\" id=\"envira-gallery-image-740\" class=\"envira-gallery-image envira-gallery-image-17\" data-envira-index=\"17\" src=\"https:\/\/mnir50.mnir.ro\/wpmnir50\/wp-content\/uploads\/2022\/04\/10_1973_sesiune_conservare_pandele-barbu-valentina-busila-aurel-moldoveanu-640x480_c.jpg\" data-envira-src=\"https:\/\/mnir50.mnir.ro\/wpmnir50\/wp-content\/uploads\/2022\/04\/10_1973_sesiune_conservare_pandele-barbu-valentina-busila-aurel-moldoveanu-640x480_c.jpg\" data-envira-gallery-id=\"2391\" data-envira-item-id=\"740\" data-envira-caption=\"1973. Sesiunea de restaurare-conservare (Pandele Barbu, Valentina Bu\u0219il\u0103, Aurel Moldoveanu)\" alt=\"\" title=\"1973. Sesiunea de restaurare-conservare (Pandele Barbu, Valentina Bu\u0219il\u0103, Aurel Moldoveanu)\"  itemprop=\"thumbnailUrl\" data-envira-srcset=\"https:\/\/mnir50.mnir.ro\/wpmnir50\/wp-content\/uploads\/2022\/04\/10_1973_sesiune_conservare_pandele-barbu-valentina-busila-aurel-moldoveanu-640x480_c.jpg 400w,https:\/\/mnir50.mnir.ro\/wpmnir50\/wp-content\/uploads\/2022\/04\/10_1973_sesiune_conservare_pandele-barbu-valentina-busila-aurel-moldoveanu-640x480_c.jpg 2x\" srcset=\"data:image\/gif;base64,R0lGODlhAQABAIAAAP\/\/\/\/\/\/\/yH5BAEKAAEALAAAAAABAAEAAAICTAEAOw==\" \/><\/div><\/a><\/div><\/div><div id=\"envira-gallery-item-741\" class=\"envira-gallery-item enviratope-item envira-gallery-item-18 envira-lazy-load\" style=\"padding-left: 1px; padding-bottom: 2px; padding-right: 1px;\"  itemscope itemtype=\"https:\/\/schema.org\/ImageObject\"><div class=\"envira-gallery-item-inner\"><div class=\"envira-gallery-position-overlay  envira-gallery-top-left\"><\/div><div class=\"envira-gallery-position-overlay  envira-gallery-top-right\"><\/div><div class=\"envira-gallery-position-overlay  envira-gallery-bottom-left\"><\/div><div class=\"envira-gallery-position-overlay  envira-gallery-bottom-right\"><\/div><a href=\"https:\/\/mnir50.mnir.ro\/wpmnir50\/wp-content\/uploads\/2022\/04\/11_1973_sesiune_dionisie_pippidi.jpg\" class=\"envira-gallery-2391 envira-gallery-link\" rel=\"enviragallery2391\" title=\"1973. Prima sesiune \u0219tiin\u021bific\u0103 a muzeului (Dionisie Pippidi)\" data-envira-caption=\"1973. Prima sesiune \u0219tiin\u021bific\u0103 a muzeului (Dionisie Pippidi)\" data-envira-retina=\"\" data-thumbnail=\"\"  itemprop=\"contentUrl\"><div class=\"envira-lazy\" data-test-width=\"640\" data-test-height=\"480\" style=\"padding-bottom:75%;\"><img decoding=\"async\" id=\"envira-gallery-image-741\" class=\"envira-gallery-image envira-gallery-image-18\" data-envira-index=\"18\" src=\"https:\/\/mnir50.mnir.ro\/wpmnir50\/wp-content\/uploads\/2022\/04\/11_1973_sesiune_dionisie_pippidi-640x480_c.jpg\" data-envira-src=\"https:\/\/mnir50.mnir.ro\/wpmnir50\/wp-content\/uploads\/2022\/04\/11_1973_sesiune_dionisie_pippidi-640x480_c.jpg\" data-envira-gallery-id=\"2391\" data-envira-item-id=\"741\" data-envira-caption=\"1973. Prima sesiune \u0219tiin\u021bific\u0103 a muzeului (Dionisie Pippidi)\" alt=\"\" title=\"1973. Prima sesiune \u0219tiin\u021bific\u0103 a muzeului (Dionisie Pippidi)\"  itemprop=\"thumbnailUrl\" data-envira-srcset=\"https:\/\/mnir50.mnir.ro\/wpmnir50\/wp-content\/uploads\/2022\/04\/11_1973_sesiune_dionisie_pippidi-640x480_c.jpg 400w,https:\/\/mnir50.mnir.ro\/wpmnir50\/wp-content\/uploads\/2022\/04\/11_1973_sesiune_dionisie_pippidi-640x480_c.jpg 2x\" srcset=\"data:image\/gif;base64,R0lGODlhAQABAIAAAP\/\/\/\/\/\/\/yH5BAEKAAEALAAAAAABAAEAAAICTAEAOw==\" \/><\/div><\/a><\/div><\/div><div id=\"envira-gallery-item-743\" class=\"envira-gallery-item enviratope-item envira-gallery-item-19 envira-lazy-load\" style=\"padding-left: 1px; padding-bottom: 2px; padding-right: 1px;\"  itemscope itemtype=\"https:\/\/schema.org\/ImageObject\"><div class=\"envira-gallery-item-inner\"><div class=\"envira-gallery-position-overlay  envira-gallery-top-left\"><\/div><div class=\"envira-gallery-position-overlay  envira-gallery-top-right\"><\/div><div class=\"envira-gallery-position-overlay  envira-gallery-bottom-left\"><\/div><div class=\"envira-gallery-position-overlay  envira-gallery-bottom-right\"><\/div><a href=\"https:\/\/mnir50.mnir.ro\/wpmnir50\/wp-content\/uploads\/2022\/04\/13_1973_sesiune_floricel_marinescu.jpg\" class=\"envira-gallery-2391 envira-gallery-link\" rel=\"enviragallery2391\" title=\"1973. Prima sesiune \u0219tiin\u021bific\u0103 a muzeului (Floricel Marinescu &ndash; Muzeul Militar)\" data-envira-caption=\"1973. Prima sesiune \u0219tiin\u021bific\u0103 a muzeului (Floricel Marinescu &ndash; Muzeul Militar)\" data-envira-retina=\"\" data-thumbnail=\"\"  itemprop=\"contentUrl\"><div class=\"envira-lazy\" data-test-width=\"640\" data-test-height=\"480\" style=\"padding-bottom:75%;\"><img decoding=\"async\" id=\"envira-gallery-image-743\" class=\"envira-gallery-image envira-gallery-image-19\" data-envira-index=\"19\" src=\"https:\/\/mnir50.mnir.ro\/wpmnir50\/wp-content\/uploads\/2022\/04\/13_1973_sesiune_floricel_marinescu-640x480_c.jpg\" data-envira-src=\"https:\/\/mnir50.mnir.ro\/wpmnir50\/wp-content\/uploads\/2022\/04\/13_1973_sesiune_floricel_marinescu-640x480_c.jpg\" data-envira-gallery-id=\"2391\" data-envira-item-id=\"743\" data-envira-caption=\"1973. Prima sesiune \u0219tiin\u021bific\u0103 a muzeului (Floricel Marinescu &ndash; Muzeul Militar)\" alt=\"\" title=\"1973. Prima sesiune \u0219tiin\u021bific\u0103 a muzeului (Floricel Marinescu &amp;ndash; Muzeul Militar)\"  itemprop=\"thumbnailUrl\" data-envira-srcset=\"https:\/\/mnir50.mnir.ro\/wpmnir50\/wp-content\/uploads\/2022\/04\/13_1973_sesiune_floricel_marinescu-640x480_c.jpg 400w,https:\/\/mnir50.mnir.ro\/wpmnir50\/wp-content\/uploads\/2022\/04\/13_1973_sesiune_floricel_marinescu-640x480_c.jpg 2x\" srcset=\"data:image\/gif;base64,R0lGODlhAQABAIAAAP\/\/\/\/\/\/\/yH5BAEKAAEALAAAAAABAAEAAAICTAEAOw==\" \/><\/div><\/a><\/div><\/div><div id=\"envira-gallery-item-742\" class=\"envira-gallery-item enviratope-item envira-gallery-item-20 envira-lazy-load\" style=\"padding-left: 1px; padding-bottom: 2px; padding-right: 1px;\"  itemscope itemtype=\"https:\/\/schema.org\/ImageObject\"><div class=\"envira-gallery-item-inner\"><div class=\"envira-gallery-position-overlay  envira-gallery-top-left\"><\/div><div class=\"envira-gallery-position-overlay  envira-gallery-top-right\"><\/div><div class=\"envira-gallery-position-overlay  envira-gallery-bottom-left\"><\/div><div class=\"envira-gallery-position-overlay  envira-gallery-bottom-right\"><\/div><a href=\"https:\/\/mnir50.mnir.ro\/wpmnir50\/wp-content\/uploads\/2022\/04\/12_1973_sesiune_doina_galbenu.jpg\" class=\"envira-gallery-2391 envira-gallery-link\" rel=\"enviragallery2391\" title=\"1973. Prima sesiune \u0219tiin\u021bific\u0103 a muzeului(Doina Galbenu)\" data-envira-caption=\"1973. Prima sesiune \u0219tiin\u021bific\u0103 a muzeului(Doina Galbenu)\" data-envira-retina=\"\" data-thumbnail=\"\"  itemprop=\"contentUrl\"><div class=\"envira-lazy\" data-test-width=\"640\" data-test-height=\"480\" style=\"padding-bottom:75%;\"><img decoding=\"async\" id=\"envira-gallery-image-742\" class=\"envira-gallery-image envira-gallery-image-20\" data-envira-index=\"20\" src=\"https:\/\/mnir50.mnir.ro\/wpmnir50\/wp-content\/uploads\/2022\/04\/12_1973_sesiune_doina_galbenu-640x480_c.jpg\" data-envira-src=\"https:\/\/mnir50.mnir.ro\/wpmnir50\/wp-content\/uploads\/2022\/04\/12_1973_sesiune_doina_galbenu-640x480_c.jpg\" data-envira-gallery-id=\"2391\" data-envira-item-id=\"742\" data-envira-caption=\"1973. Prima sesiune \u0219tiin\u021bific\u0103 a muzeului(Doina Galbenu)\" alt=\"\" title=\"1973. Prima sesiune \u0219tiin\u021bific\u0103 a muzeului(Doina Galbenu)\"  itemprop=\"thumbnailUrl\" data-envira-srcset=\"https:\/\/mnir50.mnir.ro\/wpmnir50\/wp-content\/uploads\/2022\/04\/12_1973_sesiune_doina_galbenu-640x480_c.jpg 400w,https:\/\/mnir50.mnir.ro\/wpmnir50\/wp-content\/uploads\/2022\/04\/12_1973_sesiune_doina_galbenu-640x480_c.jpg 2x\" srcset=\"data:image\/gif;base64,R0lGODlhAQABAIAAAP\/\/\/\/\/\/\/yH5BAEKAAEALAAAAAABAAEAAAICTAEAOw==\" \/><\/div><\/a><\/div><\/div><div id=\"envira-gallery-item-744\" class=\"envira-gallery-item enviratope-item envira-gallery-item-21 envira-lazy-load\" style=\"padding-left: 1px; padding-bottom: 2px; padding-right: 1px;\"  itemscope itemtype=\"https:\/\/schema.org\/ImageObject\"><div class=\"envira-gallery-item-inner\"><div class=\"envira-gallery-position-overlay  envira-gallery-top-left\"><\/div><div class=\"envira-gallery-position-overlay  envira-gallery-top-right\"><\/div><div class=\"envira-gallery-position-overlay  envira-gallery-bottom-left\"><\/div><div class=\"envira-gallery-position-overlay  envira-gallery-bottom-right\"><\/div><a href=\"https:\/\/mnir50.mnir.ro\/wpmnir50\/wp-content\/uploads\/2022\/04\/14_1973_sesiune_georgescu_antonescu.jpg\" class=\"envira-gallery-2391 envira-gallery-link\" rel=\"enviragallery2391\" title=\"1973. Prima sesiune \u0219tiin\u021bific\u0103 a muzeului (Florian Georgescu, Iulian Antonescu)\" data-envira-caption=\"1973. Prima sesiune \u0219tiin\u021bific\u0103 a muzeului (Florian Georgescu, Iulian Antonescu)\" data-envira-retina=\"\" data-thumbnail=\"\"  itemprop=\"contentUrl\"><div class=\"envira-lazy\" data-test-width=\"640\" data-test-height=\"480\" style=\"padding-bottom:75%;\"><img decoding=\"async\" id=\"envira-gallery-image-744\" class=\"envira-gallery-image envira-gallery-image-21\" data-envira-index=\"21\" src=\"https:\/\/mnir50.mnir.ro\/wpmnir50\/wp-content\/uploads\/2022\/04\/14_1973_sesiune_georgescu_antonescu-640x480_c.jpg\" data-envira-src=\"https:\/\/mnir50.mnir.ro\/wpmnir50\/wp-content\/uploads\/2022\/04\/14_1973_sesiune_georgescu_antonescu-640x480_c.jpg\" data-envira-gallery-id=\"2391\" data-envira-item-id=\"744\" data-envira-caption=\"1973. Prima sesiune \u0219tiin\u021bific\u0103 a muzeului (Florian Georgescu, Iulian Antonescu)\" alt=\"\" title=\"1973. Prima sesiune \u0219tiin\u021bific\u0103 a muzeului (Florian Georgescu, Iulian Antonescu)\"  itemprop=\"thumbnailUrl\" data-envira-srcset=\"https:\/\/mnir50.mnir.ro\/wpmnir50\/wp-content\/uploads\/2022\/04\/14_1973_sesiune_georgescu_antonescu-640x480_c.jpg 400w,https:\/\/mnir50.mnir.ro\/wpmnir50\/wp-content\/uploads\/2022\/04\/14_1973_sesiune_georgescu_antonescu-640x480_c.jpg 2x\" srcset=\"data:image\/gif;base64,R0lGODlhAQABAIAAAP\/\/\/\/\/\/\/yH5BAEKAAEALAAAAAABAAEAAAICTAEAOw==\" \/><\/div><\/a><\/div><\/div><div id=\"envira-gallery-item-746\" class=\"envira-gallery-item enviratope-item envira-gallery-item-22 envira-lazy-load\" style=\"padding-left: 1px; padding-bottom: 2px; padding-right: 1px;\"  itemscope itemtype=\"https:\/\/schema.org\/ImageObject\"><div class=\"envira-gallery-item-inner\"><div class=\"envira-gallery-position-overlay  envira-gallery-top-left\"><\/div><div class=\"envira-gallery-position-overlay  envira-gallery-top-right\"><\/div><div class=\"envira-gallery-position-overlay  envira-gallery-bottom-left\"><\/div><div class=\"envira-gallery-position-overlay  envira-gallery-bottom-right\"><\/div><a href=\"https:\/\/mnir50.mnir.ro\/wpmnir50\/wp-content\/uploads\/2022\/04\/16_1973_simpozion_cantemir.jpg\" class=\"envira-gallery-2391 envira-gallery-link\" rel=\"enviragallery2391\" title=\"1973. Sesiune dedicat\u0103 lui Dimitrie Cantemir\" data-envira-caption=\"1973. Sesiune dedicat\u0103 lui Dimitrie Cantemir\" data-envira-retina=\"\" data-thumbnail=\"\"  itemprop=\"contentUrl\"><div class=\"envira-lazy\" data-test-width=\"640\" data-test-height=\"480\" style=\"padding-bottom:75%;\"><img decoding=\"async\" id=\"envira-gallery-image-746\" class=\"envira-gallery-image envira-gallery-image-22\" data-envira-index=\"22\" src=\"https:\/\/mnir50.mnir.ro\/wpmnir50\/wp-content\/uploads\/2022\/04\/16_1973_simpozion_cantemir-640x480_c.jpg\" data-envira-src=\"https:\/\/mnir50.mnir.ro\/wpmnir50\/wp-content\/uploads\/2022\/04\/16_1973_simpozion_cantemir-640x480_c.jpg\" data-envira-gallery-id=\"2391\" data-envira-item-id=\"746\" data-envira-caption=\"1973. Sesiune dedicat\u0103 lui Dimitrie Cantemir\" alt=\"\" title=\"1973. Sesiune dedicat\u0103 lui Dimitrie Cantemir\"  itemprop=\"thumbnailUrl\" data-envira-srcset=\"https:\/\/mnir50.mnir.ro\/wpmnir50\/wp-content\/uploads\/2022\/04\/16_1973_simpozion_cantemir-640x480_c.jpg 400w,https:\/\/mnir50.mnir.ro\/wpmnir50\/wp-content\/uploads\/2022\/04\/16_1973_simpozion_cantemir-640x480_c.jpg 2x\" srcset=\"data:image\/gif;base64,R0lGODlhAQABAIAAAP\/\/\/\/\/\/\/yH5BAEKAAEALAAAAAABAAEAAAICTAEAOw==\" \/><\/div><\/a><\/div><\/div><div id=\"envira-gallery-item-745\" class=\"envira-gallery-item enviratope-item envira-gallery-item-23 envira-lazy-load\" style=\"padding-left: 1px; padding-bottom: 2px; padding-right: 1px;\"  itemscope itemtype=\"https:\/\/schema.org\/ImageObject\"><div class=\"envira-gallery-item-inner\"><div class=\"envira-gallery-position-overlay  envira-gallery-top-left\"><\/div><div class=\"envira-gallery-position-overlay  envira-gallery-top-right\"><\/div><div class=\"envira-gallery-position-overlay  envira-gallery-bottom-left\"><\/div><div class=\"envira-gallery-position-overlay  envira-gallery-bottom-right\"><\/div><a href=\"https:\/\/mnir50.mnir.ro\/wpmnir50\/wp-content\/uploads\/2022\/04\/15_1973_sesiune_ion_lupescu_viorica_ursu_liviu_stefanescu.jpg\" class=\"envira-gallery-2391 envira-gallery-link\" rel=\"enviragallery2391\" title=\"1973. Prima sesiune \u0219tiin\u021bific\u0103 a muzeului (Ion Lupescu, Viorica Ursu, Liviu \u0218tef\u0103nescu)\" data-envira-caption=\"1973. Prima sesiune \u0219tiin\u021bific\u0103 a muzeului (Ion Lupescu, Viorica Ursu, Liviu \u0218tef\u0103nescu)\" data-envira-retina=\"\" data-thumbnail=\"\"  itemprop=\"contentUrl\"><div class=\"envira-lazy\" data-test-width=\"640\" data-test-height=\"480\" style=\"padding-bottom:75%;\"><img decoding=\"async\" id=\"envira-gallery-image-745\" class=\"envira-gallery-image envira-gallery-image-23\" data-envira-index=\"23\" src=\"https:\/\/mnir50.mnir.ro\/wpmnir50\/wp-content\/uploads\/2022\/04\/15_1973_sesiune_ion_lupescu_viorica_ursu_liviu_stefanescu-640x480_c.jpg\" data-envira-src=\"https:\/\/mnir50.mnir.ro\/wpmnir50\/wp-content\/uploads\/2022\/04\/15_1973_sesiune_ion_lupescu_viorica_ursu_liviu_stefanescu-640x480_c.jpg\" data-envira-gallery-id=\"2391\" data-envira-item-id=\"745\" data-envira-caption=\"1973. Prima sesiune \u0219tiin\u021bific\u0103 a muzeului (Ion Lupescu, Viorica Ursu, Liviu \u0218tef\u0103nescu)\" alt=\"\" title=\"1973. Prima sesiune \u0219tiin\u021bific\u0103 a muzeului (Ion Lupescu, Viorica Ursu, Liviu \u0218tef\u0103nescu)\"  itemprop=\"thumbnailUrl\" data-envira-srcset=\"https:\/\/mnir50.mnir.ro\/wpmnir50\/wp-content\/uploads\/2022\/04\/15_1973_sesiune_ion_lupescu_viorica_ursu_liviu_stefanescu-640x480_c.jpg 400w,https:\/\/mnir50.mnir.ro\/wpmnir50\/wp-content\/uploads\/2022\/04\/15_1973_sesiune_ion_lupescu_viorica_ursu_liviu_stefanescu-640x480_c.jpg 2x\" srcset=\"data:image\/gif;base64,R0lGODlhAQABAIAAAP\/\/\/\/\/\/\/yH5BAEKAAEALAAAAAABAAEAAAICTAEAOw==\" \/><\/div><\/a><\/div><\/div><div id=\"envira-gallery-item-747\" class=\"envira-gallery-item enviratope-item envira-gallery-item-24 envira-lazy-load\" style=\"padding-left: 1px; padding-bottom: 2px; padding-right: 1px;\"  itemscope itemtype=\"https:\/\/schema.org\/ImageObject\"><div class=\"envira-gallery-item-inner\"><div class=\"envira-gallery-position-overlay  envira-gallery-top-left\"><\/div><div class=\"envira-gallery-position-overlay  envira-gallery-top-right\"><\/div><div class=\"envira-gallery-position-overlay  envira-gallery-bottom-left\"><\/div><div class=\"envira-gallery-position-overlay  envira-gallery-bottom-right\"><\/div><a href=\"https:\/\/mnir50.mnir.ro\/wpmnir50\/wp-content\/uploads\/2022\/04\/17_1974-Presedintele-Columbiei-A.L.-Michelsen-la-MNIR.jpg\" class=\"envira-gallery-2391 envira-gallery-link\" rel=\"enviragallery2391\" title=\"1974. Vizita pre\u0219edintelui Columbiei, A.L. Michelsen, la muzeu\" data-envira-caption=\"1974. Vizita pre\u0219edintelui Columbiei, A.L. Michelsen, la muzeu\" data-envira-retina=\"\" data-thumbnail=\"\"  itemprop=\"contentUrl\"><div class=\"envira-lazy\" data-test-width=\"640\" data-test-height=\"480\" style=\"padding-bottom:75%;\"><img decoding=\"async\" id=\"envira-gallery-image-747\" class=\"envira-gallery-image envira-gallery-image-24\" data-envira-index=\"24\" src=\"https:\/\/mnir50.mnir.ro\/wpmnir50\/wp-content\/uploads\/2022\/04\/17_1974-Presedintele-Columbiei-A.L.-Michelsen-la-MNIR-1024x760-640x480_c.jpg\" data-envira-src=\"https:\/\/mnir50.mnir.ro\/wpmnir50\/wp-content\/uploads\/2022\/04\/17_1974-Presedintele-Columbiei-A.L.-Michelsen-la-MNIR-1024x760-640x480_c.jpg\" data-envira-gallery-id=\"2391\" data-envira-item-id=\"747\" data-envira-caption=\"1974. Vizita pre\u0219edintelui Columbiei, A.L. Michelsen, la muzeu\" alt=\"\" title=\"1974. Vizita pre\u0219edintelui Columbiei, A.L. Michelsen, la muzeu\"  itemprop=\"thumbnailUrl\" data-envira-srcset=\"https:\/\/mnir50.mnir.ro\/wpmnir50\/wp-content\/uploads\/2022\/04\/17_1974-Presedintele-Columbiei-A.L.-Michelsen-la-MNIR-1024x760-640x480_c.jpg 400w,https:\/\/mnir50.mnir.ro\/wpmnir50\/wp-content\/uploads\/2022\/04\/17_1974-Presedintele-Columbiei-A.L.-Michelsen-la-MNIR-1024x760-640x480_c.jpg 2x\" srcset=\"data:image\/gif;base64,R0lGODlhAQABAIAAAP\/\/\/\/\/\/\/yH5BAEKAAEALAAAAAABAAEAAAICTAEAOw==\" \/><\/div><\/a><\/div><\/div><div id=\"envira-gallery-item-748\" class=\"envira-gallery-item enviratope-item envira-gallery-item-25 envira-lazy-load\" style=\"padding-left: 1px; padding-bottom: 2px; padding-right: 1px;\"  itemscope itemtype=\"https:\/\/schema.org\/ImageObject\"><div class=\"envira-gallery-item-inner\"><div class=\"envira-gallery-position-overlay  envira-gallery-top-left\"><\/div><div class=\"envira-gallery-position-overlay  envira-gallery-top-right\"><\/div><div class=\"envira-gallery-position-overlay  envira-gallery-bottom-left\"><\/div><div class=\"envira-gallery-position-overlay  envira-gallery-bottom-right\"><\/div><a href=\"https:\/\/mnir50.mnir.ro\/wpmnir50\/wp-content\/uploads\/2022\/04\/18_1974_expo_30_de-ani_de_la....jpg\" class=\"envira-gallery-2391 envira-gallery-link\" rel=\"enviragallery2391\" title=\"1974. Expozi\u021bia &bdquo;30 de ani de la eliberarea patriei de sub jugul fascist&rdquo;\" data-envira-caption=\"1974. Expozi\u021bia &bdquo;30 de ani de la eliberarea patriei de sub jugul fascist&rdquo;\" data-envira-retina=\"\" data-thumbnail=\"\"  itemprop=\"contentUrl\"><div class=\"envira-lazy\" data-test-width=\"640\" data-test-height=\"480\" style=\"padding-bottom:75%;\"><img decoding=\"async\" id=\"envira-gallery-image-748\" class=\"envira-gallery-image envira-gallery-image-25\" data-envira-index=\"25\" src=\"https:\/\/mnir50.mnir.ro\/wpmnir50\/wp-content\/uploads\/2022\/04\/18_1974_expo_30_de-ani_de_la...-640x480_c.jpg\" data-envira-src=\"https:\/\/mnir50.mnir.ro\/wpmnir50\/wp-content\/uploads\/2022\/04\/18_1974_expo_30_de-ani_de_la...-640x480_c.jpg\" data-envira-gallery-id=\"2391\" data-envira-item-id=\"748\" data-envira-caption=\"1974. Expozi\u021bia &bdquo;30 de ani de la eliberarea patriei de sub jugul fascist&rdquo;\" alt=\"\" title=\"1974. Expozi\u021bia &amp;bdquo;30 de ani de la eliberarea patriei de sub jugul fascist&amp;rdquo;\"  itemprop=\"thumbnailUrl\" data-envira-srcset=\"https:\/\/mnir50.mnir.ro\/wpmnir50\/wp-content\/uploads\/2022\/04\/18_1974_expo_30_de-ani_de_la...-640x480_c.jpg 400w,https:\/\/mnir50.mnir.ro\/wpmnir50\/wp-content\/uploads\/2022\/04\/18_1974_expo_30_de-ani_de_la...-640x480_c.jpg 2x\" srcset=\"data:image\/gif;base64,R0lGODlhAQABAIAAAP\/\/\/\/\/\/\/yH5BAEKAAEALAAAAAABAAEAAAICTAEAOw==\" \/><\/div><\/a><\/div><\/div><div id=\"envira-gallery-item-749\" class=\"envira-gallery-item enviratope-item envira-gallery-item-26 envira-lazy-load\" style=\"padding-left: 1px; padding-bottom: 2px; padding-right: 1px;\"  itemscope itemtype=\"https:\/\/schema.org\/ImageObject\"><div class=\"envira-gallery-item-inner\"><div class=\"envira-gallery-position-overlay  envira-gallery-top-left\"><\/div><div class=\"envira-gallery-position-overlay  envira-gallery-top-right\"><\/div><div class=\"envira-gallery-position-overlay  envira-gallery-bottom-left\"><\/div><div class=\"envira-gallery-position-overlay  envira-gallery-bottom-right\"><\/div><a href=\"https:\/\/mnir50.mnir.ro\/wpmnir50\/wp-content\/uploads\/2022\/04\/19_1974-Presedintele-Columbiei-A.L.-Michelsen-la-MNIR_1.jpg\" class=\"envira-gallery-2391 envira-gallery-link\" rel=\"enviragallery2391\" title=\"1974. Vizita pre\u0219edintelui Columbiei, A.L. Michelsen, la muzeu\" data-envira-caption=\"1974. Vizita pre\u0219edintelui Columbiei, A.L. Michelsen, la muzeu\" data-envira-retina=\"\" data-thumbnail=\"\"  itemprop=\"contentUrl\"><div class=\"envira-lazy\" data-test-width=\"640\" data-test-height=\"480\" style=\"padding-bottom:75%;\"><img decoding=\"async\" id=\"envira-gallery-image-749\" class=\"envira-gallery-image envira-gallery-image-26\" data-envira-index=\"26\" src=\"https:\/\/mnir50.mnir.ro\/wpmnir50\/wp-content\/uploads\/2022\/04\/19_1974-Presedintele-Columbiei-A.L.-Michelsen-la-MNIR_1-1024x758-640x480_c.jpg\" data-envira-src=\"https:\/\/mnir50.mnir.ro\/wpmnir50\/wp-content\/uploads\/2022\/04\/19_1974-Presedintele-Columbiei-A.L.-Michelsen-la-MNIR_1-1024x758-640x480_c.jpg\" data-envira-gallery-id=\"2391\" data-envira-item-id=\"749\" data-envira-caption=\"1974. Vizita pre\u0219edintelui Columbiei, A.L. Michelsen, la muzeu\" alt=\"\" title=\"1974. Vizita pre\u0219edintelui Columbiei, A.L. Michelsen, la muzeu\"  itemprop=\"thumbnailUrl\" data-envira-srcset=\"https:\/\/mnir50.mnir.ro\/wpmnir50\/wp-content\/uploads\/2022\/04\/19_1974-Presedintele-Columbiei-A.L.-Michelsen-la-MNIR_1-1024x758-640x480_c.jpg 400w,https:\/\/mnir50.mnir.ro\/wpmnir50\/wp-content\/uploads\/2022\/04\/19_1974-Presedintele-Columbiei-A.L.-Michelsen-la-MNIR_1-1024x758-640x480_c.jpg 2x\" srcset=\"data:image\/gif;base64,R0lGODlhAQABAIAAAP\/\/\/\/\/\/\/yH5BAEKAAEALAAAAAABAAEAAAICTAEAOw==\" \/><\/div><\/a><\/div><\/div><div id=\"envira-gallery-item-751\" class=\"envira-gallery-item enviratope-item envira-gallery-item-27 envira-lazy-load\" style=\"padding-left: 1px; padding-bottom: 2px; padding-right: 1px;\"  itemscope itemtype=\"https:\/\/schema.org\/ImageObject\"><div class=\"envira-gallery-item-inner\"><div class=\"envira-gallery-position-overlay  envira-gallery-top-left\"><\/div><div class=\"envira-gallery-position-overlay  envira-gallery-top-right\"><\/div><div class=\"envira-gallery-position-overlay  envira-gallery-bottom-left\"><\/div><div class=\"envira-gallery-position-overlay  envira-gallery-bottom-right\"><\/div><a href=\"https:\/\/mnir50.mnir.ro\/wpmnir50\/wp-content\/uploads\/2022\/04\/21_1974_expo_30_de_ani_de_la_elib_patriei.jpg\" class=\"envira-gallery-2391 envira-gallery-link\" rel=\"enviragallery2391\" title=\"1974. Expozi\u021bia &bdquo;30 de ani de la eliberarea patriei de sub jugul fascist&rdquo;\" data-envira-caption=\"1974. Expozi\u021bia &bdquo;30 de ani de la eliberarea patriei de sub jugul fascist&rdquo;\" data-envira-retina=\"\" data-thumbnail=\"\"  itemprop=\"contentUrl\"><div class=\"envira-lazy\" data-test-width=\"640\" data-test-height=\"480\" style=\"padding-bottom:75%;\"><img decoding=\"async\" id=\"envira-gallery-image-751\" class=\"envira-gallery-image envira-gallery-image-27\" data-envira-index=\"27\" src=\"https:\/\/mnir50.mnir.ro\/wpmnir50\/wp-content\/uploads\/2022\/04\/21_1974_expo_30_de_ani_de_la_elib_patriei-640x480_c.jpg\" data-envira-src=\"https:\/\/mnir50.mnir.ro\/wpmnir50\/wp-content\/uploads\/2022\/04\/21_1974_expo_30_de_ani_de_la_elib_patriei-640x480_c.jpg\" data-envira-gallery-id=\"2391\" data-envira-item-id=\"751\" data-envira-caption=\"1974. Expozi\u021bia &bdquo;30 de ani de la eliberarea patriei de sub jugul fascist&rdquo;\" alt=\"\" title=\"1974. Expozi\u021bia &amp;bdquo;30 de ani de la eliberarea patriei de sub jugul fascist&amp;rdquo;\"  itemprop=\"thumbnailUrl\" data-envira-srcset=\"https:\/\/mnir50.mnir.ro\/wpmnir50\/wp-content\/uploads\/2022\/04\/21_1974_expo_30_de_ani_de_la_elib_patriei-640x480_c.jpg 400w,https:\/\/mnir50.mnir.ro\/wpmnir50\/wp-content\/uploads\/2022\/04\/21_1974_expo_30_de_ani_de_la_elib_patriei-640x480_c.jpg 2x\" srcset=\"data:image\/gif;base64,R0lGODlhAQABAIAAAP\/\/\/\/\/\/\/yH5BAEKAAEALAAAAAABAAEAAAICTAEAOw==\" \/><\/div><\/a><\/div><\/div><div id=\"envira-gallery-item-750\" class=\"envira-gallery-item enviratope-item envira-gallery-item-28 envira-lazy-load\" style=\"padding-left: 1px; padding-bottom: 2px; padding-right: 1px;\"  itemscope itemtype=\"https:\/\/schema.org\/ImageObject\"><div class=\"envira-gallery-item-inner\"><div class=\"envira-gallery-position-overlay  envira-gallery-top-left\"><\/div><div class=\"envira-gallery-position-overlay  envira-gallery-top-right\"><\/div><div class=\"envira-gallery-position-overlay  envira-gallery-bottom-left\"><\/div><div class=\"envira-gallery-position-overlay  envira-gallery-bottom-right\"><\/div><a href=\"https:\/\/mnir50.mnir.ro\/wpmnir50\/wp-content\/uploads\/2022\/04\/20_1974_expo_30_de_ani_de_la...-.jpg\" class=\"envira-gallery-2391 envira-gallery-link\" rel=\"enviragallery2391\" title=\"1974. Expozi\u021bia &bdquo;30 de ani de la eliberarea patriei de sub jugul fascist&rdquo;\" data-envira-caption=\"1974. Expozi\u021bia &bdquo;30 de ani de la eliberarea patriei de sub jugul fascist&rdquo;\" data-envira-retina=\"\" data-thumbnail=\"\"  itemprop=\"contentUrl\"><div class=\"envira-lazy\" data-test-width=\"640\" data-test-height=\"480\" style=\"padding-bottom:75%;\"><img decoding=\"async\" id=\"envira-gallery-image-750\" class=\"envira-gallery-image envira-gallery-image-28\" data-envira-index=\"28\" src=\"https:\/\/mnir50.mnir.ro\/wpmnir50\/wp-content\/uploads\/2022\/04\/20_1974_expo_30_de_ani_de_la...--640x480_c.jpg\" data-envira-src=\"https:\/\/mnir50.mnir.ro\/wpmnir50\/wp-content\/uploads\/2022\/04\/20_1974_expo_30_de_ani_de_la...--640x480_c.jpg\" data-envira-gallery-id=\"2391\" data-envira-item-id=\"750\" data-envira-caption=\"1974. Expozi\u021bia &bdquo;30 de ani de la eliberarea patriei de sub jugul fascist&rdquo;\" alt=\"\" title=\"1974. Expozi\u021bia &amp;bdquo;30 de ani de la eliberarea patriei de sub jugul fascist&amp;rdquo;\"  itemprop=\"thumbnailUrl\" data-envira-srcset=\"https:\/\/mnir50.mnir.ro\/wpmnir50\/wp-content\/uploads\/2022\/04\/20_1974_expo_30_de_ani_de_la...--640x480_c.jpg 400w,https:\/\/mnir50.mnir.ro\/wpmnir50\/wp-content\/uploads\/2022\/04\/20_1974_expo_30_de_ani_de_la...--640x480_c.jpg 2x\" srcset=\"data:image\/gif;base64,R0lGODlhAQABAIAAAP\/\/\/\/\/\/\/yH5BAEKAAEALAAAAAABAAEAAAICTAEAOw==\" \/><\/div><\/a><\/div><\/div><div id=\"envira-gallery-item-752\" class=\"envira-gallery-item enviratope-item envira-gallery-item-29 envira-lazy-load\" style=\"padding-left: 1px; padding-bottom: 2px; padding-right: 1px;\"  itemscope itemtype=\"https:\/\/schema.org\/ImageObject\"><div class=\"envira-gallery-item-inner\"><div class=\"envira-gallery-position-overlay  envira-gallery-top-left\"><\/div><div class=\"envira-gallery-position-overlay  envira-gallery-top-right\"><\/div><div class=\"envira-gallery-position-overlay  envira-gallery-bottom-left\"><\/div><div class=\"envira-gallery-position-overlay  envira-gallery-bottom-right\"><\/div><a href=\"https:\/\/mnir50.mnir.ro\/wpmnir50\/wp-content\/uploads\/2022\/04\/22_1974_sesiunea_2_elena_palanceanu.jpg\" class=\"envira-gallery-2391 envira-gallery-link\" rel=\"enviragallery2391\" title=\"1974. A doua sesiune \u0219tiin\u021bific\u0103 a muzeului (Elena P\u0103l\u0103nceanu)\" data-envira-caption=\"1974. A doua sesiune \u0219tiin\u021bific\u0103 a muzeului (Elena P\u0103l\u0103nceanu)\" data-envira-retina=\"\" data-thumbnail=\"\"  itemprop=\"contentUrl\"><div class=\"envira-lazy\" data-test-width=\"640\" data-test-height=\"480\" style=\"padding-bottom:75%;\"><img decoding=\"async\" id=\"envira-gallery-image-752\" class=\"envira-gallery-image envira-gallery-image-29\" data-envira-index=\"29\" src=\"https:\/\/mnir50.mnir.ro\/wpmnir50\/wp-content\/uploads\/2022\/04\/22_1974_sesiunea_2_elena_palanceanu-640x480_c.jpg\" data-envira-src=\"https:\/\/mnir50.mnir.ro\/wpmnir50\/wp-content\/uploads\/2022\/04\/22_1974_sesiunea_2_elena_palanceanu-640x480_c.jpg\" data-envira-gallery-id=\"2391\" data-envira-item-id=\"752\" data-envira-caption=\"1974. A doua sesiune \u0219tiin\u021bific\u0103 a muzeului (Elena P\u0103l\u0103nceanu)\" alt=\"\" title=\"1974. A doua sesiune \u0219tiin\u021bific\u0103 a muzeului (Elena P\u0103l\u0103nceanu)\"  itemprop=\"thumbnailUrl\" data-envira-srcset=\"https:\/\/mnir50.mnir.ro\/wpmnir50\/wp-content\/uploads\/2022\/04\/22_1974_sesiunea_2_elena_palanceanu-640x480_c.jpg 400w,https:\/\/mnir50.mnir.ro\/wpmnir50\/wp-content\/uploads\/2022\/04\/22_1974_sesiunea_2_elena_palanceanu-640x480_c.jpg 2x\" srcset=\"data:image\/gif;base64,R0lGODlhAQABAIAAAP\/\/\/\/\/\/\/yH5BAEKAAEALAAAAAABAAEAAAICTAEAOw==\" \/><\/div><\/a><\/div><\/div><div id=\"envira-gallery-item-754\" class=\"envira-gallery-item enviratope-item envira-gallery-item-30 envira-lazy-load\" style=\"padding-left: 1px; padding-bottom: 2px; padding-right: 1px;\"  itemscope itemtype=\"https:\/\/schema.org\/ImageObject\"><div class=\"envira-gallery-item-inner\"><div class=\"envira-gallery-position-overlay  envira-gallery-top-left\"><\/div><div class=\"envira-gallery-position-overlay  envira-gallery-top-right\"><\/div><div class=\"envira-gallery-position-overlay  envira-gallery-bottom-left\"><\/div><div class=\"envira-gallery-position-overlay  envira-gallery-bottom-right\"><\/div><a href=\"https:\/\/mnir50.mnir.ro\/wpmnir50\/wp-content\/uploads\/2022\/04\/24_1974_sesiunea_2_serban_constantinescu.jpg\" class=\"envira-gallery-2391 envira-gallery-link\" rel=\"enviragallery2391\" title=\"1974. A doua sesiune \u0219tiin\u021bific\u0103 a muzeului (\u0218erban Constantinescu)\" data-envira-caption=\"1974. A doua sesiune \u0219tiin\u021bific\u0103 a muzeului (\u0218erban Constantinescu)\" data-envira-retina=\"\" data-thumbnail=\"\"  itemprop=\"contentUrl\"><div class=\"envira-lazy\" data-test-width=\"640\" data-test-height=\"480\" style=\"padding-bottom:75%;\"><img decoding=\"async\" id=\"envira-gallery-image-754\" class=\"envira-gallery-image envira-gallery-image-30\" data-envira-index=\"30\" src=\"https:\/\/mnir50.mnir.ro\/wpmnir50\/wp-content\/uploads\/2022\/04\/24_1974_sesiunea_2_serban_constantinescu-640x480_c.jpg\" data-envira-src=\"https:\/\/mnir50.mnir.ro\/wpmnir50\/wp-content\/uploads\/2022\/04\/24_1974_sesiunea_2_serban_constantinescu-640x480_c.jpg\" data-envira-gallery-id=\"2391\" data-envira-item-id=\"754\" data-envira-caption=\"1974. A doua sesiune \u0219tiin\u021bific\u0103 a muzeului (\u0218erban Constantinescu)\" alt=\"\" title=\"1974. A doua sesiune \u0219tiin\u021bific\u0103 a muzeului (\u0218erban Constantinescu)\"  itemprop=\"thumbnailUrl\" data-envira-srcset=\"https:\/\/mnir50.mnir.ro\/wpmnir50\/wp-content\/uploads\/2022\/04\/24_1974_sesiunea_2_serban_constantinescu-640x480_c.jpg 400w,https:\/\/mnir50.mnir.ro\/wpmnir50\/wp-content\/uploads\/2022\/04\/24_1974_sesiunea_2_serban_constantinescu-640x480_c.jpg 2x\" srcset=\"data:image\/gif;base64,R0lGODlhAQABAIAAAP\/\/\/\/\/\/\/yH5BAEKAAEALAAAAAABAAEAAAICTAEAOw==\" \/><\/div><\/a><\/div><\/div><div id=\"envira-gallery-item-753\" class=\"envira-gallery-item enviratope-item envira-gallery-item-31 envira-lazy-load\" style=\"padding-left: 1px; padding-bottom: 2px; padding-right: 1px;\"  itemscope itemtype=\"https:\/\/schema.org\/ImageObject\"><div class=\"envira-gallery-item-inner\"><div class=\"envira-gallery-position-overlay  envira-gallery-top-left\"><\/div><div class=\"envira-gallery-position-overlay  envira-gallery-top-right\"><\/div><div class=\"envira-gallery-position-overlay  envira-gallery-bottom-left\"><\/div><div class=\"envira-gallery-position-overlay  envira-gallery-bottom-right\"><\/div><a href=\"https:\/\/mnir50.mnir.ro\/wpmnir50\/wp-content\/uploads\/2022\/04\/23_1974_sesiunea_2_lucia_marinescu.jpg\" class=\"envira-gallery-2391 envira-gallery-link\" rel=\"enviragallery2391\" title=\"1974. A doua sesiune \u0219tiin\u021bific\u0103 a muzeului (Lucia Marinescu)\" data-envira-caption=\"1974. A doua sesiune \u0219tiin\u021bific\u0103 a muzeului (Lucia Marinescu)\" data-envira-retina=\"\" data-thumbnail=\"\"  itemprop=\"contentUrl\"><div class=\"envira-lazy\" data-test-width=\"640\" data-test-height=\"480\" style=\"padding-bottom:75%;\"><img decoding=\"async\" id=\"envira-gallery-image-753\" class=\"envira-gallery-image envira-gallery-image-31\" data-envira-index=\"31\" src=\"https:\/\/mnir50.mnir.ro\/wpmnir50\/wp-content\/uploads\/2022\/04\/23_1974_sesiunea_2_lucia_marinescu-640x480_c.jpg\" data-envira-src=\"https:\/\/mnir50.mnir.ro\/wpmnir50\/wp-content\/uploads\/2022\/04\/23_1974_sesiunea_2_lucia_marinescu-640x480_c.jpg\" data-envira-gallery-id=\"2391\" data-envira-item-id=\"753\" data-envira-caption=\"1974. A doua sesiune \u0219tiin\u021bific\u0103 a muzeului (Lucia Marinescu)\" alt=\"\" title=\"1974. A doua sesiune \u0219tiin\u021bific\u0103 a muzeului (Lucia Marinescu)\"  itemprop=\"thumbnailUrl\" data-envira-srcset=\"https:\/\/mnir50.mnir.ro\/wpmnir50\/wp-content\/uploads\/2022\/04\/23_1974_sesiunea_2_lucia_marinescu-640x480_c.jpg 400w,https:\/\/mnir50.mnir.ro\/wpmnir50\/wp-content\/uploads\/2022\/04\/23_1974_sesiunea_2_lucia_marinescu-640x480_c.jpg 2x\" srcset=\"data:image\/gif;base64,R0lGODlhAQABAIAAAP\/\/\/\/\/\/\/yH5BAEKAAEALAAAAAABAAEAAAICTAEAOw==\" \/><\/div><\/a><\/div><\/div><div id=\"envira-gallery-item-755\" class=\"envira-gallery-item enviratope-item envira-gallery-item-32 envira-lazy-load\" style=\"padding-left: 1px; padding-bottom: 2px; padding-right: 1px;\"  itemscope itemtype=\"https:\/\/schema.org\/ImageObject\"><div class=\"envira-gallery-item-inner\"><div class=\"envira-gallery-position-overlay  envira-gallery-top-left\"><\/div><div class=\"envira-gallery-position-overlay  envira-gallery-top-right\"><\/div><div class=\"envira-gallery-position-overlay  envira-gallery-bottom-left\"><\/div><div class=\"envira-gallery-position-overlay  envira-gallery-bottom-right\"><\/div><a href=\"https:\/\/mnir50.mnir.ro\/wpmnir50\/wp-content\/uploads\/2022\/04\/25_1974_sesiunea_2_valeriu_leahu.jpg\" class=\"envira-gallery-2391 envira-gallery-link\" rel=\"enviragallery2391\" title=\"1974. A doua sesiune \u0219tiin\u021bific\u0103 a muzeului (Valeriu Leahu)\" data-envira-caption=\"1974. A doua sesiune \u0219tiin\u021bific\u0103 a muzeului (Valeriu Leahu)\" data-envira-retina=\"\" data-thumbnail=\"\"  itemprop=\"contentUrl\"><div class=\"envira-lazy\" data-test-width=\"640\" data-test-height=\"480\" style=\"padding-bottom:75%;\"><img decoding=\"async\" id=\"envira-gallery-image-755\" class=\"envira-gallery-image envira-gallery-image-32\" data-envira-index=\"32\" src=\"https:\/\/mnir50.mnir.ro\/wpmnir50\/wp-content\/uploads\/2022\/04\/25_1974_sesiunea_2_valeriu_leahu-640x480_c.jpg\" data-envira-src=\"https:\/\/mnir50.mnir.ro\/wpmnir50\/wp-content\/uploads\/2022\/04\/25_1974_sesiunea_2_valeriu_leahu-640x480_c.jpg\" data-envira-gallery-id=\"2391\" data-envira-item-id=\"755\" data-envira-caption=\"1974. A doua sesiune \u0219tiin\u021bific\u0103 a muzeului (Valeriu Leahu)\" alt=\"\" title=\"1974. A doua sesiune \u0219tiin\u021bific\u0103 a muzeului (Valeriu Leahu)\"  itemprop=\"thumbnailUrl\" data-envira-srcset=\"https:\/\/mnir50.mnir.ro\/wpmnir50\/wp-content\/uploads\/2022\/04\/25_1974_sesiunea_2_valeriu_leahu-640x480_c.jpg 400w,https:\/\/mnir50.mnir.ro\/wpmnir50\/wp-content\/uploads\/2022\/04\/25_1974_sesiunea_2_valeriu_leahu-640x480_c.jpg 2x\" srcset=\"data:image\/gif;base64,R0lGODlhAQABAIAAAP\/\/\/\/\/\/\/yH5BAEKAAEALAAAAAABAAEAAAICTAEAOw==\" \/><\/div><\/a><\/div><\/div><div id=\"envira-gallery-item-756\" class=\"envira-gallery-item enviratope-item envira-gallery-item-33 envira-lazy-load\" style=\"padding-left: 1px; padding-bottom: 2px; padding-right: 1px;\"  itemscope itemtype=\"https:\/\/schema.org\/ImageObject\"><div class=\"envira-gallery-item-inner\"><div class=\"envira-gallery-position-overlay  envira-gallery-top-left\"><\/div><div class=\"envira-gallery-position-overlay  envira-gallery-top-right\"><\/div><div class=\"envira-gallery-position-overlay  envira-gallery-bottom-left\"><\/div><div class=\"envira-gallery-position-overlay  envira-gallery-bottom-right\"><\/div><a href=\"https:\/\/mnir50.mnir.ro\/wpmnir50\/wp-content\/uploads\/2022\/04\/26_1974_sesiunea_2-augustin_ulanici_pandele_barbu.jpg\" class=\"envira-gallery-2391 envira-gallery-link\" rel=\"enviragallery2391\" title=\"1974. A doua sesiune \u0219tiin\u021bific\u0103 a muzeului (Augustin Ulanici, Pandele Barbu...)\" data-envira-caption=\"1974. A doua sesiune \u0219tiin\u021bific\u0103 a muzeului (Augustin Ulanici, Pandele Barbu...)\" data-envira-retina=\"\" data-thumbnail=\"\"  itemprop=\"contentUrl\"><div class=\"envira-lazy\" data-test-width=\"640\" data-test-height=\"480\" style=\"padding-bottom:75%;\"><img decoding=\"async\" id=\"envira-gallery-image-756\" class=\"envira-gallery-image envira-gallery-image-33\" data-envira-index=\"33\" src=\"https:\/\/mnir50.mnir.ro\/wpmnir50\/wp-content\/uploads\/2022\/04\/26_1974_sesiunea_2-augustin_ulanici_pandele_barbu-640x480_c.jpg\" data-envira-src=\"https:\/\/mnir50.mnir.ro\/wpmnir50\/wp-content\/uploads\/2022\/04\/26_1974_sesiunea_2-augustin_ulanici_pandele_barbu-640x480_c.jpg\" data-envira-gallery-id=\"2391\" data-envira-item-id=\"756\" data-envira-caption=\"1974. A doua sesiune \u0219tiin\u021bific\u0103 a muzeului (Augustin Ulanici, Pandele Barbu...)\" alt=\"\" title=\"1974. A doua sesiune \u0219tiin\u021bific\u0103 a muzeului (Augustin Ulanici, Pandele Barbu...)\"  itemprop=\"thumbnailUrl\" data-envira-srcset=\"https:\/\/mnir50.mnir.ro\/wpmnir50\/wp-content\/uploads\/2022\/04\/26_1974_sesiunea_2-augustin_ulanici_pandele_barbu-640x480_c.jpg 400w,https:\/\/mnir50.mnir.ro\/wpmnir50\/wp-content\/uploads\/2022\/04\/26_1974_sesiunea_2-augustin_ulanici_pandele_barbu-640x480_c.jpg 2x\" srcset=\"data:image\/gif;base64,R0lGODlhAQABAIAAAP\/\/\/\/\/\/\/yH5BAEKAAEALAAAAAABAAEAAAICTAEAOw==\" \/><\/div><\/a><\/div><\/div><div id=\"envira-gallery-item-757\" class=\"envira-gallery-item enviratope-item envira-gallery-item-34 envira-lazy-load\" style=\"padding-left: 1px; padding-bottom: 2px; padding-right: 1px;\"  itemscope itemtype=\"https:\/\/schema.org\/ImageObject\"><div class=\"envira-gallery-item-inner\"><div class=\"envira-gallery-position-overlay  envira-gallery-top-left\"><\/div><div class=\"envira-gallery-position-overlay  envira-gallery-top-right\"><\/div><div class=\"envira-gallery-position-overlay  envira-gallery-bottom-left\"><\/div><div class=\"envira-gallery-position-overlay  envira-gallery-bottom-right\"><\/div><a href=\"https:\/\/mnir50.mnir.ro\/wpmnir50\/wp-content\/uploads\/2022\/04\/27_1976_activitate_pionieri.jpg\" class=\"envira-gallery-2391 envira-gallery-link\" rel=\"enviragallery2391\" title=\"1976. Activitate educativ\u0103 cu pionierii\" data-envira-caption=\"1976. Activitate educativ\u0103 cu pionierii\" data-envira-retina=\"\" data-thumbnail=\"\"  itemprop=\"contentUrl\"><div class=\"envira-lazy\" data-test-width=\"640\" data-test-height=\"480\" style=\"padding-bottom:75%;\"><img decoding=\"async\" id=\"envira-gallery-image-757\" class=\"envira-gallery-image envira-gallery-image-34\" data-envira-index=\"34\" src=\"https:\/\/mnir50.mnir.ro\/wpmnir50\/wp-content\/uploads\/2022\/04\/27_1976_activitate_pionieri-640x480_c.jpg\" data-envira-src=\"https:\/\/mnir50.mnir.ro\/wpmnir50\/wp-content\/uploads\/2022\/04\/27_1976_activitate_pionieri-640x480_c.jpg\" data-envira-gallery-id=\"2391\" data-envira-item-id=\"757\" data-envira-caption=\"1976. Activitate educativ\u0103 cu pionierii\" alt=\"\" title=\"1976. Activitate educativ\u0103 cu pionierii\"  itemprop=\"thumbnailUrl\" data-envira-srcset=\"https:\/\/mnir50.mnir.ro\/wpmnir50\/wp-content\/uploads\/2022\/04\/27_1976_activitate_pionieri-640x480_c.jpg 400w,https:\/\/mnir50.mnir.ro\/wpmnir50\/wp-content\/uploads\/2022\/04\/27_1976_activitate_pionieri-640x480_c.jpg 2x\" srcset=\"data:image\/gif;base64,R0lGODlhAQABAIAAAP\/\/\/\/\/\/\/yH5BAEKAAEALAAAAAABAAEAAAICTAEAOw==\" \/><\/div><\/a><\/div><\/div><div id=\"envira-gallery-item-759\" class=\"envira-gallery-item enviratope-item envira-gallery-item-35 envira-lazy-load\" style=\"padding-left: 1px; padding-bottom: 2px; padding-right: 1px;\"  itemscope itemtype=\"https:\/\/schema.org\/ImageObject\"><div class=\"envira-gallery-item-inner\"><div class=\"envira-gallery-position-overlay  envira-gallery-top-left\"><\/div><div class=\"envira-gallery-position-overlay  envira-gallery-top-right\"><\/div><div class=\"envira-gallery-position-overlay  envira-gallery-bottom-left\"><\/div><div class=\"envira-gallery-position-overlay  envira-gallery-bottom-right\"><\/div><a href=\"https:\/\/mnir50.mnir.ro\/wpmnir50\/wp-content\/uploads\/2022\/04\/29_1976_bicentenar_sua.jpg\" class=\"envira-gallery-2391 envira-gallery-link\" rel=\"enviragallery2391\" title=\"1976. Expozi\u021bie &bdquo;Bicentenarul Independen\u021bei Statelor Unite&rdquo;\" data-envira-caption=\"1976. Expozi\u021bie &bdquo;Bicentenarul Independen\u021bei Statelor Unite&rdquo;\" data-envira-retina=\"\" data-thumbnail=\"\"  itemprop=\"contentUrl\"><div class=\"envira-lazy\" data-test-width=\"640\" data-test-height=\"480\" style=\"padding-bottom:75%;\"><img decoding=\"async\" id=\"envira-gallery-image-759\" class=\"envira-gallery-image envira-gallery-image-35\" data-envira-index=\"35\" src=\"https:\/\/mnir50.mnir.ro\/wpmnir50\/wp-content\/uploads\/2022\/04\/29_1976_bicentenar_sua-640x480_c.jpg\" data-envira-src=\"https:\/\/mnir50.mnir.ro\/wpmnir50\/wp-content\/uploads\/2022\/04\/29_1976_bicentenar_sua-640x480_c.jpg\" data-envira-gallery-id=\"2391\" data-envira-item-id=\"759\" data-envira-caption=\"1976. Expozi\u021bie &bdquo;Bicentenarul Independen\u021bei Statelor Unite&rdquo;\" alt=\"\" title=\"1976. Expozi\u021bie &amp;bdquo;Bicentenarul Independen\u021bei Statelor Unite&amp;rdquo;\"  itemprop=\"thumbnailUrl\" data-envira-srcset=\"https:\/\/mnir50.mnir.ro\/wpmnir50\/wp-content\/uploads\/2022\/04\/29_1976_bicentenar_sua-640x480_c.jpg 400w,https:\/\/mnir50.mnir.ro\/wpmnir50\/wp-content\/uploads\/2022\/04\/29_1976_bicentenar_sua-640x480_c.jpg 2x\" srcset=\"data:image\/gif;base64,R0lGODlhAQABAIAAAP\/\/\/\/\/\/\/yH5BAEKAAEALAAAAAABAAEAAAICTAEAOw==\" \/><\/div><\/a><\/div><\/div><div id=\"envira-gallery-item-758\" class=\"envira-gallery-item enviratope-item envira-gallery-item-36 envira-lazy-load\" style=\"padding-left: 1px; padding-bottom: 2px; padding-right: 1px;\"  itemscope itemtype=\"https:\/\/schema.org\/ImageObject\"><div class=\"envira-gallery-item-inner\"><div class=\"envira-gallery-position-overlay  envira-gallery-top-left\"><\/div><div class=\"envira-gallery-position-overlay  envira-gallery-top-right\"><\/div><div class=\"envira-gallery-position-overlay  envira-gallery-bottom-left\"><\/div><div class=\"envira-gallery-position-overlay  envira-gallery-bottom-right\"><\/div><a href=\"https:\/\/mnir50.mnir.ro\/wpmnir50\/wp-content\/uploads\/2022\/04\/28_1976_bicentenar_indep_sua.jpg\" class=\"envira-gallery-2391 envira-gallery-link\" rel=\"enviragallery2391\" title=\"1976. Expozi\u021bie &bdquo;Bicentenarul Independen\u021bei Statelor Unite&rdquo;\" data-envira-caption=\"1976. Expozi\u021bie &bdquo;Bicentenarul Independen\u021bei Statelor Unite&rdquo;\" data-envira-retina=\"\" data-thumbnail=\"\"  itemprop=\"contentUrl\"><div class=\"envira-lazy\" data-test-width=\"640\" data-test-height=\"480\" style=\"padding-bottom:75%;\"><img decoding=\"async\" id=\"envira-gallery-image-758\" class=\"envira-gallery-image envira-gallery-image-36\" data-envira-index=\"36\" src=\"https:\/\/mnir50.mnir.ro\/wpmnir50\/wp-content\/uploads\/2022\/04\/28_1976_bicentenar_indep_sua-640x480_c.jpg\" data-envira-src=\"https:\/\/mnir50.mnir.ro\/wpmnir50\/wp-content\/uploads\/2022\/04\/28_1976_bicentenar_indep_sua-640x480_c.jpg\" data-envira-gallery-id=\"2391\" data-envira-item-id=\"758\" data-envira-caption=\"1976. Expozi\u021bie &bdquo;Bicentenarul Independen\u021bei Statelor Unite&rdquo;\" alt=\"\" title=\"1976. Expozi\u021bie &amp;bdquo;Bicentenarul Independen\u021bei Statelor Unite&amp;rdquo;\"  itemprop=\"thumbnailUrl\" data-envira-srcset=\"https:\/\/mnir50.mnir.ro\/wpmnir50\/wp-content\/uploads\/2022\/04\/28_1976_bicentenar_indep_sua-640x480_c.jpg 400w,https:\/\/mnir50.mnir.ro\/wpmnir50\/wp-content\/uploads\/2022\/04\/28_1976_bicentenar_indep_sua-640x480_c.jpg 2x\" srcset=\"data:image\/gif;base64,R0lGODlhAQABAIAAAP\/\/\/\/\/\/\/yH5BAEKAAEALAAAAAABAAEAAAICTAEAOw==\" \/><\/div><\/a><\/div><\/div><div id=\"envira-gallery-item-761\" class=\"envira-gallery-item enviratope-item envira-gallery-item-37 envira-lazy-load\" style=\"padding-left: 1px; padding-bottom: 2px; padding-right: 1px;\"  itemscope itemtype=\"https:\/\/schema.org\/ImageObject\"><div class=\"envira-gallery-item-inner\"><div class=\"envira-gallery-position-overlay  envira-gallery-top-left\"><\/div><div class=\"envira-gallery-position-overlay  envira-gallery-top-right\"><\/div><div class=\"envira-gallery-position-overlay  envira-gallery-bottom-left\"><\/div><div class=\"envira-gallery-position-overlay  envira-gallery-bottom-right\"><\/div><a href=\"https:\/\/mnir50.mnir.ro\/wpmnir50\/wp-content\/uploads\/2022\/04\/31_1976_bicentenar_sua_1.jpg\" class=\"envira-gallery-2391 envira-gallery-link\" rel=\"enviragallery2391\" title=\"1976. Expozi\u021bie &bdquo;Bicentenarul Independen\u021bei Statelor Unite&rdquo;\" data-envira-caption=\"1976. Expozi\u021bie &bdquo;Bicentenarul Independen\u021bei Statelor Unite&rdquo;\" data-envira-retina=\"\" data-thumbnail=\"\"  itemprop=\"contentUrl\"><div class=\"envira-lazy\" data-test-width=\"640\" data-test-height=\"480\" style=\"padding-bottom:75%;\"><img decoding=\"async\" id=\"envira-gallery-image-761\" class=\"envira-gallery-image envira-gallery-image-37\" data-envira-index=\"37\" src=\"https:\/\/mnir50.mnir.ro\/wpmnir50\/wp-content\/uploads\/2022\/04\/31_1976_bicentenar_sua_1-640x480_c.jpg\" data-envira-src=\"https:\/\/mnir50.mnir.ro\/wpmnir50\/wp-content\/uploads\/2022\/04\/31_1976_bicentenar_sua_1-640x480_c.jpg\" data-envira-gallery-id=\"2391\" data-envira-item-id=\"761\" data-envira-caption=\"1976. Expozi\u021bie &bdquo;Bicentenarul Independen\u021bei Statelor Unite&rdquo;\" alt=\"\" title=\"1976. Expozi\u021bie &amp;bdquo;Bicentenarul Independen\u021bei Statelor Unite&amp;rdquo;\"  itemprop=\"thumbnailUrl\" data-envira-srcset=\"https:\/\/mnir50.mnir.ro\/wpmnir50\/wp-content\/uploads\/2022\/04\/31_1976_bicentenar_sua_1-640x480_c.jpg 400w,https:\/\/mnir50.mnir.ro\/wpmnir50\/wp-content\/uploads\/2022\/04\/31_1976_bicentenar_sua_1-640x480_c.jpg 2x\" srcset=\"data:image\/gif;base64,R0lGODlhAQABAIAAAP\/\/\/\/\/\/\/yH5BAEKAAEALAAAAAABAAEAAAICTAEAOw==\" \/><\/div><\/a><\/div><\/div><div id=\"envira-gallery-item-760\" class=\"envira-gallery-item enviratope-item envira-gallery-item-38 envira-lazy-load\" style=\"padding-left: 1px; padding-bottom: 2px; padding-right: 1px;\"  itemscope itemtype=\"https:\/\/schema.org\/ImageObject\"><div class=\"envira-gallery-item-inner\"><div class=\"envira-gallery-position-overlay  envira-gallery-top-left\"><\/div><div class=\"envira-gallery-position-overlay  envira-gallery-top-right\"><\/div><div class=\"envira-gallery-position-overlay  envira-gallery-bottom-left\"><\/div><div class=\"envira-gallery-position-overlay  envira-gallery-bottom-right\"><\/div><a href=\"https:\/\/mnir50.mnir.ro\/wpmnir50\/wp-content\/uploads\/2022\/04\/30_1976_bicentenar_sua-.jpg\" class=\"envira-gallery-2391 envira-gallery-link\" rel=\"enviragallery2391\" title=\"1976. Expozi\u021bie &bdquo;Bicentenarul Independen\u021bei Statelor Unite&rdquo;\" data-envira-caption=\"1976. Expozi\u021bie &bdquo;Bicentenarul Independen\u021bei Statelor Unite&rdquo;\" data-envira-retina=\"\" data-thumbnail=\"\"  itemprop=\"contentUrl\"><div class=\"envira-lazy\" data-test-width=\"640\" data-test-height=\"480\" style=\"padding-bottom:75%;\"><img decoding=\"async\" id=\"envira-gallery-image-760\" class=\"envira-gallery-image envira-gallery-image-38\" data-envira-index=\"38\" src=\"https:\/\/mnir50.mnir.ro\/wpmnir50\/wp-content\/uploads\/2022\/04\/30_1976_bicentenar_sua--640x480_c.jpg\" data-envira-src=\"https:\/\/mnir50.mnir.ro\/wpmnir50\/wp-content\/uploads\/2022\/04\/30_1976_bicentenar_sua--640x480_c.jpg\" data-envira-gallery-id=\"2391\" data-envira-item-id=\"760\" data-envira-caption=\"1976. Expozi\u021bie &bdquo;Bicentenarul Independen\u021bei Statelor Unite&rdquo;\" alt=\"\" title=\"1976. Expozi\u021bie &amp;bdquo;Bicentenarul Independen\u021bei Statelor Unite&amp;rdquo;\"  itemprop=\"thumbnailUrl\" data-envira-srcset=\"https:\/\/mnir50.mnir.ro\/wpmnir50\/wp-content\/uploads\/2022\/04\/30_1976_bicentenar_sua--640x480_c.jpg 400w,https:\/\/mnir50.mnir.ro\/wpmnir50\/wp-content\/uploads\/2022\/04\/30_1976_bicentenar_sua--640x480_c.jpg 2x\" srcset=\"data:image\/gif;base64,R0lGODlhAQABAIAAAP\/\/\/\/\/\/\/yH5BAEKAAEALAAAAAABAAEAAAICTAEAOw==\" \/><\/div><\/a><\/div><\/div><div id=\"envira-gallery-item-762\" class=\"envira-gallery-item enviratope-item envira-gallery-item-39 envira-lazy-load\" style=\"padding-left: 1px; padding-bottom: 2px; padding-right: 1px;\"  itemscope itemtype=\"https:\/\/schema.org\/ImageObject\"><div class=\"envira-gallery-item-inner\"><div class=\"envira-gallery-position-overlay  envira-gallery-top-left\"><\/div><div class=\"envira-gallery-position-overlay  envira-gallery-top-right\"><\/div><div class=\"envira-gallery-position-overlay  envira-gallery-bottom-left\"><\/div><div class=\"envira-gallery-position-overlay  envira-gallery-bottom-right\"><\/div><a href=\"https:\/\/mnir50.mnir.ro\/wpmnir50\/wp-content\/uploads\/2022\/04\/32_1976_congres_aiesee.jpg\" class=\"envira-gallery-2391 envira-gallery-link\" rel=\"enviragallery2391\" title=\"1976. Congresul AIESEE la muzeu\" data-envira-caption=\"1976. Congresul AIESEE la muzeu\" data-envira-retina=\"\" data-thumbnail=\"\"  itemprop=\"contentUrl\"><div class=\"envira-lazy\" data-test-width=\"640\" data-test-height=\"480\" style=\"padding-bottom:75%;\"><img decoding=\"async\" id=\"envira-gallery-image-762\" class=\"envira-gallery-image envira-gallery-image-39\" data-envira-index=\"39\" src=\"https:\/\/mnir50.mnir.ro\/wpmnir50\/wp-content\/uploads\/2022\/04\/32_1976_congres_aiesee-662x1024-640x480_c.jpg\" data-envira-src=\"https:\/\/mnir50.mnir.ro\/wpmnir50\/wp-content\/uploads\/2022\/04\/32_1976_congres_aiesee-662x1024-640x480_c.jpg\" data-envira-gallery-id=\"2391\" data-envira-item-id=\"762\" data-envira-caption=\"1976. Congresul AIESEE la muzeu\" alt=\"\" title=\"1976. Congresul AIESEE la muzeu\"  itemprop=\"thumbnailUrl\" data-envira-srcset=\"https:\/\/mnir50.mnir.ro\/wpmnir50\/wp-content\/uploads\/2022\/04\/32_1976_congres_aiesee-662x1024-640x480_c.jpg 400w,https:\/\/mnir50.mnir.ro\/wpmnir50\/wp-content\/uploads\/2022\/04\/32_1976_congres_aiesee-662x1024-640x480_c.jpg 2x\" srcset=\"data:image\/gif;base64,R0lGODlhAQABAIAAAP\/\/\/\/\/\/\/yH5BAEKAAEALAAAAAABAAEAAAICTAEAOw==\" \/><\/div><\/a><\/div><\/div><div id=\"envira-gallery-item-763\" class=\"envira-gallery-item enviratope-item envira-gallery-item-40 envira-lazy-load\" style=\"padding-left: 1px; padding-bottom: 2px; padding-right: 1px;\"  itemscope itemtype=\"https:\/\/schema.org\/ImageObject\"><div class=\"envira-gallery-item-inner\"><div class=\"envira-gallery-position-overlay  envira-gallery-top-left\"><\/div><div class=\"envira-gallery-position-overlay  envira-gallery-top-right\"><\/div><div class=\"envira-gallery-position-overlay  envira-gallery-bottom-left\"><\/div><div class=\"envira-gallery-position-overlay  envira-gallery-bottom-right\"><\/div><a href=\"https:\/\/mnir50.mnir.ro\/wpmnir50\/wp-content\/uploads\/2022\/04\/33_1976_cultural_educativa.jpg\" class=\"envira-gallery-2391 envira-gallery-link\" rel=\"enviragallery2391\" title=\"1976. Activitate cultural educativ\u0103 la muzeu\" data-envira-caption=\"1976. Activitate cultural educativ\u0103 la muzeu\" data-envira-retina=\"\" data-thumbnail=\"\"  itemprop=\"contentUrl\"><div class=\"envira-lazy\" data-test-width=\"640\" data-test-height=\"480\" style=\"padding-bottom:75%;\"><img decoding=\"async\" id=\"envira-gallery-image-763\" class=\"envira-gallery-image envira-gallery-image-40\" data-envira-index=\"40\" src=\"https:\/\/mnir50.mnir.ro\/wpmnir50\/wp-content\/uploads\/2022\/04\/33_1976_cultural_educativa-640x480_c.jpg\" data-envira-src=\"https:\/\/mnir50.mnir.ro\/wpmnir50\/wp-content\/uploads\/2022\/04\/33_1976_cultural_educativa-640x480_c.jpg\" data-envira-gallery-id=\"2391\" data-envira-item-id=\"763\" data-envira-caption=\"1976. Activitate cultural educativ\u0103 la muzeu\" alt=\"\" title=\"1976. Activitate cultural educativ\u0103 la muzeu\"  itemprop=\"thumbnailUrl\" data-envira-srcset=\"https:\/\/mnir50.mnir.ro\/wpmnir50\/wp-content\/uploads\/2022\/04\/33_1976_cultural_educativa-640x480_c.jpg 400w,https:\/\/mnir50.mnir.ro\/wpmnir50\/wp-content\/uploads\/2022\/04\/33_1976_cultural_educativa-640x480_c.jpg 2x\" srcset=\"data:image\/gif;base64,R0lGODlhAQABAIAAAP\/\/\/\/\/\/\/yH5BAEKAAEALAAAAAABAAEAAAICTAEAOw==\" \/><\/div><\/a><\/div><\/div><div id=\"envira-gallery-item-764\" class=\"envira-gallery-item enviratope-item envira-gallery-item-41 envira-lazy-load\" style=\"padding-left: 1px; padding-bottom: 2px; padding-right: 1px;\"  itemscope itemtype=\"https:\/\/schema.org\/ImageObject\"><div class=\"envira-gallery-item-inner\"><div class=\"envira-gallery-position-overlay  envira-gallery-top-left\"><\/div><div class=\"envira-gallery-position-overlay  envira-gallery-top-right\"><\/div><div class=\"envira-gallery-position-overlay  envira-gallery-bottom-left\"><\/div><div class=\"envira-gallery-position-overlay  envira-gallery-bottom-right\"><\/div><a href=\"https:\/\/mnir50.mnir.ro\/wpmnir50\/wp-content\/uploads\/2022\/04\/34_1976_expo_congres_aiesee.jpg\" class=\"envira-gallery-2391 envira-gallery-link\" rel=\"enviragallery2391\" title=\"1976. Expozi\u021bie deschis\u0103 cu ocazia Congresului AIESEE (Mihnea Gheorghiu, \u0218erban Cioculescu, M. Berza, Florian Georgescu, \u0218tefan \u0218tef\u0103nescu)\" data-envira-caption=\"1976. Expozi\u021bie deschis\u0103 cu ocazia Congresului AIESEE (Mihnea Gheorghiu, \u0218erban Cioculescu, M. Berza, Florian Georgescu, \u0218tefan \u0218tef\u0103nescu)\" data-envira-retina=\"\" data-thumbnail=\"\"  itemprop=\"contentUrl\"><div class=\"envira-lazy\" data-test-width=\"640\" data-test-height=\"480\" style=\"padding-bottom:75%;\"><img decoding=\"async\" id=\"envira-gallery-image-764\" class=\"envira-gallery-image envira-gallery-image-41\" data-envira-index=\"41\" src=\"https:\/\/mnir50.mnir.ro\/wpmnir50\/wp-content\/uploads\/2022\/04\/34_1976_expo_congres_aiesee-1024x736-640x480_c.jpg\" data-envira-src=\"https:\/\/mnir50.mnir.ro\/wpmnir50\/wp-content\/uploads\/2022\/04\/34_1976_expo_congres_aiesee-1024x736-640x480_c.jpg\" data-envira-gallery-id=\"2391\" data-envira-item-id=\"764\" data-envira-caption=\"1976. Expozi\u021bie deschis\u0103 cu ocazia Congresului AIESEE (Mihnea Gheorghiu, \u0218erban Cioculescu, M. Berza, Florian Georgescu, \u0218tefan \u0218tef\u0103nescu)\" alt=\"\" title=\"1976. Expozi\u021bie deschis\u0103 cu ocazia Congresului AIESEE (Mihnea Gheorghiu, \u0218erban Cioculescu, M. Berza, Florian Georgescu, \u0218tefan \u0218tef\u0103nescu)\"  itemprop=\"thumbnailUrl\" data-envira-srcset=\"https:\/\/mnir50.mnir.ro\/wpmnir50\/wp-content\/uploads\/2022\/04\/34_1976_expo_congres_aiesee-1024x736-640x480_c.jpg 400w,https:\/\/mnir50.mnir.ro\/wpmnir50\/wp-content\/uploads\/2022\/04\/34_1976_expo_congres_aiesee-1024x736-640x480_c.jpg 2x\" srcset=\"data:image\/gif;base64,R0lGODlhAQABAIAAAP\/\/\/\/\/\/\/yH5BAEKAAEALAAAAAABAAEAAAICTAEAOw==\" \/><\/div><\/a><\/div><\/div><div id=\"envira-gallery-item-765\" class=\"envira-gallery-item enviratope-item envira-gallery-item-42 envira-lazy-load\" style=\"padding-left: 1px; padding-bottom: 2px; padding-right: 1px;\"  itemscope itemtype=\"https:\/\/schema.org\/ImageObject\"><div class=\"envira-gallery-item-inner\"><div class=\"envira-gallery-position-overlay  envira-gallery-top-left\"><\/div><div class=\"envira-gallery-position-overlay  envira-gallery-top-right\"><\/div><div class=\"envira-gallery-position-overlay  envira-gallery-bottom-left\"><\/div><div class=\"envira-gallery-position-overlay  envira-gallery-bottom-right\"><\/div><a href=\"https:\/\/mnir50.mnir.ro\/wpmnir50\/wp-content\/uploads\/2022\/04\/35_1976_expo_congres_aiesee-.jpg\" class=\"envira-gallery-2391 envira-gallery-link\" rel=\"enviragallery2391\" title=\"1976. Expozi\u021bie deschis\u0103 cu ocazia Congresului AIESEE\" data-envira-caption=\"1976. Expozi\u021bie deschis\u0103 cu ocazia Congresului AIESEE\" data-envira-retina=\"\" data-thumbnail=\"\"  itemprop=\"contentUrl\"><div class=\"envira-lazy\" data-test-width=\"640\" data-test-height=\"480\" style=\"padding-bottom:75%;\"><img decoding=\"async\" id=\"envira-gallery-image-765\" class=\"envira-gallery-image envira-gallery-image-42\" data-envira-index=\"42\" src=\"https:\/\/mnir50.mnir.ro\/wpmnir50\/wp-content\/uploads\/2022\/04\/35_1976_expo_congres_aiesee--1024x630-640x480_c.jpg\" data-envira-src=\"https:\/\/mnir50.mnir.ro\/wpmnir50\/wp-content\/uploads\/2022\/04\/35_1976_expo_congres_aiesee--1024x630-640x480_c.jpg\" data-envira-gallery-id=\"2391\" data-envira-item-id=\"765\" data-envira-caption=\"1976. Expozi\u021bie deschis\u0103 cu ocazia Congresului AIESEE\" alt=\"\" title=\"1976. Expozi\u021bie deschis\u0103 cu ocazia Congresului AIESEE\"  itemprop=\"thumbnailUrl\" data-envira-srcset=\"https:\/\/mnir50.mnir.ro\/wpmnir50\/wp-content\/uploads\/2022\/04\/35_1976_expo_congres_aiesee--1024x630-640x480_c.jpg 400w,https:\/\/mnir50.mnir.ro\/wpmnir50\/wp-content\/uploads\/2022\/04\/35_1976_expo_congres_aiesee--1024x630-640x480_c.jpg 2x\" srcset=\"data:image\/gif;base64,R0lGODlhAQABAIAAAP\/\/\/\/\/\/\/yH5BAEKAAEALAAAAAABAAEAAAICTAEAOw==\" \/><\/div><\/a><\/div><\/div><div id=\"envira-gallery-item-767\" class=\"envira-gallery-item enviratope-item envira-gallery-item-43 envira-lazy-load\" style=\"padding-left: 1px; padding-bottom: 2px; padding-right: 1px;\"  itemscope itemtype=\"https:\/\/schema.org\/ImageObject\"><div class=\"envira-gallery-item-inner\"><div class=\"envira-gallery-position-overlay  envira-gallery-top-left\"><\/div><div class=\"envira-gallery-position-overlay  envira-gallery-top-right\"><\/div><div class=\"envira-gallery-position-overlay  envira-gallery-bottom-left\"><\/div><div class=\"envira-gallery-position-overlay  envira-gallery-bottom-right\"><\/div><a href=\"https:\/\/mnir50.mnir.ro\/wpmnir50\/wp-content\/uploads\/2022\/04\/37_1976_simpozion_hristo_botev_a-ciulei....jpg\" class=\"envira-gallery-2391 envira-gallery-link\" rel=\"enviragallery2391\" title=\"1976. Simpozion decicat lui Hristo Botev (A. Ciulei, Vlad Georgescu, Florian Georgescu, Nicolae Ciachir)\" data-envira-caption=\"1976. Simpozion decicat lui Hristo Botev (A. Ciulei, Vlad Georgescu, Florian Georgescu, Nicolae Ciachir)\" data-envira-retina=\"\" data-thumbnail=\"\"  itemprop=\"contentUrl\"><div class=\"envira-lazy\" data-test-width=\"640\" data-test-height=\"480\" style=\"padding-bottom:75%;\"><img decoding=\"async\" id=\"envira-gallery-image-767\" class=\"envira-gallery-image envira-gallery-image-43\" data-envira-index=\"43\" src=\"https:\/\/mnir50.mnir.ro\/wpmnir50\/wp-content\/uploads\/2022\/04\/37_1976_simpozion_hristo_botev_a-ciulei...-640x480_c.jpg\" data-envira-src=\"https:\/\/mnir50.mnir.ro\/wpmnir50\/wp-content\/uploads\/2022\/04\/37_1976_simpozion_hristo_botev_a-ciulei...-640x480_c.jpg\" data-envira-gallery-id=\"2391\" data-envira-item-id=\"767\" data-envira-caption=\"1976. Simpozion decicat lui Hristo Botev (A. Ciulei, Vlad Georgescu, Florian Georgescu, Nicolae Ciachir)\" alt=\"\" title=\"1976. Simpozion decicat lui Hristo Botev (A. Ciulei, Vlad Georgescu, Florian Georgescu, Nicolae Ciachir)\"  itemprop=\"thumbnailUrl\" data-envira-srcset=\"https:\/\/mnir50.mnir.ro\/wpmnir50\/wp-content\/uploads\/2022\/04\/37_1976_simpozion_hristo_botev_a-ciulei...-640x480_c.jpg 400w,https:\/\/mnir50.mnir.ro\/wpmnir50\/wp-content\/uploads\/2022\/04\/37_1976_simpozion_hristo_botev_a-ciulei...-640x480_c.jpg 2x\" srcset=\"data:image\/gif;base64,R0lGODlhAQABAIAAAP\/\/\/\/\/\/\/yH5BAEKAAEALAAAAAABAAEAAAICTAEAOw==\" \/><\/div><\/a><\/div><\/div><div id=\"envira-gallery-item-766\" class=\"envira-gallery-item enviratope-item envira-gallery-item-44 envira-lazy-load\" style=\"padding-left: 1px; padding-bottom: 2px; padding-right: 1px;\"  itemscope itemtype=\"https:\/\/schema.org\/ImageObject\"><div class=\"envira-gallery-item-inner\"><div class=\"envira-gallery-position-overlay  envira-gallery-top-left\"><\/div><div class=\"envira-gallery-position-overlay  envira-gallery-top-right\"><\/div><div class=\"envira-gallery-position-overlay  envira-gallery-bottom-left\"><\/div><div class=\"envira-gallery-position-overlay  envira-gallery-bottom-right\"><\/div><a href=\"https:\/\/mnir50.mnir.ro\/wpmnir50\/wp-content\/uploads\/2022\/04\/36_1976_expo_traco-emil_condurachi_lucia_floricel.jpg\" class=\"envira-gallery-2391 envira-gallery-link\" rel=\"enviragallery2391\" title=\"1976. Expozi\u021bia &bdquo;Traco-dacii. Istorie \u0219i civiliza\u021bie&rdquo; (Emil Condurachi, Lucia Marinescu, Floricel Marinescu)\" data-envira-caption=\"1976. Expozi\u021bia &bdquo;Traco-dacii. Istorie \u0219i civiliza\u021bie&rdquo; (Emil Condurachi, Lucia Marinescu, Floricel Marinescu)\" data-envira-retina=\"\" data-thumbnail=\"\"  itemprop=\"contentUrl\"><div class=\"envira-lazy\" data-test-width=\"640\" data-test-height=\"480\" style=\"padding-bottom:75%;\"><img decoding=\"async\" id=\"envira-gallery-image-766\" class=\"envira-gallery-image envira-gallery-image-44\" data-envira-index=\"44\" src=\"https:\/\/mnir50.mnir.ro\/wpmnir50\/wp-content\/uploads\/2022\/04\/36_1976_expo_traco-emil_condurachi_lucia_floricel-640x480_c.jpg\" data-envira-src=\"https:\/\/mnir50.mnir.ro\/wpmnir50\/wp-content\/uploads\/2022\/04\/36_1976_expo_traco-emil_condurachi_lucia_floricel-640x480_c.jpg\" data-envira-gallery-id=\"2391\" data-envira-item-id=\"766\" data-envira-caption=\"1976. Expozi\u021bia &bdquo;Traco-dacii. Istorie \u0219i civiliza\u021bie&rdquo; (Emil Condurachi, Lucia Marinescu, Floricel Marinescu)\" alt=\"\" title=\"1976. Expozi\u021bia &amp;bdquo;Traco-dacii. Istorie \u0219i civiliza\u021bie&amp;rdquo; (Emil Condurachi, Lucia Marinescu, Floricel Marinescu)\"  itemprop=\"thumbnailUrl\" data-envira-srcset=\"https:\/\/mnir50.mnir.ro\/wpmnir50\/wp-content\/uploads\/2022\/04\/36_1976_expo_traco-emil_condurachi_lucia_floricel-640x480_c.jpg 400w,https:\/\/mnir50.mnir.ro\/wpmnir50\/wp-content\/uploads\/2022\/04\/36_1976_expo_traco-emil_condurachi_lucia_floricel-640x480_c.jpg 2x\" srcset=\"data:image\/gif;base64,R0lGODlhAQABAIAAAP\/\/\/\/\/\/\/yH5BAEKAAEALAAAAAABAAEAAAICTAEAOw==\" \/><\/div><\/a><\/div><\/div><div id=\"envira-gallery-item-769\" class=\"envira-gallery-item enviratope-item envira-gallery-item-45 envira-lazy-load\" style=\"padding-left: 1px; padding-bottom: 2px; padding-right: 1px;\"  itemscope itemtype=\"https:\/\/schema.org\/ImageObject\"><div class=\"envira-gallery-item-inner\"><div class=\"envira-gallery-position-overlay  envira-gallery-top-left\"><\/div><div class=\"envira-gallery-position-overlay  envira-gallery-top-right\"><\/div><div class=\"envira-gallery-position-overlay  envira-gallery-bottom-left\"><\/div><div class=\"envira-gallery-position-overlay  envira-gallery-bottom-right\"><\/div><a href=\"https:\/\/mnir50.mnir.ro\/wpmnir50\/wp-content\/uploads\/2022\/04\/39_1976_traco_dacii_istorie-.jpg\" class=\"envira-gallery-2391 envira-gallery-link\" rel=\"enviragallery2391\" title=\"1976. Expozi\u021bia &bdquo;Traco-dacii. Istorie \u0219i civiliza\u021bie&rdquo; (Gh. Cole\u0219ic\u0103, C. Ionescu, Fl. Georgescu, Lucia Marinescu, Valeriu Leahu)\" data-envira-caption=\"1976. Expozi\u021bia &bdquo;Traco-dacii. Istorie \u0219i civiliza\u021bie&rdquo; (Gh. Cole\u0219ic\u0103, C. Ionescu, Fl. Georgescu, Lucia Marinescu, Valeriu Leahu)\" data-envira-retina=\"\" data-thumbnail=\"\"  itemprop=\"contentUrl\"><div class=\"envira-lazy\" data-test-width=\"640\" data-test-height=\"480\" style=\"padding-bottom:75%;\"><img decoding=\"async\" id=\"envira-gallery-image-769\" class=\"envira-gallery-image envira-gallery-image-45\" data-envira-index=\"45\" src=\"https:\/\/mnir50.mnir.ro\/wpmnir50\/wp-content\/uploads\/2022\/04\/39_1976_traco_dacii_istorie--640x480_c.jpg\" data-envira-src=\"https:\/\/mnir50.mnir.ro\/wpmnir50\/wp-content\/uploads\/2022\/04\/39_1976_traco_dacii_istorie--640x480_c.jpg\" data-envira-gallery-id=\"2391\" data-envira-item-id=\"769\" data-envira-caption=\"1976. Expozi\u021bia &bdquo;Traco-dacii. Istorie \u0219i civiliza\u021bie&rdquo; (Gh. Cole\u0219ic\u0103, C. Ionescu, Fl. Georgescu, Lucia Marinescu, Valeriu Leahu)\" alt=\"\" title=\"1976. Expozi\u021bia &amp;bdquo;Traco-dacii. Istorie \u0219i civiliza\u021bie&amp;rdquo; (Gh. Cole\u0219ic\u0103, C. Ionescu, Fl. Georgescu, Lucia Marinescu, Valeriu Leahu)\"  itemprop=\"thumbnailUrl\" data-envira-srcset=\"https:\/\/mnir50.mnir.ro\/wpmnir50\/wp-content\/uploads\/2022\/04\/39_1976_traco_dacii_istorie--640x480_c.jpg 400w,https:\/\/mnir50.mnir.ro\/wpmnir50\/wp-content\/uploads\/2022\/04\/39_1976_traco_dacii_istorie--640x480_c.jpg 2x\" srcset=\"data:image\/gif;base64,R0lGODlhAQABAIAAAP\/\/\/\/\/\/\/yH5BAEKAAEALAAAAAABAAEAAAICTAEAOw==\" \/><\/div><\/a><\/div><\/div><div id=\"envira-gallery-item-768\" class=\"envira-gallery-item enviratope-item envira-gallery-item-46 envira-lazy-load\" style=\"padding-left: 1px; padding-bottom: 2px; padding-right: 1px;\"  itemscope itemtype=\"https:\/\/schema.org\/ImageObject\"><div class=\"envira-gallery-item-inner\"><div class=\"envira-gallery-position-overlay  envira-gallery-top-left\"><\/div><div class=\"envira-gallery-position-overlay  envira-gallery-top-right\"><\/div><div class=\"envira-gallery-position-overlay  envira-gallery-bottom-left\"><\/div><div class=\"envira-gallery-position-overlay  envira-gallery-bottom-right\"><\/div><a href=\"https:\/\/mnir50.mnir.ro\/wpmnir50\/wp-content\/uploads\/2022\/04\/38_1976_simpozion_hristo_botev_a-ciulei_v-georgescu-f-georgescu_n-ciachir.jpg\" class=\"envira-gallery-2391 envira-gallery-link\" rel=\"enviragallery2391\" title=\"1976. Simpozion decicat lui Hristo Botev (A. Ciulei, Vlad Georgescu, Florian Georgescu, Nicolae Ciachir)\" data-envira-caption=\"1976. Simpozion decicat lui Hristo Botev (A. Ciulei, Vlad Georgescu, Florian Georgescu, Nicolae Ciachir)\" data-envira-retina=\"\" data-thumbnail=\"\"  itemprop=\"contentUrl\"><div class=\"envira-lazy\" data-test-width=\"640\" data-test-height=\"480\" style=\"padding-bottom:75%;\"><img decoding=\"async\" id=\"envira-gallery-image-768\" class=\"envira-gallery-image envira-gallery-image-46\" data-envira-index=\"46\" src=\"https:\/\/mnir50.mnir.ro\/wpmnir50\/wp-content\/uploads\/2022\/04\/38_1976_simpozion_hristo_botev_a-ciulei_v-georgescu-f-georgescu_n-ciachir-640x480_c.jpg\" data-envira-src=\"https:\/\/mnir50.mnir.ro\/wpmnir50\/wp-content\/uploads\/2022\/04\/38_1976_simpozion_hristo_botev_a-ciulei_v-georgescu-f-georgescu_n-ciachir-640x480_c.jpg\" data-envira-gallery-id=\"2391\" data-envira-item-id=\"768\" data-envira-caption=\"1976. Simpozion decicat lui Hristo Botev (A. Ciulei, Vlad Georgescu, Florian Georgescu, Nicolae Ciachir)\" alt=\"\" title=\"1976. Simpozion decicat lui Hristo Botev (A. Ciulei, Vlad Georgescu, Florian Georgescu, Nicolae Ciachir)\"  itemprop=\"thumbnailUrl\" data-envira-srcset=\"https:\/\/mnir50.mnir.ro\/wpmnir50\/wp-content\/uploads\/2022\/04\/38_1976_simpozion_hristo_botev_a-ciulei_v-georgescu-f-georgescu_n-ciachir-640x480_c.jpg 400w,https:\/\/mnir50.mnir.ro\/wpmnir50\/wp-content\/uploads\/2022\/04\/38_1976_simpozion_hristo_botev_a-ciulei_v-georgescu-f-georgescu_n-ciachir-640x480_c.jpg 2x\" srcset=\"data:image\/gif;base64,R0lGODlhAQABAIAAAP\/\/\/\/\/\/\/yH5BAEKAAEALAAAAAABAAEAAAICTAEAOw==\" \/><\/div><\/a><\/div><\/div><div id=\"envira-gallery-item-771\" class=\"envira-gallery-item enviratope-item envira-gallery-item-47 envira-lazy-load\" style=\"padding-left: 1px; padding-bottom: 2px; padding-right: 1px;\"  itemscope itemtype=\"https:\/\/schema.org\/ImageObject\"><div class=\"envira-gallery-item-inner\"><div class=\"envira-gallery-position-overlay  envira-gallery-top-left\"><\/div><div class=\"envira-gallery-position-overlay  envira-gallery-top-right\"><\/div><div class=\"envira-gallery-position-overlay  envira-gallery-bottom-left\"><\/div><div class=\"envira-gallery-position-overlay  envira-gallery-bottom-right\"><\/div><a href=\"https:\/\/mnir50.mnir.ro\/wpmnir50\/wp-content\/uploads\/2022\/04\/41_1976_traco-dacii_ist-si-civilizatie.jpg\" class=\"envira-gallery-2391 envira-gallery-link\" rel=\"enviragallery2391\" title=\"1976. Expozi\u021bia &bdquo;Traco-dacii. Istorie \u0219i civiliza\u021bie&rdquo; (Gh. Cole\u0219ic\u0103, C. Ionescu, Fl. Georgescu, Lucia Marinescu, Valeriu Leahu)\" data-envira-caption=\"1976. Expozi\u021bia &bdquo;Traco-dacii. Istorie \u0219i civiliza\u021bie&rdquo; (Gh. Cole\u0219ic\u0103, C. Ionescu, Fl. Georgescu, Lucia Marinescu, Valeriu Leahu)\" data-envira-retina=\"\" data-thumbnail=\"\"  itemprop=\"contentUrl\"><div class=\"envira-lazy\" data-test-width=\"640\" data-test-height=\"480\" style=\"padding-bottom:75%;\"><img decoding=\"async\" id=\"envira-gallery-image-771\" class=\"envira-gallery-image envira-gallery-image-47\" data-envira-index=\"47\" src=\"https:\/\/mnir50.mnir.ro\/wpmnir50\/wp-content\/uploads\/2022\/04\/41_1976_traco-dacii_ist-si-civilizatie-640x480_c.jpg\" data-envira-src=\"https:\/\/mnir50.mnir.ro\/wpmnir50\/wp-content\/uploads\/2022\/04\/41_1976_traco-dacii_ist-si-civilizatie-640x480_c.jpg\" data-envira-gallery-id=\"2391\" data-envira-item-id=\"771\" data-envira-caption=\"1976. Expozi\u021bia &bdquo;Traco-dacii. Istorie \u0219i civiliza\u021bie&rdquo; (Gh. Cole\u0219ic\u0103, C. Ionescu, Fl. Georgescu, Lucia Marinescu, Valeriu Leahu)\" alt=\"\" title=\"1976. Expozi\u021bia &amp;bdquo;Traco-dacii. Istorie \u0219i civiliza\u021bie&amp;rdquo; (Gh. Cole\u0219ic\u0103, C. Ionescu, Fl. Georgescu, Lucia Marinescu, Valeriu Leahu)\"  itemprop=\"thumbnailUrl\" data-envira-srcset=\"https:\/\/mnir50.mnir.ro\/wpmnir50\/wp-content\/uploads\/2022\/04\/41_1976_traco-dacii_ist-si-civilizatie-640x480_c.jpg 400w,https:\/\/mnir50.mnir.ro\/wpmnir50\/wp-content\/uploads\/2022\/04\/41_1976_traco-dacii_ist-si-civilizatie-640x480_c.jpg 2x\" srcset=\"data:image\/gif;base64,R0lGODlhAQABAIAAAP\/\/\/\/\/\/\/yH5BAEKAAEALAAAAAABAAEAAAICTAEAOw==\" \/><\/div><\/a><\/div><\/div><div id=\"envira-gallery-item-770\" class=\"envira-gallery-item enviratope-item envira-gallery-item-48 envira-lazy-load\" style=\"padding-left: 1px; padding-bottom: 2px; padding-right: 1px;\"  itemscope itemtype=\"https:\/\/schema.org\/ImageObject\"><div class=\"envira-gallery-item-inner\"><div class=\"envira-gallery-position-overlay  envira-gallery-top-left\"><\/div><div class=\"envira-gallery-position-overlay  envira-gallery-top-right\"><\/div><div class=\"envira-gallery-position-overlay  envira-gallery-bottom-left\"><\/div><div class=\"envira-gallery-position-overlay  envira-gallery-bottom-right\"><\/div><a href=\"https:\/\/mnir50.mnir.ro\/wpmnir50\/wp-content\/uploads\/2022\/04\/40_1976_traco-dacii.jpg\" class=\"envira-gallery-2391 envira-gallery-link\" rel=\"enviragallery2391\" title=\"1976. Expozi\u021bia &bdquo;Traco-dacii. Istorie \u0219i civiliza\u021bie&rdquo;\" data-envira-caption=\"1976. Expozi\u021bia &bdquo;Traco-dacii. Istorie \u0219i civiliza\u021bie&rdquo;\" data-envira-retina=\"\" data-thumbnail=\"\"  itemprop=\"contentUrl\"><div class=\"envira-lazy\" data-test-width=\"640\" data-test-height=\"480\" style=\"padding-bottom:75%;\"><img decoding=\"async\" id=\"envira-gallery-image-770\" class=\"envira-gallery-image envira-gallery-image-48\" data-envira-index=\"48\" src=\"https:\/\/mnir50.mnir.ro\/wpmnir50\/wp-content\/uploads\/2022\/04\/40_1976_traco-dacii-640x480_c.jpg\" data-envira-src=\"https:\/\/mnir50.mnir.ro\/wpmnir50\/wp-content\/uploads\/2022\/04\/40_1976_traco-dacii-640x480_c.jpg\" data-envira-gallery-id=\"2391\" data-envira-item-id=\"770\" data-envira-caption=\"1976. Expozi\u021bia &bdquo;Traco-dacii. Istorie \u0219i civiliza\u021bie&rdquo;\" alt=\"\" title=\"1976. Expozi\u021bia &amp;bdquo;Traco-dacii. Istorie \u0219i civiliza\u021bie&amp;rdquo;\"  itemprop=\"thumbnailUrl\" data-envira-srcset=\"https:\/\/mnir50.mnir.ro\/wpmnir50\/wp-content\/uploads\/2022\/04\/40_1976_traco-dacii-640x480_c.jpg 400w,https:\/\/mnir50.mnir.ro\/wpmnir50\/wp-content\/uploads\/2022\/04\/40_1976_traco-dacii-640x480_c.jpg 2x\" srcset=\"data:image\/gif;base64,R0lGODlhAQABAIAAAP\/\/\/\/\/\/\/yH5BAEKAAEALAAAAAABAAEAAAICTAEAOw==\" \/><\/div><\/a><\/div><\/div><div id=\"envira-gallery-item-772\" class=\"envira-gallery-item enviratope-item envira-gallery-item-49 envira-lazy-load\" style=\"padding-left: 1px; padding-bottom: 2px; padding-right: 1px;\"  itemscope itemtype=\"https:\/\/schema.org\/ImageObject\"><div class=\"envira-gallery-item-inner\"><div class=\"envira-gallery-position-overlay  envira-gallery-top-left\"><\/div><div class=\"envira-gallery-position-overlay  envira-gallery-top-right\"><\/div><div class=\"envira-gallery-position-overlay  envira-gallery-bottom-left\"><\/div><div class=\"envira-gallery-position-overlay  envira-gallery-bottom-right\"><\/div><a href=\"https:\/\/mnir50.mnir.ro\/wpmnir50\/wp-content\/uploads\/2022\/04\/42_1976_vizita_fabiola-2.jpg\" class=\"envira-gallery-2391 envira-gallery-link\" rel=\"enviragallery2391\" title=\"1976. Vizita regeinei Fabiola a Belgiei\" data-envira-caption=\"1976. Vizita regeinei Fabiola a Belgiei\" data-envira-retina=\"\" data-thumbnail=\"\"  itemprop=\"contentUrl\"><div class=\"envira-lazy\" data-test-width=\"640\" data-test-height=\"480\" style=\"padding-bottom:75%;\"><img decoding=\"async\" id=\"envira-gallery-image-772\" class=\"envira-gallery-image envira-gallery-image-49\" data-envira-index=\"49\" src=\"https:\/\/mnir50.mnir.ro\/wpmnir50\/wp-content\/uploads\/2022\/04\/42_1976_vizita_fabiola-2-640x480_c.jpg\" data-envira-src=\"https:\/\/mnir50.mnir.ro\/wpmnir50\/wp-content\/uploads\/2022\/04\/42_1976_vizita_fabiola-2-640x480_c.jpg\" data-envira-gallery-id=\"2391\" data-envira-item-id=\"772\" data-envira-caption=\"1976. Vizita regeinei Fabiola a Belgiei\" alt=\"\" title=\"1976. Vizita regeinei Fabiola a Belgiei\"  itemprop=\"thumbnailUrl\" data-envira-srcset=\"https:\/\/mnir50.mnir.ro\/wpmnir50\/wp-content\/uploads\/2022\/04\/42_1976_vizita_fabiola-2-640x480_c.jpg 400w,https:\/\/mnir50.mnir.ro\/wpmnir50\/wp-content\/uploads\/2022\/04\/42_1976_vizita_fabiola-2-640x480_c.jpg 2x\" srcset=\"data:image\/gif;base64,R0lGODlhAQABAIAAAP\/\/\/\/\/\/\/yH5BAEKAAEALAAAAAABAAEAAAICTAEAOw==\" \/><\/div><\/a><\/div><\/div><div id=\"envira-gallery-item-773\" class=\"envira-gallery-item enviratope-item envira-gallery-item-50 envira-lazy-load\" style=\"padding-left: 1px; padding-bottom: 2px; padding-right: 1px;\"  itemscope itemtype=\"https:\/\/schema.org\/ImageObject\"><div class=\"envira-gallery-item-inner\"><div class=\"envira-gallery-position-overlay  envira-gallery-top-left\"><\/div><div class=\"envira-gallery-position-overlay  envira-gallery-top-right\"><\/div><div class=\"envira-gallery-position-overlay  envira-gallery-bottom-left\"><\/div><div class=\"envira-gallery-position-overlay  envira-gallery-bottom-right\"><\/div><a href=\"https:\/\/mnir50.mnir.ro\/wpmnir50\/wp-content\/uploads\/2022\/04\/43_1976_vizita_fabiola-3.jpg\" class=\"envira-gallery-2391 envira-gallery-link\" rel=\"enviragallery2391\" title=\"1976. Vizita regeinei Fabiola a Belgiei\" data-envira-caption=\"1976. Vizita regeinei Fabiola a Belgiei\" data-envira-retina=\"\" data-thumbnail=\"\"  itemprop=\"contentUrl\"><div class=\"envira-lazy\" data-test-width=\"640\" data-test-height=\"480\" style=\"padding-bottom:75%;\"><img decoding=\"async\" id=\"envira-gallery-image-773\" class=\"envira-gallery-image envira-gallery-image-50\" data-envira-index=\"50\" src=\"https:\/\/mnir50.mnir.ro\/wpmnir50\/wp-content\/uploads\/2022\/04\/43_1976_vizita_fabiola-3-640x480_c.jpg\" data-envira-src=\"https:\/\/mnir50.mnir.ro\/wpmnir50\/wp-content\/uploads\/2022\/04\/43_1976_vizita_fabiola-3-640x480_c.jpg\" data-envira-gallery-id=\"2391\" data-envira-item-id=\"773\" data-envira-caption=\"1976. Vizita regeinei Fabiola a Belgiei\" alt=\"\" title=\"1976. Vizita regeinei Fabiola a Belgiei\"  itemprop=\"thumbnailUrl\" data-envira-srcset=\"https:\/\/mnir50.mnir.ro\/wpmnir50\/wp-content\/uploads\/2022\/04\/43_1976_vizita_fabiola-3-640x480_c.jpg 400w,https:\/\/mnir50.mnir.ro\/wpmnir50\/wp-content\/uploads\/2022\/04\/43_1976_vizita_fabiola-3-640x480_c.jpg 2x\" srcset=\"data:image\/gif;base64,R0lGODlhAQABAIAAAP\/\/\/\/\/\/\/yH5BAEKAAEALAAAAAABAAEAAAICTAEAOw==\" \/><\/div><\/a><\/div><\/div><div id=\"envira-gallery-item-775\" class=\"envira-gallery-item enviratope-item envira-gallery-item-51 envira-lazy-load\" style=\"padding-left: 1px; padding-bottom: 2px; padding-right: 1px;\"  itemscope itemtype=\"https:\/\/schema.org\/ImageObject\"><div class=\"envira-gallery-item-inner\"><div class=\"envira-gallery-position-overlay  envira-gallery-top-left\"><\/div><div class=\"envira-gallery-position-overlay  envira-gallery-top-right\"><\/div><div class=\"envira-gallery-position-overlay  envira-gallery-bottom-left\"><\/div><div class=\"envira-gallery-position-overlay  envira-gallery-bottom-right\"><\/div><a href=\"https:\/\/mnir50.mnir.ro\/wpmnir50\/wp-content\/uploads\/2022\/04\/45_1976_vizita_fabiola_belgia.jpg\" class=\"envira-gallery-2391 envira-gallery-link\" rel=\"enviragallery2391\" title=\"1976. Vizita regeinei Fabiola a Belgiei\" data-envira-caption=\"1976. Vizita regeinei Fabiola a Belgiei\" data-envira-retina=\"\" data-thumbnail=\"\"  itemprop=\"contentUrl\"><div class=\"envira-lazy\" data-test-width=\"640\" data-test-height=\"480\" style=\"padding-bottom:75%;\"><img decoding=\"async\" id=\"envira-gallery-image-775\" class=\"envira-gallery-image envira-gallery-image-51\" data-envira-index=\"51\" src=\"https:\/\/mnir50.mnir.ro\/wpmnir50\/wp-content\/uploads\/2022\/04\/45_1976_vizita_fabiola_belgia-640x480_c.jpg\" data-envira-src=\"https:\/\/mnir50.mnir.ro\/wpmnir50\/wp-content\/uploads\/2022\/04\/45_1976_vizita_fabiola_belgia-640x480_c.jpg\" data-envira-gallery-id=\"2391\" data-envira-item-id=\"775\" data-envira-caption=\"1976. Vizita regeinei Fabiola a Belgiei\" alt=\"\" title=\"1976. Vizita regeinei Fabiola a Belgiei\"  itemprop=\"thumbnailUrl\" data-envira-srcset=\"https:\/\/mnir50.mnir.ro\/wpmnir50\/wp-content\/uploads\/2022\/04\/45_1976_vizita_fabiola_belgia-640x480_c.jpg 400w,https:\/\/mnir50.mnir.ro\/wpmnir50\/wp-content\/uploads\/2022\/04\/45_1976_vizita_fabiola_belgia-640x480_c.jpg 2x\" srcset=\"data:image\/gif;base64,R0lGODlhAQABAIAAAP\/\/\/\/\/\/\/yH5BAEKAAEALAAAAAABAAEAAAICTAEAOw==\" \/><\/div><\/a><\/div><\/div><div id=\"envira-gallery-item-774\" class=\"envira-gallery-item enviratope-item envira-gallery-item-52 envira-lazy-load\" style=\"padding-left: 1px; padding-bottom: 2px; padding-right: 1px;\"  itemscope itemtype=\"https:\/\/schema.org\/ImageObject\"><div class=\"envira-gallery-item-inner\"><div class=\"envira-gallery-position-overlay  envira-gallery-top-left\"><\/div><div class=\"envira-gallery-position-overlay  envira-gallery-top-right\"><\/div><div class=\"envira-gallery-position-overlay  envira-gallery-bottom-left\"><\/div><div class=\"envira-gallery-position-overlay  envira-gallery-bottom-right\"><\/div><a href=\"https:\/\/mnir50.mnir.ro\/wpmnir50\/wp-content\/uploads\/2022\/04\/44_1976_vizita_fabiola.jpg\" class=\"envira-gallery-2391 envira-gallery-link\" rel=\"enviragallery2391\" title=\"1976. Vizita regeinei Fabiola a Belgiei\" data-envira-caption=\"1976. Vizita regeinei Fabiola a Belgiei\" data-envira-retina=\"\" data-thumbnail=\"\"  itemprop=\"contentUrl\"><div class=\"envira-lazy\" data-test-width=\"640\" data-test-height=\"480\" style=\"padding-bottom:75%;\"><img decoding=\"async\" id=\"envira-gallery-image-774\" class=\"envira-gallery-image envira-gallery-image-52\" data-envira-index=\"52\" src=\"https:\/\/mnir50.mnir.ro\/wpmnir50\/wp-content\/uploads\/2022\/04\/44_1976_vizita_fabiola-640x480_c.jpg\" data-envira-src=\"https:\/\/mnir50.mnir.ro\/wpmnir50\/wp-content\/uploads\/2022\/04\/44_1976_vizita_fabiola-640x480_c.jpg\" data-envira-gallery-id=\"2391\" data-envira-item-id=\"774\" data-envira-caption=\"1976. Vizita regeinei Fabiola a Belgiei\" alt=\"\" title=\"1976. Vizita regeinei Fabiola a Belgiei\"  itemprop=\"thumbnailUrl\" data-envira-srcset=\"https:\/\/mnir50.mnir.ro\/wpmnir50\/wp-content\/uploads\/2022\/04\/44_1976_vizita_fabiola-640x480_c.jpg 400w,https:\/\/mnir50.mnir.ro\/wpmnir50\/wp-content\/uploads\/2022\/04\/44_1976_vizita_fabiola-640x480_c.jpg 2x\" srcset=\"data:image\/gif;base64,R0lGODlhAQABAIAAAP\/\/\/\/\/\/\/yH5BAEKAAEALAAAAAABAAEAAAICTAEAOw==\" \/><\/div><\/a><\/div><\/div><div id=\"envira-gallery-item-777\" class=\"envira-gallery-item enviratope-item envira-gallery-item-53 envira-lazy-load\" style=\"padding-left: 1px; padding-bottom: 2px; padding-right: 1px;\"  itemscope itemtype=\"https:\/\/schema.org\/ImageObject\"><div class=\"envira-gallery-item-inner\"><div class=\"envira-gallery-position-overlay  envira-gallery-top-left\"><\/div><div class=\"envira-gallery-position-overlay  envira-gallery-top-right\"><\/div><div class=\"envira-gallery-position-overlay  envira-gallery-bottom-left\"><\/div><div class=\"envira-gallery-position-overlay  envira-gallery-bottom-right\"><\/div><a href=\"https:\/\/mnir50.mnir.ro\/wpmnir50\/wp-content\/uploads\/2022\/04\/47_1976_vizita_josephine_charlote_luxemburg.jpg\" class=\"envira-gallery-2391 envira-gallery-link\" rel=\"enviragallery2391\" title=\"1976. Vizita marii ducese Josephine Charlote a Luxemburgului\" data-envira-caption=\"1976. Vizita marii ducese Josephine Charlote a Luxemburgului\" data-envira-retina=\"\" data-thumbnail=\"\"  itemprop=\"contentUrl\"><div class=\"envira-lazy\" data-test-width=\"640\" data-test-height=\"480\" style=\"padding-bottom:75%;\"><img decoding=\"async\" id=\"envira-gallery-image-777\" class=\"envira-gallery-image envira-gallery-image-53\" data-envira-index=\"53\" src=\"https:\/\/mnir50.mnir.ro\/wpmnir50\/wp-content\/uploads\/2022\/04\/47_1976_vizita_josephine_charlote_luxemburg-640x480_c.jpg\" data-envira-src=\"https:\/\/mnir50.mnir.ro\/wpmnir50\/wp-content\/uploads\/2022\/04\/47_1976_vizita_josephine_charlote_luxemburg-640x480_c.jpg\" data-envira-gallery-id=\"2391\" data-envira-item-id=\"777\" data-envira-caption=\"1976. Vizita marii ducese Josephine Charlote a Luxemburgului\" alt=\"\" title=\"1976. Vizita marii ducese Josephine Charlote a Luxemburgului\"  itemprop=\"thumbnailUrl\" data-envira-srcset=\"https:\/\/mnir50.mnir.ro\/wpmnir50\/wp-content\/uploads\/2022\/04\/47_1976_vizita_josephine_charlote_luxemburg-640x480_c.jpg 400w,https:\/\/mnir50.mnir.ro\/wpmnir50\/wp-content\/uploads\/2022\/04\/47_1976_vizita_josephine_charlote_luxemburg-640x480_c.jpg 2x\" srcset=\"data:image\/gif;base64,R0lGODlhAQABAIAAAP\/\/\/\/\/\/\/yH5BAEKAAEALAAAAAABAAEAAAICTAEAOw==\" \/><\/div><\/a><\/div><\/div><div id=\"envira-gallery-item-776\" class=\"envira-gallery-item enviratope-item envira-gallery-item-54 envira-lazy-load\" style=\"padding-left: 1px; padding-bottom: 2px; padding-right: 1px;\"  itemscope itemtype=\"https:\/\/schema.org\/ImageObject\"><div class=\"envira-gallery-item-inner\"><div class=\"envira-gallery-position-overlay  envira-gallery-top-left\"><\/div><div class=\"envira-gallery-position-overlay  envira-gallery-top-right\"><\/div><div class=\"envira-gallery-position-overlay  envira-gallery-bottom-left\"><\/div><div class=\"envira-gallery-position-overlay  envira-gallery-bottom-right\"><\/div><a href=\"https:\/\/mnir50.mnir.ro\/wpmnir50\/wp-content\/uploads\/2022\/04\/46_1976_vizita_josephine.jpg\" class=\"envira-gallery-2391 envira-gallery-link\" rel=\"enviragallery2391\" title=\"1976. Vizita marii ducese Josephine Charlote a Luxemburgului\" data-envira-caption=\"1976. Vizita marii ducese Josephine Charlote a Luxemburgului\" data-envira-retina=\"\" data-thumbnail=\"\"  itemprop=\"contentUrl\"><div class=\"envira-lazy\" data-test-width=\"640\" data-test-height=\"480\" style=\"padding-bottom:75%;\"><img decoding=\"async\" id=\"envira-gallery-image-776\" class=\"envira-gallery-image envira-gallery-image-54\" data-envira-index=\"54\" src=\"https:\/\/mnir50.mnir.ro\/wpmnir50\/wp-content\/uploads\/2022\/04\/46_1976_vizita_josephine-640x480_c.jpg\" data-envira-src=\"https:\/\/mnir50.mnir.ro\/wpmnir50\/wp-content\/uploads\/2022\/04\/46_1976_vizita_josephine-640x480_c.jpg\" data-envira-gallery-id=\"2391\" data-envira-item-id=\"776\" data-envira-caption=\"1976. Vizita marii ducese Josephine Charlote a Luxemburgului\" alt=\"\" title=\"1976. Vizita marii ducese Josephine Charlote a Luxemburgului\"  itemprop=\"thumbnailUrl\" data-envira-srcset=\"https:\/\/mnir50.mnir.ro\/wpmnir50\/wp-content\/uploads\/2022\/04\/46_1976_vizita_josephine-640x480_c.jpg 400w,https:\/\/mnir50.mnir.ro\/wpmnir50\/wp-content\/uploads\/2022\/04\/46_1976_vizita_josephine-640x480_c.jpg 2x\" srcset=\"data:image\/gif;base64,R0lGODlhAQABAIAAAP\/\/\/\/\/\/\/yH5BAEKAAEALAAAAAABAAEAAAICTAEAOw==\" \/><\/div><\/a><\/div><\/div><div id=\"envira-gallery-item-779\" class=\"envira-gallery-item enviratope-item envira-gallery-item-55 envira-lazy-load\" style=\"padding-left: 1px; padding-bottom: 2px; padding-right: 1px;\"  itemscope itemtype=\"https:\/\/schema.org\/ImageObject\"><div class=\"envira-gallery-item-inner\"><div class=\"envira-gallery-position-overlay  envira-gallery-top-left\"><\/div><div class=\"envira-gallery-position-overlay  envira-gallery-top-right\"><\/div><div class=\"envira-gallery-position-overlay  envira-gallery-bottom-left\"><\/div><div class=\"envira-gallery-position-overlay  envira-gallery-bottom-right\"><\/div><a href=\"https:\/\/mnir50.mnir.ro\/wpmnir50\/wp-content\/uploads\/2022\/04\/49_1976_vizizta_fabiola.jpg\" class=\"envira-gallery-2391 envira-gallery-link\" rel=\"enviragallery2391\" title=\"Vizita reginei Fabiola a Belgiei\" data-envira-caption=\"Vizita reginei Fabiola a Belgiei\" data-envira-retina=\"\" data-thumbnail=\"\"  itemprop=\"contentUrl\"><div class=\"envira-lazy\" data-test-width=\"640\" data-test-height=\"480\" style=\"padding-bottom:75%;\"><img decoding=\"async\" id=\"envira-gallery-image-779\" class=\"envira-gallery-image envira-gallery-image-55\" data-envira-index=\"55\" src=\"https:\/\/mnir50.mnir.ro\/wpmnir50\/wp-content\/uploads\/2022\/04\/49_1976_vizizta_fabiola-640x480_c.jpg\" data-envira-src=\"https:\/\/mnir50.mnir.ro\/wpmnir50\/wp-content\/uploads\/2022\/04\/49_1976_vizizta_fabiola-640x480_c.jpg\" data-envira-gallery-id=\"2391\" data-envira-item-id=\"779\" data-envira-caption=\"Vizita reginei Fabiola a Belgiei\" alt=\"\" title=\"Vizita reginei Fabiola a Belgiei\"  itemprop=\"thumbnailUrl\" data-envira-srcset=\"https:\/\/mnir50.mnir.ro\/wpmnir50\/wp-content\/uploads\/2022\/04\/49_1976_vizizta_fabiola-640x480_c.jpg 400w,https:\/\/mnir50.mnir.ro\/wpmnir50\/wp-content\/uploads\/2022\/04\/49_1976_vizizta_fabiola-640x480_c.jpg 2x\" srcset=\"data:image\/gif;base64,R0lGODlhAQABAIAAAP\/\/\/\/\/\/\/yH5BAEKAAEALAAAAAABAAEAAAICTAEAOw==\" \/><\/div><\/a><\/div><\/div><div id=\"envira-gallery-item-778\" class=\"envira-gallery-item enviratope-item envira-gallery-item-56 envira-lazy-load\" style=\"padding-left: 1px; padding-bottom: 2px; padding-right: 1px;\"  itemscope itemtype=\"https:\/\/schema.org\/ImageObject\"><div class=\"envira-gallery-item-inner\"><div class=\"envira-gallery-position-overlay  envira-gallery-top-left\"><\/div><div class=\"envira-gallery-position-overlay  envira-gallery-top-right\"><\/div><div class=\"envira-gallery-position-overlay  envira-gallery-bottom-left\"><\/div><div class=\"envira-gallery-position-overlay  envira-gallery-bottom-right\"><\/div><a href=\"https:\/\/mnir50.mnir.ro\/wpmnir50\/wp-content\/uploads\/2022\/04\/48_1976_vizita_paul_hartling_fost_pm_danemarca.jpg\" class=\"envira-gallery-2391 envira-gallery-link\" rel=\"enviragallery2391\" title=\"1976. Vizita lui Paul Harting, fost prim-ministru al Danemarcei\" data-envira-caption=\"1976. Vizita lui Paul Harting, fost prim-ministru al Danemarcei\" data-envira-retina=\"\" data-thumbnail=\"\"  itemprop=\"contentUrl\"><div class=\"envira-lazy\" data-test-width=\"640\" data-test-height=\"480\" style=\"padding-bottom:75%;\"><img decoding=\"async\" id=\"envira-gallery-image-778\" class=\"envira-gallery-image envira-gallery-image-56\" data-envira-index=\"56\" src=\"https:\/\/mnir50.mnir.ro\/wpmnir50\/wp-content\/uploads\/2022\/04\/48_1976_vizita_paul_hartling_fost_pm_danemarca-640x480_c.jpg\" data-envira-src=\"https:\/\/mnir50.mnir.ro\/wpmnir50\/wp-content\/uploads\/2022\/04\/48_1976_vizita_paul_hartling_fost_pm_danemarca-640x480_c.jpg\" data-envira-gallery-id=\"2391\" data-envira-item-id=\"778\" data-envira-caption=\"1976. Vizita lui Paul Harting, fost prim-ministru al Danemarcei\" alt=\"\" title=\"1976. Vizita lui Paul Harting, fost prim-ministru al Danemarcei\"  itemprop=\"thumbnailUrl\" data-envira-srcset=\"https:\/\/mnir50.mnir.ro\/wpmnir50\/wp-content\/uploads\/2022\/04\/48_1976_vizita_paul_hartling_fost_pm_danemarca-640x480_c.jpg 400w,https:\/\/mnir50.mnir.ro\/wpmnir50\/wp-content\/uploads\/2022\/04\/48_1976_vizita_paul_hartling_fost_pm_danemarca-640x480_c.jpg 2x\" srcset=\"data:image\/gif;base64,R0lGODlhAQABAIAAAP\/\/\/\/\/\/\/yH5BAEKAAEALAAAAAABAAEAAAICTAEAOw==\" \/><\/div><\/a><\/div><\/div><div id=\"envira-gallery-item-780\" class=\"envira-gallery-item enviratope-item envira-gallery-item-57 envira-lazy-load\" style=\"padding-left: 1px; padding-bottom: 2px; padding-right: 1px;\"  itemscope itemtype=\"https:\/\/schema.org\/ImageObject\"><div class=\"envira-gallery-item-inner\"><div class=\"envira-gallery-position-overlay  envira-gallery-top-left\"><\/div><div class=\"envira-gallery-position-overlay  envira-gallery-top-right\"><\/div><div class=\"envira-gallery-position-overlay  envira-gallery-bottom-left\"><\/div><div class=\"envira-gallery-position-overlay  envira-gallery-bottom-right\"><\/div><a href=\"https:\/\/mnir50.mnir.ro\/wpmnir50\/wp-content\/uploads\/2022\/04\/50_1976_ziua_republicii-2.jpg\" class=\"envira-gallery-2391 envira-gallery-link\" rel=\"enviragallery2391\" title=\"1976_Activitate cu pionierii de Ziua Republicii\" data-envira-caption=\"1976_Activitate cu pionierii de Ziua Republicii\" data-envira-retina=\"\" data-thumbnail=\"\"  itemprop=\"contentUrl\"><div class=\"envira-lazy\" data-test-width=\"640\" data-test-height=\"480\" style=\"padding-bottom:75%;\"><img decoding=\"async\" id=\"envira-gallery-image-780\" class=\"envira-gallery-image envira-gallery-image-57\" data-envira-index=\"57\" src=\"https:\/\/mnir50.mnir.ro\/wpmnir50\/wp-content\/uploads\/2022\/04\/50_1976_ziua_republicii-2-640x480_c.jpg\" data-envira-src=\"https:\/\/mnir50.mnir.ro\/wpmnir50\/wp-content\/uploads\/2022\/04\/50_1976_ziua_republicii-2-640x480_c.jpg\" data-envira-gallery-id=\"2391\" data-envira-item-id=\"780\" data-envira-caption=\"1976_Activitate cu pionierii de Ziua Republicii\" alt=\"\" title=\"1976_Activitate cu pionierii de Ziua Republicii\"  itemprop=\"thumbnailUrl\" data-envira-srcset=\"https:\/\/mnir50.mnir.ro\/wpmnir50\/wp-content\/uploads\/2022\/04\/50_1976_ziua_republicii-2-640x480_c.jpg 400w,https:\/\/mnir50.mnir.ro\/wpmnir50\/wp-content\/uploads\/2022\/04\/50_1976_ziua_republicii-2-640x480_c.jpg 2x\" srcset=\"data:image\/gif;base64,R0lGODlhAQABAIAAAP\/\/\/\/\/\/\/yH5BAEKAAEALAAAAAABAAEAAAICTAEAOw==\" \/><\/div><\/a><\/div><\/div><div id=\"envira-gallery-item-781\" class=\"envira-gallery-item enviratope-item envira-gallery-item-58 envira-lazy-load\" style=\"padding-left: 1px; padding-bottom: 2px; padding-right: 1px;\"  itemscope itemtype=\"https:\/\/schema.org\/ImageObject\"><div class=\"envira-gallery-item-inner\"><div class=\"envira-gallery-position-overlay  envira-gallery-top-left\"><\/div><div class=\"envira-gallery-position-overlay  envira-gallery-top-right\"><\/div><div class=\"envira-gallery-position-overlay  envira-gallery-bottom-left\"><\/div><div class=\"envira-gallery-position-overlay  envira-gallery-bottom-right\"><\/div><a href=\"https:\/\/mnir50.mnir.ro\/wpmnir50\/wp-content\/uploads\/2022\/04\/51_1977_centenar_indep_berindei_col-g-marin-n-petrescu-muz-marinei-mircea_dumitriu.jpg\" class=\"envira-gallery-2391 envira-gallery-link\" rel=\"enviragallery2391\" title=\"1977_Sesiune \u0219tiin\u021bific\u0103 dedicat\u0103 Centenarului Independen\u021bei (Dan Berindei, colonel George Marin, N. Petrescu de la Muzeul Marinei, Mircea Dumitriu)\" data-envira-caption=\"1977_Sesiune \u0219tiin\u021bific\u0103 dedicat\u0103 Centenarului Independen\u021bei (Dan Berindei, colonel George Marin, N. Petrescu de la Muzeul Marinei, Mircea Dumitriu)\" data-envira-retina=\"\" data-thumbnail=\"\"  itemprop=\"contentUrl\"><div class=\"envira-lazy\" data-test-width=\"640\" data-test-height=\"480\" style=\"padding-bottom:75%;\"><img decoding=\"async\" id=\"envira-gallery-image-781\" class=\"envira-gallery-image envira-gallery-image-58\" data-envira-index=\"58\" src=\"https:\/\/mnir50.mnir.ro\/wpmnir50\/wp-content\/uploads\/2022\/04\/51_1977_centenar_indep_berindei_col-g-marin-n-petrescu-muz-marinei-mircea_dumitriu-1024x709-640x480_c.jpg\" data-envira-src=\"https:\/\/mnir50.mnir.ro\/wpmnir50\/wp-content\/uploads\/2022\/04\/51_1977_centenar_indep_berindei_col-g-marin-n-petrescu-muz-marinei-mircea_dumitriu-1024x709-640x480_c.jpg\" data-envira-gallery-id=\"2391\" data-envira-item-id=\"781\" data-envira-caption=\"1977_Sesiune \u0219tiin\u021bific\u0103 dedicat\u0103 Centenarului Independen\u021bei (Dan Berindei, colonel George Marin, N. Petrescu de la Muzeul Marinei, Mircea Dumitriu)\" alt=\"\" title=\"1977_Sesiune \u0219tiin\u021bific\u0103 dedicat\u0103 Centenarului Independen\u021bei (Dan Berindei, colonel George Marin, N. Petrescu de la Muzeul Marinei, Mircea Dumitriu)\"  itemprop=\"thumbnailUrl\" data-envira-srcset=\"https:\/\/mnir50.mnir.ro\/wpmnir50\/wp-content\/uploads\/2022\/04\/51_1977_centenar_indep_berindei_col-g-marin-n-petrescu-muz-marinei-mircea_dumitriu-1024x709-640x480_c.jpg 400w,https:\/\/mnir50.mnir.ro\/wpmnir50\/wp-content\/uploads\/2022\/04\/51_1977_centenar_indep_berindei_col-g-marin-n-petrescu-muz-marinei-mircea_dumitriu-1024x709-640x480_c.jpg 2x\" srcset=\"data:image\/gif;base64,R0lGODlhAQABAIAAAP\/\/\/\/\/\/\/yH5BAEKAAEALAAAAAABAAEAAAICTAEAOw==\" \/><\/div><\/a><\/div><\/div><div id=\"envira-gallery-item-782\" class=\"envira-gallery-item enviratope-item envira-gallery-item-59 envira-lazy-load\" style=\"padding-left: 1px; padding-bottom: 2px; padding-right: 1px;\"  itemscope itemtype=\"https:\/\/schema.org\/ImageObject\"><div class=\"envira-gallery-item-inner\"><div class=\"envira-gallery-position-overlay  envira-gallery-top-left\"><\/div><div class=\"envira-gallery-position-overlay  envira-gallery-top-right\"><\/div><div class=\"envira-gallery-position-overlay  envira-gallery-bottom-left\"><\/div><div class=\"envira-gallery-position-overlay  envira-gallery-bottom-right\"><\/div><a href=\"https:\/\/mnir50.mnir.ro\/wpmnir50\/wp-content\/uploads\/2022\/04\/52_1977_expo_afisul_primilor_ani_ai_puterii_sovietice.jpg\" class=\"envira-gallery-2391 envira-gallery-link\" rel=\"enviragallery2391\" title=\"1977. Expozi\u021bia &bdquo;Afi\u0219ul primilor ani ai puterii sovietice&rdquo;\" data-envira-caption=\"1977. Expozi\u021bia &bdquo;Afi\u0219ul primilor ani ai puterii sovietice&rdquo;\" data-envira-retina=\"\" data-thumbnail=\"\"  itemprop=\"contentUrl\"><div class=\"envira-lazy\" data-test-width=\"640\" data-test-height=\"480\" style=\"padding-bottom:75%;\"><img decoding=\"async\" id=\"envira-gallery-image-782\" class=\"envira-gallery-image envira-gallery-image-59\" data-envira-index=\"59\" src=\"https:\/\/mnir50.mnir.ro\/wpmnir50\/wp-content\/uploads\/2022\/04\/52_1977_expo_afisul_primilor_ani_ai_puterii_sovietice-640x480_c.jpg\" data-envira-src=\"https:\/\/mnir50.mnir.ro\/wpmnir50\/wp-content\/uploads\/2022\/04\/52_1977_expo_afisul_primilor_ani_ai_puterii_sovietice-640x480_c.jpg\" data-envira-gallery-id=\"2391\" data-envira-item-id=\"782\" data-envira-caption=\"1977. Expozi\u021bia &bdquo;Afi\u0219ul primilor ani ai puterii sovietice&rdquo;\" alt=\"\" title=\"1977. Expozi\u021bia &amp;bdquo;Afi\u0219ul primilor ani ai puterii sovietice&amp;rdquo;\"  itemprop=\"thumbnailUrl\" data-envira-srcset=\"https:\/\/mnir50.mnir.ro\/wpmnir50\/wp-content\/uploads\/2022\/04\/52_1977_expo_afisul_primilor_ani_ai_puterii_sovietice-640x480_c.jpg 400w,https:\/\/mnir50.mnir.ro\/wpmnir50\/wp-content\/uploads\/2022\/04\/52_1977_expo_afisul_primilor_ani_ai_puterii_sovietice-640x480_c.jpg 2x\" srcset=\"data:image\/gif;base64,R0lGODlhAQABAIAAAP\/\/\/\/\/\/\/yH5BAEKAAEALAAAAAABAAEAAAICTAEAOw==\" \/><\/div><\/a><\/div><\/div><div id=\"envira-gallery-item-784\" class=\"envira-gallery-item enviratope-item envira-gallery-item-60 envira-lazy-load\" style=\"padding-left: 1px; padding-bottom: 2px; padding-right: 1px;\"  itemscope itemtype=\"https:\/\/schema.org\/ImageObject\"><div class=\"envira-gallery-item-inner\"><div class=\"envira-gallery-position-overlay  envira-gallery-top-left\"><\/div><div class=\"envira-gallery-position-overlay  envira-gallery-top-right\"><\/div><div class=\"envira-gallery-position-overlay  envira-gallery-bottom-left\"><\/div><div class=\"envira-gallery-position-overlay  envira-gallery-bottom-right\"><\/div><a href=\"https:\/\/mnir50.mnir.ro\/wpmnir50\/wp-content\/uploads\/2022\/04\/54_1977_primiri_pionieri.jpg\" class=\"envira-gallery-2391 envira-gallery-link\" rel=\"enviragallery2391\" title=\"1977. Primirea pionierilor la muzeu\" data-envira-caption=\"1977. Primirea pionierilor la muzeu\" data-envira-retina=\"\" data-thumbnail=\"\"  itemprop=\"contentUrl\"><div class=\"envira-lazy\" data-test-width=\"640\" data-test-height=\"480\" style=\"padding-bottom:75%;\"><img decoding=\"async\" id=\"envira-gallery-image-784\" class=\"envira-gallery-image envira-gallery-image-60\" data-envira-index=\"60\" src=\"https:\/\/mnir50.mnir.ro\/wpmnir50\/wp-content\/uploads\/2022\/04\/54_1977_primiri_pionieri-1024x764-640x480_c.jpg\" data-envira-src=\"https:\/\/mnir50.mnir.ro\/wpmnir50\/wp-content\/uploads\/2022\/04\/54_1977_primiri_pionieri-1024x764-640x480_c.jpg\" data-envira-gallery-id=\"2391\" data-envira-item-id=\"784\" data-envira-caption=\"1977. Primirea pionierilor la muzeu\" alt=\"\" title=\"1977. Primirea pionierilor la muzeu\"  itemprop=\"thumbnailUrl\" data-envira-srcset=\"https:\/\/mnir50.mnir.ro\/wpmnir50\/wp-content\/uploads\/2022\/04\/54_1977_primiri_pionieri-1024x764-640x480_c.jpg 400w,https:\/\/mnir50.mnir.ro\/wpmnir50\/wp-content\/uploads\/2022\/04\/54_1977_primiri_pionieri-1024x764-640x480_c.jpg 2x\" srcset=\"data:image\/gif;base64,R0lGODlhAQABAIAAAP\/\/\/\/\/\/\/yH5BAEKAAEALAAAAAABAAEAAAICTAEAOw==\" \/><\/div><\/a><\/div><\/div><div id=\"envira-gallery-item-783\" class=\"envira-gallery-item enviratope-item envira-gallery-item-61 envira-lazy-load\" style=\"padding-left: 1px; padding-bottom: 2px; padding-right: 1px;\"  itemscope itemtype=\"https:\/\/schema.org\/ImageObject\"><div class=\"envira-gallery-item-inner\"><div class=\"envira-gallery-position-overlay  envira-gallery-top-left\"><\/div><div class=\"envira-gallery-position-overlay  envira-gallery-top-right\"><\/div><div class=\"envira-gallery-position-overlay  envira-gallery-bottom-left\"><\/div><div class=\"envira-gallery-position-overlay  envira-gallery-bottom-right\"><\/div><a href=\"https:\/\/mnir50.mnir.ro\/wpmnir50\/wp-content\/uploads\/2022\/04\/53_1977_expo_inst_primului-guvern-democratic-popular.jpg\" class=\"envira-gallery-2391 envira-gallery-link\" rel=\"enviragallery2391\" title=\"1977. Expozi\u021bie &bdquo;Instaurarea primului guvern democratic popular&rdquo;\" data-envira-caption=\"1977. Expozi\u021bie &bdquo;Instaurarea primului guvern democratic popular&rdquo;\" data-envira-retina=\"\" data-thumbnail=\"\"  itemprop=\"contentUrl\"><div class=\"envira-lazy\" data-test-width=\"640\" data-test-height=\"480\" style=\"padding-bottom:75%;\"><img decoding=\"async\" id=\"envira-gallery-image-783\" class=\"envira-gallery-image envira-gallery-image-61\" data-envira-index=\"61\" src=\"https:\/\/mnir50.mnir.ro\/wpmnir50\/wp-content\/uploads\/2022\/04\/53_1977_expo_inst_primului-guvern-democratic-popular-640x480_c.jpg\" data-envira-src=\"https:\/\/mnir50.mnir.ro\/wpmnir50\/wp-content\/uploads\/2022\/04\/53_1977_expo_inst_primului-guvern-democratic-popular-640x480_c.jpg\" data-envira-gallery-id=\"2391\" data-envira-item-id=\"783\" data-envira-caption=\"1977. Expozi\u021bie &bdquo;Instaurarea primului guvern democratic popular&rdquo;\" alt=\"\" title=\"1977. Expozi\u021bie &amp;bdquo;Instaurarea primului guvern democratic popular&amp;rdquo;\"  itemprop=\"thumbnailUrl\" data-envira-srcset=\"https:\/\/mnir50.mnir.ro\/wpmnir50\/wp-content\/uploads\/2022\/04\/53_1977_expo_inst_primului-guvern-democratic-popular-640x480_c.jpg 400w,https:\/\/mnir50.mnir.ro\/wpmnir50\/wp-content\/uploads\/2022\/04\/53_1977_expo_inst_primului-guvern-democratic-popular-640x480_c.jpg 2x\" srcset=\"data:image\/gif;base64,R0lGODlhAQABAIAAAP\/\/\/\/\/\/\/yH5BAEKAAEALAAAAAABAAEAAAICTAEAOw==\" \/><\/div><\/a><\/div><\/div><div id=\"envira-gallery-item-785\" class=\"envira-gallery-item enviratope-item envira-gallery-item-62 envira-lazy-load\" style=\"padding-left: 1px; padding-bottom: 2px; padding-right: 1px;\"  itemscope itemtype=\"https:\/\/schema.org\/ImageObject\"><div class=\"envira-gallery-item-inner\"><div class=\"envira-gallery-position-overlay  envira-gallery-top-left\"><\/div><div class=\"envira-gallery-position-overlay  envira-gallery-top-right\"><\/div><div class=\"envira-gallery-position-overlay  envira-gallery-bottom-left\"><\/div><div class=\"envira-gallery-position-overlay  envira-gallery-bottom-right\"><\/div><a href=\"https:\/\/mnir50.mnir.ro\/wpmnir50\/wp-content\/uploads\/2022\/04\/55_1977_sesiune.jpg\" class=\"envira-gallery-2391 envira-gallery-link\" rel=\"enviragallery2391\" title=\"1977. Sesiune \u0219tiin\u021bific\u0103 dedicat\u0103 Centenarului Independen\u021bei\" data-envira-caption=\"1977. Sesiune \u0219tiin\u021bific\u0103 dedicat\u0103 Centenarului Independen\u021bei\" data-envira-retina=\"\" data-thumbnail=\"\"  itemprop=\"contentUrl\"><div class=\"envira-lazy\" data-test-width=\"640\" data-test-height=\"480\" style=\"padding-bottom:75%;\"><img decoding=\"async\" id=\"envira-gallery-image-785\" class=\"envira-gallery-image envira-gallery-image-62\" data-envira-index=\"62\" src=\"https:\/\/mnir50.mnir.ro\/wpmnir50\/wp-content\/uploads\/2022\/04\/55_1977_sesiune-1024x729-640x480_c.jpg\" data-envira-src=\"https:\/\/mnir50.mnir.ro\/wpmnir50\/wp-content\/uploads\/2022\/04\/55_1977_sesiune-1024x729-640x480_c.jpg\" data-envira-gallery-id=\"2391\" data-envira-item-id=\"785\" data-envira-caption=\"1977. Sesiune \u0219tiin\u021bific\u0103 dedicat\u0103 Centenarului Independen\u021bei\" alt=\"\" title=\"1977. Sesiune \u0219tiin\u021bific\u0103 dedicat\u0103 Centenarului Independen\u021bei\"  itemprop=\"thumbnailUrl\" data-envira-srcset=\"https:\/\/mnir50.mnir.ro\/wpmnir50\/wp-content\/uploads\/2022\/04\/55_1977_sesiune-1024x729-640x480_c.jpg 400w,https:\/\/mnir50.mnir.ro\/wpmnir50\/wp-content\/uploads\/2022\/04\/55_1977_sesiune-1024x729-640x480_c.jpg 2x\" srcset=\"data:image\/gif;base64,R0lGODlhAQABAIAAAP\/\/\/\/\/\/\/yH5BAEKAAEALAAAAAABAAEAAAICTAEAOw==\" \/><\/div><\/a><\/div><\/div><div id=\"envira-gallery-item-786\" class=\"envira-gallery-item enviratope-item envira-gallery-item-63 envira-lazy-load\" style=\"padding-left: 1px; padding-bottom: 2px; padding-right: 1px;\"  itemscope itemtype=\"https:\/\/schema.org\/ImageObject\"><div class=\"envira-gallery-item-inner\"><div class=\"envira-gallery-position-overlay  envira-gallery-top-left\"><\/div><div class=\"envira-gallery-position-overlay  envira-gallery-top-right\"><\/div><div class=\"envira-gallery-position-overlay  envira-gallery-bottom-left\"><\/div><div class=\"envira-gallery-position-overlay  envira-gallery-bottom-right\"><\/div><a href=\"https:\/\/mnir50.mnir.ro\/wpmnir50\/wp-content\/uploads\/2022\/04\/56_1977_sesiune_centenar_indep_.jpg\" class=\"envira-gallery-2391 envira-gallery-link\" rel=\"enviragallery2391\" title=\"1977. Sesiune \u0219tiin\u021bific\u0103 dedicat\u0103 Centenarului Independen\u021bei\" data-envira-caption=\"1977. Sesiune \u0219tiin\u021bific\u0103 dedicat\u0103 Centenarului Independen\u021bei\" data-envira-retina=\"\" data-thumbnail=\"\"  itemprop=\"contentUrl\"><div class=\"envira-lazy\" data-test-width=\"640\" data-test-height=\"480\" style=\"padding-bottom:75%;\"><img decoding=\"async\" id=\"envira-gallery-image-786\" class=\"envira-gallery-image envira-gallery-image-63\" data-envira-index=\"63\" src=\"https:\/\/mnir50.mnir.ro\/wpmnir50\/wp-content\/uploads\/2022\/04\/56_1977_sesiune_centenar_indep_-1024x755-640x480_c.jpg\" data-envira-src=\"https:\/\/mnir50.mnir.ro\/wpmnir50\/wp-content\/uploads\/2022\/04\/56_1977_sesiune_centenar_indep_-1024x755-640x480_c.jpg\" data-envira-gallery-id=\"2391\" data-envira-item-id=\"786\" data-envira-caption=\"1977. Sesiune \u0219tiin\u021bific\u0103 dedicat\u0103 Centenarului Independen\u021bei\" alt=\"\" title=\"1977. Sesiune \u0219tiin\u021bific\u0103 dedicat\u0103 Centenarului Independen\u021bei\"  itemprop=\"thumbnailUrl\" data-envira-srcset=\"https:\/\/mnir50.mnir.ro\/wpmnir50\/wp-content\/uploads\/2022\/04\/56_1977_sesiune_centenar_indep_-1024x755-640x480_c.jpg 400w,https:\/\/mnir50.mnir.ro\/wpmnir50\/wp-content\/uploads\/2022\/04\/56_1977_sesiune_centenar_indep_-1024x755-640x480_c.jpg 2x\" srcset=\"data:image\/gif;base64,R0lGODlhAQABAIAAAP\/\/\/\/\/\/\/yH5BAEKAAEALAAAAAABAAEAAAICTAEAOw==\" \/><\/div><\/a><\/div><\/div><div id=\"envira-gallery-item-787\" class=\"envira-gallery-item enviratope-item envira-gallery-item-64 envira-lazy-load\" style=\"padding-left: 1px; padding-bottom: 2px; padding-right: 1px;\"  itemscope itemtype=\"https:\/\/schema.org\/ImageObject\"><div class=\"envira-gallery-item-inner\"><div class=\"envira-gallery-position-overlay  envira-gallery-top-left\"><\/div><div class=\"envira-gallery-position-overlay  envira-gallery-top-right\"><\/div><div class=\"envira-gallery-position-overlay  envira-gallery-bottom-left\"><\/div><div class=\"envira-gallery-position-overlay  envira-gallery-bottom-right\"><\/div><a href=\"https:\/\/mnir50.mnir.ro\/wpmnir50\/wp-content\/uploads\/2022\/04\/57_1977_sesiune_centenar_indep_silvan.jpg\" class=\"envira-gallery-2391 envira-gallery-link\" rel=\"enviragallery2391\" title=\"1977. Sesiune \u0219tiin\u021bific\u0103 dedicat\u0103 Centenarului Independen\u021bei (Silvan Ionescu)\" data-envira-caption=\"1977. Sesiune \u0219tiin\u021bific\u0103 dedicat\u0103 Centenarului Independen\u021bei (Silvan Ionescu)\" data-envira-retina=\"\" data-thumbnail=\"\"  itemprop=\"contentUrl\"><div class=\"envira-lazy\" data-test-width=\"640\" data-test-height=\"480\" style=\"padding-bottom:75%;\"><img decoding=\"async\" id=\"envira-gallery-image-787\" class=\"envira-gallery-image envira-gallery-image-64\" data-envira-index=\"64\" src=\"https:\/\/mnir50.mnir.ro\/wpmnir50\/wp-content\/uploads\/2022\/04\/57_1977_sesiune_centenar_indep_silvan-772x1024-640x480_c.jpg\" data-envira-src=\"https:\/\/mnir50.mnir.ro\/wpmnir50\/wp-content\/uploads\/2022\/04\/57_1977_sesiune_centenar_indep_silvan-772x1024-640x480_c.jpg\" data-envira-gallery-id=\"2391\" data-envira-item-id=\"787\" data-envira-caption=\"1977. Sesiune \u0219tiin\u021bific\u0103 dedicat\u0103 Centenarului Independen\u021bei (Silvan Ionescu)\" alt=\"\" title=\"1977. Sesiune \u0219tiin\u021bific\u0103 dedicat\u0103 Centenarului Independen\u021bei (Silvan Ionescu)\"  itemprop=\"thumbnailUrl\" data-envira-srcset=\"https:\/\/mnir50.mnir.ro\/wpmnir50\/wp-content\/uploads\/2022\/04\/57_1977_sesiune_centenar_indep_silvan-772x1024-640x480_c.jpg 400w,https:\/\/mnir50.mnir.ro\/wpmnir50\/wp-content\/uploads\/2022\/04\/57_1977_sesiune_centenar_indep_silvan-772x1024-640x480_c.jpg 2x\" srcset=\"data:image\/gif;base64,R0lGODlhAQABAIAAAP\/\/\/\/\/\/\/yH5BAEKAAEALAAAAAABAAEAAAICTAEAOw==\" \/><\/div><\/a><\/div><\/div><div id=\"envira-gallery-item-788\" class=\"envira-gallery-item enviratope-item envira-gallery-item-65 envira-lazy-load\" style=\"padding-left: 1px; padding-bottom: 2px; padding-right: 1px;\"  itemscope itemtype=\"https:\/\/schema.org\/ImageObject\"><div class=\"envira-gallery-item-inner\"><div class=\"envira-gallery-position-overlay  envira-gallery-top-left\"><\/div><div class=\"envira-gallery-position-overlay  envira-gallery-top-right\"><\/div><div class=\"envira-gallery-position-overlay  envira-gallery-bottom-left\"><\/div><div class=\"envira-gallery-position-overlay  envira-gallery-bottom-right\"><\/div><a href=\"https:\/\/mnir50.mnir.ro\/wpmnir50\/wp-content\/uploads\/2022\/04\/58_1977_sesiune_indep_carmen_cleja.jpg\" class=\"envira-gallery-2391 envira-gallery-link\" rel=\"enviragallery2391\" title=\"1977. Sesiune \u0219tiin\u021bific\u0103 dedicat\u0103 Centenarului Independen\u021bei (Carmen Cleja)\" data-envira-caption=\"1977. Sesiune \u0219tiin\u021bific\u0103 dedicat\u0103 Centenarului Independen\u021bei (Carmen Cleja)\" data-envira-retina=\"\" data-thumbnail=\"\"  itemprop=\"contentUrl\"><div class=\"envira-lazy\" data-test-width=\"640\" data-test-height=\"480\" style=\"padding-bottom:75%;\"><img decoding=\"async\" id=\"envira-gallery-image-788\" class=\"envira-gallery-image envira-gallery-image-65\" data-envira-index=\"65\" src=\"https:\/\/mnir50.mnir.ro\/wpmnir50\/wp-content\/uploads\/2022\/04\/58_1977_sesiune_indep_carmen_cleja-767x1024-640x480_c.jpg\" data-envira-src=\"https:\/\/mnir50.mnir.ro\/wpmnir50\/wp-content\/uploads\/2022\/04\/58_1977_sesiune_indep_carmen_cleja-767x1024-640x480_c.jpg\" data-envira-gallery-id=\"2391\" data-envira-item-id=\"788\" data-envira-caption=\"1977. Sesiune \u0219tiin\u021bific\u0103 dedicat\u0103 Centenarului Independen\u021bei (Carmen Cleja)\" alt=\"\" title=\"1977. Sesiune \u0219tiin\u021bific\u0103 dedicat\u0103 Centenarului Independen\u021bei (Carmen Cleja)\"  itemprop=\"thumbnailUrl\" data-envira-srcset=\"https:\/\/mnir50.mnir.ro\/wpmnir50\/wp-content\/uploads\/2022\/04\/58_1977_sesiune_indep_carmen_cleja-767x1024-640x480_c.jpg 400w,https:\/\/mnir50.mnir.ro\/wpmnir50\/wp-content\/uploads\/2022\/04\/58_1977_sesiune_indep_carmen_cleja-767x1024-640x480_c.jpg 2x\" srcset=\"data:image\/gif;base64,R0lGODlhAQABAIAAAP\/\/\/\/\/\/\/yH5BAEKAAEALAAAAAABAAEAAAICTAEAOw==\" \/><\/div><\/a><\/div><\/div><div id=\"envira-gallery-item-789\" class=\"envira-gallery-item enviratope-item envira-gallery-item-66 envira-lazy-load\" style=\"padding-left: 1px; padding-bottom: 2px; padding-right: 1px;\"  itemscope itemtype=\"https:\/\/schema.org\/ImageObject\"><div class=\"envira-gallery-item-inner\"><div class=\"envira-gallery-position-overlay  envira-gallery-top-left\"><\/div><div class=\"envira-gallery-position-overlay  envira-gallery-top-right\"><\/div><div class=\"envira-gallery-position-overlay  envira-gallery-bottom-left\"><\/div><div class=\"envira-gallery-position-overlay  envira-gallery-bottom-right\"><\/div><a href=\"https:\/\/mnir50.mnir.ro\/wpmnir50\/wp-content\/uploads\/2022\/04\/59_1977_sesiune_indep_cristian_paunescu_mircea_dumitriu.jpg\" class=\"envira-gallery-2391 envira-gallery-link\" rel=\"enviragallery2391\" title=\"1977. Sesiune \u0219tiin\u021bific\u0103 dedicat\u0103 Centenarului Independen\u021bei\" data-envira-caption=\"1977. Sesiune \u0219tiin\u021bific\u0103 dedicat\u0103 Centenarului Independen\u021bei\" data-envira-retina=\"\" data-thumbnail=\"\"  itemprop=\"contentUrl\"><div class=\"envira-lazy\" data-test-width=\"640\" data-test-height=\"480\" style=\"padding-bottom:75%;\"><img decoding=\"async\" id=\"envira-gallery-image-789\" class=\"envira-gallery-image envira-gallery-image-66\" data-envira-index=\"66\" src=\"https:\/\/mnir50.mnir.ro\/wpmnir50\/wp-content\/uploads\/2022\/04\/59_1977_sesiune_indep_cristian_paunescu_mircea_dumitriu-1024x749-640x480_c.jpg\" data-envira-src=\"https:\/\/mnir50.mnir.ro\/wpmnir50\/wp-content\/uploads\/2022\/04\/59_1977_sesiune_indep_cristian_paunescu_mircea_dumitriu-1024x749-640x480_c.jpg\" data-envira-gallery-id=\"2391\" data-envira-item-id=\"789\" data-envira-caption=\"1977. Sesiune \u0219tiin\u021bific\u0103 dedicat\u0103 Centenarului Independen\u021bei\" alt=\"\" title=\"1977. Sesiune \u0219tiin\u021bific\u0103 dedicat\u0103 Centenarului Independen\u021bei\"  itemprop=\"thumbnailUrl\" data-envira-srcset=\"https:\/\/mnir50.mnir.ro\/wpmnir50\/wp-content\/uploads\/2022\/04\/59_1977_sesiune_indep_cristian_paunescu_mircea_dumitriu-1024x749-640x480_c.jpg 400w,https:\/\/mnir50.mnir.ro\/wpmnir50\/wp-content\/uploads\/2022\/04\/59_1977_sesiune_indep_cristian_paunescu_mircea_dumitriu-1024x749-640x480_c.jpg 2x\" srcset=\"data:image\/gif;base64,R0lGODlhAQABAIAAAP\/\/\/\/\/\/\/yH5BAEKAAEALAAAAAABAAEAAAICTAEAOw==\" \/><\/div><\/a><\/div><\/div><div id=\"envira-gallery-item-790\" class=\"envira-gallery-item enviratope-item envira-gallery-item-67 envira-lazy-load\" style=\"padding-left: 1px; padding-bottom: 2px; padding-right: 1px;\"  itemscope itemtype=\"https:\/\/schema.org\/ImageObject\"><div class=\"envira-gallery-item-inner\"><div class=\"envira-gallery-position-overlay  envira-gallery-top-left\"><\/div><div class=\"envira-gallery-position-overlay  envira-gallery-top-right\"><\/div><div class=\"envira-gallery-position-overlay  envira-gallery-bottom-left\"><\/div><div class=\"envira-gallery-position-overlay  envira-gallery-bottom-right\"><\/div><a href=\"https:\/\/mnir50.mnir.ro\/wpmnir50\/wp-content\/uploads\/2022\/04\/60_1977_sesiune_indep_mioara_ionita.jpg\" class=\"envira-gallery-2391 envira-gallery-link\" rel=\"enviragallery2391\" title=\"1977. Sesiune \u0219tiin\u021bific\u0103 dedicat\u0103 Centenarului Independen\u021bei (Mioara Ioni\u021b\u0103)\" data-envira-caption=\"1977. Sesiune \u0219tiin\u021bific\u0103 dedicat\u0103 Centenarului Independen\u021bei (Mioara Ioni\u021b\u0103)\" data-envira-retina=\"\" data-thumbnail=\"\"  itemprop=\"contentUrl\"><div class=\"envira-lazy\" data-test-width=\"640\" data-test-height=\"480\" style=\"padding-bottom:75%;\"><img decoding=\"async\" id=\"envira-gallery-image-790\" class=\"envira-gallery-image envira-gallery-image-67\" data-envira-index=\"67\" src=\"https:\/\/mnir50.mnir.ro\/wpmnir50\/wp-content\/uploads\/2022\/04\/60_1977_sesiune_indep_mioara_ionita-759x1024-640x480_c.jpg\" data-envira-src=\"https:\/\/mnir50.mnir.ro\/wpmnir50\/wp-content\/uploads\/2022\/04\/60_1977_sesiune_indep_mioara_ionita-759x1024-640x480_c.jpg\" data-envira-gallery-id=\"2391\" data-envira-item-id=\"790\" data-envira-caption=\"1977. Sesiune \u0219tiin\u021bific\u0103 dedicat\u0103 Centenarului Independen\u021bei (Mioara Ioni\u021b\u0103)\" alt=\"\" title=\"1977. Sesiune \u0219tiin\u021bific\u0103 dedicat\u0103 Centenarului Independen\u021bei (Mioara Ioni\u021b\u0103)\"  itemprop=\"thumbnailUrl\" data-envira-srcset=\"https:\/\/mnir50.mnir.ro\/wpmnir50\/wp-content\/uploads\/2022\/04\/60_1977_sesiune_indep_mioara_ionita-759x1024-640x480_c.jpg 400w,https:\/\/mnir50.mnir.ro\/wpmnir50\/wp-content\/uploads\/2022\/04\/60_1977_sesiune_indep_mioara_ionita-759x1024-640x480_c.jpg 2x\" srcset=\"data:image\/gif;base64,R0lGODlhAQABAIAAAP\/\/\/\/\/\/\/yH5BAEKAAEALAAAAAABAAEAAAICTAEAOw==\" \/><\/div><\/a><\/div><\/div><div id=\"envira-gallery-item-791\" class=\"envira-gallery-item enviratope-item envira-gallery-item-68 envira-lazy-load\" style=\"padding-left: 1px; padding-bottom: 2px; padding-right: 1px;\"  itemscope itemtype=\"https:\/\/schema.org\/ImageObject\"><div class=\"envira-gallery-item-inner\"><div class=\"envira-gallery-position-overlay  envira-gallery-top-left\"><\/div><div class=\"envira-gallery-position-overlay  envira-gallery-top-right\"><\/div><div class=\"envira-gallery-position-overlay  envira-gallery-bottom-left\"><\/div><div class=\"envira-gallery-position-overlay  envira-gallery-bottom-right\"><\/div><a href=\"https:\/\/mnir50.mnir.ro\/wpmnir50\/wp-content\/uploads\/2022\/04\/61_1977_sesiune_indep_n-petrescu-catalina-opaschi.jpg\" class=\"envira-gallery-2391 envira-gallery-link\" rel=\"enviragallery2391\" title=\"1977. Sesiune \u0219tiin\u021bific\u0103 dedicat\u0103 Centenarului Independen\u021bei (N. Petrescu, C\u0103t\u0103lina Opaschi...)\" data-envira-caption=\"1977. Sesiune \u0219tiin\u021bific\u0103 dedicat\u0103 Centenarului Independen\u021bei (N. Petrescu, C\u0103t\u0103lina Opaschi...)\" data-envira-retina=\"\" data-thumbnail=\"\"  itemprop=\"contentUrl\"><div class=\"envira-lazy\" data-test-width=\"640\" data-test-height=\"480\" style=\"padding-bottom:75%;\"><img decoding=\"async\" id=\"envira-gallery-image-791\" class=\"envira-gallery-image envira-gallery-image-68\" data-envira-index=\"68\" src=\"https:\/\/mnir50.mnir.ro\/wpmnir50\/wp-content\/uploads\/2022\/04\/61_1977_sesiune_indep_n-petrescu-catalina-opaschi-1024x676-640x480_c.jpg\" data-envira-src=\"https:\/\/mnir50.mnir.ro\/wpmnir50\/wp-content\/uploads\/2022\/04\/61_1977_sesiune_indep_n-petrescu-catalina-opaschi-1024x676-640x480_c.jpg\" data-envira-gallery-id=\"2391\" data-envira-item-id=\"791\" data-envira-caption=\"1977. Sesiune \u0219tiin\u021bific\u0103 dedicat\u0103 Centenarului Independen\u021bei (N. Petrescu, C\u0103t\u0103lina Opaschi...)\" alt=\"\" title=\"1977. Sesiune \u0219tiin\u021bific\u0103 dedicat\u0103 Centenarului Independen\u021bei (N. Petrescu, C\u0103t\u0103lina Opaschi...)\"  itemprop=\"thumbnailUrl\" data-envira-srcset=\"https:\/\/mnir50.mnir.ro\/wpmnir50\/wp-content\/uploads\/2022\/04\/61_1977_sesiune_indep_n-petrescu-catalina-opaschi-1024x676-640x480_c.jpg 400w,https:\/\/mnir50.mnir.ro\/wpmnir50\/wp-content\/uploads\/2022\/04\/61_1977_sesiune_indep_n-petrescu-catalina-opaschi-1024x676-640x480_c.jpg 2x\" srcset=\"data:image\/gif;base64,R0lGODlhAQABAIAAAP\/\/\/\/\/\/\/yH5BAEKAAEALAAAAAABAAEAAAICTAEAOw==\" \/><\/div><\/a><\/div><\/div><div id=\"envira-gallery-item-792\" class=\"envira-gallery-item enviratope-item envira-gallery-item-69 envira-lazy-load\" style=\"padding-left: 1px; padding-bottom: 2px; padding-right: 1px;\"  itemscope itemtype=\"https:\/\/schema.org\/ImageObject\"><div class=\"envira-gallery-item-inner\"><div class=\"envira-gallery-position-overlay  envira-gallery-top-left\"><\/div><div class=\"envira-gallery-position-overlay  envira-gallery-top-right\"><\/div><div class=\"envira-gallery-position-overlay  envira-gallery-bottom-left\"><\/div><div class=\"envira-gallery-position-overlay  envira-gallery-bottom-right\"><\/div><a href=\"https:\/\/mnir50.mnir.ro\/wpmnir50\/wp-content\/uploads\/2022\/04\/62_1978_ani-de-lupte.jpg\" class=\"envira-gallery-2391 envira-gallery-link\" rel=\"enviragallery2391\" title=\"1978. Concurs &bdquo;Ani de lupte, ani de glorii&rdquo;\" data-envira-caption=\"1978. Concurs &bdquo;Ani de lupte, ani de glorii&rdquo;\" data-envira-retina=\"\" data-thumbnail=\"\"  itemprop=\"contentUrl\"><div class=\"envira-lazy\" data-test-width=\"640\" data-test-height=\"480\" style=\"padding-bottom:75%;\"><img decoding=\"async\" id=\"envira-gallery-image-792\" class=\"envira-gallery-image envira-gallery-image-69\" data-envira-index=\"69\" src=\"https:\/\/mnir50.mnir.ro\/wpmnir50\/wp-content\/uploads\/2022\/04\/62_1978_ani-de-lupte-1024x704-640x480_c.jpg\" data-envira-src=\"https:\/\/mnir50.mnir.ro\/wpmnir50\/wp-content\/uploads\/2022\/04\/62_1978_ani-de-lupte-1024x704-640x480_c.jpg\" data-envira-gallery-id=\"2391\" data-envira-item-id=\"792\" data-envira-caption=\"1978. Concurs &bdquo;Ani de lupte, ani de glorii&rdquo;\" alt=\"\" title=\"1978. Concurs &amp;bdquo;Ani de lupte, ani de glorii&amp;rdquo;\"  itemprop=\"thumbnailUrl\" data-envira-srcset=\"https:\/\/mnir50.mnir.ro\/wpmnir50\/wp-content\/uploads\/2022\/04\/62_1978_ani-de-lupte-1024x704-640x480_c.jpg 400w,https:\/\/mnir50.mnir.ro\/wpmnir50\/wp-content\/uploads\/2022\/04\/62_1978_ani-de-lupte-1024x704-640x480_c.jpg 2x\" srcset=\"data:image\/gif;base64,R0lGODlhAQABAIAAAP\/\/\/\/\/\/\/yH5BAEKAAEALAAAAAABAAEAAAICTAEAOw==\" \/><\/div><\/a><\/div><\/div><div id=\"envira-gallery-item-793\" class=\"envira-gallery-item enviratope-item envira-gallery-item-70 envira-lazy-load\" style=\"padding-left: 1px; padding-bottom: 2px; padding-right: 1px;\"  itemscope itemtype=\"https:\/\/schema.org\/ImageObject\"><div class=\"envira-gallery-item-inner\"><div class=\"envira-gallery-position-overlay  envira-gallery-top-left\"><\/div><div class=\"envira-gallery-position-overlay  envira-gallery-top-right\"><\/div><div class=\"envira-gallery-position-overlay  envira-gallery-bottom-left\"><\/div><div class=\"envira-gallery-position-overlay  envira-gallery-bottom-right\"><\/div><a href=\"https:\/\/mnir50.mnir.ro\/wpmnir50\/wp-content\/uploads\/2022\/04\/63_1978_ani-de-lupte_ani-de-glorie.jpg\" class=\"envira-gallery-2391 envira-gallery-link\" rel=\"enviragallery2391\" title=\"1978. Concurs &bdquo;Ani de lupte, ani de glorii&rdquo;\" data-envira-caption=\"1978. Concurs &bdquo;Ani de lupte, ani de glorii&rdquo;\" data-envira-retina=\"\" data-thumbnail=\"\"  itemprop=\"contentUrl\"><div class=\"envira-lazy\" data-test-width=\"640\" data-test-height=\"480\" style=\"padding-bottom:75%;\"><img decoding=\"async\" id=\"envira-gallery-image-793\" class=\"envira-gallery-image envira-gallery-image-70\" data-envira-index=\"70\" src=\"https:\/\/mnir50.mnir.ro\/wpmnir50\/wp-content\/uploads\/2022\/04\/63_1978_ani-de-lupte_ani-de-glorie-1024x723-640x480_c.jpg\" data-envira-src=\"https:\/\/mnir50.mnir.ro\/wpmnir50\/wp-content\/uploads\/2022\/04\/63_1978_ani-de-lupte_ani-de-glorie-1024x723-640x480_c.jpg\" data-envira-gallery-id=\"2391\" data-envira-item-id=\"793\" data-envira-caption=\"1978. Concurs &bdquo;Ani de lupte, ani de glorii&rdquo;\" alt=\"\" title=\"1978. Concurs &amp;bdquo;Ani de lupte, ani de glorii&amp;rdquo;\"  itemprop=\"thumbnailUrl\" data-envira-srcset=\"https:\/\/mnir50.mnir.ro\/wpmnir50\/wp-content\/uploads\/2022\/04\/63_1978_ani-de-lupte_ani-de-glorie-1024x723-640x480_c.jpg 400w,https:\/\/mnir50.mnir.ro\/wpmnir50\/wp-content\/uploads\/2022\/04\/63_1978_ani-de-lupte_ani-de-glorie-1024x723-640x480_c.jpg 2x\" srcset=\"data:image\/gif;base64,R0lGODlhAQABAIAAAP\/\/\/\/\/\/\/yH5BAEKAAEALAAAAAABAAEAAAICTAEAOw==\" \/><\/div><\/a><\/div><\/div><div id=\"envira-gallery-item-795\" class=\"envira-gallery-item enviratope-item envira-gallery-item-71 envira-lazy-load\" style=\"padding-left: 1px; padding-bottom: 2px; padding-right: 1px;\"  itemscope itemtype=\"https:\/\/schema.org\/ImageObject\"><div class=\"envira-gallery-item-inner\"><div class=\"envira-gallery-position-overlay  envira-gallery-top-left\"><\/div><div class=\"envira-gallery-position-overlay  envira-gallery-top-right\"><\/div><div class=\"envira-gallery-position-overlay  envira-gallery-bottom-left\"><\/div><div class=\"envira-gallery-position-overlay  envira-gallery-bottom-right\"><\/div><a href=\"https:\/\/mnir50.mnir.ro\/wpmnir50\/wp-content\/uploads\/2022\/04\/65_1978_spectacol-pionieri.jpg\" class=\"envira-gallery-2391 envira-gallery-link\" rel=\"enviragallery2391\" title=\"1978. Spectacol sus\u021binut de pionieri la muzeu\" data-envira-caption=\"1978. Spectacol sus\u021binut de pionieri la muzeu\" data-envira-retina=\"\" data-thumbnail=\"\"  itemprop=\"contentUrl\"><div class=\"envira-lazy\" data-test-width=\"640\" data-test-height=\"480\" style=\"padding-bottom:75%;\"><img decoding=\"async\" id=\"envira-gallery-image-795\" class=\"envira-gallery-image envira-gallery-image-71\" data-envira-index=\"71\" src=\"https:\/\/mnir50.mnir.ro\/wpmnir50\/wp-content\/uploads\/2022\/04\/65_1978_spectacol-pionieri-1024x741-640x480_c.jpg\" data-envira-src=\"https:\/\/mnir50.mnir.ro\/wpmnir50\/wp-content\/uploads\/2022\/04\/65_1978_spectacol-pionieri-1024x741-640x480_c.jpg\" data-envira-gallery-id=\"2391\" data-envira-item-id=\"795\" data-envira-caption=\"1978. Spectacol sus\u021binut de pionieri la muzeu\" alt=\"\" title=\"1978. Spectacol sus\u021binut de pionieri la muzeu\"  itemprop=\"thumbnailUrl\" data-envira-srcset=\"https:\/\/mnir50.mnir.ro\/wpmnir50\/wp-content\/uploads\/2022\/04\/65_1978_spectacol-pionieri-1024x741-640x480_c.jpg 400w,https:\/\/mnir50.mnir.ro\/wpmnir50\/wp-content\/uploads\/2022\/04\/65_1978_spectacol-pionieri-1024x741-640x480_c.jpg 2x\" srcset=\"data:image\/gif;base64,R0lGODlhAQABAIAAAP\/\/\/\/\/\/\/yH5BAEKAAEALAAAAAABAAEAAAICTAEAOw==\" \/><\/div><\/a><\/div><\/div><div id=\"envira-gallery-item-794\" class=\"envira-gallery-item enviratope-item envira-gallery-item-72 envira-lazy-load\" style=\"padding-left: 1px; padding-bottom: 2px; padding-right: 1px;\"  itemscope itemtype=\"https:\/\/schema.org\/ImageObject\"><div class=\"envira-gallery-item-inner\"><div class=\"envira-gallery-position-overlay  envira-gallery-top-left\"><\/div><div class=\"envira-gallery-position-overlay  envira-gallery-top-right\"><\/div><div class=\"envira-gallery-position-overlay  envira-gallery-bottom-left\"><\/div><div class=\"envira-gallery-position-overlay  envira-gallery-bottom-right\"><\/div><a href=\"https:\/\/mnir50.mnir.ro\/wpmnir50\/wp-content\/uploads\/2022\/04\/64_1978_pionieri.jpg\" class=\"envira-gallery-2391 envira-gallery-link\" rel=\"enviragallery2391\" title=\"1978. Pionierii la muzeu\" data-envira-caption=\"1978. Pionierii la muzeu\" data-envira-retina=\"\" data-thumbnail=\"\"  itemprop=\"contentUrl\"><div class=\"envira-lazy\" data-test-width=\"640\" data-test-height=\"480\" style=\"padding-bottom:75%;\"><img decoding=\"async\" id=\"envira-gallery-image-794\" class=\"envira-gallery-image envira-gallery-image-72\" data-envira-index=\"72\" src=\"https:\/\/mnir50.mnir.ro\/wpmnir50\/wp-content\/uploads\/2022\/04\/64_1978_pionieri-1024x753-640x480_c.jpg\" data-envira-src=\"https:\/\/mnir50.mnir.ro\/wpmnir50\/wp-content\/uploads\/2022\/04\/64_1978_pionieri-1024x753-640x480_c.jpg\" data-envira-gallery-id=\"2391\" data-envira-item-id=\"794\" data-envira-caption=\"1978. Pionierii la muzeu\" alt=\"\" title=\"1978. Pionierii la muzeu\"  itemprop=\"thumbnailUrl\" data-envira-srcset=\"https:\/\/mnir50.mnir.ro\/wpmnir50\/wp-content\/uploads\/2022\/04\/64_1978_pionieri-1024x753-640x480_c.jpg 400w,https:\/\/mnir50.mnir.ro\/wpmnir50\/wp-content\/uploads\/2022\/04\/64_1978_pionieri-1024x753-640x480_c.jpg 2x\" srcset=\"data:image\/gif;base64,R0lGODlhAQABAIAAAP\/\/\/\/\/\/\/yH5BAEKAAEALAAAAAABAAEAAAICTAEAOw==\" \/><\/div><\/a><\/div><\/div><div id=\"envira-gallery-item-796\" class=\"envira-gallery-item enviratope-item envira-gallery-item-73 envira-lazy-load\" style=\"padding-left: 1px; padding-bottom: 2px; padding-right: 1px;\"  itemscope itemtype=\"https:\/\/schema.org\/ImageObject\"><div class=\"envira-gallery-item-inner\"><div class=\"envira-gallery-position-overlay  envira-gallery-top-left\"><\/div><div class=\"envira-gallery-position-overlay  envira-gallery-top-right\"><\/div><div class=\"envira-gallery-position-overlay  envira-gallery-bottom-left\"><\/div><div class=\"envira-gallery-position-overlay  envira-gallery-bottom-right\"><\/div><a href=\"https:\/\/mnir50.mnir.ro\/wpmnir50\/wp-content\/uploads\/2022\/04\/66_1979_expo_a_35-a-eliberare.jpg\" class=\"envira-gallery-2391 envira-gallery-link\" rel=\"enviragallery2391\" title=\"1979. Expozi\u021bia &bdquo;A 35-a aniversare a eliber\u0103rii patriei&rdquo;\" data-envira-caption=\"1979. Expozi\u021bia &bdquo;A 35-a aniversare a eliber\u0103rii patriei&rdquo;\" data-envira-retina=\"\" data-thumbnail=\"\"  itemprop=\"contentUrl\"><div class=\"envira-lazy\" data-test-width=\"640\" data-test-height=\"480\" style=\"padding-bottom:75%;\"><img decoding=\"async\" id=\"envira-gallery-image-796\" class=\"envira-gallery-image envira-gallery-image-73\" data-envira-index=\"73\" src=\"https:\/\/mnir50.mnir.ro\/wpmnir50\/wp-content\/uploads\/2022\/04\/66_1979_expo_a_35-a-eliberare-1024x796-640x480_c.jpg\" data-envira-src=\"https:\/\/mnir50.mnir.ro\/wpmnir50\/wp-content\/uploads\/2022\/04\/66_1979_expo_a_35-a-eliberare-1024x796-640x480_c.jpg\" data-envira-gallery-id=\"2391\" data-envira-item-id=\"796\" data-envira-caption=\"1979. Expozi\u021bia &bdquo;A 35-a aniversare a eliber\u0103rii patriei&rdquo;\" alt=\"\" title=\"1979. Expozi\u021bia &amp;bdquo;A 35-a aniversare a eliber\u0103rii patriei&amp;rdquo;\"  itemprop=\"thumbnailUrl\" data-envira-srcset=\"https:\/\/mnir50.mnir.ro\/wpmnir50\/wp-content\/uploads\/2022\/04\/66_1979_expo_a_35-a-eliberare-1024x796-640x480_c.jpg 400w,https:\/\/mnir50.mnir.ro\/wpmnir50\/wp-content\/uploads\/2022\/04\/66_1979_expo_a_35-a-eliberare-1024x796-640x480_c.jpg 2x\" srcset=\"data:image\/gif;base64,R0lGODlhAQABAIAAAP\/\/\/\/\/\/\/yH5BAEKAAEALAAAAAABAAEAAAICTAEAOw==\" \/><\/div><\/a><\/div><\/div><div id=\"envira-gallery-item-797\" class=\"envira-gallery-item enviratope-item envira-gallery-item-74 envira-lazy-load\" style=\"padding-left: 1px; padding-bottom: 2px; padding-right: 1px;\"  itemscope itemtype=\"https:\/\/schema.org\/ImageObject\"><div class=\"envira-gallery-item-inner\"><div class=\"envira-gallery-position-overlay  envira-gallery-top-left\"><\/div><div class=\"envira-gallery-position-overlay  envira-gallery-top-right\"><\/div><div class=\"envira-gallery-position-overlay  envira-gallery-bottom-left\"><\/div><div class=\"envira-gallery-position-overlay  envira-gallery-bottom-right\"><\/div><a href=\"https:\/\/mnir50.mnir.ro\/wpmnir50\/wp-content\/uploads\/2022\/04\/67_1980.jpg\" class=\"envira-gallery-2391 envira-gallery-link\" rel=\"enviragallery2391\" title=\"1980. Concert cu ocazia Zilelor Muzeului\" data-envira-caption=\"1980. Concert cu ocazia Zilelor Muzeului\" data-envira-retina=\"\" data-thumbnail=\"\"  itemprop=\"contentUrl\"><div class=\"envira-lazy\" data-test-width=\"640\" data-test-height=\"480\" style=\"padding-bottom:75%;\"><img decoding=\"async\" id=\"envira-gallery-image-797\" class=\"envira-gallery-image envira-gallery-image-74\" data-envira-index=\"74\" src=\"https:\/\/mnir50.mnir.ro\/wpmnir50\/wp-content\/uploads\/2022\/04\/67_1980-1024x736-640x480_c.jpg\" data-envira-src=\"https:\/\/mnir50.mnir.ro\/wpmnir50\/wp-content\/uploads\/2022\/04\/67_1980-1024x736-640x480_c.jpg\" data-envira-gallery-id=\"2391\" data-envira-item-id=\"797\" data-envira-caption=\"1980. Concert cu ocazia Zilelor Muzeului\" alt=\"\" title=\"1980. Concert cu ocazia Zilelor Muzeului\"  itemprop=\"thumbnailUrl\" data-envira-srcset=\"https:\/\/mnir50.mnir.ro\/wpmnir50\/wp-content\/uploads\/2022\/04\/67_1980-1024x736-640x480_c.jpg 400w,https:\/\/mnir50.mnir.ro\/wpmnir50\/wp-content\/uploads\/2022\/04\/67_1980-1024x736-640x480_c.jpg 2x\" srcset=\"data:image\/gif;base64,R0lGODlhAQABAIAAAP\/\/\/\/\/\/\/yH5BAEKAAEALAAAAAABAAEAAAICTAEAOw==\" \/><\/div><\/a><\/div><\/div><div id=\"envira-gallery-item-798\" class=\"envira-gallery-item enviratope-item envira-gallery-item-75 envira-lazy-load\" style=\"padding-left: 1px; padding-bottom: 2px; padding-right: 1px;\"  itemscope itemtype=\"https:\/\/schema.org\/ImageObject\"><div class=\"envira-gallery-item-inner\"><div class=\"envira-gallery-position-overlay  envira-gallery-top-left\"><\/div><div class=\"envira-gallery-position-overlay  envira-gallery-top-right\"><\/div><div class=\"envira-gallery-position-overlay  envira-gallery-bottom-left\"><\/div><div class=\"envira-gallery-position-overlay  envira-gallery-bottom-right\"><\/div><a href=\"https:\/\/mnir50.mnir.ro\/wpmnir50\/wp-content\/uploads\/2022\/04\/68_1980_anda_leo.jpg\" class=\"envira-gallery-2391 envira-gallery-link\" rel=\"enviragallery2391\" title=\"1980. Anda C\u0103lug\u0103reanu \u0219i Leopoldina B\u0103l\u0103nu\u021b\u0103 la Zilele Muzeului\" data-envira-caption=\"1980. Anda C\u0103lug\u0103reanu \u0219i Leopoldina B\u0103l\u0103nu\u021b\u0103 la Zilele Muzeului\" data-envira-retina=\"\" data-thumbnail=\"\"  itemprop=\"contentUrl\"><div class=\"envira-lazy\" data-test-width=\"640\" data-test-height=\"480\" style=\"padding-bottom:75%;\"><img decoding=\"async\" id=\"envira-gallery-image-798\" class=\"envira-gallery-image envira-gallery-image-75\" data-envira-index=\"75\" src=\"https:\/\/mnir50.mnir.ro\/wpmnir50\/wp-content\/uploads\/2022\/04\/68_1980_anda_leo-1024x786-640x480_c.jpg\" data-envira-src=\"https:\/\/mnir50.mnir.ro\/wpmnir50\/wp-content\/uploads\/2022\/04\/68_1980_anda_leo-1024x786-640x480_c.jpg\" data-envira-gallery-id=\"2391\" data-envira-item-id=\"798\" data-envira-caption=\"1980. Anda C\u0103lug\u0103reanu \u0219i Leopoldina B\u0103l\u0103nu\u021b\u0103 la Zilele Muzeului\" alt=\"\" title=\"1980. Anda C\u0103lug\u0103reanu \u0219i Leopoldina B\u0103l\u0103nu\u021b\u0103 la Zilele Muzeului\"  itemprop=\"thumbnailUrl\" data-envira-srcset=\"https:\/\/mnir50.mnir.ro\/wpmnir50\/wp-content\/uploads\/2022\/04\/68_1980_anda_leo-1024x786-640x480_c.jpg 400w,https:\/\/mnir50.mnir.ro\/wpmnir50\/wp-content\/uploads\/2022\/04\/68_1980_anda_leo-1024x786-640x480_c.jpg 2x\" srcset=\"data:image\/gif;base64,R0lGODlhAQABAIAAAP\/\/\/\/\/\/\/yH5BAEKAAEALAAAAAABAAEAAAICTAEAOw==\" \/><\/div><\/a><\/div><\/div><div id=\"envira-gallery-item-799\" class=\"envira-gallery-item enviratope-item envira-gallery-item-76 envira-lazy-load\" style=\"padding-left: 1px; padding-bottom: 2px; padding-right: 1px;\"  itemscope itemtype=\"https:\/\/schema.org\/ImageObject\"><div class=\"envira-gallery-item-inner\"><div class=\"envira-gallery-position-overlay  envira-gallery-top-left\"><\/div><div class=\"envira-gallery-position-overlay  envira-gallery-top-right\"><\/div><div class=\"envira-gallery-position-overlay  envira-gallery-bottom-left\"><\/div><div class=\"envira-gallery-position-overlay  envira-gallery-bottom-right\"><\/div><a href=\"https:\/\/mnir50.mnir.ro\/wpmnir50\/wp-content\/uploads\/2022\/04\/69_1980_anda_leopoldina.jpg\" class=\"envira-gallery-2391 envira-gallery-link\" rel=\"enviragallery2391\" title=\"1980. Anda C\u0103lug\u0103reanu \u0219i Leopoldina B\u0103l\u0103nu\u021b\u0103 la Zilele Muzeului\" data-envira-caption=\"1980. Anda C\u0103lug\u0103reanu \u0219i Leopoldina B\u0103l\u0103nu\u021b\u0103 la Zilele Muzeului\" data-envira-retina=\"\" data-thumbnail=\"\"  itemprop=\"contentUrl\"><div class=\"envira-lazy\" data-test-width=\"640\" data-test-height=\"480\" style=\"padding-bottom:75%;\"><img decoding=\"async\" id=\"envira-gallery-image-799\" class=\"envira-gallery-image envira-gallery-image-76\" data-envira-index=\"76\" src=\"https:\/\/mnir50.mnir.ro\/wpmnir50\/wp-content\/uploads\/2022\/04\/69_1980_anda_leopoldina-1024x780-640x480_c.jpg\" data-envira-src=\"https:\/\/mnir50.mnir.ro\/wpmnir50\/wp-content\/uploads\/2022\/04\/69_1980_anda_leopoldina-1024x780-640x480_c.jpg\" data-envira-gallery-id=\"2391\" data-envira-item-id=\"799\" data-envira-caption=\"1980. Anda C\u0103lug\u0103reanu \u0219i Leopoldina B\u0103l\u0103nu\u021b\u0103 la Zilele Muzeului\" alt=\"\" title=\"1980. Anda C\u0103lug\u0103reanu \u0219i Leopoldina B\u0103l\u0103nu\u021b\u0103 la Zilele Muzeului\"  itemprop=\"thumbnailUrl\" data-envira-srcset=\"https:\/\/mnir50.mnir.ro\/wpmnir50\/wp-content\/uploads\/2022\/04\/69_1980_anda_leopoldina-1024x780-640x480_c.jpg 400w,https:\/\/mnir50.mnir.ro\/wpmnir50\/wp-content\/uploads\/2022\/04\/69_1980_anda_leopoldina-1024x780-640x480_c.jpg 2x\" srcset=\"data:image\/gif;base64,R0lGODlhAQABAIAAAP\/\/\/\/\/\/\/yH5BAEKAAEALAAAAAABAAEAAAICTAEAOw==\" \/><\/div><\/a><\/div><\/div><div id=\"envira-gallery-item-800\" class=\"envira-gallery-item enviratope-item envira-gallery-item-77 envira-lazy-load\" style=\"padding-left: 1px; padding-bottom: 2px; padding-right: 1px;\"  itemscope itemtype=\"https:\/\/schema.org\/ImageObject\"><div class=\"envira-gallery-item-inner\"><div class=\"envira-gallery-position-overlay  envira-gallery-top-left\"><\/div><div class=\"envira-gallery-position-overlay  envira-gallery-top-right\"><\/div><div class=\"envira-gallery-position-overlay  envira-gallery-bottom-left\"><\/div><div class=\"envira-gallery-position-overlay  envira-gallery-bottom-right\"><\/div><a href=\"https:\/\/mnir50.mnir.ro\/wpmnir50\/wp-content\/uploads\/2022\/04\/70_1980_anda_leopolfina.jpg\" class=\"envira-gallery-2391 envira-gallery-link\" rel=\"enviragallery2391\" title=\"1980. Anda C\u0103lug\u0103reanu \u0219i Leopoldina B\u0103l\u0103nu\u021b\u0103 la Zilele Muzeului\" data-envira-caption=\"1980. Anda C\u0103lug\u0103reanu \u0219i Leopoldina B\u0103l\u0103nu\u021b\u0103 la Zilele Muzeului\" data-envira-retina=\"\" data-thumbnail=\"\"  itemprop=\"contentUrl\"><div class=\"envira-lazy\" data-test-width=\"640\" data-test-height=\"480\" style=\"padding-bottom:75%;\"><img decoding=\"async\" id=\"envira-gallery-image-800\" class=\"envira-gallery-image envira-gallery-image-77\" data-envira-index=\"77\" src=\"https:\/\/mnir50.mnir.ro\/wpmnir50\/wp-content\/uploads\/2022\/04\/70_1980_anda_leopolfina-1024x785-640x480_c.jpg\" data-envira-src=\"https:\/\/mnir50.mnir.ro\/wpmnir50\/wp-content\/uploads\/2022\/04\/70_1980_anda_leopolfina-1024x785-640x480_c.jpg\" data-envira-gallery-id=\"2391\" data-envira-item-id=\"800\" data-envira-caption=\"1980. Anda C\u0103lug\u0103reanu \u0219i Leopoldina B\u0103l\u0103nu\u021b\u0103 la Zilele Muzeului\" alt=\"\" title=\"1980. Anda C\u0103lug\u0103reanu \u0219i Leopoldina B\u0103l\u0103nu\u021b\u0103 la Zilele Muzeului\"  itemprop=\"thumbnailUrl\" data-envira-srcset=\"https:\/\/mnir50.mnir.ro\/wpmnir50\/wp-content\/uploads\/2022\/04\/70_1980_anda_leopolfina-1024x785-640x480_c.jpg 400w,https:\/\/mnir50.mnir.ro\/wpmnir50\/wp-content\/uploads\/2022\/04\/70_1980_anda_leopolfina-1024x785-640x480_c.jpg 2x\" srcset=\"data:image\/gif;base64,R0lGODlhAQABAIAAAP\/\/\/\/\/\/\/yH5BAEKAAEALAAAAAABAAEAAAICTAEAOw==\" \/><\/div><\/a><\/div><\/div><div id=\"envira-gallery-item-801\" class=\"envira-gallery-item enviratope-item envira-gallery-item-78 envira-lazy-load\" style=\"padding-left: 1px; padding-bottom: 2px; padding-right: 1px;\"  itemscope itemtype=\"https:\/\/schema.org\/ImageObject\"><div class=\"envira-gallery-item-inner\"><div class=\"envira-gallery-position-overlay  envira-gallery-top-left\"><\/div><div class=\"envira-gallery-position-overlay  envira-gallery-top-right\"><\/div><div class=\"envira-gallery-position-overlay  envira-gallery-bottom-left\"><\/div><div class=\"envira-gallery-position-overlay  envira-gallery-bottom-right\"><\/div><a href=\"https:\/\/mnir50.mnir.ro\/wpmnir50\/wp-content\/uploads\/2022\/04\/71_1980_calotorie_in_tara_lui_dromichete.jpg\" class=\"envira-gallery-2391 envira-gallery-link\" rel=\"enviragallery2391\" title=\"1980. Concursul &bdquo;C\u0103l\u0103torie &icirc;n \u021bara lui Dromichete&rdquo; (Mirel Popovici, Valeriu Leahu, George Trohani, Gh. Tomescu)\" data-envira-caption=\"1980. Concursul &bdquo;C\u0103l\u0103torie &icirc;n \u021bara lui Dromichete&rdquo; (Mirel Popovici, Valeriu Leahu, George Trohani, Gh. Tomescu)\" data-envira-retina=\"\" data-thumbnail=\"\"  itemprop=\"contentUrl\"><div class=\"envira-lazy\" data-test-width=\"640\" data-test-height=\"480\" style=\"padding-bottom:75%;\"><img decoding=\"async\" id=\"envira-gallery-image-801\" class=\"envira-gallery-image envira-gallery-image-78\" data-envira-index=\"78\" src=\"https:\/\/mnir50.mnir.ro\/wpmnir50\/wp-content\/uploads\/2022\/04\/71_1980_calotorie_in_tara_lui_dromichete-1024x763-640x480_c.jpg\" data-envira-src=\"https:\/\/mnir50.mnir.ro\/wpmnir50\/wp-content\/uploads\/2022\/04\/71_1980_calotorie_in_tara_lui_dromichete-1024x763-640x480_c.jpg\" data-envira-gallery-id=\"2391\" data-envira-item-id=\"801\" data-envira-caption=\"1980. Concursul &bdquo;C\u0103l\u0103torie &icirc;n \u021bara lui Dromichete&rdquo; (Mirel Popovici, Valeriu Leahu, George Trohani, Gh. Tomescu)\" alt=\"\" title=\"1980. Concursul &amp;bdquo;C\u0103l\u0103torie &amp;icirc;n \u021bara lui Dromichete&amp;rdquo; (Mirel Popovici, Valeriu Leahu, George Trohani, Gh. Tomescu)\"  itemprop=\"thumbnailUrl\" data-envira-srcset=\"https:\/\/mnir50.mnir.ro\/wpmnir50\/wp-content\/uploads\/2022\/04\/71_1980_calotorie_in_tara_lui_dromichete-1024x763-640x480_c.jpg 400w,https:\/\/mnir50.mnir.ro\/wpmnir50\/wp-content\/uploads\/2022\/04\/71_1980_calotorie_in_tara_lui_dromichete-1024x763-640x480_c.jpg 2x\" srcset=\"data:image\/gif;base64,R0lGODlhAQABAIAAAP\/\/\/\/\/\/\/yH5BAEKAAEALAAAAAABAAEAAAICTAEAOw==\" \/><\/div><\/a><\/div><\/div><div id=\"envira-gallery-item-803\" class=\"envira-gallery-item enviratope-item envira-gallery-item-79 envira-lazy-load\" style=\"padding-left: 1px; padding-bottom: 2px; padding-right: 1px;\"  itemscope itemtype=\"https:\/\/schema.org\/ImageObject\"><div class=\"envira-gallery-item-inner\"><div class=\"envira-gallery-position-overlay  envira-gallery-top-left\"><\/div><div class=\"envira-gallery-position-overlay  envira-gallery-top-right\"><\/div><div class=\"envira-gallery-position-overlay  envira-gallery-bottom-left\"><\/div><div class=\"envira-gallery-position-overlay  envira-gallery-bottom-right\"><\/div><a href=\"https:\/\/mnir50.mnir.ro\/wpmnir50\/wp-content\/uploads\/2022\/04\/73_1980_emil_liptac_sapt_muz_nat.jpg\" class=\"envira-gallery-2391 envira-gallery-link\" rel=\"enviragallery2391\" title=\"1980. Actorul Emil Liptac la Zilele Muzeului\" data-envira-caption=\"1980. Actorul Emil Liptac la Zilele Muzeului\" data-envira-retina=\"\" data-thumbnail=\"\"  itemprop=\"contentUrl\"><div class=\"envira-lazy\" data-test-width=\"640\" data-test-height=\"480\" style=\"padding-bottom:75%;\"><img decoding=\"async\" id=\"envira-gallery-image-803\" class=\"envira-gallery-image envira-gallery-image-79\" data-envira-index=\"79\" src=\"https:\/\/mnir50.mnir.ro\/wpmnir50\/wp-content\/uploads\/2022\/04\/73_1980_emil_liptac_sapt_muz_nat-1024x771-640x480_c.jpg\" data-envira-src=\"https:\/\/mnir50.mnir.ro\/wpmnir50\/wp-content\/uploads\/2022\/04\/73_1980_emil_liptac_sapt_muz_nat-1024x771-640x480_c.jpg\" data-envira-gallery-id=\"2391\" data-envira-item-id=\"803\" data-envira-caption=\"1980. Actorul Emil Liptac la Zilele Muzeului\" alt=\"\" title=\"1980. Actorul Emil Liptac la Zilele Muzeului\"  itemprop=\"thumbnailUrl\" data-envira-srcset=\"https:\/\/mnir50.mnir.ro\/wpmnir50\/wp-content\/uploads\/2022\/04\/73_1980_emil_liptac_sapt_muz_nat-1024x771-640x480_c.jpg 400w,https:\/\/mnir50.mnir.ro\/wpmnir50\/wp-content\/uploads\/2022\/04\/73_1980_emil_liptac_sapt_muz_nat-1024x771-640x480_c.jpg 2x\" srcset=\"data:image\/gif;base64,R0lGODlhAQABAIAAAP\/\/\/\/\/\/\/yH5BAEKAAEALAAAAAABAAEAAAICTAEAOw==\" \/><\/div><\/a><\/div><\/div><div id=\"envira-gallery-item-802\" class=\"envira-gallery-item enviratope-item envira-gallery-item-80 envira-lazy-load\" style=\"padding-left: 1px; padding-bottom: 2px; padding-right: 1px;\"  itemscope itemtype=\"https:\/\/schema.org\/ImageObject\"><div class=\"envira-gallery-item-inner\"><div class=\"envira-gallery-position-overlay  envira-gallery-top-left\"><\/div><div class=\"envira-gallery-position-overlay  envira-gallery-top-right\"><\/div><div class=\"envira-gallery-position-overlay  envira-gallery-bottom-left\"><\/div><div class=\"envira-gallery-position-overlay  envira-gallery-bottom-right\"><\/div><a href=\"https:\/\/mnir50.mnir.ro\/wpmnir50\/wp-content\/uploads\/2022\/04\/72_1980_concurs_treptele_implinirii.jpg\" class=\"envira-gallery-2391 envira-gallery-link\" rel=\"enviragallery2391\" title=\"1980. Concursul &bdquo;Treptele &icirc;mplinirii&rdquo;\" data-envira-caption=\"1980. Concursul &bdquo;Treptele &icirc;mplinirii&rdquo;\" data-envira-retina=\"\" data-thumbnail=\"\"  itemprop=\"contentUrl\"><div class=\"envira-lazy\" data-test-width=\"640\" data-test-height=\"480\" style=\"padding-bottom:75%;\"><img decoding=\"async\" id=\"envira-gallery-image-802\" class=\"envira-gallery-image envira-gallery-image-80\" data-envira-index=\"80\" src=\"https:\/\/mnir50.mnir.ro\/wpmnir50\/wp-content\/uploads\/2022\/04\/72_1980_concurs_treptele_implinirii-1024x730-640x480_c.jpg\" data-envira-src=\"https:\/\/mnir50.mnir.ro\/wpmnir50\/wp-content\/uploads\/2022\/04\/72_1980_concurs_treptele_implinirii-1024x730-640x480_c.jpg\" data-envira-gallery-id=\"2391\" data-envira-item-id=\"802\" data-envira-caption=\"1980. Concursul &bdquo;Treptele &icirc;mplinirii&rdquo;\" alt=\"\" title=\"1980. Concursul &amp;bdquo;Treptele &amp;icirc;mplinirii&amp;rdquo;\"  itemprop=\"thumbnailUrl\" data-envira-srcset=\"https:\/\/mnir50.mnir.ro\/wpmnir50\/wp-content\/uploads\/2022\/04\/72_1980_concurs_treptele_implinirii-1024x730-640x480_c.jpg 400w,https:\/\/mnir50.mnir.ro\/wpmnir50\/wp-content\/uploads\/2022\/04\/72_1980_concurs_treptele_implinirii-1024x730-640x480_c.jpg 2x\" srcset=\"data:image\/gif;base64,R0lGODlhAQABAIAAAP\/\/\/\/\/\/\/yH5BAEKAAEALAAAAAABAAEAAAICTAEAOw==\" \/><\/div><\/a><\/div><\/div><div id=\"envira-gallery-item-804\" class=\"envira-gallery-item enviratope-item envira-gallery-item-81 envira-lazy-load\" style=\"padding-left: 1px; padding-bottom: 2px; padding-right: 1px;\"  itemscope itemtype=\"https:\/\/schema.org\/ImageObject\"><div class=\"envira-gallery-item-inner\"><div class=\"envira-gallery-position-overlay  envira-gallery-top-left\"><\/div><div class=\"envira-gallery-position-overlay  envira-gallery-top-right\"><\/div><div class=\"envira-gallery-position-overlay  envira-gallery-bottom-left\"><\/div><div class=\"envira-gallery-position-overlay  envira-gallery-bottom-right\"><\/div><a href=\"https:\/\/mnir50.mnir.ro\/wpmnir50\/wp-content\/uploads\/2022\/04\/74_1980_expo_cea-dea-zecea-editie-a-expeditiilor.jpg\" class=\"envira-gallery-2391 envira-gallery-link\" rel=\"enviragallery2391\" title=\"1980. Expozi\u021bia &bdquo;Cea de-a zecea edi\u021bie a expedi\u021biilor Cutez\u0103torii&rdquo;\" data-envira-caption=\"1980. Expozi\u021bia &bdquo;Cea de-a zecea edi\u021bie a expedi\u021biilor Cutez\u0103torii&rdquo;\" data-envira-retina=\"\" data-thumbnail=\"\"  itemprop=\"contentUrl\"><div class=\"envira-lazy\" data-test-width=\"640\" data-test-height=\"480\" style=\"padding-bottom:75%;\"><img decoding=\"async\" id=\"envira-gallery-image-804\" class=\"envira-gallery-image envira-gallery-image-81\" data-envira-index=\"81\" src=\"https:\/\/mnir50.mnir.ro\/wpmnir50\/wp-content\/uploads\/2022\/04\/74_1980_expo_cea-dea-zecea-editie-a-expeditiilor-1024x761-640x480_c.jpg\" data-envira-src=\"https:\/\/mnir50.mnir.ro\/wpmnir50\/wp-content\/uploads\/2022\/04\/74_1980_expo_cea-dea-zecea-editie-a-expeditiilor-1024x761-640x480_c.jpg\" data-envira-gallery-id=\"2391\" data-envira-item-id=\"804\" data-envira-caption=\"1980. Expozi\u021bia &bdquo;Cea de-a zecea edi\u021bie a expedi\u021biilor Cutez\u0103torii&rdquo;\" alt=\"\" title=\"1980. Expozi\u021bia &amp;bdquo;Cea de-a zecea edi\u021bie a expedi\u021biilor Cutez\u0103torii&amp;rdquo;\"  itemprop=\"thumbnailUrl\" data-envira-srcset=\"https:\/\/mnir50.mnir.ro\/wpmnir50\/wp-content\/uploads\/2022\/04\/74_1980_expo_cea-dea-zecea-editie-a-expeditiilor-1024x761-640x480_c.jpg 400w,https:\/\/mnir50.mnir.ro\/wpmnir50\/wp-content\/uploads\/2022\/04\/74_1980_expo_cea-dea-zecea-editie-a-expeditiilor-1024x761-640x480_c.jpg 2x\" srcset=\"data:image\/gif;base64,R0lGODlhAQABAIAAAP\/\/\/\/\/\/\/yH5BAEKAAEALAAAAAABAAEAAAICTAEAOw==\" \/><\/div><\/a><\/div><\/div><div id=\"envira-gallery-item-805\" class=\"envira-gallery-item enviratope-item envira-gallery-item-82 envira-lazy-load\" style=\"padding-left: 1px; padding-bottom: 2px; padding-right: 1px;\"  itemscope itemtype=\"https:\/\/schema.org\/ImageObject\"><div class=\"envira-gallery-item-inner\"><div class=\"envira-gallery-position-overlay  envira-gallery-top-left\"><\/div><div class=\"envira-gallery-position-overlay  envira-gallery-top-right\"><\/div><div class=\"envira-gallery-position-overlay  envira-gallery-bottom-left\"><\/div><div class=\"envira-gallery-position-overlay  envira-gallery-bottom-right\"><\/div><a href=\"https:\/\/mnir50.mnir.ro\/wpmnir50\/wp-content\/uploads\/2022\/04\/75_1980_expo_cea-dea-zecea-editie-expeditii-cutezatorii.jpg\" class=\"envira-gallery-2391 envira-gallery-link\" rel=\"enviragallery2391\" title=\"1980. Expozi\u021bia &bdquo;Cea de-a zecea edi\u021bie a expedi\u021biilor Cutez\u0103torii&rdquo;\" data-envira-caption=\"1980. Expozi\u021bia &bdquo;Cea de-a zecea edi\u021bie a expedi\u021biilor Cutez\u0103torii&rdquo;\" data-envira-retina=\"\" data-thumbnail=\"\"  itemprop=\"contentUrl\"><div class=\"envira-lazy\" data-test-width=\"640\" data-test-height=\"480\" style=\"padding-bottom:75%;\"><img decoding=\"async\" id=\"envira-gallery-image-805\" class=\"envira-gallery-image envira-gallery-image-82\" data-envira-index=\"82\" src=\"https:\/\/mnir50.mnir.ro\/wpmnir50\/wp-content\/uploads\/2022\/04\/75_1980_expo_cea-dea-zecea-editie-expeditii-cutezatorii-1024x765-640x480_c.jpg\" data-envira-src=\"https:\/\/mnir50.mnir.ro\/wpmnir50\/wp-content\/uploads\/2022\/04\/75_1980_expo_cea-dea-zecea-editie-expeditii-cutezatorii-1024x765-640x480_c.jpg\" data-envira-gallery-id=\"2391\" data-envira-item-id=\"805\" data-envira-caption=\"1980. Expozi\u021bia &bdquo;Cea de-a zecea edi\u021bie a expedi\u021biilor Cutez\u0103torii&rdquo;\" alt=\"\" title=\"1980. Expozi\u021bia &amp;bdquo;Cea de-a zecea edi\u021bie a expedi\u021biilor Cutez\u0103torii&amp;rdquo;\"  itemprop=\"thumbnailUrl\" data-envira-srcset=\"https:\/\/mnir50.mnir.ro\/wpmnir50\/wp-content\/uploads\/2022\/04\/75_1980_expo_cea-dea-zecea-editie-expeditii-cutezatorii-1024x765-640x480_c.jpg 400w,https:\/\/mnir50.mnir.ro\/wpmnir50\/wp-content\/uploads\/2022\/04\/75_1980_expo_cea-dea-zecea-editie-expeditii-cutezatorii-1024x765-640x480_c.jpg 2x\" srcset=\"data:image\/gif;base64,R0lGODlhAQABAIAAAP\/\/\/\/\/\/\/yH5BAEKAAEALAAAAAABAAEAAAICTAEAOw==\" \/><\/div><\/a><\/div><\/div><div id=\"envira-gallery-item-806\" class=\"envira-gallery-item enviratope-item envira-gallery-item-83 envira-lazy-load\" style=\"padding-left: 1px; padding-bottom: 2px; padding-right: 1px;\"  itemscope itemtype=\"https:\/\/schema.org\/ImageObject\"><div class=\"envira-gallery-item-inner\"><div class=\"envira-gallery-position-overlay  envira-gallery-top-left\"><\/div><div class=\"envira-gallery-position-overlay  envira-gallery-top-right\"><\/div><div class=\"envira-gallery-position-overlay  envira-gallery-bottom-left\"><\/div><div class=\"envira-gallery-position-overlay  envira-gallery-bottom-right\"><\/div><a href=\"https:\/\/mnir50.mnir.ro\/wpmnir50\/wp-content\/uploads\/2022\/04\/76_1980_expo_restaurarea_si_conservarea.jpg\" class=\"envira-gallery-2391 envira-gallery-link\" rel=\"enviragallery2391\" title=\"1980. Expozi\u021bia &bdquo;Restaurarea \u0219i conservarea patrimoniului cultural&rdquo;\" data-envira-caption=\"1980. Expozi\u021bia &bdquo;Restaurarea \u0219i conservarea patrimoniului cultural&rdquo;\" data-envira-retina=\"\" data-thumbnail=\"\"  itemprop=\"contentUrl\"><div class=\"envira-lazy\" data-test-width=\"640\" data-test-height=\"480\" style=\"padding-bottom:75%;\"><img decoding=\"async\" id=\"envira-gallery-image-806\" class=\"envira-gallery-image envira-gallery-image-83\" data-envira-index=\"83\" src=\"https:\/\/mnir50.mnir.ro\/wpmnir50\/wp-content\/uploads\/2022\/04\/76_1980_expo_restaurarea_si_conservarea-1024x770-640x480_c.jpg\" data-envira-src=\"https:\/\/mnir50.mnir.ro\/wpmnir50\/wp-content\/uploads\/2022\/04\/76_1980_expo_restaurarea_si_conservarea-1024x770-640x480_c.jpg\" data-envira-gallery-id=\"2391\" data-envira-item-id=\"806\" data-envira-caption=\"1980. Expozi\u021bia &bdquo;Restaurarea \u0219i conservarea patrimoniului cultural&rdquo;\" alt=\"\" title=\"1980. Expozi\u021bia &amp;bdquo;Restaurarea \u0219i conservarea patrimoniului cultural&amp;rdquo;\"  itemprop=\"thumbnailUrl\" data-envira-srcset=\"https:\/\/mnir50.mnir.ro\/wpmnir50\/wp-content\/uploads\/2022\/04\/76_1980_expo_restaurarea_si_conservarea-1024x770-640x480_c.jpg 400w,https:\/\/mnir50.mnir.ro\/wpmnir50\/wp-content\/uploads\/2022\/04\/76_1980_expo_restaurarea_si_conservarea-1024x770-640x480_c.jpg 2x\" srcset=\"data:image\/gif;base64,R0lGODlhAQABAIAAAP\/\/\/\/\/\/\/yH5BAEKAAEALAAAAAABAAEAAAICTAEAOw==\" \/><\/div><\/a><\/div><\/div><div id=\"envira-gallery-item-808\" class=\"envira-gallery-item enviratope-item envira-gallery-item-84 envira-lazy-load\" style=\"padding-left: 1px; padding-bottom: 2px; padding-right: 1px;\"  itemscope itemtype=\"https:\/\/schema.org\/ImageObject\"><div class=\"envira-gallery-item-inner\"><div class=\"envira-gallery-position-overlay  envira-gallery-top-left\"><\/div><div class=\"envira-gallery-position-overlay  envira-gallery-top-right\"><\/div><div class=\"envira-gallery-position-overlay  envira-gallery-bottom-left\"><\/div><div class=\"envira-gallery-position-overlay  envira-gallery-bottom-right\"><\/div><a href=\"https:\/\/mnir50.mnir.ro\/wpmnir50\/wp-content\/uploads\/2022\/04\/78_1980_expo_romania_azi-3.jpg\" class=\"envira-gallery-2391 envira-gallery-link\" rel=\"enviragallery2391\" title=\"1980. Expozi\u021bia &bdquo;Rom&acirc;nia azi&rdquo;\" data-envira-caption=\"1980. Expozi\u021bia &bdquo;Rom&acirc;nia azi&rdquo;\" data-envira-retina=\"\" data-thumbnail=\"\"  itemprop=\"contentUrl\"><div class=\"envira-lazy\" data-test-width=\"640\" data-test-height=\"480\" style=\"padding-bottom:75%;\"><img decoding=\"async\" id=\"envira-gallery-image-808\" class=\"envira-gallery-image envira-gallery-image-84\" data-envira-index=\"84\" src=\"https:\/\/mnir50.mnir.ro\/wpmnir50\/wp-content\/uploads\/2022\/04\/78_1980_expo_romania_azi-3-1024x743-640x480_c.jpg\" data-envira-src=\"https:\/\/mnir50.mnir.ro\/wpmnir50\/wp-content\/uploads\/2022\/04\/78_1980_expo_romania_azi-3-1024x743-640x480_c.jpg\" data-envira-gallery-id=\"2391\" data-envira-item-id=\"808\" data-envira-caption=\"1980. Expozi\u021bia &bdquo;Rom&acirc;nia azi&rdquo;\" alt=\"\" title=\"1980. Expozi\u021bia &amp;bdquo;Rom&amp;acirc;nia azi&amp;rdquo;\"  itemprop=\"thumbnailUrl\" data-envira-srcset=\"https:\/\/mnir50.mnir.ro\/wpmnir50\/wp-content\/uploads\/2022\/04\/78_1980_expo_romania_azi-3-1024x743-640x480_c.jpg 400w,https:\/\/mnir50.mnir.ro\/wpmnir50\/wp-content\/uploads\/2022\/04\/78_1980_expo_romania_azi-3-1024x743-640x480_c.jpg 2x\" srcset=\"data:image\/gif;base64,R0lGODlhAQABAIAAAP\/\/\/\/\/\/\/yH5BAEKAAEALAAAAAABAAEAAAICTAEAOw==\" \/><\/div><\/a><\/div><\/div><div id=\"envira-gallery-item-807\" class=\"envira-gallery-item enviratope-item envira-gallery-item-85 envira-lazy-load\" style=\"padding-left: 1px; padding-bottom: 2px; padding-right: 1px;\"  itemscope itemtype=\"https:\/\/schema.org\/ImageObject\"><div class=\"envira-gallery-item-inner\"><div class=\"envira-gallery-position-overlay  envira-gallery-top-left\"><\/div><div class=\"envira-gallery-position-overlay  envira-gallery-top-right\"><\/div><div class=\"envira-gallery-position-overlay  envira-gallery-bottom-left\"><\/div><div class=\"envira-gallery-position-overlay  envira-gallery-bottom-right\"><\/div><a href=\"https:\/\/mnir50.mnir.ro\/wpmnir50\/wp-content\/uploads\/2022\/04\/77_1980_expo_romania_azi-2.jpg\" class=\"envira-gallery-2391 envira-gallery-link\" rel=\"enviragallery2391\" title=\"1980. Expozi\u021bia &bdquo;Rom&acirc;nia azi&rdquo;\" data-envira-caption=\"1980. Expozi\u021bia &bdquo;Rom&acirc;nia azi&rdquo;\" data-envira-retina=\"\" data-thumbnail=\"\"  itemprop=\"contentUrl\"><div class=\"envira-lazy\" data-test-width=\"640\" data-test-height=\"480\" style=\"padding-bottom:75%;\"><img decoding=\"async\" id=\"envira-gallery-image-807\" class=\"envira-gallery-image envira-gallery-image-85\" data-envira-index=\"85\" src=\"https:\/\/mnir50.mnir.ro\/wpmnir50\/wp-content\/uploads\/2022\/04\/77_1980_expo_romania_azi-2-748x1024-640x480_c.jpg\" data-envira-src=\"https:\/\/mnir50.mnir.ro\/wpmnir50\/wp-content\/uploads\/2022\/04\/77_1980_expo_romania_azi-2-748x1024-640x480_c.jpg\" data-envira-gallery-id=\"2391\" data-envira-item-id=\"807\" data-envira-caption=\"1980. Expozi\u021bia &bdquo;Rom&acirc;nia azi&rdquo;\" alt=\"\" title=\"1980. Expozi\u021bia &amp;bdquo;Rom&amp;acirc;nia azi&amp;rdquo;\"  itemprop=\"thumbnailUrl\" data-envira-srcset=\"https:\/\/mnir50.mnir.ro\/wpmnir50\/wp-content\/uploads\/2022\/04\/77_1980_expo_romania_azi-2-748x1024-640x480_c.jpg 400w,https:\/\/mnir50.mnir.ro\/wpmnir50\/wp-content\/uploads\/2022\/04\/77_1980_expo_romania_azi-2-748x1024-640x480_c.jpg 2x\" srcset=\"data:image\/gif;base64,R0lGODlhAQABAIAAAP\/\/\/\/\/\/\/yH5BAEKAAEALAAAAAABAAEAAAICTAEAOw==\" \/><\/div><\/a><\/div><\/div><div id=\"envira-gallery-item-809\" class=\"envira-gallery-item enviratope-item envira-gallery-item-86 envira-lazy-load\" style=\"padding-left: 1px; padding-bottom: 2px; padding-right: 1px;\"  itemscope itemtype=\"https:\/\/schema.org\/ImageObject\"><div class=\"envira-gallery-item-inner\"><div class=\"envira-gallery-position-overlay  envira-gallery-top-left\"><\/div><div class=\"envira-gallery-position-overlay  envira-gallery-top-right\"><\/div><div class=\"envira-gallery-position-overlay  envira-gallery-bottom-left\"><\/div><div class=\"envira-gallery-position-overlay  envira-gallery-bottom-right\"><\/div><a href=\"https:\/\/mnir50.mnir.ro\/wpmnir50\/wp-content\/uploads\/2022\/04\/79_1980_expo_romania_azi.jpg\" class=\"envira-gallery-2391 envira-gallery-link\" rel=\"enviragallery2391\" title=\"1980. Expozi\u021bia &bdquo;Rom&acirc;nia azi&rdquo;\" data-envira-caption=\"1980. Expozi\u021bia &bdquo;Rom&acirc;nia azi&rdquo;\" data-envira-retina=\"\" data-thumbnail=\"\"  itemprop=\"contentUrl\"><div class=\"envira-lazy\" data-test-width=\"640\" data-test-height=\"480\" style=\"padding-bottom:75%;\"><img decoding=\"async\" id=\"envira-gallery-image-809\" class=\"envira-gallery-image envira-gallery-image-86\" data-envira-index=\"86\" src=\"https:\/\/mnir50.mnir.ro\/wpmnir50\/wp-content\/uploads\/2022\/04\/79_1980_expo_romania_azi-1024x758-640x480_c.jpg\" data-envira-src=\"https:\/\/mnir50.mnir.ro\/wpmnir50\/wp-content\/uploads\/2022\/04\/79_1980_expo_romania_azi-1024x758-640x480_c.jpg\" data-envira-gallery-id=\"2391\" data-envira-item-id=\"809\" data-envira-caption=\"1980. Expozi\u021bia &bdquo;Rom&acirc;nia azi&rdquo;\" alt=\"\" title=\"1980. Expozi\u021bia &amp;bdquo;Rom&amp;acirc;nia azi&amp;rdquo;\"  itemprop=\"thumbnailUrl\" data-envira-srcset=\"https:\/\/mnir50.mnir.ro\/wpmnir50\/wp-content\/uploads\/2022\/04\/79_1980_expo_romania_azi-1024x758-640x480_c.jpg 400w,https:\/\/mnir50.mnir.ro\/wpmnir50\/wp-content\/uploads\/2022\/04\/79_1980_expo_romania_azi-1024x758-640x480_c.jpg 2x\" srcset=\"data:image\/gif;base64,R0lGODlhAQABAIAAAP\/\/\/\/\/\/\/yH5BAEKAAEALAAAAAABAAEAAAICTAEAOw==\" \/><\/div><\/a><\/div><\/div><div id=\"envira-gallery-item-810\" class=\"envira-gallery-item enviratope-item envira-gallery-item-87 envira-lazy-load\" style=\"padding-left: 1px; padding-bottom: 2px; padding-right: 1px;\"  itemscope itemtype=\"https:\/\/schema.org\/ImageObject\"><div class=\"envira-gallery-item-inner\"><div class=\"envira-gallery-position-overlay  envira-gallery-top-left\"><\/div><div class=\"envira-gallery-position-overlay  envira-gallery-top-right\"><\/div><div class=\"envira-gallery-position-overlay  envira-gallery-bottom-left\"><\/div><div class=\"envira-gallery-position-overlay  envira-gallery-bottom-right\"><\/div><a href=\"https:\/\/mnir50.mnir.ro\/wpmnir50\/wp-content\/uploads\/2022\/04\/80_1980_h-daicoviciu_sapt_muzeului.jpg\" class=\"envira-gallery-2391 envira-gallery-link\" rel=\"enviragallery2391\" title=\"1980. S\u0103pt\u0103m&acirc;na Muzeului (Hadrian Daicoviciu)\" data-envira-caption=\"1980. S\u0103pt\u0103m&acirc;na Muzeului (Hadrian Daicoviciu)\" data-envira-retina=\"\" data-thumbnail=\"\"  itemprop=\"contentUrl\"><div class=\"envira-lazy\" data-test-width=\"640\" data-test-height=\"480\" style=\"padding-bottom:75%;\"><img decoding=\"async\" id=\"envira-gallery-image-810\" class=\"envira-gallery-image envira-gallery-image-87\" data-envira-index=\"87\" src=\"https:\/\/mnir50.mnir.ro\/wpmnir50\/wp-content\/uploads\/2022\/04\/80_1980_h-daicoviciu_sapt_muzeului-740x1024-640x480_c.jpg\" data-envira-src=\"https:\/\/mnir50.mnir.ro\/wpmnir50\/wp-content\/uploads\/2022\/04\/80_1980_h-daicoviciu_sapt_muzeului-740x1024-640x480_c.jpg\" data-envira-gallery-id=\"2391\" data-envira-item-id=\"810\" data-envira-caption=\"1980. S\u0103pt\u0103m&acirc;na Muzeului (Hadrian Daicoviciu)\" alt=\"\" title=\"1980. S\u0103pt\u0103m&amp;acirc;na Muzeului (Hadrian Daicoviciu)\"  itemprop=\"thumbnailUrl\" data-envira-srcset=\"https:\/\/mnir50.mnir.ro\/wpmnir50\/wp-content\/uploads\/2022\/04\/80_1980_h-daicoviciu_sapt_muzeului-740x1024-640x480_c.jpg 400w,https:\/\/mnir50.mnir.ro\/wpmnir50\/wp-content\/uploads\/2022\/04\/80_1980_h-daicoviciu_sapt_muzeului-740x1024-640x480_c.jpg 2x\" srcset=\"data:image\/gif;base64,R0lGODlhAQABAIAAAP\/\/\/\/\/\/\/yH5BAEKAAEALAAAAAABAAEAAAICTAEAOw==\" \/><\/div><\/a><\/div><\/div><div id=\"envira-gallery-item-811\" class=\"envira-gallery-item enviratope-item envira-gallery-item-88 envira-lazy-load\" style=\"padding-left: 1px; padding-bottom: 2px; padding-right: 1px;\"  itemscope itemtype=\"https:\/\/schema.org\/ImageObject\"><div class=\"envira-gallery-item-inner\"><div class=\"envira-gallery-position-overlay  envira-gallery-top-left\"><\/div><div class=\"envira-gallery-position-overlay  envira-gallery-top-right\"><\/div><div class=\"envira-gallery-position-overlay  envira-gallery-bottom-left\"><\/div><div class=\"envira-gallery-position-overlay  envira-gallery-bottom-right\"><\/div><a href=\"https:\/\/mnir50.mnir.ro\/wpmnir50\/wp-content\/uploads\/2022\/04\/81_1980_imgb.jpg\" class=\"envira-gallery-2391 envira-gallery-link\" rel=\"enviragallery2391\" title=\"1980. Prezentare &icirc;n fa\u021ba muncitorilor de la IMGB\" data-envira-caption=\"1980. Prezentare &icirc;n fa\u021ba muncitorilor de la IMGB\" data-envira-retina=\"\" data-thumbnail=\"\"  itemprop=\"contentUrl\"><div class=\"envira-lazy\" data-test-width=\"640\" data-test-height=\"480\" style=\"padding-bottom:75%;\"><img decoding=\"async\" id=\"envira-gallery-image-811\" class=\"envira-gallery-image envira-gallery-image-88\" data-envira-index=\"88\" src=\"https:\/\/mnir50.mnir.ro\/wpmnir50\/wp-content\/uploads\/2022\/04\/81_1980_imgb-1024x716-640x480_c.jpg\" data-envira-src=\"https:\/\/mnir50.mnir.ro\/wpmnir50\/wp-content\/uploads\/2022\/04\/81_1980_imgb-1024x716-640x480_c.jpg\" data-envira-gallery-id=\"2391\" data-envira-item-id=\"811\" data-envira-caption=\"1980. Prezentare &icirc;n fa\u021ba muncitorilor de la IMGB\" alt=\"\" title=\"1980. Prezentare &amp;icirc;n fa\u021ba muncitorilor de la IMGB\"  itemprop=\"thumbnailUrl\" data-envira-srcset=\"https:\/\/mnir50.mnir.ro\/wpmnir50\/wp-content\/uploads\/2022\/04\/81_1980_imgb-1024x716-640x480_c.jpg 400w,https:\/\/mnir50.mnir.ro\/wpmnir50\/wp-content\/uploads\/2022\/04\/81_1980_imgb-1024x716-640x480_c.jpg 2x\" srcset=\"data:image\/gif;base64,R0lGODlhAQABAIAAAP\/\/\/\/\/\/\/yH5BAEKAAEALAAAAAABAAEAAAICTAEAOw==\" \/><\/div><\/a><\/div><\/div><div id=\"envira-gallery-item-812\" class=\"envira-gallery-item enviratope-item envira-gallery-item-89 envira-lazy-load\" style=\"padding-left: 1px; padding-bottom: 2px; padding-right: 1px;\"  itemscope itemtype=\"https:\/\/schema.org\/ImageObject\"><div class=\"envira-gallery-item-inner\"><div class=\"envira-gallery-position-overlay  envira-gallery-top-left\"><\/div><div class=\"envira-gallery-position-overlay  envira-gallery-top-right\"><\/div><div class=\"envira-gallery-position-overlay  envira-gallery-bottom-left\"><\/div><div class=\"envira-gallery-position-overlay  envira-gallery-bottom-right\"><\/div><a href=\"https:\/\/mnir50.mnir.ro\/wpmnir50\/wp-content\/uploads\/2022\/04\/82_1980_masa_rotunda_sapt_muzeu.jpg\" class=\"envira-gallery-2391 envira-gallery-link\" rel=\"enviragallery2391\" title=\"1980. S\u0103pt\u0103m&acirc;na Muzeului &ndash; mas\u0103 rotund\u0103 (Silvan Ionescu)\" data-envira-caption=\"1980. S\u0103pt\u0103m&acirc;na Muzeului &ndash; mas\u0103 rotund\u0103 (Silvan Ionescu)\" data-envira-retina=\"\" data-thumbnail=\"\"  itemprop=\"contentUrl\"><div class=\"envira-lazy\" data-test-width=\"640\" data-test-height=\"480\" style=\"padding-bottom:75%;\"><img decoding=\"async\" id=\"envira-gallery-image-812\" class=\"envira-gallery-image envira-gallery-image-89\" data-envira-index=\"89\" src=\"https:\/\/mnir50.mnir.ro\/wpmnir50\/wp-content\/uploads\/2022\/04\/82_1980_masa_rotunda_sapt_muzeu-1024x770-640x480_c.jpg\" data-envira-src=\"https:\/\/mnir50.mnir.ro\/wpmnir50\/wp-content\/uploads\/2022\/04\/82_1980_masa_rotunda_sapt_muzeu-1024x770-640x480_c.jpg\" data-envira-gallery-id=\"2391\" data-envira-item-id=\"812\" data-envira-caption=\"1980. S\u0103pt\u0103m&acirc;na Muzeului &ndash; mas\u0103 rotund\u0103 (Silvan Ionescu)\" alt=\"\" title=\"1980. S\u0103pt\u0103m&amp;acirc;na Muzeului &amp;ndash; mas\u0103 rotund\u0103 (Silvan Ionescu)\"  itemprop=\"thumbnailUrl\" data-envira-srcset=\"https:\/\/mnir50.mnir.ro\/wpmnir50\/wp-content\/uploads\/2022\/04\/82_1980_masa_rotunda_sapt_muzeu-1024x770-640x480_c.jpg 400w,https:\/\/mnir50.mnir.ro\/wpmnir50\/wp-content\/uploads\/2022\/04\/82_1980_masa_rotunda_sapt_muzeu-1024x770-640x480_c.jpg 2x\" srcset=\"data:image\/gif;base64,R0lGODlhAQABAIAAAP\/\/\/\/\/\/\/yH5BAEKAAEALAAAAAABAAEAAAICTAEAOw==\" \/><\/div><\/a><\/div><\/div><div id=\"envira-gallery-item-814\" class=\"envira-gallery-item enviratope-item envira-gallery-item-90 envira-lazy-load\" style=\"padding-left: 1px; padding-bottom: 2px; padding-right: 1px;\"  itemscope itemtype=\"https:\/\/schema.org\/ImageObject\"><div class=\"envira-gallery-item-inner\"><div class=\"envira-gallery-position-overlay  envira-gallery-top-left\"><\/div><div class=\"envira-gallery-position-overlay  envira-gallery-top-right\"><\/div><div class=\"envira-gallery-position-overlay  envira-gallery-bottom-left\"><\/div><div class=\"envira-gallery-position-overlay  envira-gallery-bottom-right\"><\/div><a href=\"https:\/\/mnir50.mnir.ro\/wpmnir50\/wp-content\/uploads\/2022\/04\/84_1980_orchestra_de_camera_radio_ludovic_baci.jpg\" class=\"envira-gallery-2391 envira-gallery-link\" rel=\"enviragallery2391\" title=\"1980. Orchestra de camer\u0103 radio, dirijat\u0103 de Ludovic Baci, la S\u0103pt\u0103m&acirc;na Muzeului\" data-envira-caption=\"1980. Orchestra de camer\u0103 radio, dirijat\u0103 de Ludovic Baci, la S\u0103pt\u0103m&acirc;na Muzeului\" data-envira-retina=\"\" data-thumbnail=\"\"  itemprop=\"contentUrl\"><div class=\"envira-lazy\" data-test-width=\"640\" data-test-height=\"480\" style=\"padding-bottom:75%;\"><img decoding=\"async\" id=\"envira-gallery-image-814\" class=\"envira-gallery-image envira-gallery-image-90\" data-envira-index=\"90\" src=\"https:\/\/mnir50.mnir.ro\/wpmnir50\/wp-content\/uploads\/2022\/04\/84_1980_orchestra_de_camera_radio_ludovic_baci-1024x800-640x480_c.jpg\" data-envira-src=\"https:\/\/mnir50.mnir.ro\/wpmnir50\/wp-content\/uploads\/2022\/04\/84_1980_orchestra_de_camera_radio_ludovic_baci-1024x800-640x480_c.jpg\" data-envira-gallery-id=\"2391\" data-envira-item-id=\"814\" data-envira-caption=\"1980. Orchestra de camer\u0103 radio, dirijat\u0103 de Ludovic Baci, la S\u0103pt\u0103m&acirc;na Muzeului\" alt=\"\" title=\"1980. Orchestra de camer\u0103 radio, dirijat\u0103 de Ludovic Baci, la S\u0103pt\u0103m&amp;acirc;na Muzeului\"  itemprop=\"thumbnailUrl\" data-envira-srcset=\"https:\/\/mnir50.mnir.ro\/wpmnir50\/wp-content\/uploads\/2022\/04\/84_1980_orchestra_de_camera_radio_ludovic_baci-1024x800-640x480_c.jpg 400w,https:\/\/mnir50.mnir.ro\/wpmnir50\/wp-content\/uploads\/2022\/04\/84_1980_orchestra_de_camera_radio_ludovic_baci-1024x800-640x480_c.jpg 2x\" srcset=\"data:image\/gif;base64,R0lGODlhAQABAIAAAP\/\/\/\/\/\/\/yH5BAEKAAEALAAAAAABAAEAAAICTAEAOw==\" \/><\/div><\/a><\/div><\/div><div id=\"envira-gallery-item-813\" class=\"envira-gallery-item enviratope-item envira-gallery-item-91 envira-lazy-load\" style=\"padding-left: 1px; padding-bottom: 2px; padding-right: 1px;\"  itemscope itemtype=\"https:\/\/schema.org\/ImageObject\"><div class=\"envira-gallery-item-inner\"><div class=\"envira-gallery-position-overlay  envira-gallery-top-left\"><\/div><div class=\"envira-gallery-position-overlay  envira-gallery-top-right\"><\/div><div class=\"envira-gallery-position-overlay  envira-gallery-bottom-left\"><\/div><div class=\"envira-gallery-position-overlay  envira-gallery-bottom-right\"><\/div><a href=\"https:\/\/mnir50.mnir.ro\/wpmnir50\/wp-content\/uploads\/2022\/04\/83_1980_orchestra_de_camera_radio.jpg\" class=\"envira-gallery-2391 envira-gallery-link\" rel=\"enviragallery2391\" title=\"1980. Orchestra de camer\u0103 radio, dirijat\u0103 de Ludovic Baci, la S\u0103pt\u0103m&acirc;na Muzeului\" data-envira-caption=\"1980. Orchestra de camer\u0103 radio, dirijat\u0103 de Ludovic Baci, la S\u0103pt\u0103m&acirc;na Muzeului\" data-envira-retina=\"\" data-thumbnail=\"\"  itemprop=\"contentUrl\"><div class=\"envira-lazy\" data-test-width=\"640\" data-test-height=\"480\" style=\"padding-bottom:75%;\"><img decoding=\"async\" id=\"envira-gallery-image-813\" class=\"envira-gallery-image envira-gallery-image-91\" data-envira-index=\"91\" src=\"https:\/\/mnir50.mnir.ro\/wpmnir50\/wp-content\/uploads\/2022\/04\/83_1980_orchestra_de_camera_radio-1024x772-640x480_c.jpg\" data-envira-src=\"https:\/\/mnir50.mnir.ro\/wpmnir50\/wp-content\/uploads\/2022\/04\/83_1980_orchestra_de_camera_radio-1024x772-640x480_c.jpg\" data-envira-gallery-id=\"2391\" data-envira-item-id=\"813\" data-envira-caption=\"1980. Orchestra de camer\u0103 radio, dirijat\u0103 de Ludovic Baci, la S\u0103pt\u0103m&acirc;na Muzeului\" alt=\"\" title=\"1980. Orchestra de camer\u0103 radio, dirijat\u0103 de Ludovic Baci, la S\u0103pt\u0103m&amp;acirc;na Muzeului\"  itemprop=\"thumbnailUrl\" data-envira-srcset=\"https:\/\/mnir50.mnir.ro\/wpmnir50\/wp-content\/uploads\/2022\/04\/83_1980_orchestra_de_camera_radio-1024x772-640x480_c.jpg 400w,https:\/\/mnir50.mnir.ro\/wpmnir50\/wp-content\/uploads\/2022\/04\/83_1980_orchestra_de_camera_radio-1024x772-640x480_c.jpg 2x\" srcset=\"data:image\/gif;base64,R0lGODlhAQABAIAAAP\/\/\/\/\/\/\/yH5BAEKAAEALAAAAAABAAEAAAICTAEAOw==\" \/><\/div><\/a><\/div><\/div><div id=\"envira-gallery-item-815\" class=\"envira-gallery-item enviratope-item envira-gallery-item-92 envira-lazy-load\" style=\"padding-left: 1px; padding-bottom: 2px; padding-right: 1px;\"  itemscope itemtype=\"https:\/\/schema.org\/ImageObject\"><div class=\"envira-gallery-item-inner\"><div class=\"envira-gallery-position-overlay  envira-gallery-top-left\"><\/div><div class=\"envira-gallery-position-overlay  envira-gallery-top-right\"><\/div><div class=\"envira-gallery-position-overlay  envira-gallery-bottom-left\"><\/div><div class=\"envira-gallery-position-overlay  envira-gallery-bottom-right\"><\/div><a href=\"https:\/\/mnir50.mnir.ro\/wpmnir50\/wp-content\/uploads\/2022\/04\/85_1980_pionieri_columna.jpg\" class=\"envira-gallery-2391 envira-gallery-link\" rel=\"enviragallery2391\" title=\"1980. Pionierii la Columna lui Traian\" data-envira-caption=\"1980. Pionierii la Columna lui Traian\" data-envira-retina=\"\" data-thumbnail=\"\"  itemprop=\"contentUrl\"><div class=\"envira-lazy\" data-test-width=\"640\" data-test-height=\"480\" style=\"padding-bottom:75%;\"><img decoding=\"async\" id=\"envira-gallery-image-815\" class=\"envira-gallery-image envira-gallery-image-92\" data-envira-index=\"92\" src=\"https:\/\/mnir50.mnir.ro\/wpmnir50\/wp-content\/uploads\/2022\/04\/85_1980_pionieri_columna-1024x792-640x480_c.jpg\" data-envira-src=\"https:\/\/mnir50.mnir.ro\/wpmnir50\/wp-content\/uploads\/2022\/04\/85_1980_pionieri_columna-1024x792-640x480_c.jpg\" data-envira-gallery-id=\"2391\" data-envira-item-id=\"815\" data-envira-caption=\"1980. Pionierii la Columna lui Traian\" alt=\"\" title=\"1980. Pionierii la Columna lui Traian\"  itemprop=\"thumbnailUrl\" data-envira-srcset=\"https:\/\/mnir50.mnir.ro\/wpmnir50\/wp-content\/uploads\/2022\/04\/85_1980_pionieri_columna-1024x792-640x480_c.jpg 400w,https:\/\/mnir50.mnir.ro\/wpmnir50\/wp-content\/uploads\/2022\/04\/85_1980_pionieri_columna-1024x792-640x480_c.jpg 2x\" srcset=\"data:image\/gif;base64,R0lGODlhAQABAIAAAP\/\/\/\/\/\/\/yH5BAEKAAEALAAAAAABAAEAAAICTAEAOw==\" \/><\/div><\/a><\/div><\/div><div id=\"envira-gallery-item-816\" class=\"envira-gallery-item enviratope-item envira-gallery-item-93 envira-lazy-load\" style=\"padding-left: 1px; padding-bottom: 2px; padding-right: 1px;\"  itemscope itemtype=\"https:\/\/schema.org\/ImageObject\"><div class=\"envira-gallery-item-inner\"><div class=\"envira-gallery-position-overlay  envira-gallery-top-left\"><\/div><div class=\"envira-gallery-position-overlay  envira-gallery-top-right\"><\/div><div class=\"envira-gallery-position-overlay  envira-gallery-bottom-left\"><\/div><div class=\"envira-gallery-position-overlay  envira-gallery-bottom-right\"><\/div><a href=\"https:\/\/mnir50.mnir.ro\/wpmnir50\/wp-content\/uploads\/2022\/04\/86_1980_radu_vulpe_saptamana_muzeului.jpg\" class=\"envira-gallery-2391 envira-gallery-link\" rel=\"enviragallery2391\" title=\"1980. S\u0103pt\u0103m&acirc;na Muzeului (Radu Vulpe)\" data-envira-caption=\"1980. S\u0103pt\u0103m&acirc;na Muzeului (Radu Vulpe)\" data-envira-retina=\"\" data-thumbnail=\"\"  itemprop=\"contentUrl\"><div class=\"envira-lazy\" data-test-width=\"640\" data-test-height=\"480\" style=\"padding-bottom:75%;\"><img decoding=\"async\" id=\"envira-gallery-image-816\" class=\"envira-gallery-image envira-gallery-image-93\" data-envira-index=\"93\" src=\"https:\/\/mnir50.mnir.ro\/wpmnir50\/wp-content\/uploads\/2022\/04\/86_1980_radu_vulpe_saptamana_muzeului-714x1024-640x480_c.jpg\" data-envira-src=\"https:\/\/mnir50.mnir.ro\/wpmnir50\/wp-content\/uploads\/2022\/04\/86_1980_radu_vulpe_saptamana_muzeului-714x1024-640x480_c.jpg\" data-envira-gallery-id=\"2391\" data-envira-item-id=\"816\" data-envira-caption=\"1980. S\u0103pt\u0103m&acirc;na Muzeului (Radu Vulpe)\" alt=\"\" title=\"1980. S\u0103pt\u0103m&amp;acirc;na Muzeului (Radu Vulpe)\"  itemprop=\"thumbnailUrl\" data-envira-srcset=\"https:\/\/mnir50.mnir.ro\/wpmnir50\/wp-content\/uploads\/2022\/04\/86_1980_radu_vulpe_saptamana_muzeului-714x1024-640x480_c.jpg 400w,https:\/\/mnir50.mnir.ro\/wpmnir50\/wp-content\/uploads\/2022\/04\/86_1980_radu_vulpe_saptamana_muzeului-714x1024-640x480_c.jpg 2x\" srcset=\"data:image\/gif;base64,R0lGODlhAQABAIAAAP\/\/\/\/\/\/\/yH5BAEKAAEALAAAAAABAAEAAAICTAEAOw==\" \/><\/div><\/a><\/div><\/div><div id=\"envira-gallery-item-817\" class=\"envira-gallery-item enviratope-item envira-gallery-item-94 envira-lazy-load\" style=\"padding-left: 1px; padding-bottom: 2px; padding-right: 1px;\"  itemscope itemtype=\"https:\/\/schema.org\/ImageObject\"><div class=\"envira-gallery-item-inner\"><div class=\"envira-gallery-position-overlay  envira-gallery-top-left\"><\/div><div class=\"envira-gallery-position-overlay  envira-gallery-top-right\"><\/div><div class=\"envira-gallery-position-overlay  envira-gallery-bottom-left\"><\/div><div class=\"envira-gallery-position-overlay  envira-gallery-bottom-right\"><\/div><a href=\"https:\/\/mnir50.mnir.ro\/wpmnir50\/wp-content\/uploads\/2022\/04\/87_1980_simpo_istoric-despre-istorici-marinescu-colesica.jpg\" class=\"envira-gallery-2391 envira-gallery-link\" rel=\"enviragallery2391\" title=\"1980. Simpozionul &bdquo;Istorici despre istorici&rdquo; (Lucia Marinescu)\" data-envira-caption=\"1980. Simpozionul &bdquo;Istorici despre istorici&rdquo; (Lucia Marinescu)\" data-envira-retina=\"\" data-thumbnail=\"\"  itemprop=\"contentUrl\"><div class=\"envira-lazy\" data-test-width=\"640\" data-test-height=\"480\" style=\"padding-bottom:75%;\"><img decoding=\"async\" id=\"envira-gallery-image-817\" class=\"envira-gallery-image envira-gallery-image-94\" data-envira-index=\"94\" src=\"https:\/\/mnir50.mnir.ro\/wpmnir50\/wp-content\/uploads\/2022\/04\/87_1980_simpo_istoric-despre-istorici-marinescu-colesica-1024x737-640x480_c.jpg\" data-envira-src=\"https:\/\/mnir50.mnir.ro\/wpmnir50\/wp-content\/uploads\/2022\/04\/87_1980_simpo_istoric-despre-istorici-marinescu-colesica-1024x737-640x480_c.jpg\" data-envira-gallery-id=\"2391\" data-envira-item-id=\"817\" data-envira-caption=\"1980. Simpozionul &bdquo;Istorici despre istorici&rdquo; (Lucia Marinescu)\" alt=\"\" title=\"1980. Simpozionul &amp;bdquo;Istorici despre istorici&amp;rdquo; (Lucia Marinescu)\"  itemprop=\"thumbnailUrl\" data-envira-srcset=\"https:\/\/mnir50.mnir.ro\/wpmnir50\/wp-content\/uploads\/2022\/04\/87_1980_simpo_istoric-despre-istorici-marinescu-colesica-1024x737-640x480_c.jpg 400w,https:\/\/mnir50.mnir.ro\/wpmnir50\/wp-content\/uploads\/2022\/04\/87_1980_simpo_istoric-despre-istorici-marinescu-colesica-1024x737-640x480_c.jpg 2x\" srcset=\"data:image\/gif;base64,R0lGODlhAQABAIAAAP\/\/\/\/\/\/\/yH5BAEKAAEALAAAAAABAAEAAAICTAEAOw==\" \/><\/div><\/a><\/div><\/div><div id=\"envira-gallery-item-818\" class=\"envira-gallery-item enviratope-item envira-gallery-item-95 envira-lazy-load\" style=\"padding-left: 1px; padding-bottom: 2px; padding-right: 1px;\"  itemscope itemtype=\"https:\/\/schema.org\/ImageObject\"><div class=\"envira-gallery-item-inner\"><div class=\"envira-gallery-position-overlay  envira-gallery-top-left\"><\/div><div class=\"envira-gallery-position-overlay  envira-gallery-top-right\"><\/div><div class=\"envira-gallery-position-overlay  envira-gallery-bottom-left\"><\/div><div class=\"envira-gallery-position-overlay  envira-gallery-bottom-right\"><\/div><a href=\"https:\/\/mnir50.mnir.ro\/wpmnir50\/wp-content\/uploads\/2022\/04\/88_1980_simpozion_nastere_vladimirescu_lucia_bieltz.jpg\" class=\"envira-gallery-2391 envira-gallery-link\" rel=\"enviragallery2391\" title=\"1980. Simpozionul &bdquo;200 de ani de la na\u0219terea lui Tudor Vladimirescu&rdquo; (Lucia Bieltz)\" data-envira-caption=\"1980. Simpozionul &bdquo;200 de ani de la na\u0219terea lui Tudor Vladimirescu&rdquo; (Lucia Bieltz)\" data-envira-retina=\"\" data-thumbnail=\"\"  itemprop=\"contentUrl\"><div class=\"envira-lazy\" data-test-width=\"640\" data-test-height=\"480\" style=\"padding-bottom:75%;\"><img decoding=\"async\" id=\"envira-gallery-image-818\" class=\"envira-gallery-image envira-gallery-image-95\" data-envira-index=\"95\" src=\"https:\/\/mnir50.mnir.ro\/wpmnir50\/wp-content\/uploads\/2022\/04\/88_1980_simpozion_nastere_vladimirescu_lucia_bieltz-770x1024-640x480_c.jpg\" data-envira-src=\"https:\/\/mnir50.mnir.ro\/wpmnir50\/wp-content\/uploads\/2022\/04\/88_1980_simpozion_nastere_vladimirescu_lucia_bieltz-770x1024-640x480_c.jpg\" data-envira-gallery-id=\"2391\" data-envira-item-id=\"818\" data-envira-caption=\"1980. Simpozionul &bdquo;200 de ani de la na\u0219terea lui Tudor Vladimirescu&rdquo; (Lucia Bieltz)\" alt=\"\" title=\"1980. Simpozionul &amp;bdquo;200 de ani de la na\u0219terea lui Tudor Vladimirescu&amp;rdquo; (Lucia Bieltz)\"  itemprop=\"thumbnailUrl\" data-envira-srcset=\"https:\/\/mnir50.mnir.ro\/wpmnir50\/wp-content\/uploads\/2022\/04\/88_1980_simpozion_nastere_vladimirescu_lucia_bieltz-770x1024-640x480_c.jpg 400w,https:\/\/mnir50.mnir.ro\/wpmnir50\/wp-content\/uploads\/2022\/04\/88_1980_simpozion_nastere_vladimirescu_lucia_bieltz-770x1024-640x480_c.jpg 2x\" srcset=\"data:image\/gif;base64,R0lGODlhAQABAIAAAP\/\/\/\/\/\/\/yH5BAEKAAEALAAAAAABAAEAAAICTAEAOw==\" \/><\/div><\/a><\/div><\/div><div id=\"envira-gallery-item-819\" class=\"envira-gallery-item enviratope-item envira-gallery-item-96 envira-lazy-load\" style=\"padding-left: 1px; padding-bottom: 2px; padding-right: 1px;\"  itemscope itemtype=\"https:\/\/schema.org\/ImageObject\"><div class=\"envira-gallery-item-inner\"><div class=\"envira-gallery-position-overlay  envira-gallery-top-left\"><\/div><div class=\"envira-gallery-position-overlay  envira-gallery-top-right\"><\/div><div class=\"envira-gallery-position-overlay  envira-gallery-bottom-left\"><\/div><div class=\"envira-gallery-position-overlay  envira-gallery-bottom-right\"><\/div><a href=\"https:\/\/mnir50.mnir.ro\/wpmnir50\/wp-content\/uploads\/2022\/04\/89_1980_simpozion_restaurarea_conservare.jpg\" class=\"envira-gallery-2391 envira-gallery-link\" rel=\"enviragallery2391\" title=\"1980. Simpozionul &bdquo;Restaurarea \u0219i conservarea patrimoniului...&rdquo;\" data-envira-caption=\"1980. Simpozionul &bdquo;Restaurarea \u0219i conservarea patrimoniului...&rdquo;\" data-envira-retina=\"\" data-thumbnail=\"\"  itemprop=\"contentUrl\"><div class=\"envira-lazy\" data-test-width=\"640\" data-test-height=\"480\" style=\"padding-bottom:75%;\"><img decoding=\"async\" id=\"envira-gallery-image-819\" class=\"envira-gallery-image envira-gallery-image-96\" data-envira-index=\"96\" src=\"https:\/\/mnir50.mnir.ro\/wpmnir50\/wp-content\/uploads\/2022\/04\/89_1980_simpozion_restaurarea_conservare-1024x772-640x480_c.jpg\" data-envira-src=\"https:\/\/mnir50.mnir.ro\/wpmnir50\/wp-content\/uploads\/2022\/04\/89_1980_simpozion_restaurarea_conservare-1024x772-640x480_c.jpg\" data-envira-gallery-id=\"2391\" data-envira-item-id=\"819\" data-envira-caption=\"1980. Simpozionul &bdquo;Restaurarea \u0219i conservarea patrimoniului...&rdquo;\" alt=\"\" title=\"1980. Simpozionul &amp;bdquo;Restaurarea \u0219i conservarea patrimoniului...&amp;rdquo;\"  itemprop=\"thumbnailUrl\" data-envira-srcset=\"https:\/\/mnir50.mnir.ro\/wpmnir50\/wp-content\/uploads\/2022\/04\/89_1980_simpozion_restaurarea_conservare-1024x772-640x480_c.jpg 400w,https:\/\/mnir50.mnir.ro\/wpmnir50\/wp-content\/uploads\/2022\/04\/89_1980_simpozion_restaurarea_conservare-1024x772-640x480_c.jpg 2x\" srcset=\"data:image\/gif;base64,R0lGODlhAQABAIAAAP\/\/\/\/\/\/\/yH5BAEKAAEALAAAAAABAAEAAAICTAEAOw==\" \/><\/div><\/a><\/div><\/div><div id=\"envira-gallery-item-820\" class=\"envira-gallery-item enviratope-item envira-gallery-item-97 envira-lazy-load\" style=\"padding-left: 1px; padding-bottom: 2px; padding-right: 1px;\"  itemscope itemtype=\"https:\/\/schema.org\/ImageObject\"><div class=\"envira-gallery-item-inner\"><div class=\"envira-gallery-position-overlay  envira-gallery-top-left\"><\/div><div class=\"envira-gallery-position-overlay  envira-gallery-top-right\"><\/div><div class=\"envira-gallery-position-overlay  envira-gallery-bottom-left\"><\/div><div class=\"envira-gallery-position-overlay  envira-gallery-bottom-right\"><\/div><a href=\"https:\/\/mnir50.mnir.ro\/wpmnir50\/wp-content\/uploads\/2022\/04\/90_1980_simpozion_restaurarea_conservarea-.jpg\" class=\"envira-gallery-2391 envira-gallery-link\" rel=\"enviragallery2391\" title=\"1980. Simpozionul &bdquo;Restaurarea \u0219i conservarea patrimoniului...&rdquo;\" data-envira-caption=\"1980. Simpozionul &bdquo;Restaurarea \u0219i conservarea patrimoniului...&rdquo;\" data-envira-retina=\"\" data-thumbnail=\"\"  itemprop=\"contentUrl\"><div class=\"envira-lazy\" data-test-width=\"640\" data-test-height=\"480\" style=\"padding-bottom:75%;\"><img decoding=\"async\" id=\"envira-gallery-image-820\" class=\"envira-gallery-image envira-gallery-image-97\" data-envira-index=\"97\" src=\"https:\/\/mnir50.mnir.ro\/wpmnir50\/wp-content\/uploads\/2022\/04\/90_1980_simpozion_restaurarea_conservarea--1024x772-640x480_c.jpg\" data-envira-src=\"https:\/\/mnir50.mnir.ro\/wpmnir50\/wp-content\/uploads\/2022\/04\/90_1980_simpozion_restaurarea_conservarea--1024x772-640x480_c.jpg\" data-envira-gallery-id=\"2391\" data-envira-item-id=\"820\" data-envira-caption=\"1980. Simpozionul &bdquo;Restaurarea \u0219i conservarea patrimoniului...&rdquo;\" alt=\"\" title=\"1980. Simpozionul &amp;bdquo;Restaurarea \u0219i conservarea patrimoniului...&amp;rdquo;\"  itemprop=\"thumbnailUrl\" data-envira-srcset=\"https:\/\/mnir50.mnir.ro\/wpmnir50\/wp-content\/uploads\/2022\/04\/90_1980_simpozion_restaurarea_conservarea--1024x772-640x480_c.jpg 400w,https:\/\/mnir50.mnir.ro\/wpmnir50\/wp-content\/uploads\/2022\/04\/90_1980_simpozion_restaurarea_conservarea--1024x772-640x480_c.jpg 2x\" srcset=\"data:image\/gif;base64,R0lGODlhAQABAIAAAP\/\/\/\/\/\/\/yH5BAEKAAEALAAAAAABAAEAAAICTAEAOw==\" \/><\/div><\/a><\/div><\/div><div id=\"envira-gallery-item-821\" class=\"envira-gallery-item enviratope-item envira-gallery-item-98 envira-lazy-load\" style=\"padding-left: 1px; padding-bottom: 2px; padding-right: 1px;\"  itemscope itemtype=\"https:\/\/schema.org\/ImageObject\"><div class=\"envira-gallery-item-inner\"><div class=\"envira-gallery-position-overlay  envira-gallery-top-left\"><\/div><div class=\"envira-gallery-position-overlay  envira-gallery-top-right\"><\/div><div class=\"envira-gallery-position-overlay  envira-gallery-bottom-left\"><\/div><div class=\"envira-gallery-position-overlay  envira-gallery-bottom-right\"><\/div><a href=\"https:\/\/mnir50.mnir.ro\/wpmnir50\/wp-content\/uploads\/2022\/04\/91_1980_vacanta_primavara.jpg\" class=\"envira-gallery-2391 envira-gallery-link\" rel=\"enviragallery2391\" title=\"1980. Pionieri &icirc;n vizit\u0103 la muzeu\" data-envira-caption=\"1980. Pionieri &icirc;n vizit\u0103 la muzeu\" data-envira-retina=\"\" data-thumbnail=\"\"  itemprop=\"contentUrl\"><div class=\"envira-lazy\" data-test-width=\"640\" data-test-height=\"480\" style=\"padding-bottom:75%;\"><img decoding=\"async\" id=\"envira-gallery-image-821\" class=\"envira-gallery-image envira-gallery-image-98\" data-envira-index=\"98\" src=\"https:\/\/mnir50.mnir.ro\/wpmnir50\/wp-content\/uploads\/2022\/04\/91_1980_vacanta_primavara-1024x761-640x480_c.jpg\" data-envira-src=\"https:\/\/mnir50.mnir.ro\/wpmnir50\/wp-content\/uploads\/2022\/04\/91_1980_vacanta_primavara-1024x761-640x480_c.jpg\" data-envira-gallery-id=\"2391\" data-envira-item-id=\"821\" data-envira-caption=\"1980. Pionieri &icirc;n vizit\u0103 la muzeu\" alt=\"\" title=\"1980. Pionieri &amp;icirc;n vizit\u0103 la muzeu\"  itemprop=\"thumbnailUrl\" data-envira-srcset=\"https:\/\/mnir50.mnir.ro\/wpmnir50\/wp-content\/uploads\/2022\/04\/91_1980_vacanta_primavara-1024x761-640x480_c.jpg 400w,https:\/\/mnir50.mnir.ro\/wpmnir50\/wp-content\/uploads\/2022\/04\/91_1980_vacanta_primavara-1024x761-640x480_c.jpg 2x\" srcset=\"data:image\/gif;base64,R0lGODlhAQABAIAAAP\/\/\/\/\/\/\/yH5BAEKAAEALAAAAAABAAEAAAICTAEAOw==\" \/><\/div><\/a><\/div><\/div><div id=\"envira-gallery-item-822\" class=\"envira-gallery-item enviratope-item envira-gallery-item-99 envira-lazy-load\" style=\"padding-left: 1px; padding-bottom: 2px; padding-right: 1px;\"  itemscope itemtype=\"https:\/\/schema.org\/ImageObject\"><div class=\"envira-gallery-item-inner\"><div class=\"envira-gallery-position-overlay  envira-gallery-top-left\"><\/div><div class=\"envira-gallery-position-overlay  envira-gallery-top-right\"><\/div><div class=\"envira-gallery-position-overlay  envira-gallery-bottom-left\"><\/div><div class=\"envira-gallery-position-overlay  envira-gallery-bottom-right\"><\/div><a href=\"https:\/\/mnir50.mnir.ro\/wpmnir50\/wp-content\/uploads\/2022\/04\/92_1980_virgil_candea_sapt_muzeu.jpg\" class=\"envira-gallery-2391 envira-gallery-link\" rel=\"enviragallery2391\" title=\"1980. S\u0103pt\u0103m&acirc;na Muzeului (Virgil C&acirc;ndea)\" data-envira-caption=\"1980. S\u0103pt\u0103m&acirc;na Muzeului (Virgil C&acirc;ndea)\" data-envira-retina=\"\" data-thumbnail=\"\"  itemprop=\"contentUrl\"><div class=\"envira-lazy\" data-test-width=\"640\" data-test-height=\"480\" style=\"padding-bottom:75%;\"><img decoding=\"async\" id=\"envira-gallery-image-822\" class=\"envira-gallery-image envira-gallery-image-99\" data-envira-index=\"99\" src=\"https:\/\/mnir50.mnir.ro\/wpmnir50\/wp-content\/uploads\/2022\/04\/92_1980_virgil_candea_sapt_muzeu-1024x774-640x480_c.jpg\" data-envira-src=\"https:\/\/mnir50.mnir.ro\/wpmnir50\/wp-content\/uploads\/2022\/04\/92_1980_virgil_candea_sapt_muzeu-1024x774-640x480_c.jpg\" data-envira-gallery-id=\"2391\" data-envira-item-id=\"822\" data-envira-caption=\"1980. S\u0103pt\u0103m&acirc;na Muzeului (Virgil C&acirc;ndea)\" alt=\"\" title=\"1980. S\u0103pt\u0103m&amp;acirc;na Muzeului (Virgil C&amp;acirc;ndea)\"  itemprop=\"thumbnailUrl\" data-envira-srcset=\"https:\/\/mnir50.mnir.ro\/wpmnir50\/wp-content\/uploads\/2022\/04\/92_1980_virgil_candea_sapt_muzeu-1024x774-640x480_c.jpg 400w,https:\/\/mnir50.mnir.ro\/wpmnir50\/wp-content\/uploads\/2022\/04\/92_1980_virgil_candea_sapt_muzeu-1024x774-640x480_c.jpg 2x\" srcset=\"data:image\/gif;base64,R0lGODlhAQABAIAAAP\/\/\/\/\/\/\/yH5BAEKAAEALAAAAAABAAEAAAICTAEAOw==\" \/><\/div><\/a><\/div><\/div><div id=\"envira-gallery-item-823\" class=\"envira-gallery-item enviratope-item envira-gallery-item-100 envira-lazy-load\" style=\"padding-left: 1px; padding-bottom: 2px; padding-right: 1px;\"  itemscope itemtype=\"https:\/\/schema.org\/ImageObject\"><div class=\"envira-gallery-item-inner\"><div class=\"envira-gallery-position-overlay  envira-gallery-top-left\"><\/div><div class=\"envira-gallery-position-overlay  envira-gallery-top-right\"><\/div><div class=\"envira-gallery-position-overlay  envira-gallery-bottom-left\"><\/div><div class=\"envira-gallery-position-overlay  envira-gallery-bottom-right\"><\/div><a href=\"https:\/\/mnir50.mnir.ro\/wpmnir50\/wp-content\/uploads\/2022\/04\/93_1980_vizita_muzeu.jpg\" class=\"envira-gallery-2391 envira-gallery-link\" rel=\"enviragallery2391\" title=\"1980. Pionieri &icirc;n vizit\u0103 la muzeu\" data-envira-caption=\"1980. Pionieri &icirc;n vizit\u0103 la muzeu\" data-envira-retina=\"\" data-thumbnail=\"\"  itemprop=\"contentUrl\"><div class=\"envira-lazy\" data-test-width=\"640\" data-test-height=\"480\" style=\"padding-bottom:75%;\"><img decoding=\"async\" id=\"envira-gallery-image-823\" class=\"envira-gallery-image envira-gallery-image-100\" data-envira-index=\"100\" src=\"https:\/\/mnir50.mnir.ro\/wpmnir50\/wp-content\/uploads\/2022\/04\/93_1980_vizita_muzeu-1024x762-640x480_c.jpg\" data-envira-src=\"https:\/\/mnir50.mnir.ro\/wpmnir50\/wp-content\/uploads\/2022\/04\/93_1980_vizita_muzeu-1024x762-640x480_c.jpg\" data-envira-gallery-id=\"2391\" data-envira-item-id=\"823\" data-envira-caption=\"1980. Pionieri &icirc;n vizit\u0103 la muzeu\" alt=\"\" title=\"1980. Pionieri &amp;icirc;n vizit\u0103 la muzeu\"  itemprop=\"thumbnailUrl\" data-envira-srcset=\"https:\/\/mnir50.mnir.ro\/wpmnir50\/wp-content\/uploads\/2022\/04\/93_1980_vizita_muzeu-1024x762-640x480_c.jpg 400w,https:\/\/mnir50.mnir.ro\/wpmnir50\/wp-content\/uploads\/2022\/04\/93_1980_vizita_muzeu-1024x762-640x480_c.jpg 2x\" srcset=\"data:image\/gif;base64,R0lGODlhAQABAIAAAP\/\/\/\/\/\/\/yH5BAEKAAEALAAAAAABAAEAAAICTAEAOw==\" \/><\/div><\/a><\/div><\/div><div id=\"envira-gallery-item-824\" class=\"envira-gallery-item enviratope-item envira-gallery-item-101 envira-lazy-load\" style=\"padding-left: 1px; padding-bottom: 2px; padding-right: 1px;\"  itemscope itemtype=\"https:\/\/schema.org\/ImageObject\"><div class=\"envira-gallery-item-inner\"><div class=\"envira-gallery-position-overlay  envira-gallery-top-left\"><\/div><div class=\"envira-gallery-position-overlay  envira-gallery-top-right\"><\/div><div class=\"envira-gallery-position-overlay  envira-gallery-bottom-left\"><\/div><div class=\"envira-gallery-position-overlay  envira-gallery-bottom-right\"><\/div><a href=\"https:\/\/mnir50.mnir.ro\/wpmnir50\/wp-content\/uploads\/2022\/04\/94_1980_v-netea_simp_istoric-despre-istorici.jpg\" class=\"envira-gallery-2391 envira-gallery-link\" rel=\"enviragallery2391\" title=\"1980. Simpozionul &bdquo;Istorici despre istorici&rdquo; (Vasile Netea)\" data-envira-caption=\"1980. Simpozionul &bdquo;Istorici despre istorici&rdquo; (Vasile Netea)\" data-envira-retina=\"\" data-thumbnail=\"\"  itemprop=\"contentUrl\"><div class=\"envira-lazy\" data-test-width=\"640\" data-test-height=\"480\" style=\"padding-bottom:75%;\"><img decoding=\"async\" id=\"envira-gallery-image-824\" class=\"envira-gallery-image envira-gallery-image-101\" data-envira-index=\"101\" src=\"https:\/\/mnir50.mnir.ro\/wpmnir50\/wp-content\/uploads\/2022\/04\/94_1980_v-netea_simp_istoric-despre-istorici-1024x734-640x480_c.jpg\" data-envira-src=\"https:\/\/mnir50.mnir.ro\/wpmnir50\/wp-content\/uploads\/2022\/04\/94_1980_v-netea_simp_istoric-despre-istorici-1024x734-640x480_c.jpg\" data-envira-gallery-id=\"2391\" data-envira-item-id=\"824\" data-envira-caption=\"1980. Simpozionul &bdquo;Istorici despre istorici&rdquo; (Vasile Netea)\" alt=\"\" title=\"1980. Simpozionul &amp;bdquo;Istorici despre istorici&amp;rdquo; (Vasile Netea)\"  itemprop=\"thumbnailUrl\" data-envira-srcset=\"https:\/\/mnir50.mnir.ro\/wpmnir50\/wp-content\/uploads\/2022\/04\/94_1980_v-netea_simp_istoric-despre-istorici-1024x734-640x480_c.jpg 400w,https:\/\/mnir50.mnir.ro\/wpmnir50\/wp-content\/uploads\/2022\/04\/94_1980_v-netea_simp_istoric-despre-istorici-1024x734-640x480_c.jpg 2x\" srcset=\"data:image\/gif;base64,R0lGODlhAQABAIAAAP\/\/\/\/\/\/\/yH5BAEKAAEALAAAAAABAAEAAAICTAEAOw==\" \/><\/div><\/a><\/div><\/div><div id=\"envira-gallery-item-825\" class=\"envira-gallery-item enviratope-item envira-gallery-item-102 envira-lazy-load\" style=\"padding-left: 1px; padding-bottom: 2px; padding-right: 1px;\"  itemscope itemtype=\"https:\/\/schema.org\/ImageObject\"><div class=\"envira-gallery-item-inner\"><div class=\"envira-gallery-position-overlay  envira-gallery-top-left\"><\/div><div class=\"envira-gallery-position-overlay  envira-gallery-top-right\"><\/div><div class=\"envira-gallery-position-overlay  envira-gallery-bottom-left\"><\/div><div class=\"envira-gallery-position-overlay  envira-gallery-bottom-right\"><\/div><a href=\"https:\/\/mnir50.mnir.ro\/wpmnir50\/wp-content\/uploads\/2022\/04\/95_1981-Presedintele-RFG-Karl-Karstens-la-MIRSR.jpg\" class=\"envira-gallery-2391 envira-gallery-link\" rel=\"enviragallery2391\" title=\"1981. Vizita pre\u0219edintelui RFG, Karl Karstens\" data-envira-caption=\"1981. Vizita pre\u0219edintelui RFG, Karl Karstens\" data-envira-retina=\"\" data-thumbnail=\"\"  itemprop=\"contentUrl\"><div class=\"envira-lazy\" data-test-width=\"640\" data-test-height=\"480\" style=\"padding-bottom:75%;\"><img decoding=\"async\" id=\"envira-gallery-image-825\" class=\"envira-gallery-image envira-gallery-image-102\" data-envira-index=\"102\" src=\"https:\/\/mnir50.mnir.ro\/wpmnir50\/wp-content\/uploads\/2022\/04\/95_1981-Presedintele-RFG-Karl-Karstens-la-MIRSR-1024x878-640x480_c.jpg\" data-envira-src=\"https:\/\/mnir50.mnir.ro\/wpmnir50\/wp-content\/uploads\/2022\/04\/95_1981-Presedintele-RFG-Karl-Karstens-la-MIRSR-1024x878-640x480_c.jpg\" data-envira-gallery-id=\"2391\" data-envira-item-id=\"825\" data-envira-caption=\"1981. Vizita pre\u0219edintelui RFG, Karl Karstens\" alt=\"\" title=\"1981. Vizita pre\u0219edintelui RFG, Karl Karstens\"  itemprop=\"thumbnailUrl\" data-envira-srcset=\"https:\/\/mnir50.mnir.ro\/wpmnir50\/wp-content\/uploads\/2022\/04\/95_1981-Presedintele-RFG-Karl-Karstens-la-MIRSR-1024x878-640x480_c.jpg 400w,https:\/\/mnir50.mnir.ro\/wpmnir50\/wp-content\/uploads\/2022\/04\/95_1981-Presedintele-RFG-Karl-Karstens-la-MIRSR-1024x878-640x480_c.jpg 2x\" srcset=\"data:image\/gif;base64,R0lGODlhAQABAIAAAP\/\/\/\/\/\/\/yH5BAEKAAEALAAAAAABAAEAAAICTAEAOw==\" \/><\/div><\/a><\/div><\/div><div id=\"envira-gallery-item-826\" class=\"envira-gallery-item enviratope-item envira-gallery-item-103 envira-lazy-load\" style=\"padding-left: 1px; padding-bottom: 2px; padding-right: 1px;\"  itemscope itemtype=\"https:\/\/schema.org\/ImageObject\"><div class=\"envira-gallery-item-inner\"><div class=\"envira-gallery-position-overlay  envira-gallery-top-left\"><\/div><div class=\"envira-gallery-position-overlay  envira-gallery-top-right\"><\/div><div class=\"envira-gallery-position-overlay  envira-gallery-bottom-left\"><\/div><div class=\"envira-gallery-position-overlay  envira-gallery-bottom-right\"><\/div><a href=\"https:\/\/mnir50.mnir.ro\/wpmnir50\/wp-content\/uploads\/2022\/04\/96_1981-Presedintele-RFG-Karl-Karstens-la-MIRSR_1.jpg\" class=\"envira-gallery-2391 envira-gallery-link\" rel=\"enviragallery2391\" title=\"1981. Vizita pre\u0219edintelui RFG, Karl Karstens\" data-envira-caption=\"1981. Vizita pre\u0219edintelui RFG, Karl Karstens\" data-envira-retina=\"\" data-thumbnail=\"\"  itemprop=\"contentUrl\"><div class=\"envira-lazy\" data-test-width=\"640\" data-test-height=\"480\" style=\"padding-bottom:75%;\"><img decoding=\"async\" id=\"envira-gallery-image-826\" class=\"envira-gallery-image envira-gallery-image-103\" data-envira-index=\"103\" src=\"https:\/\/mnir50.mnir.ro\/wpmnir50\/wp-content\/uploads\/2022\/04\/96_1981-Presedintele-RFG-Karl-Karstens-la-MIRSR_1-1024x866-640x480_c.jpg\" data-envira-src=\"https:\/\/mnir50.mnir.ro\/wpmnir50\/wp-content\/uploads\/2022\/04\/96_1981-Presedintele-RFG-Karl-Karstens-la-MIRSR_1-1024x866-640x480_c.jpg\" data-envira-gallery-id=\"2391\" data-envira-item-id=\"826\" data-envira-caption=\"1981. Vizita pre\u0219edintelui RFG, Karl Karstens\" alt=\"\" title=\"1981. Vizita pre\u0219edintelui RFG, Karl Karstens\"  itemprop=\"thumbnailUrl\" data-envira-srcset=\"https:\/\/mnir50.mnir.ro\/wpmnir50\/wp-content\/uploads\/2022\/04\/96_1981-Presedintele-RFG-Karl-Karstens-la-MIRSR_1-1024x866-640x480_c.jpg 400w,https:\/\/mnir50.mnir.ro\/wpmnir50\/wp-content\/uploads\/2022\/04\/96_1981-Presedintele-RFG-Karl-Karstens-la-MIRSR_1-1024x866-640x480_c.jpg 2x\" srcset=\"data:image\/gif;base64,R0lGODlhAQABAIAAAP\/\/\/\/\/\/\/yH5BAEKAAEALAAAAAABAAEAAAICTAEAOw==\" \/><\/div><\/a><\/div><\/div><div id=\"envira-gallery-item-827\" class=\"envira-gallery-item enviratope-item envira-gallery-item-104 envira-lazy-load\" style=\"padding-left: 1px; padding-bottom: 2px; padding-right: 1px;\"  itemscope itemtype=\"https:\/\/schema.org\/ImageObject\"><div class=\"envira-gallery-item-inner\"><div class=\"envira-gallery-position-overlay  envira-gallery-top-left\"><\/div><div class=\"envira-gallery-position-overlay  envira-gallery-top-right\"><\/div><div class=\"envira-gallery-position-overlay  envira-gallery-bottom-left\"><\/div><div class=\"envira-gallery-position-overlay  envira-gallery-bottom-right\"><\/div><a href=\"https:\/\/mnir50.mnir.ro\/wpmnir50\/wp-content\/uploads\/2022\/04\/97_1981-Vernisajul-expozitiei-Dacii-descoperiri-arheologice-in-Romania.jpg\" class=\"envira-gallery-2391 envira-gallery-link\" rel=\"enviragallery2391\" title=\"1981. Vernisajul expozi\u021biei &bdquo;Dacii &ndash; descoperiri arheologice &icirc;n Rom&acirc;nia&rdquo;\" data-envira-caption=\"1981. Vernisajul expozi\u021biei &bdquo;Dacii &ndash; descoperiri arheologice &icirc;n Rom&acirc;nia&rdquo;\" data-envira-retina=\"\" data-thumbnail=\"\"  itemprop=\"contentUrl\"><div class=\"envira-lazy\" data-test-width=\"640\" data-test-height=\"480\" style=\"padding-bottom:75%;\"><img decoding=\"async\" id=\"envira-gallery-image-827\" class=\"envira-gallery-image envira-gallery-image-104\" data-envira-index=\"104\" src=\"https:\/\/mnir50.mnir.ro\/wpmnir50\/wp-content\/uploads\/2022\/04\/97_1981-Vernisajul-expozitiei-Dacii-descoperiri-arheologice-in-Romania-1024x731-640x480_c.jpg\" data-envira-src=\"https:\/\/mnir50.mnir.ro\/wpmnir50\/wp-content\/uploads\/2022\/04\/97_1981-Vernisajul-expozitiei-Dacii-descoperiri-arheologice-in-Romania-1024x731-640x480_c.jpg\" data-envira-gallery-id=\"2391\" data-envira-item-id=\"827\" data-envira-caption=\"1981. Vernisajul expozi\u021biei &bdquo;Dacii &ndash; descoperiri arheologice &icirc;n Rom&acirc;nia&rdquo;\" alt=\"\" title=\"1981. Vernisajul expozi\u021biei &amp;bdquo;Dacii &amp;ndash; descoperiri arheologice &amp;icirc;n Rom&amp;acirc;nia&amp;rdquo;\"  itemprop=\"thumbnailUrl\" data-envira-srcset=\"https:\/\/mnir50.mnir.ro\/wpmnir50\/wp-content\/uploads\/2022\/04\/97_1981-Vernisajul-expozitiei-Dacii-descoperiri-arheologice-in-Romania-1024x731-640x480_c.jpg 400w,https:\/\/mnir50.mnir.ro\/wpmnir50\/wp-content\/uploads\/2022\/04\/97_1981-Vernisajul-expozitiei-Dacii-descoperiri-arheologice-in-Romania-1024x731-640x480_c.jpg 2x\" srcset=\"data:image\/gif;base64,R0lGODlhAQABAIAAAP\/\/\/\/\/\/\/yH5BAEKAAEALAAAAAABAAEAAAICTAEAOw==\" \/><\/div><\/a><\/div><\/div><div id=\"envira-gallery-item-829\" class=\"envira-gallery-item enviratope-item envira-gallery-item-105 envira-lazy-load\" style=\"padding-left: 1px; padding-bottom: 2px; padding-right: 1px;\"  itemscope itemtype=\"https:\/\/schema.org\/ImageObject\"><div class=\"envira-gallery-item-inner\"><div class=\"envira-gallery-position-overlay  envira-gallery-top-left\"><\/div><div class=\"envira-gallery-position-overlay  envira-gallery-top-right\"><\/div><div class=\"envira-gallery-position-overlay  envira-gallery-bottom-left\"><\/div><div class=\"envira-gallery-position-overlay  envira-gallery-bottom-right\"><\/div><a href=\"https:\/\/mnir50.mnir.ro\/wpmnir50\/wp-content\/uploads\/2022\/04\/99_1981_luchian_diaconu_muz_olteniei.jpg\" class=\"envira-gallery-2391 envira-gallery-link\" rel=\"enviragallery2391\" title=\"1981. Sesiune \u0219tiin\u021bific\u0103 (Luchian Diaconu, director Muzeul Olteniei)\" data-envira-caption=\"1981. Sesiune \u0219tiin\u021bific\u0103 (Luchian Diaconu, director Muzeul Olteniei)\" data-envira-retina=\"\" data-thumbnail=\"\"  itemprop=\"contentUrl\"><div class=\"envira-lazy\" data-test-width=\"640\" data-test-height=\"480\" style=\"padding-bottom:75%;\"><img decoding=\"async\" id=\"envira-gallery-image-829\" class=\"envira-gallery-image envira-gallery-image-105\" data-envira-index=\"105\" src=\"https:\/\/mnir50.mnir.ro\/wpmnir50\/wp-content\/uploads\/2022\/04\/99_1981_luchian_diaconu_muz_olteniei-747x1024-640x480_c.jpg\" data-envira-src=\"https:\/\/mnir50.mnir.ro\/wpmnir50\/wp-content\/uploads\/2022\/04\/99_1981_luchian_diaconu_muz_olteniei-747x1024-640x480_c.jpg\" data-envira-gallery-id=\"2391\" data-envira-item-id=\"829\" data-envira-caption=\"1981. Sesiune \u0219tiin\u021bific\u0103 (Luchian Diaconu, director Muzeul Olteniei)\" alt=\"\" title=\"1981. Sesiune \u0219tiin\u021bific\u0103 (Luchian Diaconu, director Muzeul Olteniei)\"  itemprop=\"thumbnailUrl\" data-envira-srcset=\"https:\/\/mnir50.mnir.ro\/wpmnir50\/wp-content\/uploads\/2022\/04\/99_1981_luchian_diaconu_muz_olteniei-747x1024-640x480_c.jpg 400w,https:\/\/mnir50.mnir.ro\/wpmnir50\/wp-content\/uploads\/2022\/04\/99_1981_luchian_diaconu_muz_olteniei-747x1024-640x480_c.jpg 2x\" srcset=\"data:image\/gif;base64,R0lGODlhAQABAIAAAP\/\/\/\/\/\/\/yH5BAEKAAEALAAAAAABAAEAAAICTAEAOw==\" \/><\/div><\/a><\/div><\/div><div id=\"envira-gallery-item-828\" class=\"envira-gallery-item enviratope-item envira-gallery-item-106 envira-lazy-load\" style=\"padding-left: 1px; padding-bottom: 2px; padding-right: 1px;\"  itemscope itemtype=\"https:\/\/schema.org\/ImageObject\"><div class=\"envira-gallery-item-inner\"><div class=\"envira-gallery-position-overlay  envira-gallery-top-left\"><\/div><div class=\"envira-gallery-position-overlay  envira-gallery-top-right\"><\/div><div class=\"envira-gallery-position-overlay  envira-gallery-bottom-left\"><\/div><div class=\"envira-gallery-position-overlay  envira-gallery-bottom-right\"><\/div><a href=\"https:\/\/mnir50.mnir.ro\/wpmnir50\/wp-content\/uploads\/2022\/04\/98_1981_iordana_lungu_sesiune.jpg\" class=\"envira-gallery-2391 envira-gallery-link\" rel=\"enviragallery2391\" title=\"1981. Sesiune \u0219tiin\u021bific\u0103 (Iordana Lungu)\" data-envira-caption=\"1981. Sesiune \u0219tiin\u021bific\u0103 (Iordana Lungu)\" data-envira-retina=\"\" data-thumbnail=\"\"  itemprop=\"contentUrl\"><div class=\"envira-lazy\" data-test-width=\"640\" data-test-height=\"480\" style=\"padding-bottom:75%;\"><img decoding=\"async\" id=\"envira-gallery-image-828\" class=\"envira-gallery-image envira-gallery-image-106\" data-envira-index=\"106\" src=\"https:\/\/mnir50.mnir.ro\/wpmnir50\/wp-content\/uploads\/2022\/04\/98_1981_iordana_lungu_sesiune-1024x728-640x480_c.jpg\" data-envira-src=\"https:\/\/mnir50.mnir.ro\/wpmnir50\/wp-content\/uploads\/2022\/04\/98_1981_iordana_lungu_sesiune-1024x728-640x480_c.jpg\" data-envira-gallery-id=\"2391\" data-envira-item-id=\"828\" data-envira-caption=\"1981. Sesiune \u0219tiin\u021bific\u0103 (Iordana Lungu)\" alt=\"\" title=\"1981. Sesiune \u0219tiin\u021bific\u0103 (Iordana Lungu)\"  itemprop=\"thumbnailUrl\" data-envira-srcset=\"https:\/\/mnir50.mnir.ro\/wpmnir50\/wp-content\/uploads\/2022\/04\/98_1981_iordana_lungu_sesiune-1024x728-640x480_c.jpg 400w,https:\/\/mnir50.mnir.ro\/wpmnir50\/wp-content\/uploads\/2022\/04\/98_1981_iordana_lungu_sesiune-1024x728-640x480_c.jpg 2x\" srcset=\"data:image\/gif;base64,R0lGODlhAQABAIAAAP\/\/\/\/\/\/\/yH5BAEKAAEALAAAAAABAAEAAAICTAEAOw==\" \/><\/div><\/a><\/div><\/div><div id=\"envira-gallery-item-830\" class=\"envira-gallery-item enviratope-item envira-gallery-item-107 envira-lazy-load\" style=\"padding-left: 1px; padding-bottom: 2px; padding-right: 1px;\"  itemscope itemtype=\"https:\/\/schema.org\/ImageObject\"><div class=\"envira-gallery-item-inner\"><div class=\"envira-gallery-position-overlay  envira-gallery-top-left\"><\/div><div class=\"envira-gallery-position-overlay  envira-gallery-top-right\"><\/div><div class=\"envira-gallery-position-overlay  envira-gallery-bottom-left\"><\/div><div class=\"envira-gallery-position-overlay  envira-gallery-bottom-right\"><\/div><a href=\"https:\/\/mnir50.mnir.ro\/wpmnir50\/wp-content\/uploads\/2022\/04\/100_1981_pcr_60_adrian_radulescu_cta.jpg\" class=\"envira-gallery-2391 envira-gallery-link\" rel=\"enviragallery2391\" title=\"1981. Sesiune \u0219tiin\u021bific\u0103 (Adrian R\u0103dulescu, director Muzeu Constan\u021ba)\" data-envira-caption=\"1981. Sesiune \u0219tiin\u021bific\u0103 (Adrian R\u0103dulescu, director Muzeu Constan\u021ba)\" data-envira-retina=\"\" data-thumbnail=\"\"  itemprop=\"contentUrl\"><div class=\"envira-lazy\" data-test-width=\"640\" data-test-height=\"480\" style=\"padding-bottom:75%;\"><img decoding=\"async\" id=\"envira-gallery-image-830\" class=\"envira-gallery-image envira-gallery-image-107\" data-envira-index=\"107\" src=\"https:\/\/mnir50.mnir.ro\/wpmnir50\/wp-content\/uploads\/2022\/04\/100_1981_pcr_60_adrian_radulescu_cta-1024x757-640x480_c.jpg\" data-envira-src=\"https:\/\/mnir50.mnir.ro\/wpmnir50\/wp-content\/uploads\/2022\/04\/100_1981_pcr_60_adrian_radulescu_cta-1024x757-640x480_c.jpg\" data-envira-gallery-id=\"2391\" data-envira-item-id=\"830\" data-envira-caption=\"1981. Sesiune \u0219tiin\u021bific\u0103 (Adrian R\u0103dulescu, director Muzeu Constan\u021ba)\" alt=\"\" title=\"1981. Sesiune \u0219tiin\u021bific\u0103 (Adrian R\u0103dulescu, director Muzeu Constan\u021ba)\"  itemprop=\"thumbnailUrl\" data-envira-srcset=\"https:\/\/mnir50.mnir.ro\/wpmnir50\/wp-content\/uploads\/2022\/04\/100_1981_pcr_60_adrian_radulescu_cta-1024x757-640x480_c.jpg 400w,https:\/\/mnir50.mnir.ro\/wpmnir50\/wp-content\/uploads\/2022\/04\/100_1981_pcr_60_adrian_radulescu_cta-1024x757-640x480_c.jpg 2x\" srcset=\"data:image\/gif;base64,R0lGODlhAQABAIAAAP\/\/\/\/\/\/\/yH5BAEKAAEALAAAAAABAAEAAAICTAEAOw==\" \/><\/div><\/a><\/div><\/div><div id=\"envira-gallery-item-831\" class=\"envira-gallery-item enviratope-item envira-gallery-item-108 envira-lazy-load\" style=\"padding-left: 1px; padding-bottom: 2px; padding-right: 1px;\"  itemscope itemtype=\"https:\/\/schema.org\/ImageObject\"><div class=\"envira-gallery-item-inner\"><div class=\"envira-gallery-position-overlay  envira-gallery-top-left\"><\/div><div class=\"envira-gallery-position-overlay  envira-gallery-top-right\"><\/div><div class=\"envira-gallery-position-overlay  envira-gallery-bottom-left\"><\/div><div class=\"envira-gallery-position-overlay  envira-gallery-bottom-right\"><\/div><a href=\"https:\/\/mnir50.mnir.ro\/wpmnir50\/wp-content\/uploads\/2022\/04\/101_1981_pcr_60_apostol.jpg\" class=\"envira-gallery-2391 envira-gallery-link\" rel=\"enviragallery2391\" title=\"1981. Sesiune \u0219tiin\u021bific\u0103 (Cornelia Apostol)\" data-envira-caption=\"1981. Sesiune \u0219tiin\u021bific\u0103 (Cornelia Apostol)\" data-envira-retina=\"\" data-thumbnail=\"\"  itemprop=\"contentUrl\"><div class=\"envira-lazy\" data-test-width=\"640\" data-test-height=\"480\" style=\"padding-bottom:75%;\"><img decoding=\"async\" id=\"envira-gallery-image-831\" class=\"envira-gallery-image envira-gallery-image-108\" data-envira-index=\"108\" src=\"https:\/\/mnir50.mnir.ro\/wpmnir50\/wp-content\/uploads\/2022\/04\/101_1981_pcr_60_apostol-1024x761-640x480_c.jpg\" data-envira-src=\"https:\/\/mnir50.mnir.ro\/wpmnir50\/wp-content\/uploads\/2022\/04\/101_1981_pcr_60_apostol-1024x761-640x480_c.jpg\" data-envira-gallery-id=\"2391\" data-envira-item-id=\"831\" data-envira-caption=\"1981. Sesiune \u0219tiin\u021bific\u0103 (Cornelia Apostol)\" alt=\"\" title=\"1981. Sesiune \u0219tiin\u021bific\u0103 (Cornelia Apostol)\"  itemprop=\"thumbnailUrl\" data-envira-srcset=\"https:\/\/mnir50.mnir.ro\/wpmnir50\/wp-content\/uploads\/2022\/04\/101_1981_pcr_60_apostol-1024x761-640x480_c.jpg 400w,https:\/\/mnir50.mnir.ro\/wpmnir50\/wp-content\/uploads\/2022\/04\/101_1981_pcr_60_apostol-1024x761-640x480_c.jpg 2x\" srcset=\"data:image\/gif;base64,R0lGODlhAQABAIAAAP\/\/\/\/\/\/\/yH5BAEKAAEALAAAAAABAAEAAAICTAEAOw==\" \/><\/div><\/a><\/div><\/div><div id=\"envira-gallery-item-832\" class=\"envira-gallery-item enviratope-item envira-gallery-item-109 envira-lazy-load\" style=\"padding-left: 1px; padding-bottom: 2px; padding-right: 1px;\"  itemscope itemtype=\"https:\/\/schema.org\/ImageObject\"><div class=\"envira-gallery-item-inner\"><div class=\"envira-gallery-position-overlay  envira-gallery-top-left\"><\/div><div class=\"envira-gallery-position-overlay  envira-gallery-top-right\"><\/div><div class=\"envira-gallery-position-overlay  envira-gallery-bottom-left\"><\/div><div class=\"envira-gallery-position-overlay  envira-gallery-bottom-right\"><\/div><a href=\"https:\/\/mnir50.mnir.ro\/wpmnir50\/wp-content\/uploads\/2022\/04\/102_1981_pcr_60_calafeteanu.jpg\" class=\"envira-gallery-2391 envira-gallery-link\" rel=\"enviragallery2391\" title=\"1981. Sesiune \u0219tiin\u021bific\u0103 (Ion Calafeteanu)\" data-envira-caption=\"1981. Sesiune \u0219tiin\u021bific\u0103 (Ion Calafeteanu)\" data-envira-retina=\"\" data-thumbnail=\"\"  itemprop=\"contentUrl\"><div class=\"envira-lazy\" data-test-width=\"640\" data-test-height=\"480\" style=\"padding-bottom:75%;\"><img decoding=\"async\" id=\"envira-gallery-image-832\" class=\"envira-gallery-image envira-gallery-image-109\" data-envira-index=\"109\" src=\"https:\/\/mnir50.mnir.ro\/wpmnir50\/wp-content\/uploads\/2022\/04\/102_1981_pcr_60_calafeteanu-1024x790-640x480_c.jpg\" data-envira-src=\"https:\/\/mnir50.mnir.ro\/wpmnir50\/wp-content\/uploads\/2022\/04\/102_1981_pcr_60_calafeteanu-1024x790-640x480_c.jpg\" data-envira-gallery-id=\"2391\" data-envira-item-id=\"832\" data-envira-caption=\"1981. Sesiune \u0219tiin\u021bific\u0103 (Ion Calafeteanu)\" alt=\"\" title=\"1981. Sesiune \u0219tiin\u021bific\u0103 (Ion Calafeteanu)\"  itemprop=\"thumbnailUrl\" data-envira-srcset=\"https:\/\/mnir50.mnir.ro\/wpmnir50\/wp-content\/uploads\/2022\/04\/102_1981_pcr_60_calafeteanu-1024x790-640x480_c.jpg 400w,https:\/\/mnir50.mnir.ro\/wpmnir50\/wp-content\/uploads\/2022\/04\/102_1981_pcr_60_calafeteanu-1024x790-640x480_c.jpg 2x\" srcset=\"data:image\/gif;base64,R0lGODlhAQABAIAAAP\/\/\/\/\/\/\/yH5BAEKAAEALAAAAAABAAEAAAICTAEAOw==\" \/><\/div><\/a><\/div><\/div><div id=\"envira-gallery-item-833\" class=\"envira-gallery-item enviratope-item envira-gallery-item-110 envira-lazy-load\" style=\"padding-left: 1px; padding-bottom: 2px; padding-right: 1px;\"  itemscope itemtype=\"https:\/\/schema.org\/ImageObject\"><div class=\"envira-gallery-item-inner\"><div class=\"envira-gallery-position-overlay  envira-gallery-top-left\"><\/div><div class=\"envira-gallery-position-overlay  envira-gallery-top-right\"><\/div><div class=\"envira-gallery-position-overlay  envira-gallery-bottom-left\"><\/div><div class=\"envira-gallery-position-overlay  envira-gallery-bottom-right\"><\/div><a href=\"https:\/\/mnir50.mnir.ro\/wpmnir50\/wp-content\/uploads\/2022\/04\/103_1981_pcr_60_cristian_paunescu_mmb.jpg\" class=\"envira-gallery-2391 envira-gallery-link\" rel=\"enviragallery2391\" title=\"1981. Sesiune \u0219tiin\u021bific\u0103 (Cristian P\u0103unescu, Muzeul Municipiului)\" data-envira-caption=\"1981. Sesiune \u0219tiin\u021bific\u0103 (Cristian P\u0103unescu, Muzeul Municipiului)\" data-envira-retina=\"\" data-thumbnail=\"\"  itemprop=\"contentUrl\"><div class=\"envira-lazy\" data-test-width=\"640\" data-test-height=\"480\" style=\"padding-bottom:75%;\"><img decoding=\"async\" id=\"envira-gallery-image-833\" class=\"envira-gallery-image envira-gallery-image-110\" data-envira-index=\"110\" src=\"https:\/\/mnir50.mnir.ro\/wpmnir50\/wp-content\/uploads\/2022\/04\/103_1981_pcr_60_cristian_paunescu_mmb-1024x797-640x480_c.jpg\" data-envira-src=\"https:\/\/mnir50.mnir.ro\/wpmnir50\/wp-content\/uploads\/2022\/04\/103_1981_pcr_60_cristian_paunescu_mmb-1024x797-640x480_c.jpg\" data-envira-gallery-id=\"2391\" data-envira-item-id=\"833\" data-envira-caption=\"1981. Sesiune \u0219tiin\u021bific\u0103 (Cristian P\u0103unescu, Muzeul Municipiului)\" alt=\"\" title=\"1981. Sesiune \u0219tiin\u021bific\u0103 (Cristian P\u0103unescu, Muzeul Municipiului)\"  itemprop=\"thumbnailUrl\" data-envira-srcset=\"https:\/\/mnir50.mnir.ro\/wpmnir50\/wp-content\/uploads\/2022\/04\/103_1981_pcr_60_cristian_paunescu_mmb-1024x797-640x480_c.jpg 400w,https:\/\/mnir50.mnir.ro\/wpmnir50\/wp-content\/uploads\/2022\/04\/103_1981_pcr_60_cristian_paunescu_mmb-1024x797-640x480_c.jpg 2x\" srcset=\"data:image\/gif;base64,R0lGODlhAQABAIAAAP\/\/\/\/\/\/\/yH5BAEKAAEALAAAAAABAAEAAAICTAEAOw==\" \/><\/div><\/a><\/div><\/div><div id=\"envira-gallery-item-834\" class=\"envira-gallery-item enviratope-item envira-gallery-item-111 envira-lazy-load\" style=\"padding-left: 1px; padding-bottom: 2px; padding-right: 1px;\"  itemscope itemtype=\"https:\/\/schema.org\/ImageObject\"><div class=\"envira-gallery-item-inner\"><div class=\"envira-gallery-position-overlay  envira-gallery-top-left\"><\/div><div class=\"envira-gallery-position-overlay  envira-gallery-top-right\"><\/div><div class=\"envira-gallery-position-overlay  envira-gallery-bottom-left\"><\/div><div class=\"envira-gallery-position-overlay  envira-gallery-bottom-right\"><\/div><a href=\"https:\/\/mnir50.mnir.ro\/wpmnir50\/wp-content\/uploads\/2022\/04\/104_1981_pcr_60_floricel_marinescu.jpg\" class=\"envira-gallery-2391 envira-gallery-link\" rel=\"enviragallery2391\" title=\"1981. Sesiune \u0219tiin\u021bific\u0103 (Floricel Marinescu, Muzeul Militar)\" data-envira-caption=\"1981. Sesiune \u0219tiin\u021bific\u0103 (Floricel Marinescu, Muzeul Militar)\" data-envira-retina=\"\" data-thumbnail=\"\"  itemprop=\"contentUrl\"><div class=\"envira-lazy\" data-test-width=\"640\" data-test-height=\"480\" style=\"padding-bottom:75%;\"><img decoding=\"async\" id=\"envira-gallery-image-834\" class=\"envira-gallery-image envira-gallery-image-111\" data-envira-index=\"111\" src=\"https:\/\/mnir50.mnir.ro\/wpmnir50\/wp-content\/uploads\/2022\/04\/104_1981_pcr_60_floricel_marinescu-1024x771-640x480_c.jpg\" data-envira-src=\"https:\/\/mnir50.mnir.ro\/wpmnir50\/wp-content\/uploads\/2022\/04\/104_1981_pcr_60_floricel_marinescu-1024x771-640x480_c.jpg\" data-envira-gallery-id=\"2391\" data-envira-item-id=\"834\" data-envira-caption=\"1981. Sesiune \u0219tiin\u021bific\u0103 (Floricel Marinescu, Muzeul Militar)\" alt=\"\" title=\"1981. Sesiune \u0219tiin\u021bific\u0103 (Floricel Marinescu, Muzeul Militar)\"  itemprop=\"thumbnailUrl\" data-envira-srcset=\"https:\/\/mnir50.mnir.ro\/wpmnir50\/wp-content\/uploads\/2022\/04\/104_1981_pcr_60_floricel_marinescu-1024x771-640x480_c.jpg 400w,https:\/\/mnir50.mnir.ro\/wpmnir50\/wp-content\/uploads\/2022\/04\/104_1981_pcr_60_floricel_marinescu-1024x771-640x480_c.jpg 2x\" srcset=\"data:image\/gif;base64,R0lGODlhAQABAIAAAP\/\/\/\/\/\/\/yH5BAEKAAEALAAAAAABAAEAAAICTAEAOw==\" \/><\/div><\/a><\/div><\/div><div id=\"envira-gallery-item-835\" class=\"envira-gallery-item enviratope-item envira-gallery-item-112 envira-lazy-load\" style=\"padding-left: 1px; padding-bottom: 2px; padding-right: 1px;\"  itemscope itemtype=\"https:\/\/schema.org\/ImageObject\"><div class=\"envira-gallery-item-inner\"><div class=\"envira-gallery-position-overlay  envira-gallery-top-left\"><\/div><div class=\"envira-gallery-position-overlay  envira-gallery-top-right\"><\/div><div class=\"envira-gallery-position-overlay  envira-gallery-bottom-left\"><\/div><div class=\"envira-gallery-position-overlay  envira-gallery-bottom-right\"><\/div><a href=\"https:\/\/mnir50.mnir.ro\/wpmnir50\/wp-content\/uploads\/2022\/04\/105_1981_pcr_60_florin-serbanescu.jpg\" class=\"envira-gallery-2391 envira-gallery-link\" rel=\"enviragallery2391\" title=\"1981. Sesiune \u0218tiin\u021bific\u0103 (Florian \u0218erb\u0103nescu)\" data-envira-caption=\"1981. Sesiune \u0218tiin\u021bific\u0103 (Florian \u0218erb\u0103nescu)\" data-envira-retina=\"\" data-thumbnail=\"\"  itemprop=\"contentUrl\"><div class=\"envira-lazy\" data-test-width=\"640\" data-test-height=\"480\" style=\"padding-bottom:75%;\"><img decoding=\"async\" id=\"envira-gallery-image-835\" class=\"envira-gallery-image envira-gallery-image-112\" data-envira-index=\"112\" src=\"https:\/\/mnir50.mnir.ro\/wpmnir50\/wp-content\/uploads\/2022\/04\/105_1981_pcr_60_florin-serbanescu-1024x788-640x480_c.jpg\" data-envira-src=\"https:\/\/mnir50.mnir.ro\/wpmnir50\/wp-content\/uploads\/2022\/04\/105_1981_pcr_60_florin-serbanescu-1024x788-640x480_c.jpg\" data-envira-gallery-id=\"2391\" data-envira-item-id=\"835\" data-envira-caption=\"1981. Sesiune \u0218tiin\u021bific\u0103 (Florian \u0218erb\u0103nescu)\" alt=\"\" title=\"1981. Sesiune \u0218tiin\u021bific\u0103 (Florian \u0218erb\u0103nescu)\"  itemprop=\"thumbnailUrl\" data-envira-srcset=\"https:\/\/mnir50.mnir.ro\/wpmnir50\/wp-content\/uploads\/2022\/04\/105_1981_pcr_60_florin-serbanescu-1024x788-640x480_c.jpg 400w,https:\/\/mnir50.mnir.ro\/wpmnir50\/wp-content\/uploads\/2022\/04\/105_1981_pcr_60_florin-serbanescu-1024x788-640x480_c.jpg 2x\" srcset=\"data:image\/gif;base64,R0lGODlhAQABAIAAAP\/\/\/\/\/\/\/yH5BAEKAAEALAAAAAABAAEAAAICTAEAOw==\" \/><\/div><\/a><\/div><\/div><div id=\"envira-gallery-item-836\" class=\"envira-gallery-item enviratope-item envira-gallery-item-113 envira-lazy-load\" style=\"padding-left: 1px; padding-bottom: 2px; padding-right: 1px;\"  itemscope itemtype=\"https:\/\/schema.org\/ImageObject\"><div class=\"envira-gallery-item-inner\"><div class=\"envira-gallery-position-overlay  envira-gallery-top-left\"><\/div><div class=\"envira-gallery-position-overlay  envira-gallery-top-right\"><\/div><div class=\"envira-gallery-position-overlay  envira-gallery-bottom-left\"><\/div><div class=\"envira-gallery-position-overlay  envira-gallery-bottom-right\"><\/div><a href=\"https:\/\/mnir50.mnir.ro\/wpmnir50\/wp-content\/uploads\/2022\/04\/106_1981_pcr_60_gh-tomescu.jpg\" class=\"envira-gallery-2391 envira-gallery-link\" rel=\"enviragallery2391\" title=\"1981. Sesiune \u0219tiin\u021bific\u0103 (Gh. Tomescu)\" data-envira-caption=\"1981. Sesiune \u0219tiin\u021bific\u0103 (Gh. Tomescu)\" data-envira-retina=\"\" data-thumbnail=\"\"  itemprop=\"contentUrl\"><div class=\"envira-lazy\" data-test-width=\"640\" data-test-height=\"480\" style=\"padding-bottom:75%;\"><img decoding=\"async\" id=\"envira-gallery-image-836\" class=\"envira-gallery-image envira-gallery-image-113\" data-envira-index=\"113\" src=\"https:\/\/mnir50.mnir.ro\/wpmnir50\/wp-content\/uploads\/2022\/04\/106_1981_pcr_60_gh-tomescu-1024x753-640x480_c.jpg\" data-envira-src=\"https:\/\/mnir50.mnir.ro\/wpmnir50\/wp-content\/uploads\/2022\/04\/106_1981_pcr_60_gh-tomescu-1024x753-640x480_c.jpg\" data-envira-gallery-id=\"2391\" data-envira-item-id=\"836\" data-envira-caption=\"1981. Sesiune \u0219tiin\u021bific\u0103 (Gh. Tomescu)\" alt=\"\" title=\"1981. Sesiune \u0219tiin\u021bific\u0103 (Gh. Tomescu)\"  itemprop=\"thumbnailUrl\" data-envira-srcset=\"https:\/\/mnir50.mnir.ro\/wpmnir50\/wp-content\/uploads\/2022\/04\/106_1981_pcr_60_gh-tomescu-1024x753-640x480_c.jpg 400w,https:\/\/mnir50.mnir.ro\/wpmnir50\/wp-content\/uploads\/2022\/04\/106_1981_pcr_60_gh-tomescu-1024x753-640x480_c.jpg 2x\" srcset=\"data:image\/gif;base64,R0lGODlhAQABAIAAAP\/\/\/\/\/\/\/yH5BAEKAAEALAAAAAABAAEAAAICTAEAOw==\" \/><\/div><\/a><\/div><\/div><div id=\"envira-gallery-item-837\" class=\"envira-gallery-item enviratope-item envira-gallery-item-114 envira-lazy-load\" style=\"padding-left: 1px; padding-bottom: 2px; padding-right: 1px;\"  itemscope itemtype=\"https:\/\/schema.org\/ImageObject\"><div class=\"envira-gallery-item-inner\"><div class=\"envira-gallery-position-overlay  envira-gallery-top-left\"><\/div><div class=\"envira-gallery-position-overlay  envira-gallery-top-right\"><\/div><div class=\"envira-gallery-position-overlay  envira-gallery-bottom-left\"><\/div><div class=\"envira-gallery-position-overlay  envira-gallery-bottom-right\"><\/div><a href=\"https:\/\/mnir50.mnir.ro\/wpmnir50\/wp-content\/uploads\/2022\/04\/107_1981_pcr_60_leahu_oberlander_velter_parvan.jpg\" class=\"envira-gallery-2391 envira-gallery-link\" rel=\"enviragallery2391\" title=\"1981. Sesiune \u0219tiin\u021bific\u0103 (V. Lehu, Ernest Oberlander, Ana-Maria Velter, Katiu\u0219a P&icirc;rvan...)\" data-envira-caption=\"1981. Sesiune \u0219tiin\u021bific\u0103 (V. Lehu, Ernest Oberlander, Ana-Maria Velter, Katiu\u0219a P&icirc;rvan...)\" data-envira-retina=\"\" data-thumbnail=\"\"  itemprop=\"contentUrl\"><div class=\"envira-lazy\" data-test-width=\"640\" data-test-height=\"480\" style=\"padding-bottom:75%;\"><img decoding=\"async\" id=\"envira-gallery-image-837\" class=\"envira-gallery-image envira-gallery-image-114\" data-envira-index=\"114\" src=\"https:\/\/mnir50.mnir.ro\/wpmnir50\/wp-content\/uploads\/2022\/04\/107_1981_pcr_60_leahu_oberlander_velter_parvan-1024x777-640x480_c.jpg\" data-envira-src=\"https:\/\/mnir50.mnir.ro\/wpmnir50\/wp-content\/uploads\/2022\/04\/107_1981_pcr_60_leahu_oberlander_velter_parvan-1024x777-640x480_c.jpg\" data-envira-gallery-id=\"2391\" data-envira-item-id=\"837\" data-envira-caption=\"1981. Sesiune \u0219tiin\u021bific\u0103 (V. Lehu, Ernest Oberlander, Ana-Maria Velter, Katiu\u0219a P&icirc;rvan...)\" alt=\"\" title=\"1981. Sesiune \u0219tiin\u021bific\u0103 (V. Lehu, Ernest Oberlander, Ana-Maria Velter, Katiu\u0219a P&amp;icirc;rvan...)\"  itemprop=\"thumbnailUrl\" data-envira-srcset=\"https:\/\/mnir50.mnir.ro\/wpmnir50\/wp-content\/uploads\/2022\/04\/107_1981_pcr_60_leahu_oberlander_velter_parvan-1024x777-640x480_c.jpg 400w,https:\/\/mnir50.mnir.ro\/wpmnir50\/wp-content\/uploads\/2022\/04\/107_1981_pcr_60_leahu_oberlander_velter_parvan-1024x777-640x480_c.jpg 2x\" srcset=\"data:image\/gif;base64,R0lGODlhAQABAIAAAP\/\/\/\/\/\/\/yH5BAEKAAEALAAAAAABAAEAAAICTAEAOw==\" \/><\/div><\/a><\/div><\/div><div id=\"envira-gallery-item-838\" class=\"envira-gallery-item enviratope-item envira-gallery-item-115 envira-lazy-load\" style=\"padding-left: 1px; padding-bottom: 2px; padding-right: 1px;\"  itemscope itemtype=\"https:\/\/schema.org\/ImageObject\"><div class=\"envira-gallery-item-inner\"><div class=\"envira-gallery-position-overlay  envira-gallery-top-left\"><\/div><div class=\"envira-gallery-position-overlay  envira-gallery-top-right\"><\/div><div class=\"envira-gallery-position-overlay  envira-gallery-bottom-left\"><\/div><div class=\"envira-gallery-position-overlay  envira-gallery-bottom-right\"><\/div><a href=\"https:\/\/mnir50.mnir.ro\/wpmnir50\/wp-content\/uploads\/2022\/04\/108_1981_pcr_60_mihai_barbulescu_iacj.jpg\" class=\"envira-gallery-2391 envira-gallery-link\" rel=\"enviragallery2391\" title=\"1981. Sesiune \u0219tiin\u021bific\u0103 (Mihai B\u0103rbulescu, Institutul de Arheologie Cluj Napoca)\" data-envira-caption=\"1981. Sesiune \u0219tiin\u021bific\u0103 (Mihai B\u0103rbulescu, Institutul de Arheologie Cluj Napoca)\" data-envira-retina=\"\" data-thumbnail=\"\"  itemprop=\"contentUrl\"><div class=\"envira-lazy\" data-test-width=\"640\" data-test-height=\"480\" style=\"padding-bottom:75%;\"><img decoding=\"async\" id=\"envira-gallery-image-838\" class=\"envira-gallery-image envira-gallery-image-115\" data-envira-index=\"115\" src=\"https:\/\/mnir50.mnir.ro\/wpmnir50\/wp-content\/uploads\/2022\/04\/108_1981_pcr_60_mihai_barbulescu_iacj-640x480_c.jpg\" data-envira-src=\"https:\/\/mnir50.mnir.ro\/wpmnir50\/wp-content\/uploads\/2022\/04\/108_1981_pcr_60_mihai_barbulescu_iacj-640x480_c.jpg\" data-envira-gallery-id=\"2391\" data-envira-item-id=\"838\" data-envira-caption=\"1981. Sesiune \u0219tiin\u021bific\u0103 (Mihai B\u0103rbulescu, Institutul de Arheologie Cluj Napoca)\" alt=\"\" title=\"1981. Sesiune \u0219tiin\u021bific\u0103 (Mihai B\u0103rbulescu, Institutul de Arheologie Cluj Napoca)\"  itemprop=\"thumbnailUrl\" data-envira-srcset=\"https:\/\/mnir50.mnir.ro\/wpmnir50\/wp-content\/uploads\/2022\/04\/108_1981_pcr_60_mihai_barbulescu_iacj-640x480_c.jpg 400w,https:\/\/mnir50.mnir.ro\/wpmnir50\/wp-content\/uploads\/2022\/04\/108_1981_pcr_60_mihai_barbulescu_iacj-640x480_c.jpg 2x\" srcset=\"data:image\/gif;base64,R0lGODlhAQABAIAAAP\/\/\/\/\/\/\/yH5BAEKAAEALAAAAAABAAEAAAICTAEAOw==\" \/><\/div><\/a><\/div><\/div><div id=\"envira-gallery-item-840\" class=\"envira-gallery-item enviratope-item envira-gallery-item-116 envira-lazy-load\" style=\"padding-left: 1px; padding-bottom: 2px; padding-right: 1px;\"  itemscope itemtype=\"https:\/\/schema.org\/ImageObject\"><div class=\"envira-gallery-item-inner\"><div class=\"envira-gallery-position-overlay  envira-gallery-top-left\"><\/div><div class=\"envira-gallery-position-overlay  envira-gallery-top-right\"><\/div><div class=\"envira-gallery-position-overlay  envira-gallery-bottom-left\"><\/div><div class=\"envira-gallery-position-overlay  envira-gallery-bottom-right\"><\/div><a href=\"https:\/\/mnir50.mnir.ro\/wpmnir50\/wp-content\/uploads\/2022\/04\/110_1981_pcr_60_mioara_ionita.jpg\" class=\"envira-gallery-2391 envira-gallery-link\" rel=\"enviragallery2391\" title=\"1981. Sesiune \u0219tiin\u021bific\u0103 (Mioara Ioni\u021b\u0103)\" data-envira-caption=\"1981. Sesiune \u0219tiin\u021bific\u0103 (Mioara Ioni\u021b\u0103)\" data-envira-retina=\"\" data-thumbnail=\"\"  itemprop=\"contentUrl\"><div class=\"envira-lazy\" data-test-width=\"640\" data-test-height=\"480\" style=\"padding-bottom:75%;\"><img decoding=\"async\" id=\"envira-gallery-image-840\" class=\"envira-gallery-image envira-gallery-image-116\" data-envira-index=\"116\" src=\"https:\/\/mnir50.mnir.ro\/wpmnir50\/wp-content\/uploads\/2022\/04\/110_1981_pcr_60_mioara_ionita-1024x787-640x480_c.jpg\" data-envira-src=\"https:\/\/mnir50.mnir.ro\/wpmnir50\/wp-content\/uploads\/2022\/04\/110_1981_pcr_60_mioara_ionita-1024x787-640x480_c.jpg\" data-envira-gallery-id=\"2391\" data-envira-item-id=\"840\" data-envira-caption=\"1981. Sesiune \u0219tiin\u021bific\u0103 (Mioara Ioni\u021b\u0103)\" alt=\"\" title=\"1981. Sesiune \u0219tiin\u021bific\u0103 (Mioara Ioni\u021b\u0103)\"  itemprop=\"thumbnailUrl\" data-envira-srcset=\"https:\/\/mnir50.mnir.ro\/wpmnir50\/wp-content\/uploads\/2022\/04\/110_1981_pcr_60_mioara_ionita-1024x787-640x480_c.jpg 400w,https:\/\/mnir50.mnir.ro\/wpmnir50\/wp-content\/uploads\/2022\/04\/110_1981_pcr_60_mioara_ionita-1024x787-640x480_c.jpg 2x\" srcset=\"data:image\/gif;base64,R0lGODlhAQABAIAAAP\/\/\/\/\/\/\/yH5BAEKAAEALAAAAAABAAEAAAICTAEAOw==\" \/><\/div><\/a><\/div><\/div><div id=\"envira-gallery-item-839\" class=\"envira-gallery-item enviratope-item envira-gallery-item-117 envira-lazy-load\" style=\"padding-left: 1px; padding-bottom: 2px; padding-right: 1px;\"  itemscope itemtype=\"https:\/\/schema.org\/ImageObject\"><div class=\"envira-gallery-item-inner\"><div class=\"envira-gallery-position-overlay  envira-gallery-top-left\"><\/div><div class=\"envira-gallery-position-overlay  envira-gallery-top-right\"><\/div><div class=\"envira-gallery-position-overlay  envira-gallery-bottom-left\"><\/div><div class=\"envira-gallery-position-overlay  envira-gallery-bottom-right\"><\/div><a href=\"https:\/\/mnir50.mnir.ro\/wpmnir50\/wp-content\/uploads\/2022\/04\/109_1981_pcr_60_mihail_ionescu_cpt.jpg\" class=\"envira-gallery-2391 envira-gallery-link\" rel=\"enviragallery2391\" title=\"1981. Sesiune \u0219tiin\u021bific\u0103 (cpt. Mihail Ionescu)\" data-envira-caption=\"1981. Sesiune \u0219tiin\u021bific\u0103 (cpt. Mihail Ionescu)\" data-envira-retina=\"\" data-thumbnail=\"\"  itemprop=\"contentUrl\"><div class=\"envira-lazy\" data-test-width=\"640\" data-test-height=\"480\" style=\"padding-bottom:75%;\"><img decoding=\"async\" id=\"envira-gallery-image-839\" class=\"envira-gallery-image envira-gallery-image-117\" data-envira-index=\"117\" src=\"https:\/\/mnir50.mnir.ro\/wpmnir50\/wp-content\/uploads\/2022\/04\/109_1981_pcr_60_mihail_ionescu_cpt-1024x748-640x480_c.jpg\" data-envira-src=\"https:\/\/mnir50.mnir.ro\/wpmnir50\/wp-content\/uploads\/2022\/04\/109_1981_pcr_60_mihail_ionescu_cpt-1024x748-640x480_c.jpg\" data-envira-gallery-id=\"2391\" data-envira-item-id=\"839\" data-envira-caption=\"1981. Sesiune \u0219tiin\u021bific\u0103 (cpt. Mihail Ionescu)\" alt=\"\" title=\"1981. Sesiune \u0219tiin\u021bific\u0103 (cpt. Mihail Ionescu)\"  itemprop=\"thumbnailUrl\" data-envira-srcset=\"https:\/\/mnir50.mnir.ro\/wpmnir50\/wp-content\/uploads\/2022\/04\/109_1981_pcr_60_mihail_ionescu_cpt-1024x748-640x480_c.jpg 400w,https:\/\/mnir50.mnir.ro\/wpmnir50\/wp-content\/uploads\/2022\/04\/109_1981_pcr_60_mihail_ionescu_cpt-1024x748-640x480_c.jpg 2x\" srcset=\"data:image\/gif;base64,R0lGODlhAQABAIAAAP\/\/\/\/\/\/\/yH5BAEKAAEALAAAAAABAAEAAAICTAEAOw==\" \/><\/div><\/a><\/div><\/div><div id=\"envira-gallery-item-841\" class=\"envira-gallery-item enviratope-item envira-gallery-item-118 envira-lazy-load\" style=\"padding-left: 1px; padding-bottom: 2px; padding-right: 1px;\"  itemscope itemtype=\"https:\/\/schema.org\/ImageObject\"><div class=\"envira-gallery-item-inner\"><div class=\"envira-gallery-position-overlay  envira-gallery-top-left\"><\/div><div class=\"envira-gallery-position-overlay  envira-gallery-top-right\"><\/div><div class=\"envira-gallery-position-overlay  envira-gallery-bottom-left\"><\/div><div class=\"envira-gallery-position-overlay  envira-gallery-bottom-right\"><\/div><a href=\"https:\/\/mnir50.mnir.ro\/wpmnir50\/wp-content\/uploads\/2022\/04\/111_1981_pcr_60_n_petrescu.jpg\" class=\"envira-gallery-2391 envira-gallery-link\" rel=\"enviragallery2391\" title=\"1981. Sesiune \u0219tiin\u021bific\u0103 (Nicolae Petrescu)\" data-envira-caption=\"1981. Sesiune \u0219tiin\u021bific\u0103 (Nicolae Petrescu)\" data-envira-retina=\"\" data-thumbnail=\"\"  itemprop=\"contentUrl\"><div class=\"envira-lazy\" data-test-width=\"640\" data-test-height=\"480\" style=\"padding-bottom:75%;\"><img decoding=\"async\" id=\"envira-gallery-image-841\" class=\"envira-gallery-image envira-gallery-image-118\" data-envira-index=\"118\" src=\"https:\/\/mnir50.mnir.ro\/wpmnir50\/wp-content\/uploads\/2022\/04\/111_1981_pcr_60_n_petrescu-1024x750-640x480_c.jpg\" data-envira-src=\"https:\/\/mnir50.mnir.ro\/wpmnir50\/wp-content\/uploads\/2022\/04\/111_1981_pcr_60_n_petrescu-1024x750-640x480_c.jpg\" data-envira-gallery-id=\"2391\" data-envira-item-id=\"841\" data-envira-caption=\"1981. Sesiune \u0219tiin\u021bific\u0103 (Nicolae Petrescu)\" alt=\"\" title=\"1981. Sesiune \u0219tiin\u021bific\u0103 (Nicolae Petrescu)\"  itemprop=\"thumbnailUrl\" data-envira-srcset=\"https:\/\/mnir50.mnir.ro\/wpmnir50\/wp-content\/uploads\/2022\/04\/111_1981_pcr_60_n_petrescu-1024x750-640x480_c.jpg 400w,https:\/\/mnir50.mnir.ro\/wpmnir50\/wp-content\/uploads\/2022\/04\/111_1981_pcr_60_n_petrescu-1024x750-640x480_c.jpg 2x\" srcset=\"data:image\/gif;base64,R0lGODlhAQABAIAAAP\/\/\/\/\/\/\/yH5BAEKAAEALAAAAAABAAEAAAICTAEAOw==\" \/><\/div><\/a><\/div><\/div><div id=\"envira-gallery-item-842\" class=\"envira-gallery-item enviratope-item envira-gallery-item-119 envira-lazy-load\" style=\"padding-left: 1px; padding-bottom: 2px; padding-right: 1px;\"  itemscope itemtype=\"https:\/\/schema.org\/ImageObject\"><div class=\"envira-gallery-item-inner\"><div class=\"envira-gallery-position-overlay  envira-gallery-top-left\"><\/div><div class=\"envira-gallery-position-overlay  envira-gallery-top-right\"><\/div><div class=\"envira-gallery-position-overlay  envira-gallery-bottom-left\"><\/div><div class=\"envira-gallery-position-overlay  envira-gallery-bottom-right\"><\/div><a href=\"https:\/\/mnir50.mnir.ro\/wpmnir50\/wp-content\/uploads\/2022\/04\/112_1981_pcr_60_negutu.jpg\" class=\"envira-gallery-2391 envira-gallery-link\" rel=\"enviragallery2391\" title=\"1981. Sesiune \u0219tiin\u021bific\u0103 (Mariana Negu\u021bu)\" data-envira-caption=\"1981. Sesiune \u0219tiin\u021bific\u0103 (Mariana Negu\u021bu)\" data-envira-retina=\"\" data-thumbnail=\"\"  itemprop=\"contentUrl\"><div class=\"envira-lazy\" data-test-width=\"640\" data-test-height=\"480\" style=\"padding-bottom:75%;\"><img decoding=\"async\" id=\"envira-gallery-image-842\" class=\"envira-gallery-image envira-gallery-image-119\" data-envira-index=\"119\" src=\"https:\/\/mnir50.mnir.ro\/wpmnir50\/wp-content\/uploads\/2022\/04\/112_1981_pcr_60_negutu-1024x758-640x480_c.jpg\" data-envira-src=\"https:\/\/mnir50.mnir.ro\/wpmnir50\/wp-content\/uploads\/2022\/04\/112_1981_pcr_60_negutu-1024x758-640x480_c.jpg\" data-envira-gallery-id=\"2391\" data-envira-item-id=\"842\" data-envira-caption=\"1981. Sesiune \u0219tiin\u021bific\u0103 (Mariana Negu\u021bu)\" alt=\"\" title=\"1981. Sesiune \u0219tiin\u021bific\u0103 (Mariana Negu\u021bu)\"  itemprop=\"thumbnailUrl\" data-envira-srcset=\"https:\/\/mnir50.mnir.ro\/wpmnir50\/wp-content\/uploads\/2022\/04\/112_1981_pcr_60_negutu-1024x758-640x480_c.jpg 400w,https:\/\/mnir50.mnir.ro\/wpmnir50\/wp-content\/uploads\/2022\/04\/112_1981_pcr_60_negutu-1024x758-640x480_c.jpg 2x\" srcset=\"data:image\/gif;base64,R0lGODlhAQABAIAAAP\/\/\/\/\/\/\/yH5BAEKAAEALAAAAAABAAEAAAICTAEAOw==\" \/><\/div><\/a><\/div><\/div><div id=\"envira-gallery-item-843\" class=\"envira-gallery-item enviratope-item envira-gallery-item-120 envira-lazy-load\" style=\"padding-left: 1px; padding-bottom: 2px; padding-right: 1px;\"  itemscope itemtype=\"https:\/\/schema.org\/ImageObject\"><div class=\"envira-gallery-item-inner\"><div class=\"envira-gallery-position-overlay  envira-gallery-top-left\"><\/div><div class=\"envira-gallery-position-overlay  envira-gallery-top-right\"><\/div><div class=\"envira-gallery-position-overlay  envira-gallery-bottom-left\"><\/div><div class=\"envira-gallery-position-overlay  envira-gallery-bottom-right\"><\/div><a href=\"https:\/\/mnir50.mnir.ro\/wpmnir50\/wp-content\/uploads\/2022\/04\/113_1981_pcr_60_palanceanu.jpg\" class=\"envira-gallery-2391 envira-gallery-link\" rel=\"enviragallery2391\" title=\"1981. Sesiune \u0219tiin\u021bific\u0103 (Elena P\u0103l\u0103nceanu)\" data-envira-caption=\"1981. Sesiune \u0219tiin\u021bific\u0103 (Elena P\u0103l\u0103nceanu)\" data-envira-retina=\"\" data-thumbnail=\"\"  itemprop=\"contentUrl\"><div class=\"envira-lazy\" data-test-width=\"640\" data-test-height=\"480\" style=\"padding-bottom:75%;\"><img decoding=\"async\" id=\"envira-gallery-image-843\" class=\"envira-gallery-image envira-gallery-image-120\" data-envira-index=\"120\" src=\"https:\/\/mnir50.mnir.ro\/wpmnir50\/wp-content\/uploads\/2022\/04\/113_1981_pcr_60_palanceanu-1024x778-640x480_c.jpg\" data-envira-src=\"https:\/\/mnir50.mnir.ro\/wpmnir50\/wp-content\/uploads\/2022\/04\/113_1981_pcr_60_palanceanu-1024x778-640x480_c.jpg\" data-envira-gallery-id=\"2391\" data-envira-item-id=\"843\" data-envira-caption=\"1981. Sesiune \u0219tiin\u021bific\u0103 (Elena P\u0103l\u0103nceanu)\" alt=\"\" title=\"1981. Sesiune \u0219tiin\u021bific\u0103 (Elena P\u0103l\u0103nceanu)\"  itemprop=\"thumbnailUrl\" data-envira-srcset=\"https:\/\/mnir50.mnir.ro\/wpmnir50\/wp-content\/uploads\/2022\/04\/113_1981_pcr_60_palanceanu-1024x778-640x480_c.jpg 400w,https:\/\/mnir50.mnir.ro\/wpmnir50\/wp-content\/uploads\/2022\/04\/113_1981_pcr_60_palanceanu-1024x778-640x480_c.jpg 2x\" srcset=\"data:image\/gif;base64,R0lGODlhAQABAIAAAP\/\/\/\/\/\/\/yH5BAEKAAEALAAAAAABAAEAAAICTAEAOw==\" \/><\/div><\/a><\/div><\/div><div id=\"envira-gallery-item-844\" class=\"envira-gallery-item enviratope-item envira-gallery-item-121 envira-lazy-load\" style=\"padding-left: 1px; padding-bottom: 2px; padding-right: 1px;\"  itemscope itemtype=\"https:\/\/schema.org\/ImageObject\"><div class=\"envira-gallery-item-inner\"><div class=\"envira-gallery-position-overlay  envira-gallery-top-left\"><\/div><div class=\"envira-gallery-position-overlay  envira-gallery-top-right\"><\/div><div class=\"envira-gallery-position-overlay  envira-gallery-bottom-left\"><\/div><div class=\"envira-gallery-position-overlay  envira-gallery-bottom-right\"><\/div><a href=\"https:\/\/mnir50.mnir.ro\/wpmnir50\/wp-content\/uploads\/2022\/04\/114_1981_pcr_60_petre_dache_mmb.jpg\" class=\"envira-gallery-2391 envira-gallery-link\" rel=\"enviragallery2391\" title=\"1981. Sesiune \u0219tiin\u021bific\u0103 (Petre Dache, director Muzeul Municipiului)\" data-envira-caption=\"1981. Sesiune \u0219tiin\u021bific\u0103 (Petre Dache, director Muzeul Municipiului)\" data-envira-retina=\"\" data-thumbnail=\"\"  itemprop=\"contentUrl\"><div class=\"envira-lazy\" data-test-width=\"640\" data-test-height=\"480\" style=\"padding-bottom:75%;\"><img decoding=\"async\" id=\"envira-gallery-image-844\" class=\"envira-gallery-image envira-gallery-image-121\" data-envira-index=\"121\" src=\"https:\/\/mnir50.mnir.ro\/wpmnir50\/wp-content\/uploads\/2022\/04\/114_1981_pcr_60_petre_dache_mmb-774x1024-640x480_c.jpg\" data-envira-src=\"https:\/\/mnir50.mnir.ro\/wpmnir50\/wp-content\/uploads\/2022\/04\/114_1981_pcr_60_petre_dache_mmb-774x1024-640x480_c.jpg\" data-envira-gallery-id=\"2391\" data-envira-item-id=\"844\" data-envira-caption=\"1981. Sesiune \u0219tiin\u021bific\u0103 (Petre Dache, director Muzeul Municipiului)\" alt=\"\" title=\"1981. Sesiune \u0219tiin\u021bific\u0103 (Petre Dache, director Muzeul Municipiului)\"  itemprop=\"thumbnailUrl\" data-envira-srcset=\"https:\/\/mnir50.mnir.ro\/wpmnir50\/wp-content\/uploads\/2022\/04\/114_1981_pcr_60_petre_dache_mmb-774x1024-640x480_c.jpg 400w,https:\/\/mnir50.mnir.ro\/wpmnir50\/wp-content\/uploads\/2022\/04\/114_1981_pcr_60_petre_dache_mmb-774x1024-640x480_c.jpg 2x\" srcset=\"data:image\/gif;base64,R0lGODlhAQABAIAAAP\/\/\/\/\/\/\/yH5BAEKAAEALAAAAAABAAEAAAICTAEAOw==\" \/><\/div><\/a><\/div><\/div><div id=\"envira-gallery-item-845\" class=\"envira-gallery-item enviratope-item envira-gallery-item-122 envira-lazy-load\" style=\"padding-left: 1px; padding-bottom: 2px; padding-right: 1px;\"  itemscope itemtype=\"https:\/\/schema.org\/ImageObject\"><div class=\"envira-gallery-item-inner\"><div class=\"envira-gallery-position-overlay  envira-gallery-top-left\"><\/div><div class=\"envira-gallery-position-overlay  envira-gallery-top-right\"><\/div><div class=\"envira-gallery-position-overlay  envira-gallery-bottom-left\"><\/div><div class=\"envira-gallery-position-overlay  envira-gallery-bottom-right\"><\/div><a href=\"https:\/\/mnir50.mnir.ro\/wpmnir50\/wp-content\/uploads\/2022\/04\/115_1981_pcr_60_radu_st_ciobanu_lic-grivita-rosie.jpg\" class=\"envira-gallery-2391 envira-gallery-link\" rel=\"enviragallery2391\" title=\"1981. Sesiune \u0219tiin\u021bific\u0103 (Radu \u0218tefan Ciobanu, liceul &bdquo;Grivi\u021ba Ro\u0219ie&rdquo;)\" data-envira-caption=\"1981. Sesiune \u0219tiin\u021bific\u0103 (Radu \u0218tefan Ciobanu, liceul &bdquo;Grivi\u021ba Ro\u0219ie&rdquo;)\" data-envira-retina=\"\" data-thumbnail=\"\"  itemprop=\"contentUrl\"><div class=\"envira-lazy\" data-test-width=\"640\" data-test-height=\"480\" style=\"padding-bottom:75%;\"><img decoding=\"async\" id=\"envira-gallery-image-845\" class=\"envira-gallery-image envira-gallery-image-122\" data-envira-index=\"122\" src=\"https:\/\/mnir50.mnir.ro\/wpmnir50\/wp-content\/uploads\/2022\/04\/115_1981_pcr_60_radu_st_ciobanu_lic-grivita-rosie-1024x773-640x480_c.jpg\" data-envira-src=\"https:\/\/mnir50.mnir.ro\/wpmnir50\/wp-content\/uploads\/2022\/04\/115_1981_pcr_60_radu_st_ciobanu_lic-grivita-rosie-1024x773-640x480_c.jpg\" data-envira-gallery-id=\"2391\" data-envira-item-id=\"845\" data-envira-caption=\"1981. Sesiune \u0219tiin\u021bific\u0103 (Radu \u0218tefan Ciobanu, liceul &bdquo;Grivi\u021ba Ro\u0219ie&rdquo;)\" alt=\"\" title=\"1981. Sesiune \u0219tiin\u021bific\u0103 (Radu \u0218tefan Ciobanu, liceul &amp;bdquo;Grivi\u021ba Ro\u0219ie&amp;rdquo;)\"  itemprop=\"thumbnailUrl\" data-envira-srcset=\"https:\/\/mnir50.mnir.ro\/wpmnir50\/wp-content\/uploads\/2022\/04\/115_1981_pcr_60_radu_st_ciobanu_lic-grivita-rosie-1024x773-640x480_c.jpg 400w,https:\/\/mnir50.mnir.ro\/wpmnir50\/wp-content\/uploads\/2022\/04\/115_1981_pcr_60_radu_st_ciobanu_lic-grivita-rosie-1024x773-640x480_c.jpg 2x\" srcset=\"data:image\/gif;base64,R0lGODlhAQABAIAAAP\/\/\/\/\/\/\/yH5BAEKAAEALAAAAAABAAEAAAICTAEAOw==\" \/><\/div><\/a><\/div><\/div><div id=\"envira-gallery-item-846\" class=\"envira-gallery-item enviratope-item envira-gallery-item-123 envira-lazy-load\" style=\"padding-left: 1px; padding-bottom: 2px; padding-right: 1px;\"  itemscope itemtype=\"https:\/\/schema.org\/ImageObject\"><div class=\"envira-gallery-item-inner\"><div class=\"envira-gallery-position-overlay  envira-gallery-top-left\"><\/div><div class=\"envira-gallery-position-overlay  envira-gallery-top-right\"><\/div><div class=\"envira-gallery-position-overlay  envira-gallery-bottom-left\"><\/div><div class=\"envira-gallery-position-overlay  envira-gallery-bottom-right\"><\/div><a href=\"https:\/\/mnir50.mnir.ro\/wpmnir50\/wp-content\/uploads\/2022\/04\/116_1981_pcr_60_sever_dumitrascu-dir-mtc.jpg\" class=\"envira-gallery-2391 envira-gallery-link\" rel=\"enviragallery2391\" title=\"1981. Sesiune \u0219tiin\u021bific\u0103 (Sever Dumitra\u0219cu, director Muzeul \u021a\u0103rii Cri\u0219urilor)\" data-envira-caption=\"1981. Sesiune \u0219tiin\u021bific\u0103 (Sever Dumitra\u0219cu, director Muzeul \u021a\u0103rii Cri\u0219urilor)\" data-envira-retina=\"\" data-thumbnail=\"\"  itemprop=\"contentUrl\"><div class=\"envira-lazy\" data-test-width=\"640\" data-test-height=\"480\" style=\"padding-bottom:75%;\"><img decoding=\"async\" id=\"envira-gallery-image-846\" class=\"envira-gallery-image envira-gallery-image-123\" data-envira-index=\"123\" src=\"https:\/\/mnir50.mnir.ro\/wpmnir50\/wp-content\/uploads\/2022\/04\/116_1981_pcr_60_sever_dumitrascu-dir-mtc-708x1024-640x480_c.jpg\" data-envira-src=\"https:\/\/mnir50.mnir.ro\/wpmnir50\/wp-content\/uploads\/2022\/04\/116_1981_pcr_60_sever_dumitrascu-dir-mtc-708x1024-640x480_c.jpg\" data-envira-gallery-id=\"2391\" data-envira-item-id=\"846\" data-envira-caption=\"1981. Sesiune \u0219tiin\u021bific\u0103 (Sever Dumitra\u0219cu, director Muzeul \u021a\u0103rii Cri\u0219urilor)\" alt=\"\" title=\"1981. Sesiune \u0219tiin\u021bific\u0103 (Sever Dumitra\u0219cu, director Muzeul \u021a\u0103rii Cri\u0219urilor)\"  itemprop=\"thumbnailUrl\" data-envira-srcset=\"https:\/\/mnir50.mnir.ro\/wpmnir50\/wp-content\/uploads\/2022\/04\/116_1981_pcr_60_sever_dumitrascu-dir-mtc-708x1024-640x480_c.jpg 400w,https:\/\/mnir50.mnir.ro\/wpmnir50\/wp-content\/uploads\/2022\/04\/116_1981_pcr_60_sever_dumitrascu-dir-mtc-708x1024-640x480_c.jpg 2x\" srcset=\"data:image\/gif;base64,R0lGODlhAQABAIAAAP\/\/\/\/\/\/\/yH5BAEKAAEALAAAAAABAAEAAAICTAEAOw==\" \/><\/div><\/a><\/div><\/div><div id=\"envira-gallery-item-847\" class=\"envira-gallery-item enviratope-item envira-gallery-item-124 envira-lazy-load\" style=\"padding-left: 1px; padding-bottom: 2px; padding-right: 1px;\"  itemscope itemtype=\"https:\/\/schema.org\/ImageObject\"><div class=\"envira-gallery-item-inner\"><div class=\"envira-gallery-position-overlay  envira-gallery-top-left\"><\/div><div class=\"envira-gallery-position-overlay  envira-gallery-top-right\"><\/div><div class=\"envira-gallery-position-overlay  envira-gallery-bottom-left\"><\/div><div class=\"envira-gallery-position-overlay  envira-gallery-bottom-right\"><\/div><a href=\"https:\/\/mnir50.mnir.ro\/wpmnir50\/wp-content\/uploads\/2022\/04\/117_1981_pcr-60-aniversare_pascu-gadea-stefansce-georgescu.jpg\" class=\"envira-gallery-2391 envira-gallery-link\" rel=\"enviragallery2391\" title=\"1981. Aniversare 60 de ani de la formarea PCR (\u0218tefan Pascu, Suzana G&icirc;dea, \u0218tefan \u0218tef\u0103nescu, Fl. Georgescu)\" data-envira-caption=\"1981. Aniversare 60 de ani de la formarea PCR (\u0218tefan Pascu, Suzana G&icirc;dea, \u0218tefan \u0218tef\u0103nescu, Fl. Georgescu)\" data-envira-retina=\"\" data-thumbnail=\"\"  itemprop=\"contentUrl\"><div class=\"envira-lazy\" data-test-width=\"640\" data-test-height=\"480\" style=\"padding-bottom:75%;\"><img decoding=\"async\" id=\"envira-gallery-image-847\" class=\"envira-gallery-image envira-gallery-image-124\" data-envira-index=\"124\" src=\"https:\/\/mnir50.mnir.ro\/wpmnir50\/wp-content\/uploads\/2022\/04\/117_1981_pcr-60-aniversare_pascu-gadea-stefansce-georgescu-1024x773-640x480_c.jpg\" data-envira-src=\"https:\/\/mnir50.mnir.ro\/wpmnir50\/wp-content\/uploads\/2022\/04\/117_1981_pcr-60-aniversare_pascu-gadea-stefansce-georgescu-1024x773-640x480_c.jpg\" data-envira-gallery-id=\"2391\" data-envira-item-id=\"847\" data-envira-caption=\"1981. Aniversare 60 de ani de la formarea PCR (\u0218tefan Pascu, Suzana G&icirc;dea, \u0218tefan \u0218tef\u0103nescu, Fl. Georgescu)\" alt=\"\" title=\"1981. Aniversare 60 de ani de la formarea PCR (\u0218tefan Pascu, Suzana G&amp;icirc;dea, \u0218tefan \u0218tef\u0103nescu, Fl. Georgescu)\"  itemprop=\"thumbnailUrl\" data-envira-srcset=\"https:\/\/mnir50.mnir.ro\/wpmnir50\/wp-content\/uploads\/2022\/04\/117_1981_pcr-60-aniversare_pascu-gadea-stefansce-georgescu-1024x773-640x480_c.jpg 400w,https:\/\/mnir50.mnir.ro\/wpmnir50\/wp-content\/uploads\/2022\/04\/117_1981_pcr-60-aniversare_pascu-gadea-stefansce-georgescu-1024x773-640x480_c.jpg 2x\" srcset=\"data:image\/gif;base64,R0lGODlhAQABAIAAAP\/\/\/\/\/\/\/yH5BAEKAAEALAAAAAABAAEAAAICTAEAOw==\" \/><\/div><\/a><\/div><\/div><div id=\"envira-gallery-item-848\" class=\"envira-gallery-item enviratope-item envira-gallery-item-125 envira-lazy-load\" style=\"padding-left: 1px; padding-bottom: 2px; padding-right: 1px;\"  itemscope itemtype=\"https:\/\/schema.org\/ImageObject\"><div class=\"envira-gallery-item-inner\"><div class=\"envira-gallery-position-overlay  envira-gallery-top-left\"><\/div><div class=\"envira-gallery-position-overlay  envira-gallery-top-right\"><\/div><div class=\"envira-gallery-position-overlay  envira-gallery-bottom-left\"><\/div><div class=\"envira-gallery-position-overlay  envira-gallery-bottom-right\"><\/div><a href=\"https:\/\/mnir50.mnir.ro\/wpmnir50\/wp-content\/uploads\/2022\/04\/118_1981-pcr_60_paraschiva_stancu_cta_stirbu.jpg\" class=\"envira-gallery-2391 envira-gallery-link\" rel=\"enviragallery2391\" title=\"1981. Sesiune \u0219tiin\u021bific\u0103 (Paraschiva Stancu, Constan\u021ba \u0218tirbu)\" data-envira-caption=\"1981. Sesiune \u0219tiin\u021bific\u0103 (Paraschiva Stancu, Constan\u021ba \u0218tirbu)\" data-envira-retina=\"\" data-thumbnail=\"\"  itemprop=\"contentUrl\"><div class=\"envira-lazy\" data-test-width=\"640\" data-test-height=\"480\" style=\"padding-bottom:75%;\"><img decoding=\"async\" id=\"envira-gallery-image-848\" class=\"envira-gallery-image envira-gallery-image-125\" data-envira-index=\"125\" src=\"https:\/\/mnir50.mnir.ro\/wpmnir50\/wp-content\/uploads\/2022\/04\/118_1981-pcr_60_paraschiva_stancu_cta_stirbu-1024x756-640x480_c.jpg\" data-envira-src=\"https:\/\/mnir50.mnir.ro\/wpmnir50\/wp-content\/uploads\/2022\/04\/118_1981-pcr_60_paraschiva_stancu_cta_stirbu-1024x756-640x480_c.jpg\" data-envira-gallery-id=\"2391\" data-envira-item-id=\"848\" data-envira-caption=\"1981. Sesiune \u0219tiin\u021bific\u0103 (Paraschiva Stancu, Constan\u021ba \u0218tirbu)\" alt=\"\" title=\"1981. Sesiune \u0219tiin\u021bific\u0103 (Paraschiva Stancu, Constan\u021ba \u0218tirbu)\"  itemprop=\"thumbnailUrl\" data-envira-srcset=\"https:\/\/mnir50.mnir.ro\/wpmnir50\/wp-content\/uploads\/2022\/04\/118_1981-pcr_60_paraschiva_stancu_cta_stirbu-1024x756-640x480_c.jpg 400w,https:\/\/mnir50.mnir.ro\/wpmnir50\/wp-content\/uploads\/2022\/04\/118_1981-pcr_60_paraschiva_stancu_cta_stirbu-1024x756-640x480_c.jpg 2x\" srcset=\"data:image\/gif;base64,R0lGODlhAQABAIAAAP\/\/\/\/\/\/\/yH5BAEKAAEALAAAAAABAAEAAAICTAEAOw==\" \/><\/div><\/a><\/div><\/div><div id=\"envira-gallery-item-849\" class=\"envira-gallery-item enviratope-item envira-gallery-item-126 envira-lazy-load\" style=\"padding-left: 1px; padding-bottom: 2px; padding-right: 1px;\"  itemscope itemtype=\"https:\/\/schema.org\/ImageObject\"><div class=\"envira-gallery-item-inner\"><div class=\"envira-gallery-position-overlay  envira-gallery-top-left\"><\/div><div class=\"envira-gallery-position-overlay  envira-gallery-top-right\"><\/div><div class=\"envira-gallery-position-overlay  envira-gallery-bottom-left\"><\/div><div class=\"envira-gallery-position-overlay  envira-gallery-bottom-right\"><\/div><a href=\"https:\/\/mnir50.mnir.ro\/wpmnir50\/wp-content\/uploads\/2022\/04\/119_1982-Guvernatorul-General-al-Canadei-Edward-Schreyer-la-MIRSR.jpg\" class=\"envira-gallery-2391 envira-gallery-link\" rel=\"enviragallery2391\" title=\"1982. Guvernatorul general al Canadei &icirc;n vizit\u0103 la muzeu\" data-envira-caption=\"1982. Guvernatorul general al Canadei &icirc;n vizit\u0103 la muzeu\" data-envira-retina=\"\" data-thumbnail=\"\"  itemprop=\"contentUrl\"><div class=\"envira-lazy\" data-test-width=\"640\" data-test-height=\"480\" style=\"padding-bottom:75%;\"><img decoding=\"async\" id=\"envira-gallery-image-849\" class=\"envira-gallery-image envira-gallery-image-126\" data-envira-index=\"126\" src=\"https:\/\/mnir50.mnir.ro\/wpmnir50\/wp-content\/uploads\/2022\/04\/119_1982-Guvernatorul-General-al-Canadei-Edward-Schreyer-la-MIRSR-1024x842-640x480_c.jpg\" data-envira-src=\"https:\/\/mnir50.mnir.ro\/wpmnir50\/wp-content\/uploads\/2022\/04\/119_1982-Guvernatorul-General-al-Canadei-Edward-Schreyer-la-MIRSR-1024x842-640x480_c.jpg\" data-envira-gallery-id=\"2391\" data-envira-item-id=\"849\" data-envira-caption=\"1982. Guvernatorul general al Canadei &icirc;n vizit\u0103 la muzeu\" alt=\"\" title=\"1982. Guvernatorul general al Canadei &amp;icirc;n vizit\u0103 la muzeu\"  itemprop=\"thumbnailUrl\" data-envira-srcset=\"https:\/\/mnir50.mnir.ro\/wpmnir50\/wp-content\/uploads\/2022\/04\/119_1982-Guvernatorul-General-al-Canadei-Edward-Schreyer-la-MIRSR-1024x842-640x480_c.jpg 400w,https:\/\/mnir50.mnir.ro\/wpmnir50\/wp-content\/uploads\/2022\/04\/119_1982-Guvernatorul-General-al-Canadei-Edward-Schreyer-la-MIRSR-1024x842-640x480_c.jpg 2x\" srcset=\"data:image\/gif;base64,R0lGODlhAQABAIAAAP\/\/\/\/\/\/\/yH5BAEKAAEALAAAAAABAAEAAAICTAEAOw==\" \/><\/div><\/a><\/div><\/div><div id=\"envira-gallery-item-850\" class=\"envira-gallery-item enviratope-item envira-gallery-item-127 envira-lazy-load\" style=\"padding-left: 1px; padding-bottom: 2px; padding-right: 1px;\"  itemscope itemtype=\"https:\/\/schema.org\/ImageObject\"><div class=\"envira-gallery-item-inner\"><div class=\"envira-gallery-position-overlay  envira-gallery-top-left\"><\/div><div class=\"envira-gallery-position-overlay  envira-gallery-top-right\"><\/div><div class=\"envira-gallery-position-overlay  envira-gallery-bottom-left\"><\/div><div class=\"envira-gallery-position-overlay  envira-gallery-bottom-right\"><\/div><a href=\"https:\/\/mnir50.mnir.ro\/wpmnir50\/wp-content\/uploads\/2022\/04\/120_1982-Kenan-Evren-presedintele-Turciei-la-MIRSR.jpg\" class=\"envira-gallery-2391 envira-gallery-link\" rel=\"enviragallery2391\" title=\"1982. Vizita pre\u0219edintelui Turciei, Kenan Evren\" data-envira-caption=\"1982. Vizita pre\u0219edintelui Turciei, Kenan Evren\" data-envira-retina=\"\" data-thumbnail=\"\"  itemprop=\"contentUrl\"><div class=\"envira-lazy\" data-test-width=\"640\" data-test-height=\"480\" style=\"padding-bottom:75%;\"><img decoding=\"async\" id=\"envira-gallery-image-850\" class=\"envira-gallery-image envira-gallery-image-127\" data-envira-index=\"127\" src=\"https:\/\/mnir50.mnir.ro\/wpmnir50\/wp-content\/uploads\/2022\/04\/120_1982-Kenan-Evren-presedintele-Turciei-la-MIRSR-1024x832-640x480_c.jpg\" data-envira-src=\"https:\/\/mnir50.mnir.ro\/wpmnir50\/wp-content\/uploads\/2022\/04\/120_1982-Kenan-Evren-presedintele-Turciei-la-MIRSR-1024x832-640x480_c.jpg\" data-envira-gallery-id=\"2391\" data-envira-item-id=\"850\" data-envira-caption=\"1982. Vizita pre\u0219edintelui Turciei, Kenan Evren\" alt=\"\" title=\"1982. Vizita pre\u0219edintelui Turciei, Kenan Evren\"  itemprop=\"thumbnailUrl\" data-envira-srcset=\"https:\/\/mnir50.mnir.ro\/wpmnir50\/wp-content\/uploads\/2022\/04\/120_1982-Kenan-Evren-presedintele-Turciei-la-MIRSR-1024x832-640x480_c.jpg 400w,https:\/\/mnir50.mnir.ro\/wpmnir50\/wp-content\/uploads\/2022\/04\/120_1982-Kenan-Evren-presedintele-Turciei-la-MIRSR-1024x832-640x480_c.jpg 2x\" srcset=\"data:image\/gif;base64,R0lGODlhAQABAIAAAP\/\/\/\/\/\/\/yH5BAEKAAEALAAAAAABAAEAAAICTAEAOw==\" \/><\/div><\/a><\/div><\/div><div id=\"envira-gallery-item-852\" class=\"envira-gallery-item enviratope-item envira-gallery-item-128 envira-lazy-load\" style=\"padding-left: 1px; padding-bottom: 2px; padding-right: 1px;\"  itemscope itemtype=\"https:\/\/schema.org\/ImageObject\"><div class=\"envira-gallery-item-inner\"><div class=\"envira-gallery-position-overlay  envira-gallery-top-left\"><\/div><div class=\"envira-gallery-position-overlay  envira-gallery-top-right\"><\/div><div class=\"envira-gallery-position-overlay  envira-gallery-bottom-left\"><\/div><div class=\"envira-gallery-position-overlay  envira-gallery-bottom-right\"><\/div><a href=\"https:\/\/mnir50.mnir.ro\/wpmnir50\/wp-content\/uploads\/2022\/04\/122_1982_expo_ceausescu_si_pacea.jpg\" class=\"envira-gallery-2391 envira-gallery-link\" rel=\"enviragallery2391\" title=\"1982. Expozi\u021bia &bdquo;Nicolae Ceau\u0219escu \u0219i pacea lumii&rdquo;\" data-envira-caption=\"1982. Expozi\u021bia &bdquo;Nicolae Ceau\u0219escu \u0219i pacea lumii&rdquo;\" data-envira-retina=\"\" data-thumbnail=\"\"  itemprop=\"contentUrl\"><div class=\"envira-lazy\" data-test-width=\"640\" data-test-height=\"480\" style=\"padding-bottom:75%;\"><img decoding=\"async\" id=\"envira-gallery-image-852\" class=\"envira-gallery-image envira-gallery-image-128\" data-envira-index=\"128\" src=\"https:\/\/mnir50.mnir.ro\/wpmnir50\/wp-content\/uploads\/2022\/04\/122_1982_expo_ceausescu_si_pacea-1024x772-640x480_c.jpg\" data-envira-src=\"https:\/\/mnir50.mnir.ro\/wpmnir50\/wp-content\/uploads\/2022\/04\/122_1982_expo_ceausescu_si_pacea-1024x772-640x480_c.jpg\" data-envira-gallery-id=\"2391\" data-envira-item-id=\"852\" data-envira-caption=\"1982. Expozi\u021bia &bdquo;Nicolae Ceau\u0219escu \u0219i pacea lumii&rdquo;\" alt=\"\" title=\"1982. Expozi\u021bia &amp;bdquo;Nicolae Ceau\u0219escu \u0219i pacea lumii&amp;rdquo;\"  itemprop=\"thumbnailUrl\" data-envira-srcset=\"https:\/\/mnir50.mnir.ro\/wpmnir50\/wp-content\/uploads\/2022\/04\/122_1982_expo_ceausescu_si_pacea-1024x772-640x480_c.jpg 400w,https:\/\/mnir50.mnir.ro\/wpmnir50\/wp-content\/uploads\/2022\/04\/122_1982_expo_ceausescu_si_pacea-1024x772-640x480_c.jpg 2x\" srcset=\"data:image\/gif;base64,R0lGODlhAQABAIAAAP\/\/\/\/\/\/\/yH5BAEKAAEALAAAAAABAAEAAAICTAEAOw==\" \/><\/div><\/a><\/div><\/div><div id=\"envira-gallery-item-851\" class=\"envira-gallery-item enviratope-item envira-gallery-item-129 envira-lazy-load\" style=\"padding-left: 1px; padding-bottom: 2px; padding-right: 1px;\"  itemscope itemtype=\"https:\/\/schema.org\/ImageObject\"><div class=\"envira-gallery-item-inner\"><div class=\"envira-gallery-position-overlay  envira-gallery-top-left\"><\/div><div class=\"envira-gallery-position-overlay  envira-gallery-top-right\"><\/div><div class=\"envira-gallery-position-overlay  envira-gallery-bottom-left\"><\/div><div class=\"envira-gallery-position-overlay  envira-gallery-bottom-right\"><\/div><a href=\"https:\/\/mnir50.mnir.ro\/wpmnir50\/wp-content\/uploads\/2022\/04\/121_1982_expo_ceausescu_pacea_lumii.jpg\" class=\"envira-gallery-2391 envira-gallery-link\" rel=\"enviragallery2391\" title=\"1982. Expozi\u021bia &bdquo;Nicolae Ceau\u0219escu \u0219i pacea lumii&rdquo;\" data-envira-caption=\"1982. Expozi\u021bia &bdquo;Nicolae Ceau\u0219escu \u0219i pacea lumii&rdquo;\" data-envira-retina=\"\" data-thumbnail=\"\"  itemprop=\"contentUrl\"><div class=\"envira-lazy\" data-test-width=\"640\" data-test-height=\"480\" style=\"padding-bottom:75%;\"><img decoding=\"async\" id=\"envira-gallery-image-851\" class=\"envira-gallery-image envira-gallery-image-129\" data-envira-index=\"129\" src=\"https:\/\/mnir50.mnir.ro\/wpmnir50\/wp-content\/uploads\/2022\/04\/121_1982_expo_ceausescu_pacea_lumii-1024x760-640x480_c.jpg\" data-envira-src=\"https:\/\/mnir50.mnir.ro\/wpmnir50\/wp-content\/uploads\/2022\/04\/121_1982_expo_ceausescu_pacea_lumii-1024x760-640x480_c.jpg\" data-envira-gallery-id=\"2391\" data-envira-item-id=\"851\" data-envira-caption=\"1982. Expozi\u021bia &bdquo;Nicolae Ceau\u0219escu \u0219i pacea lumii&rdquo;\" alt=\"\" title=\"1982. Expozi\u021bia &amp;bdquo;Nicolae Ceau\u0219escu \u0219i pacea lumii&amp;rdquo;\"  itemprop=\"thumbnailUrl\" data-envira-srcset=\"https:\/\/mnir50.mnir.ro\/wpmnir50\/wp-content\/uploads\/2022\/04\/121_1982_expo_ceausescu_pacea_lumii-1024x760-640x480_c.jpg 400w,https:\/\/mnir50.mnir.ro\/wpmnir50\/wp-content\/uploads\/2022\/04\/121_1982_expo_ceausescu_pacea_lumii-1024x760-640x480_c.jpg 2x\" srcset=\"data:image\/gif;base64,R0lGODlhAQABAIAAAP\/\/\/\/\/\/\/yH5BAEKAAEALAAAAAABAAEAAAICTAEAOw==\" \/><\/div><\/a><\/div><\/div><div id=\"envira-gallery-item-853\" class=\"envira-gallery-item enviratope-item envira-gallery-item-130 envira-lazy-load\" style=\"padding-left: 1px; padding-bottom: 2px; padding-right: 1px;\"  itemscope itemtype=\"https:\/\/schema.org\/ImageObject\"><div class=\"envira-gallery-item-inner\"><div class=\"envira-gallery-position-overlay  envira-gallery-top-left\"><\/div><div class=\"envira-gallery-position-overlay  envira-gallery-top-right\"><\/div><div class=\"envira-gallery-position-overlay  envira-gallery-bottom-left\"><\/div><div class=\"envira-gallery-position-overlay  envira-gallery-bottom-right\"><\/div><a href=\"https:\/\/mnir50.mnir.ro\/wpmnir50\/wp-content\/uploads\/2022\/04\/123_1982_expo_ceausescu_si_pacea_lumii.jpg\" class=\"envira-gallery-2391 envira-gallery-link\" rel=\"enviragallery2391\" title=\"1982. Expozi\u021bia &bdquo;Nicolae Ceau\u0219escu \u0219i pacea lumii&rdquo;\" data-envira-caption=\"1982. Expozi\u021bia &bdquo;Nicolae Ceau\u0219escu \u0219i pacea lumii&rdquo;\" data-envira-retina=\"\" data-thumbnail=\"\"  itemprop=\"contentUrl\"><div class=\"envira-lazy\" data-test-width=\"640\" data-test-height=\"480\" style=\"padding-bottom:75%;\"><img decoding=\"async\" id=\"envira-gallery-image-853\" class=\"envira-gallery-image envira-gallery-image-130\" data-envira-index=\"130\" src=\"https:\/\/mnir50.mnir.ro\/wpmnir50\/wp-content\/uploads\/2022\/04\/123_1982_expo_ceausescu_si_pacea_lumii-724x1024-640x480_c.jpg\" data-envira-src=\"https:\/\/mnir50.mnir.ro\/wpmnir50\/wp-content\/uploads\/2022\/04\/123_1982_expo_ceausescu_si_pacea_lumii-724x1024-640x480_c.jpg\" data-envira-gallery-id=\"2391\" data-envira-item-id=\"853\" data-envira-caption=\"1982. Expozi\u021bia &bdquo;Nicolae Ceau\u0219escu \u0219i pacea lumii&rdquo;\" alt=\"\" title=\"1982. Expozi\u021bia &amp;bdquo;Nicolae Ceau\u0219escu \u0219i pacea lumii&amp;rdquo;\"  itemprop=\"thumbnailUrl\" data-envira-srcset=\"https:\/\/mnir50.mnir.ro\/wpmnir50\/wp-content\/uploads\/2022\/04\/123_1982_expo_ceausescu_si_pacea_lumii-724x1024-640x480_c.jpg 400w,https:\/\/mnir50.mnir.ro\/wpmnir50\/wp-content\/uploads\/2022\/04\/123_1982_expo_ceausescu_si_pacea_lumii-724x1024-640x480_c.jpg 2x\" srcset=\"data:image\/gif;base64,R0lGODlhAQABAIAAAP\/\/\/\/\/\/\/yH5BAEKAAEALAAAAAABAAEAAAICTAEAOw==\" \/><\/div><\/a><\/div><\/div><div id=\"envira-gallery-item-854\" class=\"envira-gallery-item enviratope-item envira-gallery-item-131 envira-lazy-load\" style=\"padding-left: 1px; padding-bottom: 2px; padding-right: 1px;\"  itemscope itemtype=\"https:\/\/schema.org\/ImageObject\"><div class=\"envira-gallery-item-inner\"><div class=\"envira-gallery-position-overlay  envira-gallery-top-left\"><\/div><div class=\"envira-gallery-position-overlay  envira-gallery-top-right\"><\/div><div class=\"envira-gallery-position-overlay  envira-gallery-bottom-left\"><\/div><div class=\"envira-gallery-position-overlay  envira-gallery-bottom-right\"><\/div><a href=\"https:\/\/mnir50.mnir.ro\/wpmnir50\/wp-content\/uploads\/2022\/04\/124_1982_sesiune_numismatica_gadea_geargescu_preda.jpg\" class=\"envira-gallery-2391 envira-gallery-link\" rel=\"enviragallery2391\" title=\"1982. Sesiunea numismatic\u0103 (Suzana G&icirc;dea, Fl. Georgescu, C. Preda)\" data-envira-caption=\"1982. Sesiunea numismatic\u0103 (Suzana G&icirc;dea, Fl. Georgescu, C. Preda)\" data-envira-retina=\"\" data-thumbnail=\"\"  itemprop=\"contentUrl\"><div class=\"envira-lazy\" data-test-width=\"640\" data-test-height=\"480\" style=\"padding-bottom:75%;\"><img decoding=\"async\" id=\"envira-gallery-image-854\" class=\"envira-gallery-image envira-gallery-image-131\" data-envira-index=\"131\" src=\"https:\/\/mnir50.mnir.ro\/wpmnir50\/wp-content\/uploads\/2022\/04\/124_1982_sesiune_numismatica_gadea_geargescu_preda-1024x744-640x480_c.jpg\" data-envira-src=\"https:\/\/mnir50.mnir.ro\/wpmnir50\/wp-content\/uploads\/2022\/04\/124_1982_sesiune_numismatica_gadea_geargescu_preda-1024x744-640x480_c.jpg\" data-envira-gallery-id=\"2391\" data-envira-item-id=\"854\" data-envira-caption=\"1982. Sesiunea numismatic\u0103 (Suzana G&icirc;dea, Fl. Georgescu, C. Preda)\" alt=\"\" title=\"1982. Sesiunea numismatic\u0103 (Suzana G&amp;icirc;dea, Fl. Georgescu, C. Preda)\"  itemprop=\"thumbnailUrl\" data-envira-srcset=\"https:\/\/mnir50.mnir.ro\/wpmnir50\/wp-content\/uploads\/2022\/04\/124_1982_sesiune_numismatica_gadea_geargescu_preda-1024x744-640x480_c.jpg 400w,https:\/\/mnir50.mnir.ro\/wpmnir50\/wp-content\/uploads\/2022\/04\/124_1982_sesiune_numismatica_gadea_geargescu_preda-1024x744-640x480_c.jpg 2x\" srcset=\"data:image\/gif;base64,R0lGODlhAQABAIAAAP\/\/\/\/\/\/\/yH5BAEKAAEALAAAAAABAAEAAAICTAEAOw==\" \/><\/div><\/a><\/div><\/div><div id=\"envira-gallery-item-855\" class=\"envira-gallery-item enviratope-item envira-gallery-item-132 envira-lazy-load\" style=\"padding-left: 1px; padding-bottom: 2px; padding-right: 1px;\"  itemscope itemtype=\"https:\/\/schema.org\/ImageObject\"><div class=\"envira-gallery-item-inner\"><div class=\"envira-gallery-position-overlay  envira-gallery-top-left\"><\/div><div class=\"envira-gallery-position-overlay  envira-gallery-top-right\"><\/div><div class=\"envira-gallery-position-overlay  envira-gallery-bottom-left\"><\/div><div class=\"envira-gallery-position-overlay  envira-gallery-bottom-right\"><\/div><a href=\"https:\/\/mnir50.mnir.ro\/wpmnir50\/wp-content\/uploads\/2022\/04\/125_1982_sesiune_numismatica_papaint_stirbu_maxim.jpg\" class=\"envira-gallery-2391 envira-gallery-link\" rel=\"enviragallery2391\" title=\"1982. Sesiunea numismatic\u0103 (Panait I. Panait, Constan\u021ba \u0218tirbu, Mihai Maxim)\" data-envira-caption=\"1982. Sesiunea numismatic\u0103 (Panait I. Panait, Constan\u021ba \u0218tirbu, Mihai Maxim)\" data-envira-retina=\"\" data-thumbnail=\"\"  itemprop=\"contentUrl\"><div class=\"envira-lazy\" data-test-width=\"640\" data-test-height=\"480\" style=\"padding-bottom:75%;\"><img decoding=\"async\" id=\"envira-gallery-image-855\" class=\"envira-gallery-image envira-gallery-image-132\" data-envira-index=\"132\" src=\"https:\/\/mnir50.mnir.ro\/wpmnir50\/wp-content\/uploads\/2022\/04\/125_1982_sesiune_numismatica_papaint_stirbu_maxim-1024x732-640x480_c.jpg\" data-envira-src=\"https:\/\/mnir50.mnir.ro\/wpmnir50\/wp-content\/uploads\/2022\/04\/125_1982_sesiune_numismatica_papaint_stirbu_maxim-1024x732-640x480_c.jpg\" data-envira-gallery-id=\"2391\" data-envira-item-id=\"855\" data-envira-caption=\"1982. Sesiunea numismatic\u0103 (Panait I. Panait, Constan\u021ba \u0218tirbu, Mihai Maxim)\" alt=\"\" title=\"1982. Sesiunea numismatic\u0103 (Panait I. Panait, Constan\u021ba \u0218tirbu, Mihai Maxim)\"  itemprop=\"thumbnailUrl\" data-envira-srcset=\"https:\/\/mnir50.mnir.ro\/wpmnir50\/wp-content\/uploads\/2022\/04\/125_1982_sesiune_numismatica_papaint_stirbu_maxim-1024x732-640x480_c.jpg 400w,https:\/\/mnir50.mnir.ro\/wpmnir50\/wp-content\/uploads\/2022\/04\/125_1982_sesiune_numismatica_papaint_stirbu_maxim-1024x732-640x480_c.jpg 2x\" srcset=\"data:image\/gif;base64,R0lGODlhAQABAIAAAP\/\/\/\/\/\/\/yH5BAEKAAEALAAAAAABAAEAAAICTAEAOw==\" \/><\/div><\/a><\/div><\/div><div id=\"envira-gallery-item-856\" class=\"envira-gallery-item enviratope-item envira-gallery-item-133 envira-lazy-load\" style=\"padding-left: 1px; padding-bottom: 2px; padding-right: 1px;\"  itemscope itemtype=\"https:\/\/schema.org\/ImageObject\"><div class=\"envira-gallery-item-inner\"><div class=\"envira-gallery-position-overlay  envira-gallery-top-left\"><\/div><div class=\"envira-gallery-position-overlay  envira-gallery-top-right\"><\/div><div class=\"envira-gallery-position-overlay  envira-gallery-bottom-left\"><\/div><div class=\"envira-gallery-position-overlay  envira-gallery-bottom-right\"><\/div><a href=\"https:\/\/mnir50.mnir.ro\/wpmnir50\/wp-content\/uploads\/2022\/04\/126_1982_sesiune_numismatica_venera_stirbu.jpg\" class=\"envira-gallery-2391 envira-gallery-link\" rel=\"enviragallery2391\" title=\"1982. Sesiunea numismatic\u0103 (Venera R\u0103dulescu, Constan\u021ba \u0218tirbu)\" data-envira-caption=\"1982. Sesiunea numismatic\u0103 (Venera R\u0103dulescu, Constan\u021ba \u0218tirbu)\" data-envira-retina=\"\" data-thumbnail=\"\"  itemprop=\"contentUrl\"><div class=\"envira-lazy\" data-test-width=\"640\" data-test-height=\"480\" style=\"padding-bottom:75%;\"><img decoding=\"async\" id=\"envira-gallery-image-856\" class=\"envira-gallery-image envira-gallery-image-133\" data-envira-index=\"133\" src=\"https:\/\/mnir50.mnir.ro\/wpmnir50\/wp-content\/uploads\/2022\/04\/126_1982_sesiune_numismatica_venera_stirbu-1024x746-640x480_c.jpg\" data-envira-src=\"https:\/\/mnir50.mnir.ro\/wpmnir50\/wp-content\/uploads\/2022\/04\/126_1982_sesiune_numismatica_venera_stirbu-1024x746-640x480_c.jpg\" data-envira-gallery-id=\"2391\" data-envira-item-id=\"856\" data-envira-caption=\"1982. Sesiunea numismatic\u0103 (Venera R\u0103dulescu, Constan\u021ba \u0218tirbu)\" alt=\"\" title=\"1982. Sesiunea numismatic\u0103 (Venera R\u0103dulescu, Constan\u021ba \u0218tirbu)\"  itemprop=\"thumbnailUrl\" data-envira-srcset=\"https:\/\/mnir50.mnir.ro\/wpmnir50\/wp-content\/uploads\/2022\/04\/126_1982_sesiune_numismatica_venera_stirbu-1024x746-640x480_c.jpg 400w,https:\/\/mnir50.mnir.ro\/wpmnir50\/wp-content\/uploads\/2022\/04\/126_1982_sesiune_numismatica_venera_stirbu-1024x746-640x480_c.jpg 2x\" srcset=\"data:image\/gif;base64,R0lGODlhAQABAIAAAP\/\/\/\/\/\/\/yH5BAEKAAEALAAAAAABAAEAAAICTAEAOw==\" \/><\/div><\/a><\/div><\/div><div id=\"envira-gallery-item-857\" class=\"envira-gallery-item enviratope-item envira-gallery-item-134 envira-lazy-load\" style=\"padding-left: 1px; padding-bottom: 2px; padding-right: 1px;\"  itemscope itemtype=\"https:\/\/schema.org\/ImageObject\"><div class=\"envira-gallery-item-inner\"><div class=\"envira-gallery-position-overlay  envira-gallery-top-left\"><\/div><div class=\"envira-gallery-position-overlay  envira-gallery-top-right\"><\/div><div class=\"envira-gallery-position-overlay  envira-gallery-bottom-left\"><\/div><div class=\"envira-gallery-position-overlay  envira-gallery-bottom-right\"><\/div><a href=\"https:\/\/mnir50.mnir.ro\/wpmnir50\/wp-content\/uploads\/2022\/04\/127_1982_sesiunea_nuimismatica_bucur_mitrea.jpg\" class=\"envira-gallery-2391 envira-gallery-link\" rel=\"enviragallery2391\" title=\"1982. Sesiunea numismatic\u0103 (Bucur Mitrea)\" data-envira-caption=\"1982. Sesiunea numismatic\u0103 (Bucur Mitrea)\" data-envira-retina=\"\" data-thumbnail=\"\"  itemprop=\"contentUrl\"><div class=\"envira-lazy\" data-test-width=\"640\" data-test-height=\"480\" style=\"padding-bottom:75%;\"><img decoding=\"async\" id=\"envira-gallery-image-857\" class=\"envira-gallery-image envira-gallery-image-134\" data-envira-index=\"134\" src=\"https:\/\/mnir50.mnir.ro\/wpmnir50\/wp-content\/uploads\/2022\/04\/127_1982_sesiunea_nuimismatica_bucur_mitrea-1024x792-640x480_c.jpg\" data-envira-src=\"https:\/\/mnir50.mnir.ro\/wpmnir50\/wp-content\/uploads\/2022\/04\/127_1982_sesiunea_nuimismatica_bucur_mitrea-1024x792-640x480_c.jpg\" data-envira-gallery-id=\"2391\" data-envira-item-id=\"857\" data-envira-caption=\"1982. Sesiunea numismatic\u0103 (Bucur Mitrea)\" alt=\"\" title=\"1982. Sesiunea numismatic\u0103 (Bucur Mitrea)\"  itemprop=\"thumbnailUrl\" data-envira-srcset=\"https:\/\/mnir50.mnir.ro\/wpmnir50\/wp-content\/uploads\/2022\/04\/127_1982_sesiunea_nuimismatica_bucur_mitrea-1024x792-640x480_c.jpg 400w,https:\/\/mnir50.mnir.ro\/wpmnir50\/wp-content\/uploads\/2022\/04\/127_1982_sesiunea_nuimismatica_bucur_mitrea-1024x792-640x480_c.jpg 2x\" srcset=\"data:image\/gif;base64,R0lGODlhAQABAIAAAP\/\/\/\/\/\/\/yH5BAEKAAEALAAAAAABAAEAAAICTAEAOw==\" \/><\/div><\/a><\/div><\/div><div id=\"envira-gallery-item-859\" class=\"envira-gallery-item enviratope-item envira-gallery-item-135 envira-lazy-load\" style=\"padding-left: 1px; padding-bottom: 2px; padding-right: 1px;\"  itemscope itemtype=\"https:\/\/schema.org\/ImageObject\"><div class=\"envira-gallery-item-inner\"><div class=\"envira-gallery-position-overlay  envira-gallery-top-left\"><\/div><div class=\"envira-gallery-position-overlay  envira-gallery-top-right\"><\/div><div class=\"envira-gallery-position-overlay  envira-gallery-bottom-left\"><\/div><div class=\"envira-gallery-position-overlay  envira-gallery-bottom-right\"><\/div><a href=\"https:\/\/mnir50.mnir.ro\/wpmnir50\/wp-content\/uploads\/2022\/04\/129_1982_sesiunea_numismatica_bejan_stirbu_m-maxim.jpg\" class=\"envira-gallery-2391 envira-gallery-link\" rel=\"enviragallery2391\" title=\"1982. Sesiunea numismatic\u0103 (Bejan, Constan\u021ba \u0218tirbu, Mihai Maxim)\" data-envira-caption=\"1982. Sesiunea numismatic\u0103 (Bejan, Constan\u021ba \u0218tirbu, Mihai Maxim)\" data-envira-retina=\"\" data-thumbnail=\"\"  itemprop=\"contentUrl\"><div class=\"envira-lazy\" data-test-width=\"640\" data-test-height=\"480\" style=\"padding-bottom:75%;\"><img decoding=\"async\" id=\"envira-gallery-image-859\" class=\"envira-gallery-image envira-gallery-image-135\" data-envira-index=\"135\" src=\"https:\/\/mnir50.mnir.ro\/wpmnir50\/wp-content\/uploads\/2022\/04\/129_1982_sesiunea_numismatica_bejan_stirbu_m-maxim-1024x740-640x480_c.jpg\" data-envira-src=\"https:\/\/mnir50.mnir.ro\/wpmnir50\/wp-content\/uploads\/2022\/04\/129_1982_sesiunea_numismatica_bejan_stirbu_m-maxim-1024x740-640x480_c.jpg\" data-envira-gallery-id=\"2391\" data-envira-item-id=\"859\" data-envira-caption=\"1982. Sesiunea numismatic\u0103 (Bejan, Constan\u021ba \u0218tirbu, Mihai Maxim)\" alt=\"\" title=\"1982. Sesiunea numismatic\u0103 (Bejan, Constan\u021ba \u0218tirbu, Mihai Maxim)\"  itemprop=\"thumbnailUrl\" data-envira-srcset=\"https:\/\/mnir50.mnir.ro\/wpmnir50\/wp-content\/uploads\/2022\/04\/129_1982_sesiunea_numismatica_bejan_stirbu_m-maxim-1024x740-640x480_c.jpg 400w,https:\/\/mnir50.mnir.ro\/wpmnir50\/wp-content\/uploads\/2022\/04\/129_1982_sesiunea_numismatica_bejan_stirbu_m-maxim-1024x740-640x480_c.jpg 2x\" srcset=\"data:image\/gif;base64,R0lGODlhAQABAIAAAP\/\/\/\/\/\/\/yH5BAEKAAEALAAAAAABAAEAAAICTAEAOw==\" \/><\/div><\/a><\/div><\/div><div id=\"envira-gallery-item-858\" class=\"envira-gallery-item enviratope-item envira-gallery-item-136 envira-lazy-load\" style=\"padding-left: 1px; padding-bottom: 2px; padding-right: 1px;\"  itemscope itemtype=\"https:\/\/schema.org\/ImageObject\"><div class=\"envira-gallery-item-inner\"><div class=\"envira-gallery-position-overlay  envira-gallery-top-left\"><\/div><div class=\"envira-gallery-position-overlay  envira-gallery-top-right\"><\/div><div class=\"envira-gallery-position-overlay  envira-gallery-bottom-left\"><\/div><div class=\"envira-gallery-position-overlay  envira-gallery-bottom-right\"><\/div><a href=\"https:\/\/mnir50.mnir.ro\/wpmnir50\/wp-content\/uploads\/2022\/04\/128_1982_sesiunea_numismatica_anton-manea_stirbu.jpg\" class=\"envira-gallery-2391 envira-gallery-link\" rel=\"enviragallery2391\" title=\"1982. Sesiunea numismatic\u0103 (Cristina Anton Manea, Constan\u021ba \u0218tirbu)\" data-envira-caption=\"1982. Sesiunea numismatic\u0103 (Cristina Anton Manea, Constan\u021ba \u0218tirbu)\" data-envira-retina=\"\" data-thumbnail=\"\"  itemprop=\"contentUrl\"><div class=\"envira-lazy\" data-test-width=\"640\" data-test-height=\"480\" style=\"padding-bottom:75%;\"><img decoding=\"async\" id=\"envira-gallery-image-858\" class=\"envira-gallery-image envira-gallery-image-136\" data-envira-index=\"136\" src=\"https:\/\/mnir50.mnir.ro\/wpmnir50\/wp-content\/uploads\/2022\/04\/128_1982_sesiunea_numismatica_anton-manea_stirbu-1024x732-640x480_c.jpg\" data-envira-src=\"https:\/\/mnir50.mnir.ro\/wpmnir50\/wp-content\/uploads\/2022\/04\/128_1982_sesiunea_numismatica_anton-manea_stirbu-1024x732-640x480_c.jpg\" data-envira-gallery-id=\"2391\" data-envira-item-id=\"858\" data-envira-caption=\"1982. Sesiunea numismatic\u0103 (Cristina Anton Manea, Constan\u021ba \u0218tirbu)\" alt=\"\" title=\"1982. Sesiunea numismatic\u0103 (Cristina Anton Manea, Constan\u021ba \u0218tirbu)\"  itemprop=\"thumbnailUrl\" data-envira-srcset=\"https:\/\/mnir50.mnir.ro\/wpmnir50\/wp-content\/uploads\/2022\/04\/128_1982_sesiunea_numismatica_anton-manea_stirbu-1024x732-640x480_c.jpg 400w,https:\/\/mnir50.mnir.ro\/wpmnir50\/wp-content\/uploads\/2022\/04\/128_1982_sesiunea_numismatica_anton-manea_stirbu-1024x732-640x480_c.jpg 2x\" srcset=\"data:image\/gif;base64,R0lGODlhAQABAIAAAP\/\/\/\/\/\/\/yH5BAEKAAEALAAAAAABAAEAAAICTAEAOw==\" \/><\/div><\/a><\/div><\/div><div id=\"envira-gallery-item-860\" class=\"envira-gallery-item enviratope-item envira-gallery-item-137 envira-lazy-load\" style=\"padding-left: 1px; padding-bottom: 2px; padding-right: 1px;\"  itemscope itemtype=\"https:\/\/schema.org\/ImageObject\"><div class=\"envira-gallery-item-inner\"><div class=\"envira-gallery-position-overlay  envira-gallery-top-left\"><\/div><div class=\"envira-gallery-position-overlay  envira-gallery-top-right\"><\/div><div class=\"envira-gallery-position-overlay  envira-gallery-bottom-left\"><\/div><div class=\"envira-gallery-position-overlay  envira-gallery-bottom-right\"><\/div><a href=\"https:\/\/mnir50.mnir.ro\/wpmnir50\/wp-content\/uploads\/2022\/04\/130_1982_sesiunea_numismatica_c_preda.jpg\" class=\"envira-gallery-2391 envira-gallery-link\" rel=\"enviragallery2391\" title=\"1982. Sesiunea numismatic\u0103 (C. Preda)\" data-envira-caption=\"1982. Sesiunea numismatic\u0103 (C. Preda)\" data-envira-retina=\"\" data-thumbnail=\"\"  itemprop=\"contentUrl\"><div class=\"envira-lazy\" data-test-width=\"640\" data-test-height=\"480\" style=\"padding-bottom:75%;\"><img decoding=\"async\" id=\"envira-gallery-image-860\" class=\"envira-gallery-image envira-gallery-image-137\" data-envira-index=\"137\" src=\"https:\/\/mnir50.mnir.ro\/wpmnir50\/wp-content\/uploads\/2022\/04\/130_1982_sesiunea_numismatica_c_preda-751x1024-640x480_c.jpg\" data-envira-src=\"https:\/\/mnir50.mnir.ro\/wpmnir50\/wp-content\/uploads\/2022\/04\/130_1982_sesiunea_numismatica_c_preda-751x1024-640x480_c.jpg\" data-envira-gallery-id=\"2391\" data-envira-item-id=\"860\" data-envira-caption=\"1982. Sesiunea numismatic\u0103 (C. Preda)\" alt=\"\" title=\"1982. Sesiunea numismatic\u0103 (C. Preda)\"  itemprop=\"thumbnailUrl\" data-envira-srcset=\"https:\/\/mnir50.mnir.ro\/wpmnir50\/wp-content\/uploads\/2022\/04\/130_1982_sesiunea_numismatica_c_preda-751x1024-640x480_c.jpg 400w,https:\/\/mnir50.mnir.ro\/wpmnir50\/wp-content\/uploads\/2022\/04\/130_1982_sesiunea_numismatica_c_preda-751x1024-640x480_c.jpg 2x\" srcset=\"data:image\/gif;base64,R0lGODlhAQABAIAAAP\/\/\/\/\/\/\/yH5BAEKAAEALAAAAAABAAEAAAICTAEAOw==\" \/><\/div><\/a><\/div><\/div><div id=\"envira-gallery-item-861\" class=\"envira-gallery-item enviratope-item envira-gallery-item-138 envira-lazy-load\" style=\"padding-left: 1px; padding-bottom: 2px; padding-right: 1px;\"  itemscope itemtype=\"https:\/\/schema.org\/ImageObject\"><div class=\"envira-gallery-item-inner\"><div class=\"envira-gallery-position-overlay  envira-gallery-top-left\"><\/div><div class=\"envira-gallery-position-overlay  envira-gallery-top-right\"><\/div><div class=\"envira-gallery-position-overlay  envira-gallery-bottom-left\"><\/div><div class=\"envira-gallery-position-overlay  envira-gallery-bottom-right\"><\/div><a href=\"https:\/\/mnir50.mnir.ro\/wpmnir50\/wp-content\/uploads\/2022\/04\/131_1982_sesiunea_numismatica_iliescu.jpg\" class=\"envira-gallery-2391 envira-gallery-link\" rel=\"enviragallery2391\" title=\"1982. Sesiunea numismatic\u0103 (Octavian Iliescu)\" data-envira-caption=\"1982. Sesiunea numismatic\u0103 (Octavian Iliescu)\" data-envira-retina=\"\" data-thumbnail=\"\"  itemprop=\"contentUrl\"><div class=\"envira-lazy\" data-test-width=\"640\" data-test-height=\"480\" style=\"padding-bottom:75%;\"><img decoding=\"async\" id=\"envira-gallery-image-861\" class=\"envira-gallery-image envira-gallery-image-138\" data-envira-index=\"138\" src=\"https:\/\/mnir50.mnir.ro\/wpmnir50\/wp-content\/uploads\/2022\/04\/131_1982_sesiunea_numismatica_iliescu-739x1024-640x480_c.jpg\" data-envira-src=\"https:\/\/mnir50.mnir.ro\/wpmnir50\/wp-content\/uploads\/2022\/04\/131_1982_sesiunea_numismatica_iliescu-739x1024-640x480_c.jpg\" data-envira-gallery-id=\"2391\" data-envira-item-id=\"861\" data-envira-caption=\"1982. Sesiunea numismatic\u0103 (Octavian Iliescu)\" alt=\"\" title=\"1982. Sesiunea numismatic\u0103 (Octavian Iliescu)\"  itemprop=\"thumbnailUrl\" data-envira-srcset=\"https:\/\/mnir50.mnir.ro\/wpmnir50\/wp-content\/uploads\/2022\/04\/131_1982_sesiunea_numismatica_iliescu-739x1024-640x480_c.jpg 400w,https:\/\/mnir50.mnir.ro\/wpmnir50\/wp-content\/uploads\/2022\/04\/131_1982_sesiunea_numismatica_iliescu-739x1024-640x480_c.jpg 2x\" srcset=\"data:image\/gif;base64,R0lGODlhAQABAIAAAP\/\/\/\/\/\/\/yH5BAEKAAEALAAAAAABAAEAAAICTAEAOw==\" \/><\/div><\/a><\/div><\/div><div id=\"envira-gallery-item-862\" class=\"envira-gallery-item enviratope-item envira-gallery-item-139 envira-lazy-load\" style=\"padding-left: 1px; padding-bottom: 2px; padding-right: 1px;\"  itemscope itemtype=\"https:\/\/schema.org\/ImageObject\"><div class=\"envira-gallery-item-inner\"><div class=\"envira-gallery-position-overlay  envira-gallery-top-left\"><\/div><div class=\"envira-gallery-position-overlay  envira-gallery-top-right\"><\/div><div class=\"envira-gallery-position-overlay  envira-gallery-bottom-left\"><\/div><div class=\"envira-gallery-position-overlay  envira-gallery-bottom-right\"><\/div><a href=\"https:\/\/mnir50.mnir.ro\/wpmnir50\/wp-content\/uploads\/2022\/04\/132_1982_sesiunea_numismatica_iliescu_oberlander.jpg\" class=\"envira-gallery-2391 envira-gallery-link\" rel=\"enviragallery2391\" title=\"1982. Sesiunea numismatic\u0103 (Octavian Iliescu, Ernesct Oberlander)\" data-envira-caption=\"1982. Sesiunea numismatic\u0103 (Octavian Iliescu, Ernesct Oberlander)\" data-envira-retina=\"\" data-thumbnail=\"\"  itemprop=\"contentUrl\"><div class=\"envira-lazy\" data-test-width=\"640\" data-test-height=\"480\" style=\"padding-bottom:75%;\"><img decoding=\"async\" id=\"envira-gallery-image-862\" class=\"envira-gallery-image envira-gallery-image-139\" data-envira-index=\"139\" src=\"https:\/\/mnir50.mnir.ro\/wpmnir50\/wp-content\/uploads\/2022\/04\/132_1982_sesiunea_numismatica_iliescu_oberlander-1024x771-640x480_c.jpg\" data-envira-src=\"https:\/\/mnir50.mnir.ro\/wpmnir50\/wp-content\/uploads\/2022\/04\/132_1982_sesiunea_numismatica_iliescu_oberlander-1024x771-640x480_c.jpg\" data-envira-gallery-id=\"2391\" data-envira-item-id=\"862\" data-envira-caption=\"1982. Sesiunea numismatic\u0103 (Octavian Iliescu, Ernesct Oberlander)\" alt=\"\" title=\"1982. Sesiunea numismatic\u0103 (Octavian Iliescu, Ernesct Oberlander)\"  itemprop=\"thumbnailUrl\" data-envira-srcset=\"https:\/\/mnir50.mnir.ro\/wpmnir50\/wp-content\/uploads\/2022\/04\/132_1982_sesiunea_numismatica_iliescu_oberlander-1024x771-640x480_c.jpg 400w,https:\/\/mnir50.mnir.ro\/wpmnir50\/wp-content\/uploads\/2022\/04\/132_1982_sesiunea_numismatica_iliescu_oberlander-1024x771-640x480_c.jpg 2x\" srcset=\"data:image\/gif;base64,R0lGODlhAQABAIAAAP\/\/\/\/\/\/\/yH5BAEKAAEALAAAAAABAAEAAAICTAEAOw==\" \/><\/div><\/a><\/div><\/div><div id=\"envira-gallery-item-863\" class=\"envira-gallery-item enviratope-item envira-gallery-item-140 envira-lazy-load\" style=\"padding-left: 1px; padding-bottom: 2px; padding-right: 1px;\"  itemscope itemtype=\"https:\/\/schema.org\/ImageObject\"><div class=\"envira-gallery-item-inner\"><div class=\"envira-gallery-position-overlay  envira-gallery-top-left\"><\/div><div class=\"envira-gallery-position-overlay  envira-gallery-top-right\"><\/div><div class=\"envira-gallery-position-overlay  envira-gallery-bottom-left\"><\/div><div class=\"envira-gallery-position-overlay  envira-gallery-bottom-right\"><\/div><a href=\"https:\/\/mnir50.mnir.ro\/wpmnir50\/wp-content\/uploads\/2022\/04\/133_1982_sesiunea_numismatica_ionita_cantacuzino_tomescu_petrescu.jpg\" class=\"envira-gallery-2391 envira-gallery-link\" rel=\"enviragallery2391\" title=\"1982. Sesiunea numismatic\u0103 (Mioara Ioni\u021b\u0103, Gh. Cantacuzino, Dorina Tomescu, N. Petrescu...)\" data-envira-caption=\"1982. Sesiunea numismatic\u0103 (Mioara Ioni\u021b\u0103, Gh. Cantacuzino, Dorina Tomescu, N. Petrescu...)\" data-envira-retina=\"\" data-thumbnail=\"\"  itemprop=\"contentUrl\"><div class=\"envira-lazy\" data-test-width=\"640\" data-test-height=\"480\" style=\"padding-bottom:75%;\"><img decoding=\"async\" id=\"envira-gallery-image-863\" class=\"envira-gallery-image envira-gallery-image-140\" data-envira-index=\"140\" src=\"https:\/\/mnir50.mnir.ro\/wpmnir50\/wp-content\/uploads\/2022\/04\/133_1982_sesiunea_numismatica_ionita_cantacuzino_tomescu_petrescu-1024x726-640x480_c.jpg\" data-envira-src=\"https:\/\/mnir50.mnir.ro\/wpmnir50\/wp-content\/uploads\/2022\/04\/133_1982_sesiunea_numismatica_ionita_cantacuzino_tomescu_petrescu-1024x726-640x480_c.jpg\" data-envira-gallery-id=\"2391\" data-envira-item-id=\"863\" data-envira-caption=\"1982. Sesiunea numismatic\u0103 (Mioara Ioni\u021b\u0103, Gh. Cantacuzino, Dorina Tomescu, N. Petrescu...)\" alt=\"\" title=\"1982. Sesiunea numismatic\u0103 (Mioara Ioni\u021b\u0103, Gh. Cantacuzino, Dorina Tomescu, N. Petrescu...)\"  itemprop=\"thumbnailUrl\" data-envira-srcset=\"https:\/\/mnir50.mnir.ro\/wpmnir50\/wp-content\/uploads\/2022\/04\/133_1982_sesiunea_numismatica_ionita_cantacuzino_tomescu_petrescu-1024x726-640x480_c.jpg 400w,https:\/\/mnir50.mnir.ro\/wpmnir50\/wp-content\/uploads\/2022\/04\/133_1982_sesiunea_numismatica_ionita_cantacuzino_tomescu_petrescu-1024x726-640x480_c.jpg 2x\" srcset=\"data:image\/gif;base64,R0lGODlhAQABAIAAAP\/\/\/\/\/\/\/yH5BAEKAAEALAAAAAABAAEAAAICTAEAOw==\" \/><\/div><\/a><\/div><\/div><div id=\"envira-gallery-item-865\" class=\"envira-gallery-item enviratope-item envira-gallery-item-141 envira-lazy-load\" style=\"padding-left: 1px; padding-bottom: 2px; padding-right: 1px;\"  itemscope itemtype=\"https:\/\/schema.org\/ImageObject\"><div class=\"envira-gallery-item-inner\"><div class=\"envira-gallery-position-overlay  envira-gallery-top-left\"><\/div><div class=\"envira-gallery-position-overlay  envira-gallery-top-right\"><\/div><div class=\"envira-gallery-position-overlay  envira-gallery-bottom-left\"><\/div><div class=\"envira-gallery-position-overlay  envira-gallery-bottom-right\"><\/div><a href=\"https:\/\/mnir50.mnir.ro\/wpmnir50\/wp-content\/uploads\/2022\/04\/135_1982_sesiunea_numismatica_oberlander.jpg\" class=\"envira-gallery-2391 envira-gallery-link\" rel=\"enviragallery2391\" title=\"1982. Sesiunea numismatic\u0103 (Ernest Oberlander)\" data-envira-caption=\"1982. Sesiunea numismatic\u0103 (Ernest Oberlander)\" data-envira-retina=\"\" data-thumbnail=\"\"  itemprop=\"contentUrl\"><div class=\"envira-lazy\" data-test-width=\"640\" data-test-height=\"480\" style=\"padding-bottom:75%;\"><img decoding=\"async\" id=\"envira-gallery-image-865\" class=\"envira-gallery-image envira-gallery-image-141\" data-envira-index=\"141\" src=\"https:\/\/mnir50.mnir.ro\/wpmnir50\/wp-content\/uploads\/2022\/04\/135_1982_sesiunea_numismatica_oberlander-1024x765-640x480_c.jpg\" data-envira-src=\"https:\/\/mnir50.mnir.ro\/wpmnir50\/wp-content\/uploads\/2022\/04\/135_1982_sesiunea_numismatica_oberlander-1024x765-640x480_c.jpg\" data-envira-gallery-id=\"2391\" data-envira-item-id=\"865\" data-envira-caption=\"1982. Sesiunea numismatic\u0103 (Ernest Oberlander)\" alt=\"\" title=\"1982. Sesiunea numismatic\u0103 (Ernest Oberlander)\"  itemprop=\"thumbnailUrl\" data-envira-srcset=\"https:\/\/mnir50.mnir.ro\/wpmnir50\/wp-content\/uploads\/2022\/04\/135_1982_sesiunea_numismatica_oberlander-1024x765-640x480_c.jpg 400w,https:\/\/mnir50.mnir.ro\/wpmnir50\/wp-content\/uploads\/2022\/04\/135_1982_sesiunea_numismatica_oberlander-1024x765-640x480_c.jpg 2x\" srcset=\"data:image\/gif;base64,R0lGODlhAQABAIAAAP\/\/\/\/\/\/\/yH5BAEKAAEALAAAAAABAAEAAAICTAEAOw==\" \/><\/div><\/a><\/div><\/div><div id=\"envira-gallery-item-864\" class=\"envira-gallery-item enviratope-item envira-gallery-item-142 envira-lazy-load\" style=\"padding-left: 1px; padding-bottom: 2px; padding-right: 1px;\"  itemscope itemtype=\"https:\/\/schema.org\/ImageObject\"><div class=\"envira-gallery-item-inner\"><div class=\"envira-gallery-position-overlay  envira-gallery-top-left\"><\/div><div class=\"envira-gallery-position-overlay  envira-gallery-top-right\"><\/div><div class=\"envira-gallery-position-overlay  envira-gallery-bottom-left\"><\/div><div class=\"envira-gallery-position-overlay  envira-gallery-bottom-right\"><\/div><a href=\"https:\/\/mnir50.mnir.ro\/wpmnir50\/wp-content\/uploads\/2022\/04\/134_1982_sesiunea_numismatica_marinescu_petculescu.jpg\" class=\"envira-gallery-2391 envira-gallery-link\" rel=\"enviragallery2391\" title=\"1982. Sesiunea numismatic\u0103 (Lucia Marinescu, Liviu Petculescu)\" data-envira-caption=\"1982. Sesiunea numismatic\u0103 (Lucia Marinescu, Liviu Petculescu)\" data-envira-retina=\"\" data-thumbnail=\"\"  itemprop=\"contentUrl\"><div class=\"envira-lazy\" data-test-width=\"640\" data-test-height=\"480\" style=\"padding-bottom:75%;\"><img decoding=\"async\" id=\"envira-gallery-image-864\" class=\"envira-gallery-image envira-gallery-image-142\" data-envira-index=\"142\" src=\"https:\/\/mnir50.mnir.ro\/wpmnir50\/wp-content\/uploads\/2022\/04\/134_1982_sesiunea_numismatica_marinescu_petculescu-1024x766-640x480_c.jpg\" data-envira-src=\"https:\/\/mnir50.mnir.ro\/wpmnir50\/wp-content\/uploads\/2022\/04\/134_1982_sesiunea_numismatica_marinescu_petculescu-1024x766-640x480_c.jpg\" data-envira-gallery-id=\"2391\" data-envira-item-id=\"864\" data-envira-caption=\"1982. Sesiunea numismatic\u0103 (Lucia Marinescu, Liviu Petculescu)\" alt=\"\" title=\"1982. Sesiunea numismatic\u0103 (Lucia Marinescu, Liviu Petculescu)\"  itemprop=\"thumbnailUrl\" data-envira-srcset=\"https:\/\/mnir50.mnir.ro\/wpmnir50\/wp-content\/uploads\/2022\/04\/134_1982_sesiunea_numismatica_marinescu_petculescu-1024x766-640x480_c.jpg 400w,https:\/\/mnir50.mnir.ro\/wpmnir50\/wp-content\/uploads\/2022\/04\/134_1982_sesiunea_numismatica_marinescu_petculescu-1024x766-640x480_c.jpg 2x\" srcset=\"data:image\/gif;base64,R0lGODlhAQABAIAAAP\/\/\/\/\/\/\/yH5BAEKAAEALAAAAAABAAEAAAICTAEAOw==\" \/><\/div><\/a><\/div><\/div><div id=\"envira-gallery-item-866\" class=\"envira-gallery-item enviratope-item envira-gallery-item-143 envira-lazy-load\" style=\"padding-left: 1px; padding-bottom: 2px; padding-right: 1px;\"  itemscope itemtype=\"https:\/\/schema.org\/ImageObject\"><div class=\"envira-gallery-item-inner\"><div class=\"envira-gallery-position-overlay  envira-gallery-top-left\"><\/div><div class=\"envira-gallery-position-overlay  envira-gallery-top-right\"><\/div><div class=\"envira-gallery-position-overlay  envira-gallery-bottom-left\"><\/div><div class=\"envira-gallery-position-overlay  envira-gallery-bottom-right\"><\/div><a href=\"https:\/\/mnir50.mnir.ro\/wpmnir50\/wp-content\/uploads\/2022\/04\/136_1982_sesiunea_numismatica_radu_florescu.jpg\" class=\"envira-gallery-2391 envira-gallery-link\" rel=\"enviragallery2391\" title=\"1982. Sesiunea numismatic\u0103 (Radu Florescu)\" data-envira-caption=\"1982. Sesiunea numismatic\u0103 (Radu Florescu)\" data-envira-retina=\"\" data-thumbnail=\"\"  itemprop=\"contentUrl\"><div class=\"envira-lazy\" data-test-width=\"640\" data-test-height=\"480\" style=\"padding-bottom:75%;\"><img decoding=\"async\" id=\"envira-gallery-image-866\" class=\"envira-gallery-image envira-gallery-image-143\" data-envira-index=\"143\" src=\"https:\/\/mnir50.mnir.ro\/wpmnir50\/wp-content\/uploads\/2022\/04\/136_1982_sesiunea_numismatica_radu_florescu-1024x789-640x480_c.jpg\" data-envira-src=\"https:\/\/mnir50.mnir.ro\/wpmnir50\/wp-content\/uploads\/2022\/04\/136_1982_sesiunea_numismatica_radu_florescu-1024x789-640x480_c.jpg\" data-envira-gallery-id=\"2391\" data-envira-item-id=\"866\" data-envira-caption=\"1982. Sesiunea numismatic\u0103 (Radu Florescu)\" alt=\"\" title=\"1982. Sesiunea numismatic\u0103 (Radu Florescu)\"  itemprop=\"thumbnailUrl\" data-envira-srcset=\"https:\/\/mnir50.mnir.ro\/wpmnir50\/wp-content\/uploads\/2022\/04\/136_1982_sesiunea_numismatica_radu_florescu-1024x789-640x480_c.jpg 400w,https:\/\/mnir50.mnir.ro\/wpmnir50\/wp-content\/uploads\/2022\/04\/136_1982_sesiunea_numismatica_radu_florescu-1024x789-640x480_c.jpg 2x\" srcset=\"data:image\/gif;base64,R0lGODlhAQABAIAAAP\/\/\/\/\/\/\/yH5BAEKAAEALAAAAAABAAEAAAICTAEAOw==\" \/><\/div><\/a><\/div><\/div><div id=\"envira-gallery-item-867\" class=\"envira-gallery-item enviratope-item envira-gallery-item-144 envira-lazy-load\" style=\"padding-left: 1px; padding-bottom: 2px; padding-right: 1px;\"  itemscope itemtype=\"https:\/\/schema.org\/ImageObject\"><div class=\"envira-gallery-item-inner\"><div class=\"envira-gallery-position-overlay  envira-gallery-top-left\"><\/div><div class=\"envira-gallery-position-overlay  envira-gallery-top-right\"><\/div><div class=\"envira-gallery-position-overlay  envira-gallery-bottom-left\"><\/div><div class=\"envira-gallery-position-overlay  envira-gallery-bottom-right\"><\/div><a href=\"https:\/\/mnir50.mnir.ro\/wpmnir50\/wp-content\/uploads\/2022\/04\/137_1982_simpozion_restaurarea_conservarea_pcn.jpg\" class=\"envira-gallery-2391 envira-gallery-link\" rel=\"enviragallery2391\" title=\"1982. Simpozion &bdquo;Restaurarea \u0219i conservarea patrimoniului&rdquo;\" data-envira-caption=\"1982. Simpozion &bdquo;Restaurarea \u0219i conservarea patrimoniului&rdquo;\" data-envira-retina=\"\" data-thumbnail=\"\"  itemprop=\"contentUrl\"><div class=\"envira-lazy\" data-test-width=\"640\" data-test-height=\"480\" style=\"padding-bottom:75%;\"><img decoding=\"async\" id=\"envira-gallery-image-867\" class=\"envira-gallery-image envira-gallery-image-144\" data-envira-index=\"144\" src=\"https:\/\/mnir50.mnir.ro\/wpmnir50\/wp-content\/uploads\/2022\/04\/137_1982_simpozion_restaurarea_conservarea_pcn-1024x736-640x480_c.jpg\" data-envira-src=\"https:\/\/mnir50.mnir.ro\/wpmnir50\/wp-content\/uploads\/2022\/04\/137_1982_simpozion_restaurarea_conservarea_pcn-1024x736-640x480_c.jpg\" data-envira-gallery-id=\"2391\" data-envira-item-id=\"867\" data-envira-caption=\"1982. Simpozion &bdquo;Restaurarea \u0219i conservarea patrimoniului&rdquo;\" alt=\"\" title=\"1982. Simpozion &amp;bdquo;Restaurarea \u0219i conservarea patrimoniului&amp;rdquo;\"  itemprop=\"thumbnailUrl\" data-envira-srcset=\"https:\/\/mnir50.mnir.ro\/wpmnir50\/wp-content\/uploads\/2022\/04\/137_1982_simpozion_restaurarea_conservarea_pcn-1024x736-640x480_c.jpg 400w,https:\/\/mnir50.mnir.ro\/wpmnir50\/wp-content\/uploads\/2022\/04\/137_1982_simpozion_restaurarea_conservarea_pcn-1024x736-640x480_c.jpg 2x\" srcset=\"data:image\/gif;base64,R0lGODlhAQABAIAAAP\/\/\/\/\/\/\/yH5BAEKAAEALAAAAAABAAEAAAICTAEAOw==\" \/><\/div><\/a><\/div><\/div><div id=\"envira-gallery-item-868\" class=\"envira-gallery-item enviratope-item envira-gallery-item-145 envira-lazy-load\" style=\"padding-left: 1px; padding-bottom: 2px; padding-right: 1px;\"  itemscope itemtype=\"https:\/\/schema.org\/ImageObject\"><div class=\"envira-gallery-item-inner\"><div class=\"envira-gallery-position-overlay  envira-gallery-top-left\"><\/div><div class=\"envira-gallery-position-overlay  envira-gallery-top-right\"><\/div><div class=\"envira-gallery-position-overlay  envira-gallery-bottom-left\"><\/div><div class=\"envira-gallery-position-overlay  envira-gallery-bottom-right\"><\/div><a href=\"https:\/\/mnir50.mnir.ro\/wpmnir50\/wp-content\/uploads\/2022\/04\/138_1983-Mohamed-Haidalla-seful-Republicii-Islamice-Mauritania-la-MIRSR.jpg\" class=\"envira-gallery-2391 envira-gallery-link\" rel=\"enviragallery2391\" title=\"1983. Vizita lui Mohamed Haidalla, liderul Republicii Islamice Mauritania\" data-envira-caption=\"1983. Vizita lui Mohamed Haidalla, liderul Republicii Islamice Mauritania\" data-envira-retina=\"\" data-thumbnail=\"\"  itemprop=\"contentUrl\"><div class=\"envira-lazy\" data-test-width=\"640\" data-test-height=\"480\" style=\"padding-bottom:75%;\"><img decoding=\"async\" id=\"envira-gallery-image-868\" class=\"envira-gallery-image envira-gallery-image-145\" data-envira-index=\"145\" src=\"https:\/\/mnir50.mnir.ro\/wpmnir50\/wp-content\/uploads\/2022\/04\/138_1983-Mohamed-Haidalla-seful-Republicii-Islamice-Mauritania-la-MIRSR-1024x737-640x480_c.jpg\" data-envira-src=\"https:\/\/mnir50.mnir.ro\/wpmnir50\/wp-content\/uploads\/2022\/04\/138_1983-Mohamed-Haidalla-seful-Republicii-Islamice-Mauritania-la-MIRSR-1024x737-640x480_c.jpg\" data-envira-gallery-id=\"2391\" data-envira-item-id=\"868\" data-envira-caption=\"1983. Vizita lui Mohamed Haidalla, liderul Republicii Islamice Mauritania\" alt=\"\" title=\"1983. Vizita lui Mohamed Haidalla, liderul Republicii Islamice Mauritania\"  itemprop=\"thumbnailUrl\" data-envira-srcset=\"https:\/\/mnir50.mnir.ro\/wpmnir50\/wp-content\/uploads\/2022\/04\/138_1983-Mohamed-Haidalla-seful-Republicii-Islamice-Mauritania-la-MIRSR-1024x737-640x480_c.jpg 400w,https:\/\/mnir50.mnir.ro\/wpmnir50\/wp-content\/uploads\/2022\/04\/138_1983-Mohamed-Haidalla-seful-Republicii-Islamice-Mauritania-la-MIRSR-1024x737-640x480_c.jpg 2x\" srcset=\"data:image\/gif;base64,R0lGODlhAQABAIAAAP\/\/\/\/\/\/\/yH5BAEKAAEALAAAAAABAAEAAAICTAEAOw==\" \/><\/div><\/a><\/div><\/div><div id=\"envira-gallery-item-869\" class=\"envira-gallery-item enviratope-item envira-gallery-item-146 envira-lazy-load\" style=\"padding-left: 1px; padding-bottom: 2px; padding-right: 1px;\"  itemscope itemtype=\"https:\/\/schema.org\/ImageObject\"><div class=\"envira-gallery-item-inner\"><div class=\"envira-gallery-position-overlay  envira-gallery-top-left\"><\/div><div class=\"envira-gallery-position-overlay  envira-gallery-top-right\"><\/div><div class=\"envira-gallery-position-overlay  envira-gallery-bottom-left\"><\/div><div class=\"envira-gallery-position-overlay  envira-gallery-bottom-right\"><\/div><a href=\"https:\/\/mnir50.mnir.ro\/wpmnir50\/wp-content\/uploads\/2022\/04\/139_1983-Presedintele-Mongoliei-J.-Tedembal-la-MIRSR.jpg\" class=\"envira-gallery-2391 envira-gallery-link\" rel=\"enviragallery2391\" title=\"1983. Vizita pre\u0219edintelui Mongoliei, J. \u021aedembal\" data-envira-caption=\"1983. Vizita pre\u0219edintelui Mongoliei, J. \u021aedembal\" data-envira-retina=\"\" data-thumbnail=\"\"  itemprop=\"contentUrl\"><div class=\"envira-lazy\" data-test-width=\"640\" data-test-height=\"480\" style=\"padding-bottom:75%;\"><img decoding=\"async\" id=\"envira-gallery-image-869\" class=\"envira-gallery-image envira-gallery-image-146\" data-envira-index=\"146\" src=\"https:\/\/mnir50.mnir.ro\/wpmnir50\/wp-content\/uploads\/2022\/04\/139_1983-Presedintele-Mongoliei-J.-Tedembal-la-MIRSR-1024x756-640x480_c.jpg\" data-envira-src=\"https:\/\/mnir50.mnir.ro\/wpmnir50\/wp-content\/uploads\/2022\/04\/139_1983-Presedintele-Mongoliei-J.-Tedembal-la-MIRSR-1024x756-640x480_c.jpg\" data-envira-gallery-id=\"2391\" data-envira-item-id=\"869\" data-envira-caption=\"1983. Vizita pre\u0219edintelui Mongoliei, J. \u021aedembal\" alt=\"\" title=\"1983. Vizita pre\u0219edintelui Mongoliei, J. \u021aedembal\"  itemprop=\"thumbnailUrl\" data-envira-srcset=\"https:\/\/mnir50.mnir.ro\/wpmnir50\/wp-content\/uploads\/2022\/04\/139_1983-Presedintele-Mongoliei-J.-Tedembal-la-MIRSR-1024x756-640x480_c.jpg 400w,https:\/\/mnir50.mnir.ro\/wpmnir50\/wp-content\/uploads\/2022\/04\/139_1983-Presedintele-Mongoliei-J.-Tedembal-la-MIRSR-1024x756-640x480_c.jpg 2x\" srcset=\"data:image\/gif;base64,R0lGODlhAQABAIAAAP\/\/\/\/\/\/\/yH5BAEKAAEALAAAAAABAAEAAAICTAEAOw==\" \/><\/div><\/a><\/div><\/div><div id=\"envira-gallery-item-870\" class=\"envira-gallery-item enviratope-item envira-gallery-item-147 envira-lazy-load\" style=\"padding-left: 1px; padding-bottom: 2px; padding-right: 1px;\"  itemscope itemtype=\"https:\/\/schema.org\/ImageObject\"><div class=\"envira-gallery-item-inner\"><div class=\"envira-gallery-position-overlay  envira-gallery-top-left\"><\/div><div class=\"envira-gallery-position-overlay  envira-gallery-top-right\"><\/div><div class=\"envira-gallery-position-overlay  envira-gallery-bottom-left\"><\/div><div class=\"envira-gallery-position-overlay  envira-gallery-bottom-right\"><\/div><a href=\"https:\/\/mnir50.mnir.ro\/wpmnir50\/wp-content\/uploads\/2022\/04\/140_1983-Presedintele-Mongoliei-J.-Tedembal-la-MIRSR_1.jpg\" class=\"envira-gallery-2391 envira-gallery-link\" rel=\"enviragallery2391\" title=\"1983. Vizita pre\u0219edintelui Mongoliei, J. \u021aedembal\" data-envira-caption=\"1983. Vizita pre\u0219edintelui Mongoliei, J. \u021aedembal\" data-envira-retina=\"\" data-thumbnail=\"\"  itemprop=\"contentUrl\"><div class=\"envira-lazy\" data-test-width=\"640\" data-test-height=\"480\" style=\"padding-bottom:75%;\"><img decoding=\"async\" id=\"envira-gallery-image-870\" class=\"envira-gallery-image envira-gallery-image-147\" data-envira-index=\"147\" src=\"https:\/\/mnir50.mnir.ro\/wpmnir50\/wp-content\/uploads\/2022\/04\/140_1983-Presedintele-Mongoliei-J.-Tedembal-la-MIRSR_1-1024x744-640x480_c.jpg\" data-envira-src=\"https:\/\/mnir50.mnir.ro\/wpmnir50\/wp-content\/uploads\/2022\/04\/140_1983-Presedintele-Mongoliei-J.-Tedembal-la-MIRSR_1-1024x744-640x480_c.jpg\" data-envira-gallery-id=\"2391\" data-envira-item-id=\"870\" data-envira-caption=\"1983. Vizita pre\u0219edintelui Mongoliei, J. \u021aedembal\" alt=\"\" title=\"1983. Vizita pre\u0219edintelui Mongoliei, J. \u021aedembal\"  itemprop=\"thumbnailUrl\" data-envira-srcset=\"https:\/\/mnir50.mnir.ro\/wpmnir50\/wp-content\/uploads\/2022\/04\/140_1983-Presedintele-Mongoliei-J.-Tedembal-la-MIRSR_1-1024x744-640x480_c.jpg 400w,https:\/\/mnir50.mnir.ro\/wpmnir50\/wp-content\/uploads\/2022\/04\/140_1983-Presedintele-Mongoliei-J.-Tedembal-la-MIRSR_1-1024x744-640x480_c.jpg 2x\" srcset=\"data:image\/gif;base64,R0lGODlhAQABAIAAAP\/\/\/\/\/\/\/yH5BAEKAAEALAAAAAABAAEAAAICTAEAOw==\" \/><\/div><\/a><\/div><\/div><div id=\"envira-gallery-item-871\" class=\"envira-gallery-item enviratope-item envira-gallery-item-148 envira-lazy-load\" style=\"padding-left: 1px; padding-bottom: 2px; padding-right: 1px;\"  itemscope itemtype=\"https:\/\/schema.org\/ImageObject\"><div class=\"envira-gallery-item-inner\"><div class=\"envira-gallery-position-overlay  envira-gallery-top-left\"><\/div><div class=\"envira-gallery-position-overlay  envira-gallery-top-right\"><\/div><div class=\"envira-gallery-position-overlay  envira-gallery-bottom-left\"><\/div><div class=\"envira-gallery-position-overlay  envira-gallery-bottom-right\"><\/div><a href=\"https:\/\/mnir50.mnir.ro\/wpmnir50\/wp-content\/uploads\/2022\/04\/142_1983-Presedintele-Mongoliei-J.jpg\" class=\"envira-gallery-2391 envira-gallery-link\" rel=\"enviragallery2391\" title=\"1983. Vizita pre\u0219edintelui Mongoliei, J. \u021aedembal\" data-envira-caption=\"1983. Vizita pre\u0219edintelui Mongoliei, J. \u021aedembal\" data-envira-retina=\"\" data-thumbnail=\"\"  itemprop=\"contentUrl\"><div class=\"envira-lazy\" data-test-width=\"640\" data-test-height=\"480\" style=\"padding-bottom:75%;\"><img decoding=\"async\" id=\"envira-gallery-image-871\" class=\"envira-gallery-image envira-gallery-image-148\" data-envira-index=\"148\" src=\"https:\/\/mnir50.mnir.ro\/wpmnir50\/wp-content\/uploads\/2022\/04\/142_1983-Presedintele-Mongoliei-J-1024x765-640x480_c.jpg\" data-envira-src=\"https:\/\/mnir50.mnir.ro\/wpmnir50\/wp-content\/uploads\/2022\/04\/142_1983-Presedintele-Mongoliei-J-1024x765-640x480_c.jpg\" data-envira-gallery-id=\"2391\" data-envira-item-id=\"871\" data-envira-caption=\"1983. Vizita pre\u0219edintelui Mongoliei, J. \u021aedembal\" alt=\"\" title=\"1983. Vizita pre\u0219edintelui Mongoliei, J. \u021aedembal\"  itemprop=\"thumbnailUrl\" data-envira-srcset=\"https:\/\/mnir50.mnir.ro\/wpmnir50\/wp-content\/uploads\/2022\/04\/142_1983-Presedintele-Mongoliei-J-1024x765-640x480_c.jpg 400w,https:\/\/mnir50.mnir.ro\/wpmnir50\/wp-content\/uploads\/2022\/04\/142_1983-Presedintele-Mongoliei-J-1024x765-640x480_c.jpg 2x\" srcset=\"data:image\/gif;base64,R0lGODlhAQABAIAAAP\/\/\/\/\/\/\/yH5BAEKAAEALAAAAAABAAEAAAICTAEAOw==\" \/><\/div><\/a><\/div><\/div><div id=\"envira-gallery-item-872\" class=\"envira-gallery-item enviratope-item envira-gallery-item-149 envira-lazy-load\" style=\"padding-left: 1px; padding-bottom: 2px; padding-right: 1px;\"  itemscope itemtype=\"https:\/\/schema.org\/ImageObject\"><div class=\"envira-gallery-item-inner\"><div class=\"envira-gallery-position-overlay  envira-gallery-top-left\"><\/div><div class=\"envira-gallery-position-overlay  envira-gallery-top-right\"><\/div><div class=\"envira-gallery-position-overlay  envira-gallery-bottom-left\"><\/div><div class=\"envira-gallery-position-overlay  envira-gallery-bottom-right\"><\/div><a href=\"https:\/\/mnir50.mnir.ro\/wpmnir50\/wp-content\/uploads\/2022\/04\/143_1983-Presedintele-Mongoliei-jjJ.jpg\" class=\"envira-gallery-2391 envira-gallery-link\" rel=\"enviragallery2391\" title=\"1983. Vizita pre\u0219edintelui Mongoliei, J. \u021aedembal\" data-envira-caption=\"1983. Vizita pre\u0219edintelui Mongoliei, J. \u021aedembal\" data-envira-retina=\"\" data-thumbnail=\"\"  itemprop=\"contentUrl\"><div class=\"envira-lazy\" data-test-width=\"640\" data-test-height=\"480\" style=\"padding-bottom:75%;\"><img decoding=\"async\" id=\"envira-gallery-image-872\" class=\"envira-gallery-image envira-gallery-image-149\" data-envira-index=\"149\" src=\"https:\/\/mnir50.mnir.ro\/wpmnir50\/wp-content\/uploads\/2022\/04\/143_1983-Presedintele-Mongoliei-jjJ-1024x759-640x480_c.jpg\" data-envira-src=\"https:\/\/mnir50.mnir.ro\/wpmnir50\/wp-content\/uploads\/2022\/04\/143_1983-Presedintele-Mongoliei-jjJ-1024x759-640x480_c.jpg\" data-envira-gallery-id=\"2391\" data-envira-item-id=\"872\" data-envira-caption=\"1983. Vizita pre\u0219edintelui Mongoliei, J. \u021aedembal\" alt=\"\" title=\"1983. Vizita pre\u0219edintelui Mongoliei, J. \u021aedembal\"  itemprop=\"thumbnailUrl\" data-envira-srcset=\"https:\/\/mnir50.mnir.ro\/wpmnir50\/wp-content\/uploads\/2022\/04\/143_1983-Presedintele-Mongoliei-jjJ-1024x759-640x480_c.jpg 400w,https:\/\/mnir50.mnir.ro\/wpmnir50\/wp-content\/uploads\/2022\/04\/143_1983-Presedintele-Mongoliei-jjJ-1024x759-640x480_c.jpg 2x\" srcset=\"data:image\/gif;base64,R0lGODlhAQABAIAAAP\/\/\/\/\/\/\/yH5BAEKAAEALAAAAAABAAEAAAICTAEAOw==\" \/><\/div><\/a><\/div><\/div><div id=\"envira-gallery-item-873\" class=\"envira-gallery-item enviratope-item envira-gallery-item-150 envira-lazy-load\" style=\"padding-left: 1px; padding-bottom: 2px; padding-right: 1px;\"  itemscope itemtype=\"https:\/\/schema.org\/ImageObject\"><div class=\"envira-gallery-item-inner\"><div class=\"envira-gallery-position-overlay  envira-gallery-top-left\"><\/div><div class=\"envira-gallery-position-overlay  envira-gallery-top-right\"><\/div><div class=\"envira-gallery-position-overlay  envira-gallery-bottom-left\"><\/div><div class=\"envira-gallery-position-overlay  envira-gallery-bottom-right\"><\/div><a href=\"https:\/\/mnir50.mnir.ro\/wpmnir50\/wp-content\/uploads\/2022\/04\/144_1983-Presedintele-Mongoliei-kJ.jpg\" class=\"envira-gallery-2391 envira-gallery-link\" rel=\"enviragallery2391\" title=\"1983. Vizita pre\u0219edintelui Mongoliei, J. \u021aedembal\" data-envira-caption=\"1983. Vizita pre\u0219edintelui Mongoliei, J. \u021aedembal\" data-envira-retina=\"\" data-thumbnail=\"\"  itemprop=\"contentUrl\"><div class=\"envira-lazy\" data-test-width=\"640\" data-test-height=\"480\" style=\"padding-bottom:75%;\"><img decoding=\"async\" id=\"envira-gallery-image-873\" class=\"envira-gallery-image envira-gallery-image-150\" data-envira-index=\"150\" src=\"https:\/\/mnir50.mnir.ro\/wpmnir50\/wp-content\/uploads\/2022\/04\/144_1983-Presedintele-Mongoliei-kJ-1024x766-640x480_c.jpg\" data-envira-src=\"https:\/\/mnir50.mnir.ro\/wpmnir50\/wp-content\/uploads\/2022\/04\/144_1983-Presedintele-Mongoliei-kJ-1024x766-640x480_c.jpg\" data-envira-gallery-id=\"2391\" data-envira-item-id=\"873\" data-envira-caption=\"1983. Vizita pre\u0219edintelui Mongoliei, J. \u021aedembal\" alt=\"\" title=\"1983. Vizita pre\u0219edintelui Mongoliei, J. \u021aedembal\"  itemprop=\"thumbnailUrl\" data-envira-srcset=\"https:\/\/mnir50.mnir.ro\/wpmnir50\/wp-content\/uploads\/2022\/04\/144_1983-Presedintele-Mongoliei-kJ-1024x766-640x480_c.jpg 400w,https:\/\/mnir50.mnir.ro\/wpmnir50\/wp-content\/uploads\/2022\/04\/144_1983-Presedintele-Mongoliei-kJ-1024x766-640x480_c.jpg 2x\" srcset=\"data:image\/gif;base64,R0lGODlhAQABAIAAAP\/\/\/\/\/\/\/yH5BAEKAAEALAAAAAABAAEAAAICTAEAOw==\" \/><\/div><\/a><\/div><\/div><div id=\"envira-gallery-item-874\" class=\"envira-gallery-item enviratope-item envira-gallery-item-151 envira-lazy-load\" style=\"padding-left: 1px; padding-bottom: 2px; padding-right: 1px;\"  itemscope itemtype=\"https:\/\/schema.org\/ImageObject\"><div class=\"envira-gallery-item-inner\"><div class=\"envira-gallery-position-overlay  envira-gallery-top-left\"><\/div><div class=\"envira-gallery-position-overlay  envira-gallery-top-right\"><\/div><div class=\"envira-gallery-position-overlay  envira-gallery-bottom-left\"><\/div><div class=\"envira-gallery-position-overlay  envira-gallery-bottom-right\"><\/div><a href=\"https:\/\/mnir50.mnir.ro\/wpmnir50\/wp-content\/uploads\/2022\/04\/145_1983-Presintele-Rep.-Botswana-la-MNIR.jpg\" class=\"envira-gallery-2391 envira-gallery-link\" rel=\"enviragallery2391\" title=\"1983. Vizita pre\u0219edintelui Republicii Botswana\" data-envira-caption=\"1983. Vizita pre\u0219edintelui Republicii Botswana\" data-envira-retina=\"\" data-thumbnail=\"\"  itemprop=\"contentUrl\"><div class=\"envira-lazy\" data-test-width=\"640\" data-test-height=\"480\" style=\"padding-bottom:75%;\"><img decoding=\"async\" id=\"envira-gallery-image-874\" class=\"envira-gallery-image envira-gallery-image-151\" data-envira-index=\"151\" src=\"https:\/\/mnir50.mnir.ro\/wpmnir50\/wp-content\/uploads\/2022\/04\/145_1983-Presintele-Rep.-Botswana-la-MNIR-1024x765-640x480_c.jpg\" data-envira-src=\"https:\/\/mnir50.mnir.ro\/wpmnir50\/wp-content\/uploads\/2022\/04\/145_1983-Presintele-Rep.-Botswana-la-MNIR-1024x765-640x480_c.jpg\" data-envira-gallery-id=\"2391\" data-envira-item-id=\"874\" data-envira-caption=\"1983. Vizita pre\u0219edintelui Republicii Botswana\" alt=\"\" title=\"1983. Vizita pre\u0219edintelui Republicii Botswana\"  itemprop=\"thumbnailUrl\" data-envira-srcset=\"https:\/\/mnir50.mnir.ro\/wpmnir50\/wp-content\/uploads\/2022\/04\/145_1983-Presintele-Rep.-Botswana-la-MNIR-1024x765-640x480_c.jpg 400w,https:\/\/mnir50.mnir.ro\/wpmnir50\/wp-content\/uploads\/2022\/04\/145_1983-Presintele-Rep.-Botswana-la-MNIR-1024x765-640x480_c.jpg 2x\" srcset=\"data:image\/gif;base64,R0lGODlhAQABAIAAAP\/\/\/\/\/\/\/yH5BAEKAAEALAAAAAABAAEAAAICTAEAOw==\" \/><\/div><\/a><\/div><\/div><div id=\"envira-gallery-item-875\" class=\"envira-gallery-item enviratope-item envira-gallery-item-152 envira-lazy-load\" style=\"padding-left: 1px; padding-bottom: 2px; padding-right: 1px;\"  itemscope itemtype=\"https:\/\/schema.org\/ImageObject\"><div class=\"envira-gallery-item-inner\"><div class=\"envira-gallery-position-overlay  envira-gallery-top-left\"><\/div><div class=\"envira-gallery-position-overlay  envira-gallery-top-right\"><\/div><div class=\"envira-gallery-position-overlay  envira-gallery-bottom-left\"><\/div><div class=\"envira-gallery-position-overlay  envira-gallery-bottom-right\"><\/div><a href=\"https:\/\/mnir50.mnir.ro\/wpmnir50\/wp-content\/uploads\/2022\/04\/148_1983-Presintele-Rep.jpg\" class=\"envira-gallery-2391 envira-gallery-link\" rel=\"enviragallery2391\" title=\"1983. Vizita pre\u0219edintelui Republicii Botswana\" data-envira-caption=\"1983. Vizita pre\u0219edintelui Republicii Botswana\" data-envira-retina=\"\" data-thumbnail=\"\"  itemprop=\"contentUrl\"><div class=\"envira-lazy\" data-test-width=\"640\" data-test-height=\"480\" style=\"padding-bottom:75%;\"><img decoding=\"async\" id=\"envira-gallery-image-875\" class=\"envira-gallery-image envira-gallery-image-152\" data-envira-index=\"152\" src=\"https:\/\/mnir50.mnir.ro\/wpmnir50\/wp-content\/uploads\/2022\/04\/148_1983-Presintele-Rep-1024x756-640x480_c.jpg\" data-envira-src=\"https:\/\/mnir50.mnir.ro\/wpmnir50\/wp-content\/uploads\/2022\/04\/148_1983-Presintele-Rep-1024x756-640x480_c.jpg\" data-envira-gallery-id=\"2391\" data-envira-item-id=\"875\" data-envira-caption=\"1983. Vizita pre\u0219edintelui Republicii Botswana\" alt=\"\" title=\"1983. Vizita pre\u0219edintelui Republicii Botswana\"  itemprop=\"thumbnailUrl\" data-envira-srcset=\"https:\/\/mnir50.mnir.ro\/wpmnir50\/wp-content\/uploads\/2022\/04\/148_1983-Presintele-Rep-1024x756-640x480_c.jpg 400w,https:\/\/mnir50.mnir.ro\/wpmnir50\/wp-content\/uploads\/2022\/04\/148_1983-Presintele-Rep-1024x756-640x480_c.jpg 2x\" srcset=\"data:image\/gif;base64,R0lGODlhAQABAIAAAP\/\/\/\/\/\/\/yH5BAEKAAEALAAAAAABAAEAAAICTAEAOw==\" \/><\/div><\/a><\/div><\/div><div id=\"envira-gallery-item-876\" class=\"envira-gallery-item enviratope-item envira-gallery-item-153 envira-lazy-load\" style=\"padding-left: 1px; padding-bottom: 2px; padding-right: 1px;\"  itemscope itemtype=\"https:\/\/schema.org\/ImageObject\"><div class=\"envira-gallery-item-inner\"><div class=\"envira-gallery-position-overlay  envira-gallery-top-left\"><\/div><div class=\"envira-gallery-position-overlay  envira-gallery-top-right\"><\/div><div class=\"envira-gallery-position-overlay  envira-gallery-bottom-left\"><\/div><div class=\"envira-gallery-position-overlay  envira-gallery-bottom-right\"><\/div><a href=\"https:\/\/mnir50.mnir.ro\/wpmnir50\/wp-content\/uploads\/2022\/04\/149_1983-Presintele-Repjj.jpg\" class=\"envira-gallery-2391 envira-gallery-link\" rel=\"enviragallery2391\" title=\"1983. Vizita pre\u0219edintelui Republicii Botswana\" data-envira-caption=\"1983. Vizita pre\u0219edintelui Republicii Botswana\" data-envira-retina=\"\" data-thumbnail=\"\"  itemprop=\"contentUrl\"><div class=\"envira-lazy\" data-test-width=\"640\" data-test-height=\"480\" style=\"padding-bottom:75%;\"><img decoding=\"async\" id=\"envira-gallery-image-876\" class=\"envira-gallery-image envira-gallery-image-153\" data-envira-index=\"153\" src=\"https:\/\/mnir50.mnir.ro\/wpmnir50\/wp-content\/uploads\/2022\/04\/149_1983-Presintele-Repjj-1024x757-640x480_c.jpg\" data-envira-src=\"https:\/\/mnir50.mnir.ro\/wpmnir50\/wp-content\/uploads\/2022\/04\/149_1983-Presintele-Repjj-1024x757-640x480_c.jpg\" data-envira-gallery-id=\"2391\" data-envira-item-id=\"876\" data-envira-caption=\"1983. Vizita pre\u0219edintelui Republicii Botswana\" alt=\"\" title=\"1983. Vizita pre\u0219edintelui Republicii Botswana\"  itemprop=\"thumbnailUrl\" data-envira-srcset=\"https:\/\/mnir50.mnir.ro\/wpmnir50\/wp-content\/uploads\/2022\/04\/149_1983-Presintele-Repjj-1024x757-640x480_c.jpg 400w,https:\/\/mnir50.mnir.ro\/wpmnir50\/wp-content\/uploads\/2022\/04\/149_1983-Presintele-Repjj-1024x757-640x480_c.jpg 2x\" srcset=\"data:image\/gif;base64,R0lGODlhAQABAIAAAP\/\/\/\/\/\/\/yH5BAEKAAEALAAAAAABAAEAAAICTAEAOw==\" \/><\/div><\/a><\/div><\/div><div id=\"envira-gallery-item-877\" class=\"envira-gallery-item enviratope-item envira-gallery-item-154 envira-lazy-load\" style=\"padding-left: 1px; padding-bottom: 2px; padding-right: 1px;\"  itemscope itemtype=\"https:\/\/schema.org\/ImageObject\"><div class=\"envira-gallery-item-inner\"><div class=\"envira-gallery-position-overlay  envira-gallery-top-left\"><\/div><div class=\"envira-gallery-position-overlay  envira-gallery-top-right\"><\/div><div class=\"envira-gallery-position-overlay  envira-gallery-bottom-left\"><\/div><div class=\"envira-gallery-position-overlay  envira-gallery-bottom-right\"><\/div><a href=\"https:\/\/mnir50.mnir.ro\/wpmnir50\/wp-content\/uploads\/2022\/04\/150_1983-Presintele-Repn.jpg\" class=\"envira-gallery-2391 envira-gallery-link\" rel=\"enviragallery2391\" title=\"1983. Vizita pre\u0219edintelui Republicii Botswana\" data-envira-caption=\"1983. Vizita pre\u0219edintelui Republicii Botswana\" data-envira-retina=\"\" data-thumbnail=\"\"  itemprop=\"contentUrl\"><div class=\"envira-lazy\" data-test-width=\"640\" data-test-height=\"480\" style=\"padding-bottom:75%;\"><img decoding=\"async\" id=\"envira-gallery-image-877\" class=\"envira-gallery-image envira-gallery-image-154\" data-envira-index=\"154\" src=\"https:\/\/mnir50.mnir.ro\/wpmnir50\/wp-content\/uploads\/2022\/04\/150_1983-Presintele-Repn-1024x753-640x480_c.jpg\" data-envira-src=\"https:\/\/mnir50.mnir.ro\/wpmnir50\/wp-content\/uploads\/2022\/04\/150_1983-Presintele-Repn-1024x753-640x480_c.jpg\" data-envira-gallery-id=\"2391\" data-envira-item-id=\"877\" data-envira-caption=\"1983. Vizita pre\u0219edintelui Republicii Botswana\" alt=\"\" title=\"1983. Vizita pre\u0219edintelui Republicii Botswana\"  itemprop=\"thumbnailUrl\" data-envira-srcset=\"https:\/\/mnir50.mnir.ro\/wpmnir50\/wp-content\/uploads\/2022\/04\/150_1983-Presintele-Repn-1024x753-640x480_c.jpg 400w,https:\/\/mnir50.mnir.ro\/wpmnir50\/wp-content\/uploads\/2022\/04\/150_1983-Presintele-Repn-1024x753-640x480_c.jpg 2x\" srcset=\"data:image\/gif;base64,R0lGODlhAQABAIAAAP\/\/\/\/\/\/\/yH5BAEKAAEALAAAAAABAAEAAAICTAEAOw==\" \/><\/div><\/a><\/div><\/div><div id=\"envira-gallery-item-878\" class=\"envira-gallery-item enviratope-item envira-gallery-item-155 envira-lazy-load\" style=\"padding-left: 1px; padding-bottom: 2px; padding-right: 1px;\"  itemscope itemtype=\"https:\/\/schema.org\/ImageObject\"><div class=\"envira-gallery-item-inner\"><div class=\"envira-gallery-position-overlay  envira-gallery-top-left\"><\/div><div class=\"envira-gallery-position-overlay  envira-gallery-top-right\"><\/div><div class=\"envira-gallery-position-overlay  envira-gallery-bottom-left\"><\/div><div class=\"envira-gallery-position-overlay  envira-gallery-bottom-right\"><\/div><a href=\"https:\/\/mnir50.mnir.ro\/wpmnir50\/wp-content\/uploads\/2022\/04\/151_1983_Mika-Spiliak-presed-intele-prezidiului-RSF-Iugoslavia-la-MNIR.jpg\" class=\"envira-gallery-2391 envira-gallery-link\" rel=\"enviragallery2391\" title=\"1983. Vizita pre\u0219edintelui prezidiului RSF Iugoslavia, Mika Spiliak\" data-envira-caption=\"1983. Vizita pre\u0219edintelui prezidiului RSF Iugoslavia, Mika Spiliak\" data-envira-retina=\"\" data-thumbnail=\"\"  itemprop=\"contentUrl\"><div class=\"envira-lazy\" data-test-width=\"640\" data-test-height=\"480\" style=\"padding-bottom:75%;\"><img decoding=\"async\" id=\"envira-gallery-image-878\" class=\"envira-gallery-image envira-gallery-image-155\" data-envira-index=\"155\" src=\"https:\/\/mnir50.mnir.ro\/wpmnir50\/wp-content\/uploads\/2022\/04\/151_1983_Mika-Spiliak-presed-intele-prezidiului-RSF-Iugoslavia-la-MNIR-1024x774-640x480_c.jpg\" data-envira-src=\"https:\/\/mnir50.mnir.ro\/wpmnir50\/wp-content\/uploads\/2022\/04\/151_1983_Mika-Spiliak-presed-intele-prezidiului-RSF-Iugoslavia-la-MNIR-1024x774-640x480_c.jpg\" data-envira-gallery-id=\"2391\" data-envira-item-id=\"878\" data-envira-caption=\"1983. Vizita pre\u0219edintelui prezidiului RSF Iugoslavia, Mika Spiliak\" alt=\"\" title=\"1983. Vizita pre\u0219edintelui prezidiului RSF Iugoslavia, Mika Spiliak\"  itemprop=\"thumbnailUrl\" data-envira-srcset=\"https:\/\/mnir50.mnir.ro\/wpmnir50\/wp-content\/uploads\/2022\/04\/151_1983_Mika-Spiliak-presed-intele-prezidiului-RSF-Iugoslavia-la-MNIR-1024x774-640x480_c.jpg 400w,https:\/\/mnir50.mnir.ro\/wpmnir50\/wp-content\/uploads\/2022\/04\/151_1983_Mika-Spiliak-presed-intele-prezidiului-RSF-Iugoslavia-la-MNIR-1024x774-640x480_c.jpg 2x\" srcset=\"data:image\/gif;base64,R0lGODlhAQABAIAAAP\/\/\/\/\/\/\/yH5BAEKAAEALAAAAAABAAEAAAICTAEAOw==\" \/><\/div><\/a><\/div><\/div><div id=\"envira-gallery-item-879\" class=\"envira-gallery-item enviratope-item envira-gallery-item-156 envira-lazy-load\" style=\"padding-left: 1px; padding-bottom: 2px; padding-right: 1px;\"  itemscope itemtype=\"https:\/\/schema.org\/ImageObject\"><div class=\"envira-gallery-item-inner\"><div class=\"envira-gallery-position-overlay  envira-gallery-top-left\"><\/div><div class=\"envira-gallery-position-overlay  envira-gallery-top-right\"><\/div><div class=\"envira-gallery-position-overlay  envira-gallery-bottom-left\"><\/div><div class=\"envira-gallery-position-overlay  envira-gallery-bottom-right\"><\/div><a href=\"https:\/\/mnir50.mnir.ro\/wpmnir50\/wp-content\/uploads\/2022\/04\/152_1984_expo_omagiala-2.jpg\" class=\"envira-gallery-2391 envira-gallery-link\" rel=\"enviragallery2391\" title=\"1984. Expozi\u021bai Omagial\u0103\" data-envira-caption=\"1984. Expozi\u021bai Omagial\u0103\" data-envira-retina=\"\" data-thumbnail=\"\"  itemprop=\"contentUrl\"><div class=\"envira-lazy\" data-test-width=\"640\" data-test-height=\"480\" style=\"padding-bottom:75%;\"><img decoding=\"async\" id=\"envira-gallery-image-879\" class=\"envira-gallery-image envira-gallery-image-156\" data-envira-index=\"156\" src=\"https:\/\/mnir50.mnir.ro\/wpmnir50\/wp-content\/uploads\/2022\/04\/152_1984_expo_omagiala-2-1024x777-640x480_c.jpg\" data-envira-src=\"https:\/\/mnir50.mnir.ro\/wpmnir50\/wp-content\/uploads\/2022\/04\/152_1984_expo_omagiala-2-1024x777-640x480_c.jpg\" data-envira-gallery-id=\"2391\" data-envira-item-id=\"879\" data-envira-caption=\"1984. Expozi\u021bai Omagial\u0103\" alt=\"\" title=\"1984. Expozi\u021bai Omagial\u0103\"  itemprop=\"thumbnailUrl\" data-envira-srcset=\"https:\/\/mnir50.mnir.ro\/wpmnir50\/wp-content\/uploads\/2022\/04\/152_1984_expo_omagiala-2-1024x777-640x480_c.jpg 400w,https:\/\/mnir50.mnir.ro\/wpmnir50\/wp-content\/uploads\/2022\/04\/152_1984_expo_omagiala-2-1024x777-640x480_c.jpg 2x\" srcset=\"data:image\/gif;base64,R0lGODlhAQABAIAAAP\/\/\/\/\/\/\/yH5BAEKAAEALAAAAAABAAEAAAICTAEAOw==\" \/><\/div><\/a><\/div><\/div><div id=\"envira-gallery-item-880\" class=\"envira-gallery-item enviratope-item envira-gallery-item-157 envira-lazy-load\" style=\"padding-left: 1px; padding-bottom: 2px; padding-right: 1px;\"  itemscope itemtype=\"https:\/\/schema.org\/ImageObject\"><div class=\"envira-gallery-item-inner\"><div class=\"envira-gallery-position-overlay  envira-gallery-top-left\"><\/div><div class=\"envira-gallery-position-overlay  envira-gallery-top-right\"><\/div><div class=\"envira-gallery-position-overlay  envira-gallery-bottom-left\"><\/div><div class=\"envira-gallery-position-overlay  envira-gallery-bottom-right\"><\/div><a href=\"https:\/\/mnir50.mnir.ro\/wpmnir50\/wp-content\/uploads\/2022\/04\/153_1984_expo_omagiala.jpg\" class=\"envira-gallery-2391 envira-gallery-link\" rel=\"enviragallery2391\" title=\"1984. Expozi\u021bai Omagial\u0103\" data-envira-caption=\"1984. Expozi\u021bai Omagial\u0103\" data-envira-retina=\"\" data-thumbnail=\"\"  itemprop=\"contentUrl\"><div class=\"envira-lazy\" data-test-width=\"640\" data-test-height=\"480\" style=\"padding-bottom:75%;\"><img decoding=\"async\" id=\"envira-gallery-image-880\" class=\"envira-gallery-image envira-gallery-image-157\" data-envira-index=\"157\" src=\"https:\/\/mnir50.mnir.ro\/wpmnir50\/wp-content\/uploads\/2022\/04\/153_1984_expo_omagiala-1024x730-640x480_c.jpg\" data-envira-src=\"https:\/\/mnir50.mnir.ro\/wpmnir50\/wp-content\/uploads\/2022\/04\/153_1984_expo_omagiala-1024x730-640x480_c.jpg\" data-envira-gallery-id=\"2391\" data-envira-item-id=\"880\" data-envira-caption=\"1984. Expozi\u021bai Omagial\u0103\" alt=\"\" title=\"1984. Expozi\u021bai Omagial\u0103\"  itemprop=\"thumbnailUrl\" data-envira-srcset=\"https:\/\/mnir50.mnir.ro\/wpmnir50\/wp-content\/uploads\/2022\/04\/153_1984_expo_omagiala-1024x730-640x480_c.jpg 400w,https:\/\/mnir50.mnir.ro\/wpmnir50\/wp-content\/uploads\/2022\/04\/153_1984_expo_omagiala-1024x730-640x480_c.jpg 2x\" srcset=\"data:image\/gif;base64,R0lGODlhAQABAIAAAP\/\/\/\/\/\/\/yH5BAEKAAEALAAAAAABAAEAAAICTAEAOw==\" \/><\/div><\/a><\/div><\/div><div id=\"envira-gallery-item-881\" class=\"envira-gallery-item enviratope-item envira-gallery-item-158 envira-lazy-load\" style=\"padding-left: 1px; padding-bottom: 2px; padding-right: 1px;\"  itemscope itemtype=\"https:\/\/schema.org\/ImageObject\"><div class=\"envira-gallery-item-inner\"><div class=\"envira-gallery-position-overlay  envira-gallery-top-left\"><\/div><div class=\"envira-gallery-position-overlay  envira-gallery-top-right\"><\/div><div class=\"envira-gallery-position-overlay  envira-gallery-bottom-left\"><\/div><div class=\"envira-gallery-position-overlay  envira-gallery-bottom-right\"><\/div><a href=\"https:\/\/mnir50.mnir.ro\/wpmnir50\/wp-content\/uploads\/2022\/04\/154_1985-Expo-zitia-Epoca-Ceausescu.jpg\" class=\"envira-gallery-2391 envira-gallery-link\" rel=\"enviragallery2391\" title=\"1985. Expozi\u021bia &bdquo;Epoca Nicolae Ceau\u0219escu&rdquo;\" data-envira-caption=\"1985. Expozi\u021bia &bdquo;Epoca Nicolae Ceau\u0219escu&rdquo;\" data-envira-retina=\"\" data-thumbnail=\"\"  itemprop=\"contentUrl\"><div class=\"envira-lazy\" data-test-width=\"640\" data-test-height=\"480\" style=\"padding-bottom:75%;\"><img decoding=\"async\" id=\"envira-gallery-image-881\" class=\"envira-gallery-image envira-gallery-image-158\" data-envira-index=\"158\" src=\"https:\/\/mnir50.mnir.ro\/wpmnir50\/wp-content\/uploads\/2022\/04\/154_1985-Expo-zitia-Epoca-Ceausescu-1024x677-640x480_c.jpg\" data-envira-src=\"https:\/\/mnir50.mnir.ro\/wpmnir50\/wp-content\/uploads\/2022\/04\/154_1985-Expo-zitia-Epoca-Ceausescu-1024x677-640x480_c.jpg\" data-envira-gallery-id=\"2391\" data-envira-item-id=\"881\" data-envira-caption=\"1985. Expozi\u021bia &bdquo;Epoca Nicolae Ceau\u0219escu&rdquo;\" alt=\"\" title=\"1985. Expozi\u021bia &amp;bdquo;Epoca Nicolae Ceau\u0219escu&amp;rdquo;\"  itemprop=\"thumbnailUrl\" data-envira-srcset=\"https:\/\/mnir50.mnir.ro\/wpmnir50\/wp-content\/uploads\/2022\/04\/154_1985-Expo-zitia-Epoca-Ceausescu-1024x677-640x480_c.jpg 400w,https:\/\/mnir50.mnir.ro\/wpmnir50\/wp-content\/uploads\/2022\/04\/154_1985-Expo-zitia-Epoca-Ceausescu-1024x677-640x480_c.jpg 2x\" srcset=\"data:image\/gif;base64,R0lGODlhAQABAIAAAP\/\/\/\/\/\/\/yH5BAEKAAEALAAAAAABAAEAAAICTAEAOw==\" \/><\/div><\/a><\/div><\/div><div id=\"envira-gallery-item-882\" class=\"envira-gallery-item enviratope-item envira-gallery-item-159 envira-lazy-load\" style=\"padding-left: 1px; padding-bottom: 2px; padding-right: 1px;\"  itemscope itemtype=\"https:\/\/schema.org\/ImageObject\"><div class=\"envira-gallery-item-inner\"><div class=\"envira-gallery-position-overlay  envira-gallery-top-left\"><\/div><div class=\"envira-gallery-position-overlay  envira-gallery-top-right\"><\/div><div class=\"envira-gallery-position-overlay  envira-gallery-bottom-left\"><\/div><div class=\"envira-gallery-position-overlay  envira-gallery-bottom-right\"><\/div><a href=\"https:\/\/mnir50.mnir.ro\/wpmnir50\/wp-content\/uploads\/2022\/04\/155_1985-Expo-zitia-Epoca-Ceausescu_1.jpg\" class=\"envira-gallery-2391 envira-gallery-link\" rel=\"enviragallery2391\" title=\"1985. Expozi\u021bia &bdquo;Epoca Nicolae Ceau\u0219escu&rdquo;\" data-envira-caption=\"1985. Expozi\u021bia &bdquo;Epoca Nicolae Ceau\u0219escu&rdquo;\" data-envira-retina=\"\" data-thumbnail=\"\"  itemprop=\"contentUrl\"><div class=\"envira-lazy\" data-test-width=\"640\" data-test-height=\"480\" style=\"padding-bottom:75%;\"><img decoding=\"async\" id=\"envira-gallery-image-882\" class=\"envira-gallery-image envira-gallery-image-159\" data-envira-index=\"159\" src=\"https:\/\/mnir50.mnir.ro\/wpmnir50\/wp-content\/uploads\/2022\/04\/155_1985-Expo-zitia-Epoca-Ceausescu_1-1024x647-640x480_c.jpg\" data-envira-src=\"https:\/\/mnir50.mnir.ro\/wpmnir50\/wp-content\/uploads\/2022\/04\/155_1985-Expo-zitia-Epoca-Ceausescu_1-1024x647-640x480_c.jpg\" data-envira-gallery-id=\"2391\" data-envira-item-id=\"882\" data-envira-caption=\"1985. Expozi\u021bia &bdquo;Epoca Nicolae Ceau\u0219escu&rdquo;\" alt=\"\" title=\"1985. Expozi\u021bia &amp;bdquo;Epoca Nicolae Ceau\u0219escu&amp;rdquo;\"  itemprop=\"thumbnailUrl\" data-envira-srcset=\"https:\/\/mnir50.mnir.ro\/wpmnir50\/wp-content\/uploads\/2022\/04\/155_1985-Expo-zitia-Epoca-Ceausescu_1-1024x647-640x480_c.jpg 400w,https:\/\/mnir50.mnir.ro\/wpmnir50\/wp-content\/uploads\/2022\/04\/155_1985-Expo-zitia-Epoca-Ceausescu_1-1024x647-640x480_c.jpg 2x\" srcset=\"data:image\/gif;base64,R0lGODlhAQABAIAAAP\/\/\/\/\/\/\/yH5BAEKAAEALAAAAAABAAEAAAICTAEAOw==\" \/><\/div><\/a><\/div><\/div><div id=\"envira-gallery-item-883\" class=\"envira-gallery-item enviratope-item envira-gallery-item-160 envira-lazy-load\" style=\"padding-left: 1px; padding-bottom: 2px; padding-right: 1px;\"  itemscope itemtype=\"https:\/\/schema.org\/ImageObject\"><div class=\"envira-gallery-item-inner\"><div class=\"envira-gallery-position-overlay  envira-gallery-top-left\"><\/div><div class=\"envira-gallery-position-overlay  envira-gallery-top-right\"><\/div><div class=\"envira-gallery-position-overlay  envira-gallery-bottom-left\"><\/div><div class=\"envira-gallery-position-overlay  envira-gallery-bottom-right\"><\/div><a href=\"https:\/\/mnir50.mnir.ro\/wpmnir50\/wp-content\/uploads\/2022\/04\/156_1988-Ceausescu-la-Expozitia-Omagiala.jpg\" class=\"envira-gallery-2391 envira-gallery-link\" rel=\"enviragallery2391\" title=\"1985. Expozi\u021bia &bdquo;Epoca Nicolae Ceau\u0219escu&rdquo;\" data-envira-caption=\"1985. Expozi\u021bia &bdquo;Epoca Nicolae Ceau\u0219escu&rdquo;\" data-envira-retina=\"\" data-thumbnail=\"\"  itemprop=\"contentUrl\"><div class=\"envira-lazy\" data-test-width=\"640\" data-test-height=\"480\" style=\"padding-bottom:75%;\"><img decoding=\"async\" id=\"envira-gallery-image-883\" class=\"envira-gallery-image envira-gallery-image-160\" data-envira-index=\"160\" src=\"https:\/\/mnir50.mnir.ro\/wpmnir50\/wp-content\/uploads\/2022\/04\/156_1988-Ceausescu-la-Expozitia-Omagiala-1024x766-640x480_c.jpg\" data-envira-src=\"https:\/\/mnir50.mnir.ro\/wpmnir50\/wp-content\/uploads\/2022\/04\/156_1988-Ceausescu-la-Expozitia-Omagiala-1024x766-640x480_c.jpg\" data-envira-gallery-id=\"2391\" data-envira-item-id=\"883\" data-envira-caption=\"1985. Expozi\u021bia &bdquo;Epoca Nicolae Ceau\u0219escu&rdquo;\" alt=\"\" title=\"1985. Expozi\u021bia &amp;bdquo;Epoca Nicolae Ceau\u0219escu&amp;rdquo;\"  itemprop=\"thumbnailUrl\" data-envira-srcset=\"https:\/\/mnir50.mnir.ro\/wpmnir50\/wp-content\/uploads\/2022\/04\/156_1988-Ceausescu-la-Expozitia-Omagiala-1024x766-640x480_c.jpg 400w,https:\/\/mnir50.mnir.ro\/wpmnir50\/wp-content\/uploads\/2022\/04\/156_1988-Ceausescu-la-Expozitia-Omagiala-1024x766-640x480_c.jpg 2x\" srcset=\"data:image\/gif;base64,R0lGODlhAQABAIAAAP\/\/\/\/\/\/\/yH5BAEKAAEALAAAAAABAAEAAAICTAEAOw==\" \/><\/div><\/a><\/div><\/div><\/div><\/div><noscript><img decoding=\"async\" src=\"https:\/\/mnir50.mnir.ro\/wpmnir50\/wp-content\/uploads\/2022\/04\/mnir_1972_8_mai_3.jpg\" alt=\"\" \/><img decoding=\"async\" src=\"https:\/\/mnir50.mnir.ro\/wpmnir50\/wp-content\/uploads\/2022\/04\/mnir_1972_8_mai_4.jpg\" alt=\"\" \/><img decoding=\"async\" src=\"https:\/\/mnir50.mnir.ro\/wpmnir50\/wp-content\/uploads\/2022\/04\/mnir_1972_8_mai_6.jpg\" alt=\"\" \/><img decoding=\"async\" src=\"https:\/\/mnir50.mnir.ro\/wpmnir50\/wp-content\/uploads\/2022\/04\/mnir_1972_8_mai_37.jpg\" alt=\"\" \/><img decoding=\"async\" src=\"https:\/\/mnir50.mnir.ro\/wpmnir50\/wp-content\/uploads\/2022\/04\/mnir_1972_8_mai_50.jpg\" alt=\"\" \/><img decoding=\"async\" src=\"https:\/\/mnir50.mnir.ro\/wpmnir50\/wp-content\/uploads\/2022\/04\/mnir_1972_8_mai_43.jpg\" alt=\"\" \/><img decoding=\"async\" src=\"https:\/\/mnir50.mnir.ro\/wpmnir50\/wp-content\/uploads\/2022\/04\/mnir_1972_8_mai_56.jpg\" alt=\"\" \/><img decoding=\"async\" src=\"https:\/\/mnir50.mnir.ro\/wpmnir50\/wp-content\/uploads\/2022\/04\/1_1973_cultural_educativa.jpg\" alt=\"\" \/><img decoding=\"async\" src=\"https:\/\/mnir50.mnir.ro\/wpmnir50\/wp-content\/uploads\/2022\/04\/2_1973_expo_cantemir-2.jpg\" alt=\"\" \/><img decoding=\"async\" src=\"https:\/\/mnir50.mnir.ro\/wpmnir50\/wp-content\/uploads\/2022\/04\/3_1973_expo_cantemir-3.jpg\" alt=\"\" \/><img decoding=\"async\" src=\"https:\/\/mnir50.mnir.ro\/wpmnir50\/wp-content\/uploads\/2022\/04\/4_1973_expo_cantemir.jpg\" alt=\"\" \/><img decoding=\"async\" src=\"https:\/\/mnir50.mnir.ro\/wpmnir50\/wp-content\/uploads\/2022\/04\/5_1973_expo_cantemir.jpg\" alt=\"\" \/><img decoding=\"async\" src=\"https:\/\/mnir50.mnir.ro\/wpmnir50\/wp-content\/uploads\/2022\/04\/6_1973_fl_georgescu_sesiune.jpg\" alt=\"\" \/><img decoding=\"async\" src=\"https:\/\/mnir50.mnir.ro\/wpmnir50\/wp-content\/uploads\/2022\/04\/7_1973_sesiune.jpg\" alt=\"\" \/><img decoding=\"async\" src=\"https:\/\/mnir50.mnir.ro\/wpmnir50\/wp-content\/uploads\/2022\/04\/8_1973_sesiune_colesica.jpg\" alt=\"\" \/><img decoding=\"async\" src=\"https:\/\/mnir50.mnir.ro\/wpmnir50\/wp-content\/uploads\/2022\/04\/9_1973_sesiune_conservare.jpg\" alt=\"\" \/><img decoding=\"async\" src=\"https:\/\/mnir50.mnir.ro\/wpmnir50\/wp-content\/uploads\/2022\/04\/10_1973_sesiune_conservare_pandele-barbu-valentina-busila-aurel-moldoveanu.jpg\" alt=\"\" \/><img decoding=\"async\" src=\"https:\/\/mnir50.mnir.ro\/wpmnir50\/wp-content\/uploads\/2022\/04\/11_1973_sesiune_dionisie_pippidi.jpg\" alt=\"\" \/><img decoding=\"async\" src=\"https:\/\/mnir50.mnir.ro\/wpmnir50\/wp-content\/uploads\/2022\/04\/13_1973_sesiune_floricel_marinescu.jpg\" alt=\"\" \/><img decoding=\"async\" src=\"https:\/\/mnir50.mnir.ro\/wpmnir50\/wp-content\/uploads\/2022\/04\/12_1973_sesiune_doina_galbenu.jpg\" alt=\"\" \/><img decoding=\"async\" src=\"https:\/\/mnir50.mnir.ro\/wpmnir50\/wp-content\/uploads\/2022\/04\/14_1973_sesiune_georgescu_antonescu.jpg\" alt=\"\" \/><img decoding=\"async\" src=\"https:\/\/mnir50.mnir.ro\/wpmnir50\/wp-content\/uploads\/2022\/04\/16_1973_simpozion_cantemir.jpg\" alt=\"\" \/><img decoding=\"async\" src=\"https:\/\/mnir50.mnir.ro\/wpmnir50\/wp-content\/uploads\/2022\/04\/15_1973_sesiune_ion_lupescu_viorica_ursu_liviu_stefanescu.jpg\" alt=\"\" \/><img decoding=\"async\" src=\"https:\/\/mnir50.mnir.ro\/wpmnir50\/wp-content\/uploads\/2022\/04\/17_1974-Presedintele-Columbiei-A.L.-Michelsen-la-MNIR.jpg\" alt=\"\" \/><img decoding=\"async\" src=\"https:\/\/mnir50.mnir.ro\/wpmnir50\/wp-content\/uploads\/2022\/04\/18_1974_expo_30_de-ani_de_la....jpg\" alt=\"\" \/><img decoding=\"async\" src=\"https:\/\/mnir50.mnir.ro\/wpmnir50\/wp-content\/uploads\/2022\/04\/19_1974-Presedintele-Columbiei-A.L.-Michelsen-la-MNIR_1.jpg\" alt=\"\" \/><img decoding=\"async\" src=\"https:\/\/mnir50.mnir.ro\/wpmnir50\/wp-content\/uploads\/2022\/04\/21_1974_expo_30_de_ani_de_la_elib_patriei.jpg\" alt=\"\" \/><img decoding=\"async\" src=\"https:\/\/mnir50.mnir.ro\/wpmnir50\/wp-content\/uploads\/2022\/04\/20_1974_expo_30_de_ani_de_la...-.jpg\" alt=\"\" \/><img decoding=\"async\" src=\"https:\/\/mnir50.mnir.ro\/wpmnir50\/wp-content\/uploads\/2022\/04\/22_1974_sesiunea_2_elena_palanceanu.jpg\" alt=\"\" \/><img decoding=\"async\" src=\"https:\/\/mnir50.mnir.ro\/wpmnir50\/wp-content\/uploads\/2022\/04\/24_1974_sesiunea_2_serban_constantinescu.jpg\" alt=\"\" \/><img decoding=\"async\" src=\"https:\/\/mnir50.mnir.ro\/wpmnir50\/wp-content\/uploads\/2022\/04\/23_1974_sesiunea_2_lucia_marinescu.jpg\" alt=\"\" \/><img decoding=\"async\" src=\"https:\/\/mnir50.mnir.ro\/wpmnir50\/wp-content\/uploads\/2022\/04\/25_1974_sesiunea_2_valeriu_leahu.jpg\" alt=\"\" \/><img decoding=\"async\" src=\"https:\/\/mnir50.mnir.ro\/wpmnir50\/wp-content\/uploads\/2022\/04\/26_1974_sesiunea_2-augustin_ulanici_pandele_barbu.jpg\" alt=\"\" \/><img decoding=\"async\" src=\"https:\/\/mnir50.mnir.ro\/wpmnir50\/wp-content\/uploads\/2022\/04\/27_1976_activitate_pionieri.jpg\" alt=\"\" \/><img decoding=\"async\" src=\"https:\/\/mnir50.mnir.ro\/wpmnir50\/wp-content\/uploads\/2022\/04\/29_1976_bicentenar_sua.jpg\" alt=\"\" \/><img decoding=\"async\" src=\"https:\/\/mnir50.mnir.ro\/wpmnir50\/wp-content\/uploads\/2022\/04\/28_1976_bicentenar_indep_sua.jpg\" alt=\"\" \/><img decoding=\"async\" src=\"https:\/\/mnir50.mnir.ro\/wpmnir50\/wp-content\/uploads\/2022\/04\/31_1976_bicentenar_sua_1.jpg\" alt=\"\" \/><img decoding=\"async\" src=\"https:\/\/mnir50.mnir.ro\/wpmnir50\/wp-content\/uploads\/2022\/04\/30_1976_bicentenar_sua-.jpg\" alt=\"\" \/><img decoding=\"async\" src=\"https:\/\/mnir50.mnir.ro\/wpmnir50\/wp-content\/uploads\/2022\/04\/32_1976_congres_aiesee.jpg\" alt=\"\" \/><img decoding=\"async\" src=\"https:\/\/mnir50.mnir.ro\/wpmnir50\/wp-content\/uploads\/2022\/04\/33_1976_cultural_educativa.jpg\" alt=\"\" \/><img decoding=\"async\" src=\"https:\/\/mnir50.mnir.ro\/wpmnir50\/wp-content\/uploads\/2022\/04\/34_1976_expo_congres_aiesee.jpg\" alt=\"\" \/><img decoding=\"async\" src=\"https:\/\/mnir50.mnir.ro\/wpmnir50\/wp-content\/uploads\/2022\/04\/35_1976_expo_congres_aiesee-.jpg\" alt=\"\" \/><img decoding=\"async\" src=\"https:\/\/mnir50.mnir.ro\/wpmnir50\/wp-content\/uploads\/2022\/04\/37_1976_simpozion_hristo_botev_a-ciulei....jpg\" alt=\"\" \/><img decoding=\"async\" src=\"https:\/\/mnir50.mnir.ro\/wpmnir50\/wp-content\/uploads\/2022\/04\/36_1976_expo_traco-emil_condurachi_lucia_floricel.jpg\" alt=\"\" \/><img decoding=\"async\" src=\"https:\/\/mnir50.mnir.ro\/wpmnir50\/wp-content\/uploads\/2022\/04\/39_1976_traco_dacii_istorie-.jpg\" alt=\"\" \/><img decoding=\"async\" src=\"https:\/\/mnir50.mnir.ro\/wpmnir50\/wp-content\/uploads\/2022\/04\/38_1976_simpozion_hristo_botev_a-ciulei_v-georgescu-f-georgescu_n-ciachir.jpg\" alt=\"\" \/><img decoding=\"async\" src=\"https:\/\/mnir50.mnir.ro\/wpmnir50\/wp-content\/uploads\/2022\/04\/41_1976_traco-dacii_ist-si-civilizatie.jpg\" alt=\"\" \/><img decoding=\"async\" src=\"https:\/\/mnir50.mnir.ro\/wpmnir50\/wp-content\/uploads\/2022\/04\/40_1976_traco-dacii.jpg\" alt=\"\" \/><img decoding=\"async\" src=\"https:\/\/mnir50.mnir.ro\/wpmnir50\/wp-content\/uploads\/2022\/04\/42_1976_vizita_fabiola-2.jpg\" alt=\"\" \/><img decoding=\"async\" src=\"https:\/\/mnir50.mnir.ro\/wpmnir50\/wp-content\/uploads\/2022\/04\/43_1976_vizita_fabiola-3.jpg\" alt=\"\" \/><img decoding=\"async\" src=\"https:\/\/mnir50.mnir.ro\/wpmnir50\/wp-content\/uploads\/2022\/04\/45_1976_vizita_fabiola_belgia.jpg\" alt=\"\" \/><img decoding=\"async\" src=\"https:\/\/mnir50.mnir.ro\/wpmnir50\/wp-content\/uploads\/2022\/04\/44_1976_vizita_fabiola.jpg\" alt=\"\" \/><img decoding=\"async\" src=\"https:\/\/mnir50.mnir.ro\/wpmnir50\/wp-content\/uploads\/2022\/04\/47_1976_vizita_josephine_charlote_luxemburg.jpg\" alt=\"\" \/><img decoding=\"async\" src=\"https:\/\/mnir50.mnir.ro\/wpmnir50\/wp-content\/uploads\/2022\/04\/46_1976_vizita_josephine.jpg\" alt=\"\" \/><img decoding=\"async\" src=\"https:\/\/mnir50.mnir.ro\/wpmnir50\/wp-content\/uploads\/2022\/04\/49_1976_vizizta_fabiola.jpg\" alt=\"\" \/><img decoding=\"async\" src=\"https:\/\/mnir50.mnir.ro\/wpmnir50\/wp-content\/uploads\/2022\/04\/48_1976_vizita_paul_hartling_fost_pm_danemarca.jpg\" alt=\"\" \/><img decoding=\"async\" src=\"https:\/\/mnir50.mnir.ro\/wpmnir50\/wp-content\/uploads\/2022\/04\/50_1976_ziua_republicii-2.jpg\" alt=\"\" \/><img decoding=\"async\" src=\"https:\/\/mnir50.mnir.ro\/wpmnir50\/wp-content\/uploads\/2022\/04\/51_1977_centenar_indep_berindei_col-g-marin-n-petrescu-muz-marinei-mircea_dumitriu.jpg\" alt=\"\" \/><img decoding=\"async\" src=\"https:\/\/mnir50.mnir.ro\/wpmnir50\/wp-content\/uploads\/2022\/04\/52_1977_expo_afisul_primilor_ani_ai_puterii_sovietice.jpg\" alt=\"\" \/><img decoding=\"async\" src=\"https:\/\/mnir50.mnir.ro\/wpmnir50\/wp-content\/uploads\/2022\/04\/54_1977_primiri_pionieri.jpg\" alt=\"\" \/><img decoding=\"async\" src=\"https:\/\/mnir50.mnir.ro\/wpmnir50\/wp-content\/uploads\/2022\/04\/53_1977_expo_inst_primului-guvern-democratic-popular.jpg\" alt=\"\" \/><img decoding=\"async\" src=\"https:\/\/mnir50.mnir.ro\/wpmnir50\/wp-content\/uploads\/2022\/04\/55_1977_sesiune.jpg\" alt=\"\" \/><img decoding=\"async\" src=\"https:\/\/mnir50.mnir.ro\/wpmnir50\/wp-content\/uploads\/2022\/04\/56_1977_sesiune_centenar_indep_.jpg\" alt=\"\" \/><img decoding=\"async\" src=\"https:\/\/mnir50.mnir.ro\/wpmnir50\/wp-content\/uploads\/2022\/04\/57_1977_sesiune_centenar_indep_silvan.jpg\" alt=\"\" \/><img decoding=\"async\" src=\"https:\/\/mnir50.mnir.ro\/wpmnir50\/wp-content\/uploads\/2022\/04\/58_1977_sesiune_indep_carmen_cleja.jpg\" alt=\"\" \/><img decoding=\"async\" src=\"https:\/\/mnir50.mnir.ro\/wpmnir50\/wp-content\/uploads\/2022\/04\/59_1977_sesiune_indep_cristian_paunescu_mircea_dumitriu.jpg\" alt=\"\" \/><img decoding=\"async\" src=\"https:\/\/mnir50.mnir.ro\/wpmnir50\/wp-content\/uploads\/2022\/04\/60_1977_sesiune_indep_mioara_ionita.jpg\" alt=\"\" \/><img decoding=\"async\" src=\"https:\/\/mnir50.mnir.ro\/wpmnir50\/wp-content\/uploads\/2022\/04\/61_1977_sesiune_indep_n-petrescu-catalina-opaschi.jpg\" alt=\"\" \/><img decoding=\"async\" src=\"https:\/\/mnir50.mnir.ro\/wpmnir50\/wp-content\/uploads\/2022\/04\/62_1978_ani-de-lupte.jpg\" alt=\"\" \/><img decoding=\"async\" src=\"https:\/\/mnir50.mnir.ro\/wpmnir50\/wp-content\/uploads\/2022\/04\/63_1978_ani-de-lupte_ani-de-glorie.jpg\" alt=\"\" \/><img decoding=\"async\" src=\"https:\/\/mnir50.mnir.ro\/wpmnir50\/wp-content\/uploads\/2022\/04\/65_1978_spectacol-pionieri.jpg\" alt=\"\" \/><img decoding=\"async\" src=\"https:\/\/mnir50.mnir.ro\/wpmnir50\/wp-content\/uploads\/2022\/04\/64_1978_pionieri.jpg\" alt=\"\" \/><img decoding=\"async\" src=\"https:\/\/mnir50.mnir.ro\/wpmnir50\/wp-content\/uploads\/2022\/04\/66_1979_expo_a_35-a-eliberare.jpg\" alt=\"\" \/><img decoding=\"async\" src=\"https:\/\/mnir50.mnir.ro\/wpmnir50\/wp-content\/uploads\/2022\/04\/67_1980.jpg\" alt=\"\" \/><img decoding=\"async\" src=\"https:\/\/mnir50.mnir.ro\/wpmnir50\/wp-content\/uploads\/2022\/04\/68_1980_anda_leo.jpg\" alt=\"\" \/><img decoding=\"async\" src=\"https:\/\/mnir50.mnir.ro\/wpmnir50\/wp-content\/uploads\/2022\/04\/69_1980_anda_leopoldina.jpg\" alt=\"\" \/><img decoding=\"async\" src=\"https:\/\/mnir50.mnir.ro\/wpmnir50\/wp-content\/uploads\/2022\/04\/70_1980_anda_leopolfina.jpg\" alt=\"\" \/><img decoding=\"async\" src=\"https:\/\/mnir50.mnir.ro\/wpmnir50\/wp-content\/uploads\/2022\/04\/71_1980_calotorie_in_tara_lui_dromichete.jpg\" alt=\"\" \/><img decoding=\"async\" src=\"https:\/\/mnir50.mnir.ro\/wpmnir50\/wp-content\/uploads\/2022\/04\/73_1980_emil_liptac_sapt_muz_nat.jpg\" alt=\"\" \/><img decoding=\"async\" src=\"https:\/\/mnir50.mnir.ro\/wpmnir50\/wp-content\/uploads\/2022\/04\/72_1980_concurs_treptele_implinirii.jpg\" alt=\"\" \/><img decoding=\"async\" src=\"https:\/\/mnir50.mnir.ro\/wpmnir50\/wp-content\/uploads\/2022\/04\/74_1980_expo_cea-dea-zecea-editie-a-expeditiilor.jpg\" alt=\"\" \/><img decoding=\"async\" src=\"https:\/\/mnir50.mnir.ro\/wpmnir50\/wp-content\/uploads\/2022\/04\/75_1980_expo_cea-dea-zecea-editie-expeditii-cutezatorii.jpg\" alt=\"\" \/><img decoding=\"async\" src=\"https:\/\/mnir50.mnir.ro\/wpmnir50\/wp-content\/uploads\/2022\/04\/76_1980_expo_restaurarea_si_conservarea.jpg\" alt=\"\" \/><img decoding=\"async\" src=\"https:\/\/mnir50.mnir.ro\/wpmnir50\/wp-content\/uploads\/2022\/04\/78_1980_expo_romania_azi-3.jpg\" alt=\"\" \/><img decoding=\"async\" src=\"https:\/\/mnir50.mnir.ro\/wpmnir50\/wp-content\/uploads\/2022\/04\/77_1980_expo_romania_azi-2.jpg\" alt=\"\" \/><img decoding=\"async\" src=\"https:\/\/mnir50.mnir.ro\/wpmnir50\/wp-content\/uploads\/2022\/04\/79_1980_expo_romania_azi.jpg\" alt=\"\" \/><img decoding=\"async\" src=\"https:\/\/mnir50.mnir.ro\/wpmnir50\/wp-content\/uploads\/2022\/04\/80_1980_h-daicoviciu_sapt_muzeului.jpg\" alt=\"\" \/><img decoding=\"async\" src=\"https:\/\/mnir50.mnir.ro\/wpmnir50\/wp-content\/uploads\/2022\/04\/81_1980_imgb.jpg\" alt=\"\" \/><img decoding=\"async\" src=\"https:\/\/mnir50.mnir.ro\/wpmnir50\/wp-content\/uploads\/2022\/04\/82_1980_masa_rotunda_sapt_muzeu.jpg\" alt=\"\" \/><img decoding=\"async\" src=\"https:\/\/mnir50.mnir.ro\/wpmnir50\/wp-content\/uploads\/2022\/04\/84_1980_orchestra_de_camera_radio_ludovic_baci.jpg\" alt=\"\" \/><img decoding=\"async\" src=\"https:\/\/mnir50.mnir.ro\/wpmnir50\/wp-content\/uploads\/2022\/04\/83_1980_orchestra_de_camera_radio.jpg\" alt=\"\" \/><img decoding=\"async\" src=\"https:\/\/mnir50.mnir.ro\/wpmnir50\/wp-content\/uploads\/2022\/04\/85_1980_pionieri_columna.jpg\" alt=\"\" \/><img decoding=\"async\" src=\"https:\/\/mnir50.mnir.ro\/wpmnir50\/wp-content\/uploads\/2022\/04\/86_1980_radu_vulpe_saptamana_muzeului.jpg\" alt=\"\" \/><img decoding=\"async\" src=\"https:\/\/mnir50.mnir.ro\/wpmnir50\/wp-content\/uploads\/2022\/04\/87_1980_simpo_istoric-despre-istorici-marinescu-colesica.jpg\" alt=\"\" \/><img decoding=\"async\" src=\"https:\/\/mnir50.mnir.ro\/wpmnir50\/wp-content\/uploads\/2022\/04\/88_1980_simpozion_nastere_vladimirescu_lucia_bieltz.jpg\" alt=\"\" \/><img decoding=\"async\" src=\"https:\/\/mnir50.mnir.ro\/wpmnir50\/wp-content\/uploads\/2022\/04\/89_1980_simpozion_restaurarea_conservare.jpg\" alt=\"\" \/><img decoding=\"async\" src=\"https:\/\/mnir50.mnir.ro\/wpmnir50\/wp-content\/uploads\/2022\/04\/90_1980_simpozion_restaurarea_conservarea-.jpg\" alt=\"\" \/><img decoding=\"async\" src=\"https:\/\/mnir50.mnir.ro\/wpmnir50\/wp-content\/uploads\/2022\/04\/91_1980_vacanta_primavara.jpg\" alt=\"\" \/><img decoding=\"async\" src=\"https:\/\/mnir50.mnir.ro\/wpmnir50\/wp-content\/uploads\/2022\/04\/92_1980_virgil_candea_sapt_muzeu.jpg\" alt=\"\" \/><img decoding=\"async\" src=\"https:\/\/mnir50.mnir.ro\/wpmnir50\/wp-content\/uploads\/2022\/04\/93_1980_vizita_muzeu.jpg\" alt=\"\" \/><img decoding=\"async\" src=\"https:\/\/mnir50.mnir.ro\/wpmnir50\/wp-content\/uploads\/2022\/04\/94_1980_v-netea_simp_istoric-despre-istorici.jpg\" alt=\"\" \/><img decoding=\"async\" src=\"https:\/\/mnir50.mnir.ro\/wpmnir50\/wp-content\/uploads\/2022\/04\/95_1981-Presedintele-RFG-Karl-Karstens-la-MIRSR.jpg\" alt=\"\" \/><img decoding=\"async\" src=\"https:\/\/mnir50.mnir.ro\/wpmnir50\/wp-content\/uploads\/2022\/04\/96_1981-Presedintele-RFG-Karl-Karstens-la-MIRSR_1.jpg\" alt=\"\" \/><img decoding=\"async\" src=\"https:\/\/mnir50.mnir.ro\/wpmnir50\/wp-content\/uploads\/2022\/04\/97_1981-Vernisajul-expozitiei-Dacii-descoperiri-arheologice-in-Romania.jpg\" alt=\"\" \/><img decoding=\"async\" src=\"https:\/\/mnir50.mnir.ro\/wpmnir50\/wp-content\/uploads\/2022\/04\/99_1981_luchian_diaconu_muz_olteniei.jpg\" alt=\"\" \/><img decoding=\"async\" src=\"https:\/\/mnir50.mnir.ro\/wpmnir50\/wp-content\/uploads\/2022\/04\/98_1981_iordana_lungu_sesiune.jpg\" alt=\"\" \/><img decoding=\"async\" src=\"https:\/\/mnir50.mnir.ro\/wpmnir50\/wp-content\/uploads\/2022\/04\/100_1981_pcr_60_adrian_radulescu_cta.jpg\" alt=\"\" \/><img decoding=\"async\" src=\"https:\/\/mnir50.mnir.ro\/wpmnir50\/wp-content\/uploads\/2022\/04\/101_1981_pcr_60_apostol.jpg\" alt=\"\" \/><img decoding=\"async\" src=\"https:\/\/mnir50.mnir.ro\/wpmnir50\/wp-content\/uploads\/2022\/04\/102_1981_pcr_60_calafeteanu.jpg\" alt=\"\" \/><img decoding=\"async\" src=\"https:\/\/mnir50.mnir.ro\/wpmnir50\/wp-content\/uploads\/2022\/04\/103_1981_pcr_60_cristian_paunescu_mmb.jpg\" alt=\"\" \/><img decoding=\"async\" src=\"https:\/\/mnir50.mnir.ro\/wpmnir50\/wp-content\/uploads\/2022\/04\/104_1981_pcr_60_floricel_marinescu.jpg\" alt=\"\" \/><img decoding=\"async\" src=\"https:\/\/mnir50.mnir.ro\/wpmnir50\/wp-content\/uploads\/2022\/04\/105_1981_pcr_60_florin-serbanescu.jpg\" alt=\"\" \/><img decoding=\"async\" src=\"https:\/\/mnir50.mnir.ro\/wpmnir50\/wp-content\/uploads\/2022\/04\/106_1981_pcr_60_gh-tomescu.jpg\" alt=\"\" \/><img decoding=\"async\" src=\"https:\/\/mnir50.mnir.ro\/wpmnir50\/wp-content\/uploads\/2022\/04\/107_1981_pcr_60_leahu_oberlander_velter_parvan.jpg\" alt=\"\" \/><img decoding=\"async\" src=\"https:\/\/mnir50.mnir.ro\/wpmnir50\/wp-content\/uploads\/2022\/04\/108_1981_pcr_60_mihai_barbulescu_iacj.jpg\" alt=\"\" \/><img decoding=\"async\" src=\"https:\/\/mnir50.mnir.ro\/wpmnir50\/wp-content\/uploads\/2022\/04\/110_1981_pcr_60_mioara_ionita.jpg\" alt=\"\" \/><img decoding=\"async\" src=\"https:\/\/mnir50.mnir.ro\/wpmnir50\/wp-content\/uploads\/2022\/04\/109_1981_pcr_60_mihail_ionescu_cpt.jpg\" alt=\"\" \/><img decoding=\"async\" src=\"https:\/\/mnir50.mnir.ro\/wpmnir50\/wp-content\/uploads\/2022\/04\/111_1981_pcr_60_n_petrescu.jpg\" alt=\"\" \/><img decoding=\"async\" src=\"https:\/\/mnir50.mnir.ro\/wpmnir50\/wp-content\/uploads\/2022\/04\/112_1981_pcr_60_negutu.jpg\" alt=\"\" \/><img decoding=\"async\" src=\"https:\/\/mnir50.mnir.ro\/wpmnir50\/wp-content\/uploads\/2022\/04\/113_1981_pcr_60_palanceanu.jpg\" alt=\"\" \/><img decoding=\"async\" src=\"https:\/\/mnir50.mnir.ro\/wpmnir50\/wp-content\/uploads\/2022\/04\/114_1981_pcr_60_petre_dache_mmb.jpg\" alt=\"\" \/><img decoding=\"async\" src=\"https:\/\/mnir50.mnir.ro\/wpmnir50\/wp-content\/uploads\/2022\/04\/115_1981_pcr_60_radu_st_ciobanu_lic-grivita-rosie.jpg\" alt=\"\" \/><img decoding=\"async\" src=\"https:\/\/mnir50.mnir.ro\/wpmnir50\/wp-content\/uploads\/2022\/04\/116_1981_pcr_60_sever_dumitrascu-dir-mtc.jpg\" alt=\"\" \/><img decoding=\"async\" src=\"https:\/\/mnir50.mnir.ro\/wpmnir50\/wp-content\/uploads\/2022\/04\/117_1981_pcr-60-aniversare_pascu-gadea-stefansce-georgescu.jpg\" alt=\"\" \/><img decoding=\"async\" src=\"https:\/\/mnir50.mnir.ro\/wpmnir50\/wp-content\/uploads\/2022\/04\/118_1981-pcr_60_paraschiva_stancu_cta_stirbu.jpg\" alt=\"\" \/><img decoding=\"async\" src=\"https:\/\/mnir50.mnir.ro\/wpmnir50\/wp-content\/uploads\/2022\/04\/119_1982-Guvernatorul-General-al-Canadei-Edward-Schreyer-la-MIRSR.jpg\" alt=\"\" \/><img decoding=\"async\" src=\"https:\/\/mnir50.mnir.ro\/wpmnir50\/wp-content\/uploads\/2022\/04\/120_1982-Kenan-Evren-presedintele-Turciei-la-MIRSR.jpg\" alt=\"\" \/><img decoding=\"async\" src=\"https:\/\/mnir50.mnir.ro\/wpmnir50\/wp-content\/uploads\/2022\/04\/122_1982_expo_ceausescu_si_pacea.jpg\" alt=\"\" \/><img decoding=\"async\" src=\"https:\/\/mnir50.mnir.ro\/wpmnir50\/wp-content\/uploads\/2022\/04\/121_1982_expo_ceausescu_pacea_lumii.jpg\" alt=\"\" \/><img decoding=\"async\" src=\"https:\/\/mnir50.mnir.ro\/wpmnir50\/wp-content\/uploads\/2022\/04\/123_1982_expo_ceausescu_si_pacea_lumii.jpg\" alt=\"\" \/><img decoding=\"async\" src=\"https:\/\/mnir50.mnir.ro\/wpmnir50\/wp-content\/uploads\/2022\/04\/124_1982_sesiune_numismatica_gadea_geargescu_preda.jpg\" alt=\"\" \/><img decoding=\"async\" src=\"https:\/\/mnir50.mnir.ro\/wpmnir50\/wp-content\/uploads\/2022\/04\/125_1982_sesiune_numismatica_papaint_stirbu_maxim.jpg\" alt=\"\" \/><img decoding=\"async\" src=\"https:\/\/mnir50.mnir.ro\/wpmnir50\/wp-content\/uploads\/2022\/04\/126_1982_sesiune_numismatica_venera_stirbu.jpg\" alt=\"\" \/><img decoding=\"async\" src=\"https:\/\/mnir50.mnir.ro\/wpmnir50\/wp-content\/uploads\/2022\/04\/127_1982_sesiunea_nuimismatica_bucur_mitrea.jpg\" alt=\"\" \/><img decoding=\"async\" src=\"https:\/\/mnir50.mnir.ro\/wpmnir50\/wp-content\/uploads\/2022\/04\/129_1982_sesiunea_numismatica_bejan_stirbu_m-maxim.jpg\" alt=\"\" \/><img decoding=\"async\" src=\"https:\/\/mnir50.mnir.ro\/wpmnir50\/wp-content\/uploads\/2022\/04\/128_1982_sesiunea_numismatica_anton-manea_stirbu.jpg\" alt=\"\" \/><img decoding=\"async\" src=\"https:\/\/mnir50.mnir.ro\/wpmnir50\/wp-content\/uploads\/2022\/04\/130_1982_sesiunea_numismatica_c_preda.jpg\" alt=\"\" \/><img decoding=\"async\" src=\"https:\/\/mnir50.mnir.ro\/wpmnir50\/wp-content\/uploads\/2022\/04\/131_1982_sesiunea_numismatica_iliescu.jpg\" alt=\"\" \/><img decoding=\"async\" src=\"https:\/\/mnir50.mnir.ro\/wpmnir50\/wp-content\/uploads\/2022\/04\/132_1982_sesiunea_numismatica_iliescu_oberlander.jpg\" alt=\"\" \/><img decoding=\"async\" src=\"https:\/\/mnir50.mnir.ro\/wpmnir50\/wp-content\/uploads\/2022\/04\/133_1982_sesiunea_numismatica_ionita_cantacuzino_tomescu_petrescu.jpg\" alt=\"\" \/><img decoding=\"async\" src=\"https:\/\/mnir50.mnir.ro\/wpmnir50\/wp-content\/uploads\/2022\/04\/135_1982_sesiunea_numismatica_oberlander.jpg\" alt=\"\" \/><img decoding=\"async\" src=\"https:\/\/mnir50.mnir.ro\/wpmnir50\/wp-content\/uploads\/2022\/04\/134_1982_sesiunea_numismatica_marinescu_petculescu.jpg\" alt=\"\" \/><img decoding=\"async\" src=\"https:\/\/mnir50.mnir.ro\/wpmnir50\/wp-content\/uploads\/2022\/04\/136_1982_sesiunea_numismatica_radu_florescu.jpg\" alt=\"\" \/><img decoding=\"async\" src=\"https:\/\/mnir50.mnir.ro\/wpmnir50\/wp-content\/uploads\/2022\/04\/137_1982_simpozion_restaurarea_conservarea_pcn.jpg\" alt=\"\" \/><img decoding=\"async\" src=\"https:\/\/mnir50.mnir.ro\/wpmnir50\/wp-content\/uploads\/2022\/04\/138_1983-Mohamed-Haidalla-seful-Republicii-Islamice-Mauritania-la-MIRSR.jpg\" alt=\"\" \/><img decoding=\"async\" src=\"https:\/\/mnir50.mnir.ro\/wpmnir50\/wp-content\/uploads\/2022\/04\/139_1983-Presedintele-Mongoliei-J.-Tedembal-la-MIRSR.jpg\" alt=\"\" \/><img decoding=\"async\" src=\"https:\/\/mnir50.mnir.ro\/wpmnir50\/wp-content\/uploads\/2022\/04\/140_1983-Presedintele-Mongoliei-J.-Tedembal-la-MIRSR_1.jpg\" alt=\"\" \/><img decoding=\"async\" src=\"https:\/\/mnir50.mnir.ro\/wpmnir50\/wp-content\/uploads\/2022\/04\/142_1983-Presedintele-Mongoliei-J.jpg\" alt=\"\" \/><img decoding=\"async\" src=\"https:\/\/mnir50.mnir.ro\/wpmnir50\/wp-content\/uploads\/2022\/04\/143_1983-Presedintele-Mongoliei-jjJ.jpg\" alt=\"\" \/><img decoding=\"async\" src=\"https:\/\/mnir50.mnir.ro\/wpmnir50\/wp-content\/uploads\/2022\/04\/144_1983-Presedintele-Mongoliei-kJ.jpg\" alt=\"\" \/><img decoding=\"async\" src=\"https:\/\/mnir50.mnir.ro\/wpmnir50\/wp-content\/uploads\/2022\/04\/145_1983-Presintele-Rep.-Botswana-la-MNIR.jpg\" alt=\"\" \/><img decoding=\"async\" src=\"https:\/\/mnir50.mnir.ro\/wpmnir50\/wp-content\/uploads\/2022\/04\/148_1983-Presintele-Rep.jpg\" alt=\"\" \/><img decoding=\"async\" src=\"https:\/\/mnir50.mnir.ro\/wpmnir50\/wp-content\/uploads\/2022\/04\/149_1983-Presintele-Repjj.jpg\" alt=\"\" \/><img decoding=\"async\" src=\"https:\/\/mnir50.mnir.ro\/wpmnir50\/wp-content\/uploads\/2022\/04\/150_1983-Presintele-Repn.jpg\" alt=\"\" \/><img decoding=\"async\" src=\"https:\/\/mnir50.mnir.ro\/wpmnir50\/wp-content\/uploads\/2022\/04\/151_1983_Mika-Spiliak-presed-intele-prezidiului-RSF-Iugoslavia-la-MNIR.jpg\" alt=\"\" \/><img decoding=\"async\" src=\"https:\/\/mnir50.mnir.ro\/wpmnir50\/wp-content\/uploads\/2022\/04\/152_1984_expo_omagiala-2.jpg\" alt=\"\" \/><img decoding=\"async\" src=\"https:\/\/mnir50.mnir.ro\/wpmnir50\/wp-content\/uploads\/2022\/04\/153_1984_expo_omagiala.jpg\" alt=\"\" \/><img decoding=\"async\" src=\"https:\/\/mnir50.mnir.ro\/wpmnir50\/wp-content\/uploads\/2022\/04\/154_1985-Expo-zitia-Epoca-Ceausescu.jpg\" alt=\"\" \/><img decoding=\"async\" src=\"https:\/\/mnir50.mnir.ro\/wpmnir50\/wp-content\/uploads\/2022\/04\/155_1985-Expo-zitia-Epoca-Ceausescu_1.jpg\" alt=\"\" \/><img decoding=\"async\" src=\"https:\/\/mnir50.mnir.ro\/wpmnir50\/wp-content\/uploads\/2022\/04\/156_1988-Ceausescu-la-Expozitia-Omagiala.jpg\" alt=\"\" \/><\/noscript><\/p>\t\t\t\t\t\t<\/div>\n\t\t\t\t<\/div>\n\t\t\t\t\t<\/div>\n\t\t<\/div>\n\t\t\t\t\t<\/div>\n\t\t<\/section>\n\t\t\t\t<\/div>\n\t\t","protected":false},"excerpt":{"rendered":"","protected":false},"author":1,"featured_media":0,"parent":0,"menu_order":0,"comment_status":"closed","ping_status":"closed","template":"elementor_header_footer","meta":{"_exactmetrics_skip_tracking":false,"_exactmetrics_sitenote_active":false,"_exactmetrics_sitenote_note":"","_exactmetrics_sitenote_category":0,"ocean_post_layout":"","ocean_both_sidebars_style":"","ocean_both_sidebars_content_width":0,"ocean_both_sidebars_sidebars_width":0,"ocean_sidebar":"0","ocean_second_sidebar":"0","ocean_disable_margins":"enable","ocean_add_body_class":"","ocean_shortcode_before_top_bar":"","ocean_shortcode_after_top_bar":"","ocean_shortcode_before_header":"","ocean_shortcode_after_header":"","ocean_has_shortcode":"","ocean_shortcode_after_title":"","ocean_shortcode_before_footer_widgets":"","ocean_shortcode_after_footer_widgets":"","ocean_shortcode_before_footer_bottom":"","ocean_shortcode_after_footer_bottom":"","ocean_display_top_bar":"default","ocean_display_header":"on","ocean_header_style":"transparent","ocean_center_header_left_menu":"0","ocean_custom_header_template":"0","ocean_custom_logo":0,"ocean_custom_retina_logo":0,"ocean_custom_logo_max_width":0,"ocean_custom_logo_tablet_max_width":0,"ocean_custom_logo_mobile_max_width":0,"ocean_custom_logo_max_height":0,"ocean_custom_logo_tablet_max_height":0,"ocean_custom_logo_mobile_max_height":0,"ocean_header_custom_menu":"0","ocean_menu_typo_font_family":"0","ocean_menu_typo_font_subset":"","ocean_menu_typo_font_size":0,"ocean_menu_typo_font_size_tablet":0,"ocean_menu_typo_font_size_mobile":0,"ocean_menu_typo_font_size_unit":"px","ocean_menu_typo_font_weight":"","ocean_menu_typo_font_weight_tablet":"","ocean_menu_typo_font_weight_mobile":"","ocean_menu_typo_transform":"","ocean_menu_typo_transform_tablet":"","ocean_menu_typo_transform_mobile":"","ocean_menu_typo_line_height":0,"ocean_menu_typo_line_height_tablet":0,"ocean_menu_typo_line_height_mobile":0,"ocean_menu_typo_line_height_unit":"","ocean_menu_typo_spacing":0,"ocean_menu_typo_spacing_tablet":0,"ocean_menu_typo_spacing_mobile":0,"ocean_menu_typo_spacing_unit":"","ocean_menu_link_color":"","ocean_menu_link_color_hover":"","ocean_menu_link_color_active":"","ocean_menu_link_background":"","ocean_menu_link_hover_background":"","ocean_menu_link_active_background":"","ocean_menu_social_links_bg":"","ocean_menu_social_hover_links_bg":"","ocean_menu_social_links_color":"","ocean_menu_social_hover_links_color":"","ocean_disable_title":"default","ocean_disable_heading":"default","ocean_post_title":"","ocean_post_subheading":"","ocean_post_title_style":"","ocean_post_title_background_color":"","ocean_post_title_background":0,"ocean_post_title_bg_image_position":"","ocean_post_title_bg_image_attachment":"","ocean_post_title_bg_image_repeat":"","ocean_post_title_bg_image_size":"","ocean_post_title_height":0,"ocean_post_title_bg_overlay":0.5,"ocean_post_title_bg_overlay_color":"","ocean_disable_breadcrumbs":"off","ocean_breadcrumbs_color":"","ocean_breadcrumbs_separator_color":"","ocean_breadcrumbs_links_color":"","ocean_breadcrumbs_links_hover_color":"","ocean_display_footer_widgets":"default","ocean_display_footer_bottom":"default","ocean_custom_footer_template":"0","footnotes":""},"class_list":["post-409","page","type-page","status-publish","hentry","entry"],"_links":{"self":[{"href":"https:\/\/mnir50.mnir.ro\/wpmnir50\/wp-json\/wp\/v2\/pages\/409","targetHints":{"allow":["GET"]}}],"collection":[{"href":"https:\/\/mnir50.mnir.ro\/wpmnir50\/wp-json\/wp\/v2\/pages"}],"about":[{"href":"https:\/\/mnir50.mnir.ro\/wpmnir50\/wp-json\/wp\/v2\/types\/page"}],"author":[{"embeddable":true,"href":"https:\/\/mnir50.mnir.ro\/wpmnir50\/wp-json\/wp\/v2\/users\/1"}],"replies":[{"embeddable":true,"href":"https:\/\/mnir50.mnir.ro\/wpmnir50\/wp-json\/wp\/v2\/comments?post=409"}],"version-history":[{"count":159,"href":"https:\/\/mnir50.mnir.ro\/wpmnir50\/wp-json\/wp\/v2\/pages\/409\/revisions"}],"predecessor-version":[{"id":2412,"href":"https:\/\/mnir50.mnir.ro\/wpmnir50\/wp-json\/wp\/v2\/pages\/409\/revisions\/2412"}],"wp:attachment":[{"href":"https:\/\/mnir50.mnir.ro\/wpmnir50\/wp-json\/wp\/v2\/media?parent=409"}],"curies":[{"name":"wp","href":"https:\/\/api.w.org\/{rel}","templated":true}]}}